{"id":123704,"date":"2021-12-17T10:06:49","date_gmt":"2021-12-17T09:06:49","guid":{"rendered":"https:\/\/www.ffos.unios.hr\/department-of-history\/students\/terenska-nastava\/"},"modified":"2026-08-17T12:58:13","modified_gmt":"2026-08-17T10:58:13","slug":"field-and-out-of-classroom-teaching","status":"publish","type":"page","link":"https:\/\/www.ffos.unios.hr\/en\/department-of-history\/students\/field-and-out-of-classroom-teaching\/","title":{"rendered":"Field and Out-of-Classroom Teaching"},"content":{"rendered":"<p style=\"text-align: justify;\">The Department of History strives to organise field and out-of-classroom teaching for students on a regular basis, in accordance with available possibilities, as part of both compulsory and elective courses. Field teaching is most often carried out through visits to historical sites and heritage institutions in Croatia and neighbouring countries, while out-of-classroom teaching is generally organised in one of the heritage institutions in Osijek, such as museums or the archives, and includes tours of the institutions, lectures and workshops.<\/p>\n<p><strong>Study Trip to Sarajevo<\/strong><\/p>\n<p style=\"text-align: justify;\">From 5 to 7 May 2026, teachers and students of the Department of History took part in a study trip to Sarajevo. Other interested students of the Faculty of Humanities and Social Sciences in Osijek also joined the trip. During their three-day stay in Sarajevo, they visited the Faculty of Philosophy and the Oriental Institute, where they were able to learn more about the study of history and historiography in Bosnia and Herzegovina. At these institutions, they were warmly welcomed by their colleagues from Bosnia and Herzegovina, and special thanks are due to Prof. Amila Kasumovi\u0107, PhD, and Senior Expert Associate Amer Maslo for their assistance in organising these visits. In addition, FFOS students and teachers visited several local heritage institutions, including the National Museum and the History Museum. The visit to Sarajevo proved to be an excellent opportunity for learning as well as pleasant socialising. The Department of History will endeavour to organise similar study trips in the future, with the aim of further enriching the student experience and strengthening academic cooperation.<\/p>\n\n\t\t<style>\n\t\t\t#gallery-1 {\n\t\t\t\tmargin: auto;\n\t\t\t}\n\t\t\t#gallery-1 .gallery-item {\n\t\t\t\tfloat: left;\n\t\t\t\tmargin-top: 10px;\n\t\t\t\ttext-align: center;\n\t\t\t\twidth: 33%;\n\t\t\t}\n\t\t\t#gallery-1 img {\n\t\t\t\tborder: 2px solid #cfcfcf;\n\t\t\t}\n\t\t\t#gallery-1 .gallery-caption {\n\t\t\t\tmargin-left: 0;\n\t\t\t}\n\t\t\t\/* see gallery_shortcode() in wp-includes\/media.php *\/\n\t\t<\/style>\n\t\t<div id='gallery-1' class='gallery galleryid-123704 gallery-columns-3 gallery-size-medium'><dl class='gallery-item'>\n\t\t\t<dt class='gallery-icon landscape'>\n\t\t\t\t<a href='https:\/\/www.ffos.unios.hr\/wp-content\/uploads\/2026\/05\/Filozofski-fakultet-1.jpg'><img decoding=\"async\" width=\"300\" height=\"205\" src=\"https:\/\/www.ffos.unios.hr\/wp-content\/uploads\/2026\/05\/Filozofski-fakultet-1-300x205.jpg\" class=\"attachment-medium size-medium\" alt=\"\" srcset=\"https:\/\/www.ffos.unios.hr\/wp-content\/uploads\/2026\/05\/Filozofski-fakultet-1-300x205.jpg 300w, https:\/\/www.ffos.unios.hr\/wp-content\/uploads\/2026\/05\/Filozofski-fakultet-1-1024x699.jpg 1024w, https:\/\/www.ffos.unios.hr\/wp-content\/uploads\/2026\/05\/Filozofski-fakultet-1-768x524.jpg 768w, https:\/\/www.ffos.unios.hr\/wp-content\/uploads\/2026\/05\/Filozofski-fakultet-1-1536x1048.jpg 1536w, https:\/\/www.ffos.unios.hr\/wp-content\/uploads\/2026\/05\/Filozofski-fakultet-1.jpg 1600w\" sizes=\"(max-width: 300px) 100vw, 300px\" \/><\/a>\n\t\t\t<\/dt><\/dl><dl class='gallery-item'>\n\t\t\t<dt class='gallery-icon landscape'>\n\t\t\t\t<a href='https:\/\/www.ffos.unios.hr\/wp-content\/uploads\/2026\/05\/Filozofski-fakultet-2.jpg'><img decoding=\"async\" width=\"300\" height=\"225\" src=\"https:\/\/www.ffos.unios.hr\/wp-content\/uploads\/2026\/05\/Filozofski-fakultet-2-300x225.jpg\" class=\"attachment-medium size-medium\" alt=\"\" srcset=\"https:\/\/www.ffos.unios.hr\/wp-content\/uploads\/2026\/05\/Filozofski-fakultet-2-300x225.jpg 300w, https:\/\/www.ffos.unios.hr\/wp-content\/uploads\/2026\/05\/Filozofski-fakultet-2-1024x768.jpg 1024w, https:\/\/www.ffos.unios.hr\/wp-content\/uploads\/2026\/05\/Filozofski-fakultet-2-768x576.jpg 768w, https:\/\/www.ffos.unios.hr\/wp-content\/uploads\/2026\/05\/Filozofski-fakultet-2-1536x1152.jpg 1536w, https:\/\/www.ffos.unios.hr\/wp-content\/uploads\/2026\/05\/Filozofski-fakultet-2.jpg 1600w\" sizes=\"(max-width: 300px) 100vw, 300px\" \/><\/a>\n\t\t\t<\/dt><\/dl><dl class='gallery-item'>\n\t\t\t<dt class='gallery-icon landscape'>\n\t\t\t\t<a href='https:\/\/www.ffos.unios.hr\/wp-content\/uploads\/2026\/05\/Filozofski-fakultet-3.jpg'><img decoding=\"async\" width=\"300\" height=\"225\" src=\"https:\/\/www.ffos.unios.hr\/wp-content\/uploads\/2026\/05\/Filozofski-fakultet-3-300x225.jpg\" class=\"attachment-medium size-medium\" alt=\"\" srcset=\"https:\/\/www.ffos.unios.hr\/wp-content\/uploads\/2026\/05\/Filozofski-fakultet-3-300x225.jpg 300w, https:\/\/www.ffos.unios.hr\/wp-content\/uploads\/2026\/05\/Filozofski-fakultet-3-1024x768.jpg 1024w, https:\/\/www.ffos.unios.hr\/wp-content\/uploads\/2026\/05\/Filozofski-fakultet-3-768x576.jpg 768w, https:\/\/www.ffos.unios.hr\/wp-content\/uploads\/2026\/05\/Filozofski-fakultet-3-1536x1152.jpg 1536w, https:\/\/www.ffos.unios.hr\/wp-content\/uploads\/2026\/05\/Filozofski-fakultet-3.jpg 1600w\" sizes=\"(max-width: 300px) 100vw, 300px\" \/><\/a>\n\t\t\t<\/dt><\/dl><br style=\"clear: both\" \/><dl class='gallery-item'>\n\t\t\t<dt class='gallery-icon landscape'>\n\t\t\t\t<a href='https:\/\/www.ffos.unios.hr\/wp-content\/uploads\/2026\/05\/Pogled-na-Sarajevo.jpg'><img decoding=\"async\" width=\"300\" height=\"225\" src=\"https:\/\/www.ffos.unios.hr\/wp-content\/uploads\/2026\/05\/Pogled-na-Sarajevo-300x225.jpg\" class=\"attachment-medium size-medium\" alt=\"\" srcset=\"https:\/\/www.ffos.unios.hr\/wp-content\/uploads\/2026\/05\/Pogled-na-Sarajevo-300x225.jpg 300w, https:\/\/www.ffos.unios.hr\/wp-content\/uploads\/2026\/05\/Pogled-na-Sarajevo-1024x768.jpg 1024w, https:\/\/www.ffos.unios.hr\/wp-content\/uploads\/2026\/05\/Pogled-na-Sarajevo-768x576.jpg 768w, https:\/\/www.ffos.unios.hr\/wp-content\/uploads\/2026\/05\/Pogled-na-Sarajevo-1536x1152.jpg 1536w, https:\/\/www.ffos.unios.hr\/wp-content\/uploads\/2026\/05\/Pogled-na-Sarajevo.jpg 1600w\" sizes=\"(max-width: 300px) 100vw, 300px\" \/><\/a>\n\t\t\t<\/dt><\/dl><dl class='gallery-item'>\n\t\t\t<dt class='gallery-icon landscape'>\n\t\t\t\t<a href='https:\/\/www.ffos.unios.hr\/wp-content\/uploads\/2026\/05\/Nastavnici.jpg'><img decoding=\"async\" width=\"300\" height=\"225\" src=\"https:\/\/www.ffos.unios.hr\/wp-content\/uploads\/2026\/05\/Nastavnici-300x225.jpg\" class=\"attachment-medium size-medium\" alt=\"\" srcset=\"https:\/\/www.ffos.unios.hr\/wp-content\/uploads\/2026\/05\/Nastavnici-300x225.jpg 300w, https:\/\/www.ffos.unios.hr\/wp-content\/uploads\/2026\/05\/Nastavnici-1024x768.jpg 1024w, https:\/\/www.ffos.unios.hr\/wp-content\/uploads\/2026\/05\/Nastavnici-768x576.jpg 768w, https:\/\/www.ffos.unios.hr\/wp-content\/uploads\/2026\/05\/Nastavnici-1536x1152.jpg 1536w, https:\/\/www.ffos.unios.hr\/wp-content\/uploads\/2026\/05\/Nastavnici.jpg 1600w\" sizes=\"(max-width: 300px) 100vw, 300px\" \/><\/a>\n\t\t\t<\/dt><\/dl><dl class='gallery-item'>\n\t\t\t<dt class='gallery-icon landscape'>\n\t\t\t\t<a href='https:\/\/www.ffos.unios.hr\/wp-content\/uploads\/2026\/05\/Orijentalni-institut-1.jpg'><img decoding=\"async\" width=\"300\" height=\"225\" src=\"https:\/\/www.ffos.unios.hr\/wp-content\/uploads\/2026\/05\/Orijentalni-institut-1-300x225.jpg\" class=\"attachment-medium size-medium\" alt=\"\" srcset=\"https:\/\/www.ffos.unios.hr\/wp-content\/uploads\/2026\/05\/Orijentalni-institut-1-300x225.jpg 300w, https:\/\/www.ffos.unios.hr\/wp-content\/uploads\/2026\/05\/Orijentalni-institut-1-1024x769.jpg 1024w, https:\/\/www.ffos.unios.hr\/wp-content\/uploads\/2026\/05\/Orijentalni-institut-1-768x576.jpg 768w, https:\/\/www.ffos.unios.hr\/wp-content\/uploads\/2026\/05\/Orijentalni-institut-1-1536x1153.jpg 1536w, https:\/\/www.ffos.unios.hr\/wp-content\/uploads\/2026\/05\/Orijentalni-institut-1.jpg 1600w\" sizes=\"(max-width: 300px) 100vw, 300px\" \/><\/a>\n\t\t\t<\/dt><\/dl><br style=\"clear: both\" \/><dl class='gallery-item'>\n\t\t\t<dt class='gallery-icon portrait'>\n\t\t\t\t<a href='https:\/\/www.ffos.unios.hr\/wp-content\/uploads\/2026\/05\/Orijentalni-institut-2.jpg'><img decoding=\"async\" width=\"225\" height=\"300\" src=\"https:\/\/www.ffos.unios.hr\/wp-content\/uploads\/2026\/05\/Orijentalni-institut-2-225x300.jpg\" class=\"attachment-medium size-medium\" alt=\"\" srcset=\"https:\/\/www.ffos.unios.hr\/wp-content\/uploads\/2026\/05\/Orijentalni-institut-2-225x300.jpg 225w, https:\/\/www.ffos.unios.hr\/wp-content\/uploads\/2026\/05\/Orijentalni-institut-2-768x1024.jpg 768w, https:\/\/www.ffos.unios.hr\/wp-content\/uploads\/2026\/05\/Orijentalni-institut-2-1152x1536.jpg 1152w, https:\/\/www.ffos.unios.hr\/wp-content\/uploads\/2026\/05\/Orijentalni-institut-2.jpg 1200w\" sizes=\"(max-width: 225px) 100vw, 225px\" \/><\/a>\n\t\t\t<\/dt><\/dl><dl class='gallery-item'>\n\t\t\t<dt class='gallery-icon landscape'>\n\t\t\t\t<a href='https:\/\/www.ffos.unios.hr\/wp-content\/uploads\/2026\/05\/Historijski-muzej.jpg'><img decoding=\"async\" width=\"300\" height=\"225\" src=\"https:\/\/www.ffos.unios.hr\/wp-content\/uploads\/2026\/05\/Historijski-muzej-300x225.jpg\" class=\"attachment-medium size-medium\" alt=\"\" srcset=\"https:\/\/www.ffos.unios.hr\/wp-content\/uploads\/2026\/05\/Historijski-muzej-300x225.jpg 300w, https:\/\/www.ffos.unios.hr\/wp-content\/uploads\/2026\/05\/Historijski-muzej-1024x768.jpg 1024w, https:\/\/www.ffos.unios.hr\/wp-content\/uploads\/2026\/05\/Historijski-muzej-768x576.jpg 768w, https:\/\/www.ffos.unios.hr\/wp-content\/uploads\/2026\/05\/Historijski-muzej-1536x1152.jpg 1536w, https:\/\/www.ffos.unios.hr\/wp-content\/uploads\/2026\/05\/Historijski-muzej.jpg 1600w\" sizes=\"(max-width: 300px) 100vw, 300px\" \/><\/a>\n\t\t\t<\/dt><\/dl><dl class='gallery-item'>\n\t\t\t<dt class='gallery-icon landscape'>\n\t\t\t\t<a href='https:\/\/www.ffos.unios.hr\/wp-content\/uploads\/2026\/05\/Zemaljski-muzej-3.jpg'><img decoding=\"async\" width=\"300\" height=\"225\" src=\"https:\/\/www.ffos.unios.hr\/wp-content\/uploads\/2026\/05\/Zemaljski-muzej-3-300x225.jpg\" class=\"attachment-medium size-medium\" alt=\"\" srcset=\"https:\/\/www.ffos.unios.hr\/wp-content\/uploads\/2026\/05\/Zemaljski-muzej-3-300x225.jpg 300w, https:\/\/www.ffos.unios.hr\/wp-content\/uploads\/2026\/05\/Zemaljski-muzej-3-1024x768.jpg 1024w, https:\/\/www.ffos.unios.hr\/wp-content\/uploads\/2026\/05\/Zemaljski-muzej-3-768x576.jpg 768w, https:\/\/www.ffos.unios.hr\/wp-content\/uploads\/2026\/05\/Zemaljski-muzej-3-1536x1152.jpg 1536w, https:\/\/www.ffos.unios.hr\/wp-content\/uploads\/2026\/05\/Zemaljski-muzej-3.jpg 1600w\" sizes=\"(max-width: 300px) 100vw, 300px\" \/><\/a>\n\t\t\t<\/dt><\/dl><br style=\"clear: both\" \/><dl class='gallery-item'>\n\t\t\t<dt class='gallery-icon landscape'>\n\t\t\t\t<a href='https:\/\/www.ffos.unios.hr\/wp-content\/uploads\/2026\/05\/Zemaljski-muzej-1.jpg'><img decoding=\"async\" width=\"300\" height=\"225\" src=\"https:\/\/www.ffos.unios.hr\/wp-content\/uploads\/2026\/05\/Zemaljski-muzej-1-300x225.jpg\" class=\"attachment-medium size-medium\" alt=\"\" srcset=\"https:\/\/www.ffos.unios.hr\/wp-content\/uploads\/2026\/05\/Zemaljski-muzej-1-300x225.jpg 300w, https:\/\/www.ffos.unios.hr\/wp-content\/uploads\/2026\/05\/Zemaljski-muzej-1-1024x768.jpg 1024w, https:\/\/www.ffos.unios.hr\/wp-content\/uploads\/2026\/05\/Zemaljski-muzej-1-768x576.jpg 768w, https:\/\/www.ffos.unios.hr\/wp-content\/uploads\/2026\/05\/Zemaljski-muzej-1-1536x1152.jpg 1536w, https:\/\/www.ffos.unios.hr\/wp-content\/uploads\/2026\/05\/Zemaljski-muzej-1.jpg 1600w\" sizes=\"(max-width: 300px) 100vw, 300px\" \/><\/a>\n\t\t\t<\/dt><\/dl><dl class='gallery-item'>\n\t\t\t<dt class='gallery-icon portrait'>\n\t\t\t\t<a href='https:\/\/www.ffos.unios.hr\/wp-content\/uploads\/2026\/05\/Zemaljski-muzej-2.jpg'><img decoding=\"async\" width=\"225\" height=\"300\" src=\"https:\/\/www.ffos.unios.hr\/wp-content\/uploads\/2026\/05\/Zemaljski-muzej-2-225x300.jpg\" class=\"attachment-medium size-medium\" alt=\"\" srcset=\"https:\/\/www.ffos.unios.hr\/wp-content\/uploads\/2026\/05\/Zemaljski-muzej-2-225x300.jpg 225w, https:\/\/www.ffos.unios.hr\/wp-content\/uploads\/2026\/05\/Zemaljski-muzej-2-768x1024.jpg 768w, https:\/\/www.ffos.unios.hr\/wp-content\/uploads\/2026\/05\/Zemaljski-muzej-2-1152x1536.jpg 1152w, https:\/\/www.ffos.unios.hr\/wp-content\/uploads\/2026\/05\/Zemaljski-muzej-2.jpg 1200w\" sizes=\"(max-width: 225px) 100vw, 225px\" \/><\/a>\n\t\t\t<\/dt><\/dl><dl class='gallery-item'>\n\t\t\t<dt class='gallery-icon portrait'>\n\t\t\t\t<a href='https:\/\/www.ffos.unios.hr\/wp-content\/uploads\/2026\/05\/Olimpijske-igre-84.jpg'><img decoding=\"async\" width=\"225\" height=\"300\" src=\"https:\/\/www.ffos.unios.hr\/wp-content\/uploads\/2026\/05\/Olimpijske-igre-84-225x300.jpg\" class=\"attachment-medium size-medium\" alt=\"\" srcset=\"https:\/\/www.ffos.unios.hr\/wp-content\/uploads\/2026\/05\/Olimpijske-igre-84-225x300.jpg 225w, https:\/\/www.ffos.unios.hr\/wp-content\/uploads\/2026\/05\/Olimpijske-igre-84-768x1024.jpg 768w, https:\/\/www.ffos.unios.hr\/wp-content\/uploads\/2026\/05\/Olimpijske-igre-84-1152x1536.jpg 1152w, https:\/\/www.ffos.unios.hr\/wp-content\/uploads\/2026\/05\/Olimpijske-igre-84.jpg 1200w\" sizes=\"(max-width: 225px) 100vw, 225px\" \/><\/a>\n\t\t\t<\/dt><\/dl><br style=\"clear: both\" \/><dl class='gallery-item'>\n\t\t\t<dt class='gallery-icon portrait'>\n\t\t\t\t<a href='https:\/\/www.ffos.unios.hr\/wp-content\/uploads\/2026\/05\/Bascarsija.jpg'><img decoding=\"async\" width=\"225\" height=\"300\" src=\"https:\/\/www.ffos.unios.hr\/wp-content\/uploads\/2026\/05\/Bascarsija-225x300.jpg\" class=\"attachment-medium size-medium\" alt=\"\" srcset=\"https:\/\/www.ffos.unios.hr\/wp-content\/uploads\/2026\/05\/Bascarsija-225x300.jpg 225w, https:\/\/www.ffos.unios.hr\/wp-content\/uploads\/2026\/05\/Bascarsija-768x1024.jpg 768w, https:\/\/www.ffos.unios.hr\/wp-content\/uploads\/2026\/05\/Bascarsija-1152x1536.jpg 1152w, https:\/\/www.ffos.unios.hr\/wp-content\/uploads\/2026\/05\/Bascarsija.jpg 1200w\" sizes=\"(max-width: 225px) 100vw, 225px\" \/><\/a>\n\t\t\t<\/dt><\/dl><dl class='gallery-item'>\n\t\t\t<dt class='gallery-icon portrait'>\n\t\t\t\t<a href='https:\/\/www.ffos.unios.hr\/wp-content\/uploads\/2026\/05\/Franz-Ferdinand-i-Sofija.jpg'><img decoding=\"async\" width=\"225\" height=\"300\" src=\"https:\/\/www.ffos.unios.hr\/wp-content\/uploads\/2026\/05\/Franz-Ferdinand-i-Sofija-225x300.jpg\" class=\"attachment-medium size-medium\" alt=\"\" srcset=\"https:\/\/www.ffos.unios.hr\/wp-content\/uploads\/2026\/05\/Franz-Ferdinand-i-Sofija-225x300.jpg 225w, https:\/\/www.ffos.unios.hr\/wp-content\/uploads\/2026\/05\/Franz-Ferdinand-i-Sofija-768x1024.jpg 768w, https:\/\/www.ffos.unios.hr\/wp-content\/uploads\/2026\/05\/Franz-Ferdinand-i-Sofija-1152x1536.jpg 1152w, https:\/\/www.ffos.unios.hr\/wp-content\/uploads\/2026\/05\/Franz-Ferdinand-i-Sofija.jpg 1200w\" sizes=\"(max-width: 225px) 100vw, 225px\" \/><\/a>\n\t\t\t<\/dt><\/dl><dl class='gallery-item'>\n\t\t\t<dt class='gallery-icon portrait'>\n\t\t\t\t<a href='https:\/\/www.ffos.unios.hr\/wp-content\/uploads\/2026\/05\/Latinska-cuprija.jpg'><img decoding=\"async\" width=\"225\" height=\"300\" src=\"https:\/\/www.ffos.unios.hr\/wp-content\/uploads\/2026\/05\/Latinska-cuprija-225x300.jpg\" class=\"attachment-medium size-medium\" alt=\"\" srcset=\"https:\/\/www.ffos.unios.hr\/wp-content\/uploads\/2026\/05\/Latinska-cuprija-225x300.jpg 225w, https:\/\/www.ffos.unios.hr\/wp-content\/uploads\/2026\/05\/Latinska-cuprija-768x1024.jpg 768w, https:\/\/www.ffos.unios.hr\/wp-content\/uploads\/2026\/05\/Latinska-cuprija-1152x1536.jpg 1152w, https:\/\/www.ffos.unios.hr\/wp-content\/uploads\/2026\/05\/Latinska-cuprija.jpg 1200w\" sizes=\"(max-width: 225px) 100vw, 225px\" \/><\/a>\n\t\t\t<\/dt><\/dl><br style=\"clear: both\" \/>\n\t\t<\/div>\n\n<hr \/>\n<p><strong>Study Trip to Turkey<\/strong><\/p>\n<p style=\"text-align: justify;\">A study trip intended for teachers and students of the Departments of History and Philosophy at the Faculty of Humanities and Social Sciences in Osijek was held from 22 to 27 October 2024.<\/p>\n<p style=\"text-align: justify;\">The trip began in the early morning hours of 22 October. After travelling through Serbia and Bulgaria, we arrived in Sofia in the afternoon and began a tour of the city. We visited various landmarks, among which the Cathedral of Saint Alexander Nevsky stood out in particular. The following day, we headed towards Istanbul and arrived at the hotel in the evening. During the first day of our stay in Istanbul, we visited some of the city\u2019s most famous landmarks. Before setting off, we received headsets and, with professional guidance from local guides, toured Topkap\u0131 Palace, the seat of the Ottoman sultans, where the chamber in which the sultans received foreign diplomats and the room housing the treasures of the Ottoman Empire were particularly noteworthy. After the tour, we were impressed by the monumentality and grandeur of Topkap\u0131 Palace, as well as by the views over parts of the city. We also visited Hagia Sophia, or the Church of Holy Wisdom, which was converted into a mosque during the 15th century. During the visit, we were able to see extraordinary mosaics, as well as certain depictions of Jesus Christ and the Virgin Mary that are covered during prayer. The next mosque we visited was the Sultan Ahmed Mosque, known as the \u201cBlue Mosque\u201d, recognisable by its six minarets.<\/p>\n<p style=\"text-align: justify;\">The following day, we visited the S\u00fcleymaniye Mosque, designed by the architect Sinan, which includes the mausoleums of Sultan Suleiman the Magnificent and H\u00fcrrem Sultan. After a short bus ride, we left the historic part of the city and reached the modern part. Following a walk through Taksim Square and the main street, \u0130stiklal Caddesi, some of the teachers and students went to the Consulate General of the Republic of Croatia in the Republic of Turkey, while others chose to use the time to explore the city. A boat trip along the Bosphorus followed, first along the European side, where the Ortak\u00f6y Mosque stood out most prominently, and then along the Asian side, where we disembarked and had some free time. On the final day, we visited the Grand Bazaar, or Kapal\u0131\u00e7ar\u015f\u0131, which covers approximately 31,000 m<sup>2<\/sup> and contains around 4,000 shops. After free time for shopping and sightseeing, we departed for Osijek in the late afternoon.<\/p>\n<p style=\"text-align: right;\">Rebeka Puhalo<\/p>\n\n\t\t<style>\n\t\t\t#gallery-2 {\n\t\t\t\tmargin: auto;\n\t\t\t}\n\t\t\t#gallery-2 .gallery-item {\n\t\t\t\tfloat: left;\n\t\t\t\tmargin-top: 10px;\n\t\t\t\ttext-align: center;\n\t\t\t\twidth: 33%;\n\t\t\t}\n\t\t\t#gallery-2 img {\n\t\t\t\tborder: 2px solid #cfcfcf;\n\t\t\t}\n\t\t\t#gallery-2 .gallery-caption {\n\t\t\t\tmargin-left: 0;\n\t\t\t}\n\t\t\t\/* see gallery_shortcode() in wp-includes\/media.php *\/\n\t\t<\/style>\n\t\t<div id='gallery-2' class='gallery galleryid-123704 gallery-columns-3 gallery-size-medium'><dl class='gallery-item'>\n\t\t\t<dt class='gallery-icon landscape'>\n\t\t\t\t<a href='https:\/\/www.ffos.unios.hr\/wp-content\/uploads\/2024\/11\/t1.jpg'><img decoding=\"async\" width=\"300\" height=\"280\" src=\"https:\/\/www.ffos.unios.hr\/wp-content\/uploads\/2024\/11\/t1-300x280.jpg\" class=\"attachment-medium size-medium\" alt=\"\" srcset=\"https:\/\/www.ffos.unios.hr\/wp-content\/uploads\/2024\/11\/t1-300x280.jpg 300w, https:\/\/www.ffos.unios.hr\/wp-content\/uploads\/2024\/11\/t1-1024x957.jpg 1024w, https:\/\/www.ffos.unios.hr\/wp-content\/uploads\/2024\/11\/t1-768x718.jpg 768w, https:\/\/www.ffos.unios.hr\/wp-content\/uploads\/2024\/11\/t1.jpg 1430w\" sizes=\"(max-width: 300px) 100vw, 300px\" \/><\/a>\n\t\t\t<\/dt><\/dl><dl class='gallery-item'>\n\t\t\t<dt class='gallery-icon landscape'>\n\t\t\t\t<a href='https:\/\/www.ffos.unios.hr\/wp-content\/uploads\/2024\/11\/t5.jpg'><img decoding=\"async\" width=\"300\" height=\"221\" src=\"https:\/\/www.ffos.unios.hr\/wp-content\/uploads\/2024\/11\/t5-300x221.jpg\" class=\"attachment-medium size-medium\" alt=\"\" srcset=\"https:\/\/www.ffos.unios.hr\/wp-content\/uploads\/2024\/11\/t5-300x221.jpg 300w, https:\/\/www.ffos.unios.hr\/wp-content\/uploads\/2024\/11\/t5-1024x755.jpg 1024w, https:\/\/www.ffos.unios.hr\/wp-content\/uploads\/2024\/11\/t5-768x566.jpg 768w, https:\/\/www.ffos.unios.hr\/wp-content\/uploads\/2024\/11\/t5.jpg 1170w\" sizes=\"(max-width: 300px) 100vw, 300px\" \/><\/a>\n\t\t\t<\/dt><\/dl><dl class='gallery-item'>\n\t\t\t<dt class='gallery-icon landscape'>\n\t\t\t\t<a href='https:\/\/www.ffos.unios.hr\/wp-content\/uploads\/2024\/11\/t2.jpg'><img decoding=\"async\" width=\"300\" height=\"225\" src=\"https:\/\/www.ffos.unios.hr\/wp-content\/uploads\/2024\/11\/t2-300x225.jpg\" class=\"attachment-medium size-medium\" alt=\"\" srcset=\"https:\/\/www.ffos.unios.hr\/wp-content\/uploads\/2024\/11\/t2-300x225.jpg 300w, https:\/\/www.ffos.unios.hr\/wp-content\/uploads\/2024\/11\/t2-1024x769.jpg 1024w, https:\/\/www.ffos.unios.hr\/wp-content\/uploads\/2024\/11\/t2-768x576.jpg 768w, https:\/\/www.ffos.unios.hr\/wp-content\/uploads\/2024\/11\/t2.jpg 1171w\" sizes=\"(max-width: 300px) 100vw, 300px\" \/><\/a>\n\t\t\t<\/dt><\/dl><br style=\"clear: both\" \/><dl class='gallery-item'>\n\t\t\t<dt class='gallery-icon portrait'>\n\t\t\t\t<a href='https:\/\/www.ffos.unios.hr\/wp-content\/uploads\/2024\/11\/t3.jpg'><img decoding=\"async\" width=\"225\" height=\"300\" src=\"https:\/\/www.ffos.unios.hr\/wp-content\/uploads\/2024\/11\/t3-225x300.jpg\" class=\"attachment-medium size-medium\" alt=\"\" srcset=\"https:\/\/www.ffos.unios.hr\/wp-content\/uploads\/2024\/11\/t3-225x300.jpg 225w, https:\/\/www.ffos.unios.hr\/wp-content\/uploads\/2024\/11\/t3-768x1024.jpg 768w, https:\/\/www.ffos.unios.hr\/wp-content\/uploads\/2024\/11\/t3-1152x1536.jpg 1152w, https:\/\/www.ffos.unios.hr\/wp-content\/uploads\/2024\/11\/t3.jpg 1200w\" sizes=\"(max-width: 225px) 100vw, 225px\" \/><\/a>\n\t\t\t<\/dt><\/dl><dl class='gallery-item'>\n\t\t\t<dt class='gallery-icon landscape'>\n\t\t\t\t<a href='https:\/\/www.ffos.unios.hr\/wp-content\/uploads\/2024\/11\/t6.jpg'><img decoding=\"async\" width=\"300\" height=\"225\" src=\"https:\/\/www.ffos.unios.hr\/wp-content\/uploads\/2024\/11\/t6-300x225.jpg\" class=\"attachment-medium size-medium\" alt=\"\" srcset=\"https:\/\/www.ffos.unios.hr\/wp-content\/uploads\/2024\/11\/t6-300x225.jpg 300w, https:\/\/www.ffos.unios.hr\/wp-content\/uploads\/2024\/11\/t6-1024x768.jpg 1024w, https:\/\/www.ffos.unios.hr\/wp-content\/uploads\/2024\/11\/t6-768x576.jpg 768w, https:\/\/www.ffos.unios.hr\/wp-content\/uploads\/2024\/11\/t6-1536x1152.jpg 1536w, https:\/\/www.ffos.unios.hr\/wp-content\/uploads\/2024\/11\/t6.jpg 1600w\" sizes=\"(max-width: 300px) 100vw, 300px\" \/><\/a>\n\t\t\t<\/dt><\/dl><dl class='gallery-item'>\n\t\t\t<dt class='gallery-icon portrait'>\n\t\t\t\t<a href='https:\/\/www.ffos.unios.hr\/wp-content\/uploads\/2024\/11\/t4.jpg'><img decoding=\"async\" width=\"225\" height=\"300\" src=\"https:\/\/www.ffos.unios.hr\/wp-content\/uploads\/2024\/11\/t4-225x300.jpg\" class=\"attachment-medium size-medium\" alt=\"\" srcset=\"https:\/\/www.ffos.unios.hr\/wp-content\/uploads\/2024\/11\/t4-225x300.jpg 225w, https:\/\/www.ffos.unios.hr\/wp-content\/uploads\/2024\/11\/t4-768x1024.jpg 768w, https:\/\/www.ffos.unios.hr\/wp-content\/uploads\/2024\/11\/t4-1152x1536.jpg 1152w, https:\/\/www.ffos.unios.hr\/wp-content\/uploads\/2024\/11\/t4.jpg 1530w\" sizes=\"(max-width: 225px) 100vw, 225px\" \/><\/a>\n\t\t\t<\/dt><\/dl><br style=\"clear: both\" \/>\n\t\t<\/div>\n\n<hr \/>\n<p><strong>Study Trip to Poland<\/strong><\/p>\n<p style=\"text-align: justify;\">From 1 to 3 May, teachers and students of the Department of History, together with their colleagues from the Department of Philosophy, took part in a study trip to Poland, during which they visited the cities of Krakow and Wroclaw, as well as the Nazi concentration camp Auschwitz. During their visit to Wroclaw, they visited the Institute of History, where they were warmly welcomed by fellow scholars Dr Wawrzyniec Kowalski and Dr Les\u0142aw Spycha\u0142a. The establishment of inter-institutional cooperation with the Polish colleagues was agreed upon.<\/p>\n<div>\n\n\t\t<style>\n\t\t\t#gallery-3 {\n\t\t\t\tmargin: auto;\n\t\t\t}\n\t\t\t#gallery-3 .gallery-item {\n\t\t\t\tfloat: left;\n\t\t\t\tmargin-top: 10px;\n\t\t\t\ttext-align: center;\n\t\t\t\twidth: 33%;\n\t\t\t}\n\t\t\t#gallery-3 img {\n\t\t\t\tborder: 2px solid #cfcfcf;\n\t\t\t}\n\t\t\t#gallery-3 .gallery-caption {\n\t\t\t\tmargin-left: 0;\n\t\t\t}\n\t\t\t\/* see gallery_shortcode() in wp-includes\/media.php *\/\n\t\t<\/style>\n\t\t<div id='gallery-3' class='gallery galleryid-123704 gallery-columns-3 gallery-size-large'><dl class='gallery-item'>\n\t\t\t<dt class='gallery-icon landscape'>\n\t\t\t\t<a href='https:\/\/www.ffos.unios.hr\/wp-content\/uploads\/2023\/05\/1-2.jpg'><img decoding=\"async\" width=\"1024\" height=\"768\" src=\"https:\/\/www.ffos.unios.hr\/wp-content\/uploads\/2023\/05\/1-2-1024x768.jpg\" class=\"attachment-large size-large\" alt=\"\" srcset=\"https:\/\/www.ffos.unios.hr\/wp-content\/uploads\/2023\/05\/1-2-1024x768.jpg 1024w, https:\/\/www.ffos.unios.hr\/wp-content\/uploads\/2023\/05\/1-2-300x225.jpg 300w, https:\/\/www.ffos.unios.hr\/wp-content\/uploads\/2023\/05\/1-2-768x576.jpg 768w, https:\/\/www.ffos.unios.hr\/wp-content\/uploads\/2023\/05\/1-2-1536x1152.jpg 1536w, https:\/\/www.ffos.unios.hr\/wp-content\/uploads\/2023\/05\/1-2.jpg 1600w\" sizes=\"(max-width: 1024px) 100vw, 1024px\" \/><\/a>\n\t\t\t<\/dt><\/dl><dl class='gallery-item'>\n\t\t\t<dt class='gallery-icon landscape'>\n\t\t\t\t<a href='https:\/\/www.ffos.unios.hr\/wp-content\/uploads\/2023\/05\/2-1.jpg'><img decoding=\"async\" width=\"1024\" height=\"768\" src=\"https:\/\/www.ffos.unios.hr\/wp-content\/uploads\/2023\/05\/2-1-1024x768.jpg\" class=\"attachment-large size-large\" alt=\"\" srcset=\"https:\/\/www.ffos.unios.hr\/wp-content\/uploads\/2023\/05\/2-1-1024x768.jpg 1024w, https:\/\/www.ffos.unios.hr\/wp-content\/uploads\/2023\/05\/2-1-300x225.jpg 300w, https:\/\/www.ffos.unios.hr\/wp-content\/uploads\/2023\/05\/2-1-768x576.jpg 768w, https:\/\/www.ffos.unios.hr\/wp-content\/uploads\/2023\/05\/2-1-1536x1152.jpg 1536w, https:\/\/www.ffos.unios.hr\/wp-content\/uploads\/2023\/05\/2-1.jpg 1600w\" sizes=\"(max-width: 1024px) 100vw, 1024px\" \/><\/a>\n\t\t\t<\/dt><\/dl><dl class='gallery-item'>\n\t\t\t<dt class='gallery-icon landscape'>\n\t\t\t\t<a href='https:\/\/www.ffos.unios.hr\/wp-content\/uploads\/2023\/05\/3-1.jpg'><img decoding=\"async\" width=\"1024\" height=\"768\" src=\"https:\/\/www.ffos.unios.hr\/wp-content\/uploads\/2023\/05\/3-1-1024x768.jpg\" class=\"attachment-large size-large\" alt=\"\" srcset=\"https:\/\/www.ffos.unios.hr\/wp-content\/uploads\/2023\/05\/3-1-1024x768.jpg 1024w, https:\/\/www.ffos.unios.hr\/wp-content\/uploads\/2023\/05\/3-1-300x225.jpg 300w, https:\/\/www.ffos.unios.hr\/wp-content\/uploads\/2023\/05\/3-1-768x576.jpg 768w, https:\/\/www.ffos.unios.hr\/wp-content\/uploads\/2023\/05\/3-1-1536x1152.jpg 1536w, https:\/\/www.ffos.unios.hr\/wp-content\/uploads\/2023\/05\/3-1.jpg 1600w\" sizes=\"(max-width: 1024px) 100vw, 1024px\" \/><\/a>\n\t\t\t<\/dt><\/dl><br style=\"clear: both\" \/><dl class='gallery-item'>\n\t\t\t<dt class='gallery-icon landscape'>\n\t\t\t\t<a href='https:\/\/www.ffos.unios.hr\/wp-content\/uploads\/2023\/05\/4-1.jpg'><img decoding=\"async\" width=\"1024\" height=\"768\" src=\"https:\/\/www.ffos.unios.hr\/wp-content\/uploads\/2023\/05\/4-1-1024x768.jpg\" class=\"attachment-large size-large\" alt=\"\" srcset=\"https:\/\/www.ffos.unios.hr\/wp-content\/uploads\/2023\/05\/4-1-1024x768.jpg 1024w, https:\/\/www.ffos.unios.hr\/wp-content\/uploads\/2023\/05\/4-1-300x225.jpg 300w, https:\/\/www.ffos.unios.hr\/wp-content\/uploads\/2023\/05\/4-1-768x576.jpg 768w, https:\/\/www.ffos.unios.hr\/wp-content\/uploads\/2023\/05\/4-1-1536x1152.jpg 1536w, https:\/\/www.ffos.unios.hr\/wp-content\/uploads\/2023\/05\/4-1.jpg 1600w\" sizes=\"(max-width: 1024px) 100vw, 1024px\" \/><\/a>\n\t\t\t<\/dt><\/dl><dl class='gallery-item'>\n\t\t\t<dt class='gallery-icon landscape'>\n\t\t\t\t<a href='https:\/\/www.ffos.unios.hr\/wp-content\/uploads\/2023\/05\/5.jpg'><img decoding=\"async\" width=\"1024\" height=\"768\" src=\"https:\/\/www.ffos.unios.hr\/wp-content\/uploads\/2023\/05\/5-1024x768.jpg\" class=\"attachment-large size-large\" alt=\"\" srcset=\"https:\/\/www.ffos.unios.hr\/wp-content\/uploads\/2023\/05\/5-1024x768.jpg 1024w, https:\/\/www.ffos.unios.hr\/wp-content\/uploads\/2023\/05\/5-300x225.jpg 300w, https:\/\/www.ffos.unios.hr\/wp-content\/uploads\/2023\/05\/5-768x576.jpg 768w, https:\/\/www.ffos.unios.hr\/wp-content\/uploads\/2023\/05\/5-1536x1152.jpg 1536w, https:\/\/www.ffos.unios.hr\/wp-content\/uploads\/2023\/05\/5.jpg 1600w\" sizes=\"(max-width: 1024px) 100vw, 1024px\" \/><\/a>\n\t\t\t<\/dt><\/dl><dl class='gallery-item'>\n\t\t\t<dt class='gallery-icon landscape'>\n\t\t\t\t<a href='https:\/\/www.ffos.unios.hr\/wp-content\/uploads\/2023\/05\/6.jpg'><img decoding=\"async\" width=\"1024\" height=\"766\" src=\"https:\/\/www.ffos.unios.hr\/wp-content\/uploads\/2023\/05\/6-1024x766.jpg\" class=\"attachment-large size-large\" alt=\"\" srcset=\"https:\/\/www.ffos.unios.hr\/wp-content\/uploads\/2023\/05\/6-1024x766.jpg 1024w, https:\/\/www.ffos.unios.hr\/wp-content\/uploads\/2023\/05\/6-300x224.jpg 300w, https:\/\/www.ffos.unios.hr\/wp-content\/uploads\/2023\/05\/6-768x575.jpg 768w, https:\/\/www.ffos.unios.hr\/wp-content\/uploads\/2023\/05\/6-1536x1149.jpg 1536w, https:\/\/www.ffos.unios.hr\/wp-content\/uploads\/2023\/05\/6.jpg 1600w\" sizes=\"(max-width: 1024px) 100vw, 1024px\" \/><\/a>\n\t\t\t<\/dt><\/dl><br style=\"clear: both\" \/><dl class='gallery-item'>\n\t\t\t<dt class='gallery-icon landscape'>\n\t\t\t\t<a href='https:\/\/www.ffos.unios.hr\/wp-content\/uploads\/2023\/05\/7.jpg'><img decoding=\"async\" width=\"1024\" height=\"768\" src=\"https:\/\/www.ffos.unios.hr\/wp-content\/uploads\/2023\/05\/7-1024x768.jpg\" class=\"attachment-large size-large\" alt=\"\" srcset=\"https:\/\/www.ffos.unios.hr\/wp-content\/uploads\/2023\/05\/7-1024x768.jpg 1024w, https:\/\/www.ffos.unios.hr\/wp-content\/uploads\/2023\/05\/7-300x225.jpg 300w, https:\/\/www.ffos.unios.hr\/wp-content\/uploads\/2023\/05\/7-768x576.jpg 768w, https:\/\/www.ffos.unios.hr\/wp-content\/uploads\/2023\/05\/7-1536x1152.jpg 1536w, https:\/\/www.ffos.unios.hr\/wp-content\/uploads\/2023\/05\/7.jpg 1600w\" sizes=\"(max-width: 1024px) 100vw, 1024px\" \/><\/a>\n\t\t\t<\/dt><\/dl><dl class='gallery-item'>\n\t\t\t<dt class='gallery-icon landscape'>\n\t\t\t\t<a href='https:\/\/www.ffos.unios.hr\/wp-content\/uploads\/2023\/05\/8.jpg'><img decoding=\"async\" width=\"1024\" height=\"768\" src=\"https:\/\/www.ffos.unios.hr\/wp-content\/uploads\/2023\/05\/8-1024x768.jpg\" class=\"attachment-large size-large\" alt=\"\" srcset=\"https:\/\/www.ffos.unios.hr\/wp-content\/uploads\/2023\/05\/8-1024x768.jpg 1024w, https:\/\/www.ffos.unios.hr\/wp-content\/uploads\/2023\/05\/8-300x225.jpg 300w, https:\/\/www.ffos.unios.hr\/wp-content\/uploads\/2023\/05\/8-768x576.jpg 768w, https:\/\/www.ffos.unios.hr\/wp-content\/uploads\/2023\/05\/8-1536x1152.jpg 1536w, https:\/\/www.ffos.unios.hr\/wp-content\/uploads\/2023\/05\/8.jpg 1600w\" sizes=\"(max-width: 1024px) 100vw, 1024px\" \/><\/a>\n\t\t\t<\/dt><\/dl><dl class='gallery-item'>\n\t\t\t<dt class='gallery-icon landscape'>\n\t\t\t\t<a href='https:\/\/www.ffos.unios.hr\/wp-content\/uploads\/2023\/05\/9.jpg'><img decoding=\"async\" width=\"1024\" height=\"768\" src=\"https:\/\/www.ffos.unios.hr\/wp-content\/uploads\/2023\/05\/9-1024x768.jpg\" class=\"attachment-large size-large\" alt=\"\" srcset=\"https:\/\/www.ffos.unios.hr\/wp-content\/uploads\/2023\/05\/9-1024x768.jpg 1024w, https:\/\/www.ffos.unios.hr\/wp-content\/uploads\/2023\/05\/9-300x225.jpg 300w, https:\/\/www.ffos.unios.hr\/wp-content\/uploads\/2023\/05\/9-768x576.jpg 768w, https:\/\/www.ffos.unios.hr\/wp-content\/uploads\/2023\/05\/9-1536x1152.jpg 1536w, https:\/\/www.ffos.unios.hr\/wp-content\/uploads\/2023\/05\/9.jpg 1600w\" sizes=\"(max-width: 1024px) 100vw, 1024px\" \/><\/a>\n\t\t\t<\/dt><\/dl><br style=\"clear: both\" \/>\n\t\t<\/div>\n\n<hr \/>\n<\/div>\n<p style=\"text-align: justify;\"><strong>Eastern Slavonia and Syrmia<\/strong><\/p>\n<p style=\"text-align: justify;\">On 27 October 2023, first- and second-year undergraduate students, under the guidance of Assoc. Prof. Denis Njari, PhD, and Asst. Prof. Danijel Jela\u0161, PhD, visited Sikl\u00f3s and P\u00e9cs. <span class=\"x193iq5w xeuugli x13faqbe x1vvkbs x1xmvt09 x1lliihq x1s928wv xhkezso x1gmr53x x1cpjm7i x1fgarty x1943h6x xudqn12 x3x7a5m x6prxxf xvq8zen xo1l8bm xzsf02u x1yc453h\" dir=\"auto\">There, the students were able to learn about medieval sites and museum heritage relevant to Croatian history as well, and to listen to presentations by professors and fellow students on topics such as medieval Baranya County, the Garai family, the Battle of Moh\u00e1cs, etc.<\/span><\/p>\n<p style=\"text-align: justify;\"><img decoding=\"async\" class=\"wp-image-72936 aligncenter\" src=\"https:\/\/www.ffos.unios.hr\/wp-content\/uploads\/2023\/10\/Terenska-1-300x200.jpg\" alt=\"\" width=\"686\" height=\"457\" srcset=\"https:\/\/www.ffos.unios.hr\/wp-content\/uploads\/2023\/10\/Terenska-1-300x200.jpg 300w, https:\/\/www.ffos.unios.hr\/wp-content\/uploads\/2023\/10\/Terenska-1-1024x683.jpg 1024w, https:\/\/www.ffos.unios.hr\/wp-content\/uploads\/2023\/10\/Terenska-1-768x512.jpg 768w, https:\/\/www.ffos.unios.hr\/wp-content\/uploads\/2023\/10\/Terenska-1-1536x1024.jpg 1536w, https:\/\/www.ffos.unios.hr\/wp-content\/uploads\/2023\/10\/Terenska-1-scaled.jpg 2048w\" sizes=\"(max-width: 686px) 100vw, 686px\" \/><\/p>\n<hr \/>\n<p style=\"text-align: justify;\"><strong>Eastern Slavonia and Syrmia<\/strong><\/p>\n<p style=\"text-align: justify;\">On 31 May 2023, second-year undergraduate students, under the guidance of Assoc. Prof. Denis Njari, PhD, and Asst. Prof. Danijel Jela\u0161, PhD, visited the medieval sites of Erdut, \u0160arengrad, Novi Mikanovci and Koprivna as part of field teaching. The students also had the opportunity to become acquainted with the permanent exhibition of the Ilok Town Museum, whose staff we thank for their hospitality and highly informative professional guidance.<\/p>\n<p style=\"text-align: justify;\"><img decoding=\"async\" class=\"wp-image-64166 aligncenter\" src=\"https:\/\/www.ffos.unios.hr\/wp-content\/uploads\/2023\/06\/Terenska2023-2-300x200.jpg\" alt=\"\" width=\"683\" height=\"455\" srcset=\"https:\/\/www.ffos.unios.hr\/wp-content\/uploads\/2023\/06\/Terenska2023-2-300x200.jpg 300w, https:\/\/www.ffos.unios.hr\/wp-content\/uploads\/2023\/06\/Terenska2023-2-1024x683.jpg 1024w, https:\/\/www.ffos.unios.hr\/wp-content\/uploads\/2023\/06\/Terenska2023-2-768x512.jpg 768w, https:\/\/www.ffos.unios.hr\/wp-content\/uploads\/2023\/06\/Terenska2023-2-1536x1024.jpg 1536w, https:\/\/www.ffos.unios.hr\/wp-content\/uploads\/2023\/06\/Terenska2023-2-scaled.jpg 2048w\" sizes=\"(max-width: 683px) 100vw, 683px\" \/><\/p>\n<hr \/>\n<p style=\"text-align: justify;\"><strong>Valpovo, Na\u0161ice, Orahovica, Kaptol and Po\u017eega<br \/>\n<\/strong><\/p>\n<p style=\"text-align: justify;\">On 13 May 2022, the Department of History organised field teaching for second-year undergraduate students as part of the courses Croatian Lands in the High Middle Ages and Slavonia, Syrmia and Baranya in the Middle Ages, as well as for first-year graduate students as part of the courses Fundamentals of Urban History and the City in the Croatian Middle Ages. The field teaching was led by the course coordinators, Asst. Prof. Denis Njari, PhD, and Asst. Prof. Danijel Jela\u0161, PhD. The main objective of the field teaching was to introduce students to some of the most important medieval sites and medieval heritage in the areas of Valpovo, Na\u0161ice, Orahovica and Po\u017eega. The tour therefore included Valpovo Castle and the Museum of the Valpovo Region, the Franciscan church in Na\u0161ice and the Templar church in Martin, an ascent to Ru\u017eica-grad, a visit to the site of the medieval Chapter of St Peter, as well as the Franciscan Church of the Holy Spirit and the former Dominican Church of St Lawrence in Po\u017eega.<\/p>\n<p style=\"text-align: justify;\"><img decoding=\"async\" class=\"wp-image-32356 aligncenter\" src=\"https:\/\/www.ffos.unios.hr\/wp-content\/uploads\/2022\/05\/Terenska-2022-2-300x200.jpg\" alt=\"\" width=\"676\" height=\"451\" srcset=\"https:\/\/www.ffos.unios.hr\/wp-content\/uploads\/2022\/05\/Terenska-2022-2-300x200.jpg 300w, https:\/\/www.ffos.unios.hr\/wp-content\/uploads\/2022\/05\/Terenska-2022-2-1024x683.jpg 1024w, https:\/\/www.ffos.unios.hr\/wp-content\/uploads\/2022\/05\/Terenska-2022-2-768x512.jpg 768w, https:\/\/www.ffos.unios.hr\/wp-content\/uploads\/2022\/05\/Terenska-2022-2-1536x1024.jpg 1536w, https:\/\/www.ffos.unios.hr\/wp-content\/uploads\/2022\/05\/Terenska-2022-2-2048x1365.jpg 2048w\" sizes=\"(max-width: 676px) 100vw, 676px\" \/><\/p>\n<hr \/>\n<p style=\"text-align: justify;\"><strong>Sikl\u00f3s and P\u00e9cs<\/strong><\/p>\n<p style=\"text-align: justify;\">On 5 December 2019, field teaching with a trip to Sikl\u00f3s and P\u00e9cs was organised for students of History and Hungarian Language and Literature by Prof. Eldina Lova\u0161 and Prof. Denis Njari. The field teaching was attended by students enrolled in the courses \u201cHistory and Culture of the Hungarians\u201d, \u201cMedieval History and Creative Industries\u201d and \u201cMicrohistory and Local History\u201d. In Sikl\u00f3s, Prof. Njari showed the students the outer walls of the fortress and introduced them to the most important medieval archaeological heritage in the town of Sikl\u00f3s. A professionally guided tour was organised inside the fortress itself. After Sikl\u00f3s, the journey continued to P\u00e9cs. During the first stage of the field teaching in P\u00e9cs, the Mining Museum was visited, while in the second stage the students were shown the medieval northern city walls with the barbican, as well as P\u00e9cs Cathedral and the Bishop\u2019s Palace. Afterwards, the students had free time for lunch and independent visits to museums and cultural heritage sites of their own choice. It may be said that the objective of the field teaching was fully achieved: the medieval material and architectural heritage of Sikl\u00f3s and P\u00e9cs was presented, and the students were introduced to the possibility of independently organising this type of teaching in the future. Attention was also drawn to the regional and local specificities of the history of the former southern Kingdom of Hungary, which had an important influence on the history of Slavonia, Croatia, and Central and Southeast Europe in the Middle Ages.<\/p>\n<p style=\"text-align: justify;\"><img decoding=\"async\" class=\"wp-image-16717 aligncenter\" src=\"https:\/\/www.ffos.unios.hr\/wp-content\/uploads\/2021\/12\/img-b49385c29b5f76cebd78fb65ea131104-v-300x169.jpg\" alt=\"\" width=\"702\" height=\"396\" srcset=\"https:\/\/www.ffos.unios.hr\/wp-content\/uploads\/2021\/12\/img-b49385c29b5f76cebd78fb65ea131104-v-300x169.jpg 300w, https:\/\/www.ffos.unios.hr\/wp-content\/uploads\/2021\/12\/img-b49385c29b5f76cebd78fb65ea131104-v-1024x576.jpg 1024w, https:\/\/www.ffos.unios.hr\/wp-content\/uploads\/2021\/12\/img-b49385c29b5f76cebd78fb65ea131104-v-768x432.jpg 768w, https:\/\/www.ffos.unios.hr\/wp-content\/uploads\/2021\/12\/img-b49385c29b5f76cebd78fb65ea131104-v-1536x864.jpg 1536w, https:\/\/www.ffos.unios.hr\/wp-content\/uploads\/2021\/12\/img-b49385c29b5f76cebd78fb65ea131104-v.jpg 1600w\" sizes=\"(max-width: 702px) 100vw, 702px\" \/><\/p>\n<hr \/>\n<p style=\"text-align: justify;\"><strong>Eastern Slavonia and Syrmia<\/strong><\/p>\n<p style=\"text-align: justify;\">On 17 November 2018, second-year undergraduate students, as part of the course Slavonia and Syrmia in the Middle Ages, visited the medieval Danube sites of Kolo\u0111var, Erdut, \u0160arengrad and Ilok, where a visit to the Ilok Town Museum and the Franciscan church was also planned. On the return journey, the tour included the medieval church at Meraja in Vinkovci and \u0110akovo, the former seat of the Diocese of Bosnia, with the remains of its medieval walls. As part of the course, students also gave seminar presentations on the sites included in the programme.<\/p>\n<p style=\"text-align: justify;\"><img decoding=\"async\" class=\"wp-image-16725 aligncenter\" src=\"https:\/\/www.ffos.unios.hr\/wp-content\/uploads\/2021\/12\/Terenska-16-300x200.jpg\" alt=\"\" width=\"689\" height=\"459\" srcset=\"https:\/\/www.ffos.unios.hr\/wp-content\/uploads\/2021\/12\/Terenska-16-300x200.jpg 300w, https:\/\/www.ffos.unios.hr\/wp-content\/uploads\/2021\/12\/Terenska-16-1024x683.jpg 1024w, https:\/\/www.ffos.unios.hr\/wp-content\/uploads\/2021\/12\/Terenska-16-768x512.jpg 768w, https:\/\/www.ffos.unios.hr\/wp-content\/uploads\/2021\/12\/Terenska-16-1536x1024.jpg 1536w, https:\/\/www.ffos.unios.hr\/wp-content\/uploads\/2021\/12\/Terenska-16.jpg 2048w\" sizes=\"(max-width: 689px) 100vw, 689px\" \/><\/p>\n","protected":false},"excerpt":{"rendered":"<p>The Department of History strives to organise field and out-of-classroom teaching for students on a regular basis, in accordance with available possibilities, as part of both compulsory and elective courses. Field teaching is most often carried out through visits to historical sites and heritage institutions in Croatia and neighbouring countries, while out-of-classroom teaching is generally [&hellip;]<\/p>\n","protected":false},"author":19,"featured_media":123702,"parent":123681,"menu_order":0,"comment_status":"closed","ping_status":"closed","template":"","meta":{"_acf_changed":false,"footnotes":""},"class_list":["post-123704","page","type-page","status-publish","has-post-thumbnail","hentry"],"acf":[],"_links":{"self":[{"href":"https:\/\/www.ffos.unios.hr\/en\/wp-json\/wp\/v2\/pages\/123704","targetHints":{"allow":["GET"]}}],"collection":[{"href":"https:\/\/www.ffos.unios.hr\/en\/wp-json\/wp\/v2\/pages"}],"about":[{"href":"https:\/\/www.ffos.unios.hr\/en\/wp-json\/wp\/v2\/types\/page"}],"author":[{"embeddable":true,"href":"https:\/\/www.ffos.unios.hr\/en\/wp-json\/wp\/v2\/users\/19"}],"replies":[{"embeddable":true,"href":"https:\/\/www.ffos.unios.hr\/en\/wp-json\/wp\/v2\/comments?post=123704"}],"version-history":[{"count":3,"href":"https:\/\/www.ffos.unios.hr\/en\/wp-json\/wp\/v2\/pages\/123704\/revisions"}],"predecessor-version":[{"id":123707,"href":"https:\/\/www.ffos.unios.hr\/en\/wp-json\/wp\/v2\/pages\/123704\/revisions\/123707"}],"up":[{"embeddable":true,"href":"https:\/\/www.ffos.unios.hr\/en\/wp-json\/wp\/v2\/pages\/123681"}],"wp:featuredmedia":[{"embeddable":true,"href":"https:\/\/www.ffos.unios.hr\/en\/wp-json\/wp\/v2\/media\/123702"}],"wp:attachment":[{"href":"https:\/\/www.ffos.unios.hr\/en\/wp-json\/wp\/v2\/media?parent=123704"}],"curies":[{"name":"wp","href":"https:\/\/api.w.org\/{rel}","templated":true}]}}