{"id":123826,"date":"2026-03-07T16:50:17","date_gmt":"2026-03-07T15:50:17","guid":{"rendered":"https:\/\/www.ffos.unios.hr\/department-of-history\/research-activities\/social-history-workshop\/arhiva-odrzanih-radionica\/"},"modified":"2026-08-17T14:38:04","modified_gmt":"2026-08-17T12:38:04","slug":"archive-of-past-workshops","status":"publish","type":"page","link":"https:\/\/www.ffos.unios.hr\/en\/department-of-history\/research-activities\/social-history-workshop\/archive-of-past-workshops\/","title":{"rendered":"Archive of Past Workshops"},"content":{"rendered":"<h3 style=\"text-align: center;\">2026.<\/h3>\n<h3 style=\"text-align: center;\"><strong>Theory under the Spotlight: Workshop in Osijek Brings Together a New Generation of Historians<\/strong><\/h3>\n<p style=\"text-align: justify;\">Organised by the Faculty of Humanities and Social Sciences, Josip Juraj Strossmayer University of Osijek, and the Doctoral Study Programme in Modern and Contemporary Croatian History in the European and Global Context at the Faculty of Humanities and Social Sciences, University of Zagreb, the second Social History Workshop entitled \u201cWhat Is Theory For?\u201d was held on 23 May 2026. This year\u2019s workshop raised the question of the extent to which a theoretical framework is necessary for historical research and how it influences the formulation of research questions and the interpretation of historical sources.<\/p>\n<p style=\"text-align: justify;\">At the beginning of the programme, Asst. Prof. Luka Peji\u0107, PhD, welcomed the participants, emphasising that the aim of the Social History Workshop is to create an institutional platform for young historians interested in social history. He highlighted the importance of presenting current research, networking, and exchanging research experiences among young historians, noting in particular that, thanks to its co-organisation, this year\u2019s workshop went beyond a local framework and included doctoral students from other universities. He especially stressed the importance of theoretical literacy among historians for high-quality historiographical production. As chair of the programme and organising committee, he also thanked his collaborators Valentina Kezi\u0107, Franka Maslov, Nikola Toma\u0161egovi\u0107, PhD, and Veronika Zavr\u0161ki.<\/p>\n<p><img decoding=\"async\" class=\"aligncenter wp-image-119519\" src=\"https:\/\/www.ffos.unios.hr\/wp-content\/uploads\/2026\/05\/Radionica-FFOS-5-1024x683.jpg\" alt=\"\" width=\"750\" height=\"500\" srcset=\"https:\/\/www.ffos.unios.hr\/wp-content\/uploads\/2026\/05\/Radionica-FFOS-5-1024x683.jpg 1024w, https:\/\/www.ffos.unios.hr\/wp-content\/uploads\/2026\/05\/Radionica-FFOS-5-300x200.jpg 300w, https:\/\/www.ffos.unios.hr\/wp-content\/uploads\/2026\/05\/Radionica-FFOS-5-768x512.jpg 768w, https:\/\/www.ffos.unios.hr\/wp-content\/uploads\/2026\/05\/Radionica-FFOS-5-1536x1024.jpg 1536w, https:\/\/www.ffos.unios.hr\/wp-content\/uploads\/2026\/05\/Radionica-FFOS-5-scaled.jpg 2048w\" sizes=\"(max-width: 750px) 100vw, 750px\" \/><\/p>\n<p style=\"text-align: justify;\">The workshop opened with a plenary lecture by Assoc. Prof. Branimir Jankovi\u0107, PhD, from the Faculty of Humanities and Social Sciences in Zagreb, entitled \u201cOn the Use and Abuse of Theory for the Life of a Historian\u201d. The lecture provided a valuable introduction to theoretical and methodological issues that were further developed throughout the workshop. A very engaging discussion on the state of contemporary Croatian and regional historiography followed the plenary lecture.<\/p>\n<p><img decoding=\"async\" class=\"aligncenter wp-image-119520\" src=\"https:\/\/www.ffos.unios.hr\/wp-content\/uploads\/2026\/05\/Radionica-FFOS-7-1024x683.jpg\" alt=\"\" width=\"750\" height=\"500\" srcset=\"https:\/\/www.ffos.unios.hr\/wp-content\/uploads\/2026\/05\/Radionica-FFOS-7-1024x683.jpg 1024w, https:\/\/www.ffos.unios.hr\/wp-content\/uploads\/2026\/05\/Radionica-FFOS-7-300x200.jpg 300w, https:\/\/www.ffos.unios.hr\/wp-content\/uploads\/2026\/05\/Radionica-FFOS-7-768x512.jpg 768w, https:\/\/www.ffos.unios.hr\/wp-content\/uploads\/2026\/05\/Radionica-FFOS-7-1536x1024.jpg 1536w, https:\/\/www.ffos.unios.hr\/wp-content\/uploads\/2026\/05\/Radionica-FFOS-7-scaled.jpg 2048w\" sizes=\"(max-width: 750px) 100vw, 750px\" \/><\/p>\n<p style=\"text-align: justify;\">The programme was divided into three thematic blocks. In the first, Franka Maslov presented theoretical and methodological approaches used in her doctoral research on male and female homosexuality in Croatian society from the late 19th to the early 20th century. Doctoral student Marko Koli\u0107 spoke about gender history through the example of studying the role and position of women in medicine in Croatia between the two world wars, while Perica Vuji\u0107 presented on the language of historiographical discourse using history textbook discourse as an example.<\/p>\n<p style=\"text-align: justify;\">The second block was opened by Nina Gaguli\u0107 with a presentation on the theory and methodology of oral history and contemporary perspectives and challenges related to this research method. Doctoral student Dora Tomljanovi\u0107 problematised the issue of economic nationalism \u201cfrom below\u201d, while Martin Zeli\u0107 presented theoretical and methodological problems of new cultural history using the Croatian National Theatre in Osijek during the First World War as a case study.<\/p>\n<p style=\"text-align: justify;\">In the final block, Rebeka Puhalo discussed the role of theory in military history research using the example of the 761st Tank Battalion in the Second World War. Ilija \u0160u\u0161ak emphasised the necessity of interdisciplinarity in contemporary historiography, while Luka Vrbani\u0107 concluded the workshop with a presentation devoted to archival arrangement and the role of archivists in shaping future historiography and collective memory.<\/p>\n<p><img decoding=\"async\" class=\"aligncenter wp-image-119521\" src=\"https:\/\/www.ffos.unios.hr\/wp-content\/uploads\/2026\/05\/Radionica-FFOS-13-1024x683.jpg\" alt=\"\" width=\"750\" height=\"500\" srcset=\"https:\/\/www.ffos.unios.hr\/wp-content\/uploads\/2026\/05\/Radionica-FFOS-13-1024x683.jpg 1024w, https:\/\/www.ffos.unios.hr\/wp-content\/uploads\/2026\/05\/Radionica-FFOS-13-300x200.jpg 300w, https:\/\/www.ffos.unios.hr\/wp-content\/uploads\/2026\/05\/Radionica-FFOS-13-768x512.jpg 768w, https:\/\/www.ffos.unios.hr\/wp-content\/uploads\/2026\/05\/Radionica-FFOS-13-1536x1024.jpg 1536w, https:\/\/www.ffos.unios.hr\/wp-content\/uploads\/2026\/05\/Radionica-FFOS-13-scaled.jpg 2048w\" sizes=\"(max-width: 750px) 100vw, 750px\" \/><\/p>\n<p style=\"text-align: justify;\">Each block was followed by discussions in which participants and members of the audience asked questions, offered comments, and exchanged research experiences, further fulfilling the fundamental idea of the workshop.<\/p>\n<p style=\"text-align: justify;\">Through its diverse presentations and stimulating discussions, the workshop once again opened important questions concerning established theoretical and methodological models and historiographical paradigms. Ultimately, this new edition of the Social History Workshop reaffirmed the necessity of theoretical literacy and constructive discussion for high-quality historical scholarship.<\/p>\n<p style=\"text-align: right;\">Text: Lana Trabak<\/p>\n<p style=\"text-align: right;\">Photographs: Danijel Jela\u0161<\/p>\n<hr \/>\n<h3 style=\"text-align: center;\"><strong>2025.<\/strong><\/h3>\n<h3 style=\"text-align: center;\">Social History in Focus: First Social History Workshop Held at FFOS<\/h3>\n<p style=\"text-align: justify;\">On Friday, 9 May, the first Social History Workshop was held at the Faculty of Humanities and Social Sciences in Osijek. The event, conceived as a platform for the exchange of knowledge and research experience on certain aspects of history from below, with an emphasis on the social history of the 19th century, brought together around twenty participants. In addition, the workshop provided a new opportunity for historians interested in social history topics to network.<\/p>\n\n\t\t<style>\n\t\t\t#gallery-1 {\n\t\t\t\tmargin: auto;\n\t\t\t}\n\t\t\t#gallery-1 .gallery-item {\n\t\t\t\tfloat: left;\n\t\t\t\tmargin-top: 10px;\n\t\t\t\ttext-align: center;\n\t\t\t\twidth: 50%;\n\t\t\t}\n\t\t\t#gallery-1 img {\n\t\t\t\tborder: 2px solid #cfcfcf;\n\t\t\t}\n\t\t\t#gallery-1 .gallery-caption {\n\t\t\t\tmargin-left: 0;\n\t\t\t}\n\t\t\t\/* see gallery_shortcode() in wp-includes\/media.php *\/\n\t\t<\/style>\n\t\t<div id='gallery-1' class='gallery galleryid-123826 gallery-columns-2 gallery-size-large'><dl class='gallery-item'>\n\t\t\t<dt class='gallery-icon landscape'>\n\t\t\t\t<a href='https:\/\/www.ffos.unios.hr\/wp-content\/uploads\/2025\/05\/radionica-ffos-1.jpg'><img decoding=\"async\" width=\"1024\" height=\"683\" src=\"https:\/\/www.ffos.unios.hr\/wp-content\/uploads\/2025\/05\/radionica-ffos-1-1024x683.jpg\" class=\"attachment-large size-large\" alt=\"\" srcset=\"https:\/\/www.ffos.unios.hr\/wp-content\/uploads\/2025\/05\/radionica-ffos-1-1024x683.jpg 1024w, https:\/\/www.ffos.unios.hr\/wp-content\/uploads\/2025\/05\/radionica-ffos-1-300x200.jpg 300w, https:\/\/www.ffos.unios.hr\/wp-content\/uploads\/2025\/05\/radionica-ffos-1-768x512.jpg 768w, https:\/\/www.ffos.unios.hr\/wp-content\/uploads\/2025\/05\/radionica-ffos-1.jpg 1500w\" sizes=\"(max-width: 1024px) 100vw, 1024px\" \/><\/a>\n\t\t\t<\/dt><\/dl><dl class='gallery-item'>\n\t\t\t<dt class='gallery-icon landscape'>\n\t\t\t\t<a href='https:\/\/www.ffos.unios.hr\/wp-content\/uploads\/2025\/05\/radionica-ffos-2.jpg'><img decoding=\"async\" width=\"1024\" height=\"683\" src=\"https:\/\/www.ffos.unios.hr\/wp-content\/uploads\/2025\/05\/radionica-ffos-2-1024x683.jpg\" class=\"attachment-large size-large\" alt=\"\" srcset=\"https:\/\/www.ffos.unios.hr\/wp-content\/uploads\/2025\/05\/radionica-ffos-2-1024x683.jpg 1024w, https:\/\/www.ffos.unios.hr\/wp-content\/uploads\/2025\/05\/radionica-ffos-2-300x200.jpg 300w, https:\/\/www.ffos.unios.hr\/wp-content\/uploads\/2025\/05\/radionica-ffos-2-768x512.jpg 768w, https:\/\/www.ffos.unios.hr\/wp-content\/uploads\/2025\/05\/radionica-ffos-2.jpg 1500w\" sizes=\"(max-width: 1024px) 100vw, 1024px\" \/><\/a>\n\t\t\t<\/dt><\/dl><br style=\"clear: both\" \/>\n\t\t<\/div>\n\n<p style=\"text-align: justify;\">As part of the first workshop, three lectures were held, followed by an analysis of selected primary and secondary sources. The lectures were delivered by doctoral students of the postgraduate study programme Modern and Contemporary Croatian History in the European and Global Context at the Faculty of Humanities and Social Sciences in Zagreb: Franka Maslov, Veronika Zavr\u0161ki and Valentina Kezi\u0107. In her presentation entitled \u201cLewdness against Nature: Homosexuality in the Second Half of the 19th Century\u201d, Franka Maslov pointed to the limited research on the topic, particularly in the context of Croatian historiography. She emphasised that analysing the treatment of homosexuals at the turn of the 20th century requires examination of a number of phenomena, such as the functioning of the judicial system and the characteristics of contemporary medical discourse. She noted that her doctoral research includes analysis of a range of studies produced in the late 19th century, such as the works of Italian criminologist Cesare Lombroso and German psychiatrist Richard von Krafft-Ebing. She also added that it is necessary to work with highly dispersed and only partially preserved archival documents (e.g. records concerning arrests and trials of homosexuals, preserved patient records produced at the Royal and Provincial Institute for the Mentally Ill in Stenjevec, etc.), as well as digitised newspaper material. Maslov reminded the audience that most such materials were produced by particular centres of power, making it extremely challenging to reconstruct the voices of homosexuals themselves, who were subjected to repression or medical analysis in the 19th century.<\/p>\n\n\t\t<style>\n\t\t\t#gallery-2 {\n\t\t\t\tmargin: auto;\n\t\t\t}\n\t\t\t#gallery-2 .gallery-item {\n\t\t\t\tfloat: left;\n\t\t\t\tmargin-top: 10px;\n\t\t\t\ttext-align: center;\n\t\t\t\twidth: 50%;\n\t\t\t}\n\t\t\t#gallery-2 img {\n\t\t\t\tborder: 2px solid #cfcfcf;\n\t\t\t}\n\t\t\t#gallery-2 .gallery-caption {\n\t\t\t\tmargin-left: 0;\n\t\t\t}\n\t\t\t\/* see gallery_shortcode() in wp-includes\/media.php *\/\n\t\t<\/style>\n\t\t<div id='gallery-2' class='gallery galleryid-123826 gallery-columns-2 gallery-size-large'><dl class='gallery-item'>\n\t\t\t<dt class='gallery-icon landscape'>\n\t\t\t\t<a href='https:\/\/www.ffos.unios.hr\/wp-content\/uploads\/2025\/05\/radionica-ffos-3.jpg'><img decoding=\"async\" width=\"1024\" height=\"683\" src=\"https:\/\/www.ffos.unios.hr\/wp-content\/uploads\/2025\/05\/radionica-ffos-3-1024x683.jpg\" class=\"attachment-large size-large\" alt=\"\" srcset=\"https:\/\/www.ffos.unios.hr\/wp-content\/uploads\/2025\/05\/radionica-ffos-3-1024x683.jpg 1024w, https:\/\/www.ffos.unios.hr\/wp-content\/uploads\/2025\/05\/radionica-ffos-3-300x200.jpg 300w, https:\/\/www.ffos.unios.hr\/wp-content\/uploads\/2025\/05\/radionica-ffos-3-768x512.jpg 768w, https:\/\/www.ffos.unios.hr\/wp-content\/uploads\/2025\/05\/radionica-ffos-3.jpg 1500w\" sizes=\"(max-width: 1024px) 100vw, 1024px\" \/><\/a>\n\t\t\t<\/dt><\/dl><dl class='gallery-item'>\n\t\t\t<dt class='gallery-icon landscape'>\n\t\t\t\t<a href='https:\/\/www.ffos.unios.hr\/wp-content\/uploads\/2025\/05\/radionica-ffos-9.jpg'><img decoding=\"async\" width=\"1024\" height=\"683\" src=\"https:\/\/www.ffos.unios.hr\/wp-content\/uploads\/2025\/05\/radionica-ffos-9-1024x683.jpg\" class=\"attachment-large size-large\" alt=\"\" srcset=\"https:\/\/www.ffos.unios.hr\/wp-content\/uploads\/2025\/05\/radionica-ffos-9-1024x683.jpg 1024w, https:\/\/www.ffos.unios.hr\/wp-content\/uploads\/2025\/05\/radionica-ffos-9-300x200.jpg 300w, https:\/\/www.ffos.unios.hr\/wp-content\/uploads\/2025\/05\/radionica-ffos-9-768x512.jpg 768w, https:\/\/www.ffos.unios.hr\/wp-content\/uploads\/2025\/05\/radionica-ffos-9.jpg 1500w\" sizes=\"(max-width: 1024px) 100vw, 1024px\" \/><\/a>\n\t\t\t<\/dt><\/dl><br style=\"clear: both\" \/>\n\t\t<\/div>\n\n<p style=\"text-align: justify;\">In the presentation \u201cEducation and the First World War: Possibilities and Challenges\u201d, Veronika Zavr\u0161ki presented the results of her doctoral research to date. She explained that the central focus of her dissertation is the analysis of the use of the school system for the mobilisation of young people during the First World War, with the city of Osijek selected as a case study. Zavr\u0161ki drew attention to the fact that the wartime period of 1914\u20131918 was one in which the Austro-Hungarian authorities sought to affirm new educational tasks, intensifying the reproduction of desirable civic identities based on obedience, self-sacrifice and patriotism. In this sense, the home front, or so-called <em>school front<\/em>, was of enormous importance. She also reviewed existing historiographical production and major authors dealing with the history of education and the social history of the First World War. She explained that scholarly interest among Croatian researchers in education during the First World War emerged during the 2000s, primarily thanks to major anniversaries marking the beginning and end of the war in 2014 and 2018. In her further research, she plans to include numerous sources \u2013 the archives of individual schools, school chronicles, local newspapers, the holdings of the Osijek City Council, the holdings of the Department of Religious Affairs and Education of the Provincial Government, etc. Finally, she added that she hopes her research will contribute to a broader understanding of the functioning of the education system in the Austro-Hungarian Monarchy under wartime conditions.<\/p>\n\n\t\t<style>\n\t\t\t#gallery-3 {\n\t\t\t\tmargin: auto;\n\t\t\t}\n\t\t\t#gallery-3 .gallery-item {\n\t\t\t\tfloat: left;\n\t\t\t\tmargin-top: 10px;\n\t\t\t\ttext-align: center;\n\t\t\t\twidth: 100%;\n\t\t\t}\n\t\t\t#gallery-3 img {\n\t\t\t\tborder: 2px solid #cfcfcf;\n\t\t\t}\n\t\t\t#gallery-3 .gallery-caption {\n\t\t\t\tmargin-left: 0;\n\t\t\t}\n\t\t\t\/* see gallery_shortcode() in wp-includes\/media.php *\/\n\t\t<\/style>\n\t\t<div id='gallery-3' class='gallery galleryid-123826 gallery-columns-1 gallery-size-large'><dl class='gallery-item'>\n\t\t\t<dt class='gallery-icon landscape'>\n\t\t\t\t<a href='https:\/\/www.ffos.unios.hr\/wp-content\/uploads\/2025\/05\/radionica-ffos-14.jpg'><img decoding=\"async\" width=\"1024\" height=\"683\" src=\"https:\/\/www.ffos.unios.hr\/wp-content\/uploads\/2025\/05\/radionica-ffos-14-1024x683.jpg\" class=\"attachment-large size-large\" alt=\"\" srcset=\"https:\/\/www.ffos.unios.hr\/wp-content\/uploads\/2025\/05\/radionica-ffos-14-1024x683.jpg 1024w, https:\/\/www.ffos.unios.hr\/wp-content\/uploads\/2025\/05\/radionica-ffos-14-300x200.jpg 300w, https:\/\/www.ffos.unios.hr\/wp-content\/uploads\/2025\/05\/radionica-ffos-14-768x512.jpg 768w, https:\/\/www.ffos.unios.hr\/wp-content\/uploads\/2025\/05\/radionica-ffos-14.jpg 1500w\" sizes=\"(max-width: 1024px) 100vw, 1024px\" \/><\/a>\n\t\t\t<\/dt><\/dl><br style=\"clear: both\" \/>\n\t\t<\/div>\n\n<p style=\"text-align: justify;\">The final presentation was delivered by Valentina Kezi\u0107. In the lecture entitled \u201c<em>Support Our Struggle for Your and Our Just Cause<\/em>: The Workers\u2019 Press and Labour Movement in the Late 19th Century\u201d, she presented in detail the development of the labour movement in Civil Croatia \u2013 from the first known strikes and the formation of workers\u2019 associations in the late 1860s and 1870s to the emergence of the workers\u2019 press and the founding of the Social Democratic Party of Croatia and Slavonia (1894). She identified the goal of her doctoral research as a comparative analysis of <em>Radni\u010dki prijatelj<\/em> (<em>Der Arbeiterfreund<\/em>) (1874\u20131875), <em>Radni\u010dki glasnik<\/em> (1887\u20131889), <em>Sloboda<\/em> (1892\u20131902) and <em>Nova sloboda<\/em> (1902) as modern political newspapers in the context of the development of the labour movement in Zagreb in the late 19th and early 20th centuries. Kezi\u0107 added that these newspapers were characterised by a modern editorial approach that followed developments in Croatian political journalism at the time, as well as in the European workers\u2019 press. Given that these newspapers represented the main medium of the labour movement in Zagreb, it can be assumed that they were also of crucial importance for its ideological formation. In addition, she proceeds from the hypothesis that by highlighting workers\u2019 problems, these newspapers exerted an important influence on the affirmation of the labour question in the broader public sphere. Like the other speakers, Kezi\u0107 also reviewed previous historiographical production, the methodological specificities of researching this topic, and the challenges she faces while working with numerous archival documents.<\/p>\n<p><a href=\"https:\/\/www.ffos.unios.hr\/wp-content\/uploads\/2025\/05\/radionica-ffos-12-1024x683.jpg\"><img decoding=\"async\" class=\"aligncenter size-large wp-image-106349\" src=\"https:\/\/www.ffos.unios.hr\/wp-content\/uploads\/2025\/05\/radionica-ffos-12-1024x683.jpg\" alt=\"\" width=\"1024\" height=\"683\" srcset=\"https:\/\/www.ffos.unios.hr\/wp-content\/uploads\/2025\/05\/radionica-ffos-12-1024x683.jpg 1024w, https:\/\/www.ffos.unios.hr\/wp-content\/uploads\/2025\/05\/radionica-ffos-12-300x200.jpg 300w, https:\/\/www.ffos.unios.hr\/wp-content\/uploads\/2025\/05\/radionica-ffos-12-768x512.jpg 768w, https:\/\/www.ffos.unios.hr\/wp-content\/uploads\/2025\/05\/radionica-ffos-12.jpg 1500w\" sizes=\"(max-width: 1024px) 100vw, 1024px\" \/><\/a><\/p>\n<p style=\"text-align: justify;\">As already noted, the lectures were accompanied by stimulating discussions and analyses of various sources. The presentations by the doctoral students also highlighted the necessity of a high level of methodological literacy and interdisciplinarity, whether through the unavoidable connection of historiography with certain aspects of law, medicine, sociology or gender studies. This is precisely what makes social history a dynamic and increasingly relevant academic field. Ultimately, the workshop participants expressed a desire to gather again the following year and continue discussing similar topics.<\/p>\n<p><a href=\"https:\/\/www.ffos.unios.hr\/wp-content\/uploads\/2025\/05\/radionica-ffos-15-1024x768.jpg\"><img decoding=\"async\" class=\"aligncenter size-large wp-image-106355\" src=\"https:\/\/www.ffos.unios.hr\/wp-content\/uploads\/2025\/05\/radionica-ffos-15-1024x768.jpg\" alt=\"\" width=\"1024\" height=\"768\" srcset=\"https:\/\/www.ffos.unios.hr\/wp-content\/uploads\/2025\/05\/radionica-ffos-15-1024x768.jpg 1024w, https:\/\/www.ffos.unios.hr\/wp-content\/uploads\/2025\/05\/radionica-ffos-15-300x225.jpg 300w, https:\/\/www.ffos.unios.hr\/wp-content\/uploads\/2025\/05\/radionica-ffos-15-768x576.jpg 768w, https:\/\/www.ffos.unios.hr\/wp-content\/uploads\/2025\/05\/radionica-ffos-15.jpg 1500w\" sizes=\"(max-width: 1024px) 100vw, 1024px\" \/><\/a><\/p>\n<p style=\"text-align: right;\">Text: Luka Peji\u0107<\/p>\n<p style=\"text-align: right;\">Photographs: Danijel Jela\u0161, An\u0111elko Vla\u0161i\u0107<\/p>\n","protected":false},"excerpt":{"rendered":"<p>2026. Theory under the Spotlight: Workshop in Osijek Brings Together a New Generation of Historians Organised by the Faculty of Humanities and Social Sciences, Josip Juraj Strossmayer University of Osijek, and the Doctoral Study Programme in Modern and Contemporary Croatian History in the European and Global Context at the Faculty of Humanities and Social Sciences, [&hellip;]<\/p>\n","protected":false},"author":41,"featured_media":123824,"parent":123821,"menu_order":0,"comment_status":"closed","ping_status":"closed","template":"","meta":{"_acf_changed":false,"footnotes":""},"class_list":["post-123826","page","type-page","status-publish","has-post-thumbnail","hentry"],"acf":[],"_links":{"self":[{"href":"https:\/\/www.ffos.unios.hr\/en\/wp-json\/wp\/v2\/pages\/123826","targetHints":{"allow":["GET"]}}],"collection":[{"href":"https:\/\/www.ffos.unios.hr\/en\/wp-json\/wp\/v2\/pages"}],"about":[{"href":"https:\/\/www.ffos.unios.hr\/en\/wp-json\/wp\/v2\/types\/page"}],"author":[{"embeddable":true,"href":"https:\/\/www.ffos.unios.hr\/en\/wp-json\/wp\/v2\/users\/41"}],"replies":[{"embeddable":true,"href":"https:\/\/www.ffos.unios.hr\/en\/wp-json\/wp\/v2\/comments?post=123826"}],"version-history":[{"count":3,"href":"https:\/\/www.ffos.unios.hr\/en\/wp-json\/wp\/v2\/pages\/123826\/revisions"}],"predecessor-version":[{"id":123829,"href":"https:\/\/www.ffos.unios.hr\/en\/wp-json\/wp\/v2\/pages\/123826\/revisions\/123829"}],"up":[{"embeddable":true,"href":"https:\/\/www.ffos.unios.hr\/en\/wp-json\/wp\/v2\/pages\/123821"}],"wp:featuredmedia":[{"embeddable":true,"href":"https:\/\/www.ffos.unios.hr\/en\/wp-json\/wp\/v2\/media\/123824"}],"wp:attachment":[{"href":"https:\/\/www.ffos.unios.hr\/en\/wp-json\/wp\/v2\/media?parent=123826"}],"curies":[{"name":"wp","href":"https:\/\/api.w.org\/{rel}","templated":true}]}}