{"id":124920,"date":"2021-02-24T09:55:26","date_gmt":"2021-02-24T08:55:26","guid":{"rendered":"https:\/\/www.ffos.unios.hr\/centar-za-interdisciplinarna-istrazivanja\/"},"modified":"2026-08-26T14:54:28","modified_gmt":"2026-08-26T12:54:28","slug":"centre-for-interdisciplinary-research","status":"publish","type":"page","link":"https:\/\/www.ffos.unios.hr\/en\/science-portal\/centers\/centre-for-interdisciplinary-research\/","title":{"rendered":"Centre for Interdisciplinary Research"},"content":{"rendered":"<h3 style=\"text-align: center;\" data-wahfont=\"18\" data-wahpro-titles-style=\"text-align: center;\"><strong>Zbornik <em>Dru\u0161tvo, znanost i umjetnost u (post)digitalnom dobu<\/em><\/strong><\/h3>\n<p style=\"text-align: center;\" data-wahfont=\"16\" data-wahpro-txt-style=\"text-align: center;\">S veseljem vas obavje\u0161tavamo da je otisnut zbornik <em>Dru\u0161tvo, znanost i umjetnost u (post)digitalnom dobu<\/em><em><br \/>\n<\/em><\/p>\n<p style=\"text-align: center;\" data-wahfont=\"16\" data-wahpro-txt-style=\"text-align: center;\">Online verziju zbornika mo\u017eete preuzeti <strong><a href=\"https:\/\/www.ffos.unios.hr\/wp-content\/uploads\/2025\/03\/zbornik-2024-web.pdf\">ovdje<\/a><\/strong>.<\/p>\n<hr \/>\n<p data-wahpro-txt-style=\"\" data-wahfont=\"15\"><img decoding=\"async\" class=\"aligncenter wp-image-96377 size-full\" src=\"https:\/\/www.ffos.unios.hr\/wp-content\/uploads\/2024\/11\/INTERCON24-scaled.jpg\" alt=\"\" width=\"1463\" height=\"2048\" srcset=\"https:\/\/www.ffos.unios.hr\/wp-content\/uploads\/2024\/11\/INTERCON24-scaled.jpg 1463w, https:\/\/www.ffos.unios.hr\/wp-content\/uploads\/2024\/11\/INTERCON24-214x300.jpg 214w, https:\/\/www.ffos.unios.hr\/wp-content\/uploads\/2024\/11\/INTERCON24-731x1024.jpg 731w, https:\/\/www.ffos.unios.hr\/wp-content\/uploads\/2024\/11\/INTERCON24-768x1075.jpg 768w, https:\/\/www.ffos.unios.hr\/wp-content\/uploads\/2024\/11\/INTERCON24-1097x1536.jpg 1097w\" sizes=\"(max-width: 1463px) 100vw, 1463px\" \/><\/p>\n<p data-wahpro-txt-style=\"\" data-wahfont=\"15\">Centar za interdisciplinarna istra\u017eivanja Filozofskog Fakulteta u Osijeku pozivaju Vas na \u00a0<b><i>Me\u0111unarodni interdisciplinarni<\/i><\/b> <strong><em>4<\/em><\/strong><b><i><strong>.<\/strong> Kongres Centra za interdisciplinarna istra\u017eivanja Filozofskog fakulteta Osijek: \u00bb<strong><em>Perspektive dru\u0161tva, znanosti i umjetnosti u dobu umjetne inteligencije<\/em><\/strong>\u00ab<\/i><\/b><span data-wahfont=\"15\">.<\/span>. Kongres \u0107e se odr\u017eati <strong>5. i 6. prosinca 2024. godine na Filozofskom fakultetu u Osijeku<\/strong>. Suorganizator je i ovogodi\u0161njeg Kongresa Centar za znanstveni rad u Vinkovcima Hrvatske akademije znanosti i umjetnosti.<\/p>\n<p data-wahpro-txt-style=\"\" data-wahfont=\"15\"><em>INTER_CON 2024<\/em> okuplja <strong>59 sudionika,<\/strong> a ovogodi\u0161nji program sadr\u017eava i tri plenarna izlaganja koja \u0107e odr\u017eati: <strong>Steve Watson<\/strong> sa Sveu\u010dili\u0161ta u Cambridgeu (5. prosinca u 10:00 sati), <strong>\u010caslav Livada<\/strong> sa Sveu\u010dili\u0161ta J.J. Strossmayera u Osijeku (6. prosinca u 10:00 sati) i <strong>Gordana Tkalec<\/strong> sa Sveu\u010dili\u0161ta Sjever (6. prosinca u 14:00 sati).<\/p>\n<p data-wahpro-txt-style=\"\" data-wahfont=\"15\">Program Kongresa, osim redovitih izlaganja sudionika obuhva\u0107a i sljede\u0107e aktivnosti: <strong>izlo\u017ebu poster izlaganja (soba 39)<\/strong>, <strong>radionicu za studente <\/strong>AI u u\u010dionici : Budu\u0107nost u\u010denja danas (5. prosinca u 15:15) te <strong>panel-raspravu<\/strong> o izazovima i perspektivama umjetne inteligencije (5. prosinca u 15.15).<\/p>\n<p data-wahpro-txt-style=\"\" data-wahfont=\"15\">Cijeli Kongres otvoren je za zainteresiranu javnost.<\/p>\n<p data-wahpro-txt-style=\"\" data-wahfont=\"15\">Organizacijski i Programski odbor Kongresa<\/p>\n<h2 style=\"text-align: center;\" data-wahpro-titles-style=\"text-align: center;\" data-wahfont=\"24\">ZOOM poveznica za prvi dan Kongresa: <a href=\"https:\/\/us06web.zoom.us\/j\/85103652495?pwd=rDYlotqbbaRIREqMpphJXcSHWESRqC.1\" rel=\"noopener\">https:\/\/us06web.zoom.us\/j\/85103652495?pwd=rDYlotqbbaRIREqMpphJXcSHWESRqC.1<\/a><\/h2>\n<h2 style=\"text-align: center;\" data-wahpro-titles-style=\"text-align: center;\" data-wahfont=\"24\">ZOOM poveznica za drugi dan Kongresa: <a href=\"https:\/\/us06web.zoom.us\/j\/83000594494?pwd=8iMVfOChmJaY04ommbSy0eBP27WvVs.1\" rel=\"noopener\">https:\/\/us06web.zoom.us\/j\/83000594494?pwd=8iMVfOChmJaY04ommbSy0eBP27WvVs.1<\/a><\/h2>\n<h2 style=\"text-align: center;\" data-wahpro-titles-style=\"text-align: center;\" data-wahfont=\"24\"><strong>Program kongresa pogledajte <a href=\"https:\/\/www.ffos.unios.hr\/wp-content\/uploads\/2024\/11\/PROGRAM-INTERCON2024.xlsx\">OVDJE<\/a>.<\/strong><\/h2>\n<h2 style=\"text-align: center;\" data-wahpro-titles-style=\"text-align: center;\" data-wahfont=\"24\"><strong>Knji\u017eicu sa\u017eetaka kongresa preuzmite <a href=\"https:\/\/www.ffos.unios.hr\/wp-content\/uploads\/2024\/11\/INTERCON24-knjizica-sazetaka.pdf\">OVDJE<\/a><a href=\"https:\/\/www.ffos.unios.hr\/wp-content\/uploads\/2023\/11\/INTER_CON-2023-knjizica-sazetaka.pdf\" data-wahpro-txt-style=\"\" data-wahfont=\"24\">.<\/a><\/strong><\/h2>\n<p>&nbsp;<\/p>\n<p>&nbsp;<\/p>\n<hr \/>\n<h2><\/h2>\n<h2 style=\"text-align: center;\">Produljen rok za prijavu na <b><i>Me\u0111unarodni interdisciplinarni<\/i><\/b> <strong><em>4<\/em><\/strong><b><i><strong>.<\/strong> Kongres Centra za interdisciplinarna istra\u017eivanja Filozofskog fakulteta Osijek: \u00bb<strong><em>Perspektive dru\u0161tva, znanosti i umjetnosti u dobu umjetne inteligencije<\/em><\/strong>\u00ab<\/i><\/b>.<\/h2>\n<p>&nbsp;<\/p>\n<p><img decoding=\"async\" class=\"aligncenter wp-image-89135 size-large\" src=\"https:\/\/www.ffos.unios.hr\/wp-content\/uploads\/2024\/07\/Screenshot-2024-07-30-at-10.47.04-769x1024.png\" alt=\"\" width=\"769\" height=\"1024\" srcset=\"https:\/\/www.ffos.unios.hr\/wp-content\/uploads\/2024\/07\/Screenshot-2024-07-30-at-10.47.04-769x1024.png 769w, https:\/\/www.ffos.unios.hr\/wp-content\/uploads\/2024\/07\/Screenshot-2024-07-30-at-10.47.04-225x300.png 225w, https:\/\/www.ffos.unios.hr\/wp-content\/uploads\/2024\/07\/Screenshot-2024-07-30-at-10.47.04-768x1022.png 768w, https:\/\/www.ffos.unios.hr\/wp-content\/uploads\/2024\/07\/Screenshot-2024-07-30-at-10.47.04.png 1082w\" sizes=\"(max-width: 769px) 100vw, 769px\" \/><\/p>\n<p>&nbsp;<\/p>\n<p>Centar za interdisciplinarna istra\u017eivanja Filozofskog fakulteta Osijek poziva Vas na <b><i>Me\u0111unarodni interdisciplinarni<\/i><\/b> <strong><em>4<\/em><\/strong><b><i><strong>.<\/strong> Kongres Centra za interdisciplinarna istra\u017eivanja Filozofskog fakulteta Osijek: \u00bb<strong><em>Perspektive dru\u0161tva, znanosti i umjetnosti u dobu umjetne inteligencije<\/em><\/strong>\u00ab<\/i><\/b>.<\/p>\n<p>Na kongres su pozvani sudjelovati stru\u010dnjaci (teoreti\u010dari i\/ili prakti\u010dari) koji potje\u010du iz svih podru\u010dja znanosti i umjetnosti. Uz to, na kongresu mogu sudjelovati i studenti svih razina studija.<\/p>\n<p>Kongres \u0107e se odr\u017eati <strong>5. i 6.<\/strong><b> prosinca 2024. godine<\/b> u Maloj vije\u0107nici Filozofskog fakulteta (dvorana broj 39). Rok je za slanje sa\u017eetka <span style=\"text-decoration: underline;\"><b>30. listopada 2024. godine<\/b><\/span>. Slu\u017ebeni su jezici kongresa hrvatski i engleski.<\/p>\n<p><strong>Ina\u010dicu poziva na hrvatskom jeziku mo\u017eete preuzeti <em><a href=\"https:\/\/www.ffos.unios.hr\/wp-content\/uploads\/2024\/07\/Poziv.pdf\">ovdje<\/a><\/em>, a obrazac za prijavu <em><a href=\"https:\/\/www.ffos.unios.hr\/wp-content\/uploads\/2024\/07\/Obrazac-za-prijavu-na-hrvatskom-jeziku.docx\">ovdje<\/a>.<\/em><\/strong><\/p>\n<hr \/>\n<p>&nbsp;<\/p>\n<p><img decoding=\"async\" class=\"aligncenter wp-image-89145 \" src=\"https:\/\/www.ffos.unios.hr\/wp-content\/uploads\/2024\/07\/Screenshot_2024-07-30_at_10.47.24_optimized.png\" alt=\"\" width=\"713\" height=\"946\" srcset=\"https:\/\/www.ffos.unios.hr\/wp-content\/uploads\/2024\/07\/Screenshot_2024-07-30_at_10.47.24_optimized.png 545w, https:\/\/www.ffos.unios.hr\/wp-content\/uploads\/2024\/07\/Screenshot_2024-07-30_at_10.47.24_optimized-226x300.png 226w\" sizes=\"(max-width: 713px) 100vw, 713px\" \/><\/p>\n<p>Centre for Interdisciplinary Research of the Faculty of Humanities and Social Sciences in Osijek invites you to the <b><i>International Interdisciplinary<\/i><\/b><strong> <em>4th<\/em><\/strong><b><i> Congress of the Centre for Interdisciplinary Research of the Faculty of Humanities and Social Sciences in Osijek: \u201c<strong>Perspectives of Society, Science and Art in the Age of Artificial Intelligence<\/strong>\u201d<\/i><\/b>.<\/p>\n<p>Experts (both theoreticians and practicians) from all fields of science and arts are welcome to participate in the Congress. Additionally, students of all levels of study can participate in the Congress, and they will have separate sections organized for them.<\/p>\n<p>The Congress will take place on <b>December 5 and 6, 2024<\/b> in Small Conference Hall of the Faculty of Humanities and Social Sciences (hall number 39). The deadline for submitting abstracts is <b>October 30, 2024<\/b>. The official languages of the Congress are Croatian and English.<\/p>\n<p><strong>You can download the English version of the call <a href=\"https:\/\/www.ffos.unios.hr\/wp-content\/uploads\/2024\/07\/call.pdf\">here<\/a>, and the application form <a href=\"https:\/\/www.ffos.unios.hr\/wp-content\/uploads\/2024\/07\/Application-form.docx\">here<\/a>.<\/strong><\/p>\n<p>&nbsp;<\/p>\n<p>&nbsp;<\/p>\n<p>&nbsp;<\/p>\n<p>&nbsp;<\/p>\n<p>&nbsp;<\/p>\n<p>&nbsp;<\/p>\n<p>&nbsp;<\/p>\n<p>&nbsp;<\/p>\n<hr \/>\n<p><img decoding=\"async\" class=\"aligncenter wp-image-81877 size-large\" src=\"https:\/\/www.ffos.unios.hr\/wp-content\/uploads\/2024\/03\/Dalija-Oreskovic-1024x960.png\" alt=\"\" width=\"1024\" height=\"960\" srcset=\"https:\/\/www.ffos.unios.hr\/wp-content\/uploads\/2024\/03\/Dalija-Oreskovic-1024x960.png 1024w, https:\/\/www.ffos.unios.hr\/wp-content\/uploads\/2024\/03\/Dalija-Oreskovic-300x281.png 300w, https:\/\/www.ffos.unios.hr\/wp-content\/uploads\/2024\/03\/Dalija-Oreskovic-768x720.png 768w, https:\/\/www.ffos.unios.hr\/wp-content\/uploads\/2024\/03\/Dalija-Oreskovic-1536x1440.png 1536w, https:\/\/www.ffos.unios.hr\/wp-content\/uploads\/2024\/03\/Dalija-Oreskovic.png 1920w\" sizes=\"(max-width: 1024px) 100vw, 1024px\" \/><\/p>\n<p>Pozivamo\u00a0sve zainteresirane na sudjelovanje na prvom doga\u0111aju sedmog popularnoznanstvenog ciklusa scientific inter_view u organizaciji Filozofskog fakulteta i Centra za interdisciplinarna istra\u017eivanja, a u okviru projekta popularizacije znanosti FUZ&amp;JA Filozofskog fakulteta Osijek.<\/p>\n<p>Na doga\u0111aju \u0107e gostovati\u00a0<strong>Dalija Ore\u0161kovi\u0107<\/strong>\u00a0koji \u0107e govoriti na temu\u00a0<strong>\u00bbEU na prekretnici \u2013 budu\u0107nost unije u novim geopoliti\u010dkim odnosima\u00ab.<\/strong><\/p>\n<p>Doga\u0111aj \u0107e se odr\u017eati\u00a0<strong>6. o\u017eujak 2024. godine (srijeda) s po\u010detkom u 17 sati<\/strong>\u00a0na Filozofskom fakultetu Osijek (<strong>u\u010dionica 54)<\/strong><\/p>\n<p>&nbsp;<\/p>\n<p>&nbsp;<\/p>\n<hr \/>\n<p><img decoding=\"async\" class=\"aligncenter wp-image-73252 size-full\" src=\"https:\/\/www.ffos.unios.hr\/wp-content\/uploads\/2023\/11\/Kongres.jpg\" alt=\"\" width=\"768\" height=\"768\" srcset=\"https:\/\/www.ffos.unios.hr\/wp-content\/uploads\/2023\/11\/Kongres.jpg 768w, https:\/\/www.ffos.unios.hr\/wp-content\/uploads\/2023\/11\/Kongres-300x300.jpg 300w, https:\/\/www.ffos.unios.hr\/wp-content\/uploads\/2023\/11\/Kongres-150x150.jpg 150w\" sizes=\"(max-width: 768px) 100vw, 768px\" \/><\/p>\n<p>&nbsp;<\/p>\n<p>Filozofski fakultet u Osijeku i njegov Centar za interdisciplinarna istra\u017eivanja pozivaju na <strong><em>Me\u0111unarodni interdisciplinarni<\/em> <em>3. Kongres<\/em> <em>Centra za interdisciplinarna istra\u017eivanja Filozofskog fakulteta Osijek: \u00bbDru\u0161tvo, znanost i umjetnost u (post)digitalnom dobu\u00ab<\/em> (<em>INTER_CON 2023<\/em>)<\/strong>. Kongres \u0107e se odr\u017eati <strong>od 8. do 10. studenog 2023. godine u hibridnom obliku<\/strong>, to\u010dnije u Maloj vije\u0107nici Filozofskog fakulteta (dvorana 39) i preko platforme <em>Zoom<\/em> (<a href=\"https:\/\/us06web.zoom.us\/j\/84929933694?pwd=2tjJDtbzL0LMuz06HkLns43GD8wuyH.1\" rel=\"noopener\">https:\/\/us06web.zoom.us\/j\/84929933694?pwd=2tjJDtbzL0LMuz06HkLns43GD8wuyH.1<\/a>). Suorganizator je ovogodi\u0161njeg Kongresa Centar za znanstveni rad u Vinkovcima Hrvatske akademije znanosti i umjetnosti.<\/p>\n<p><em>INTER_CON 2023<\/em> okuplja <strong>68 sudionika iz devet zemalja<\/strong> (Austrija, Bosna i Hercegovina, Hrvatska, Indija, Kina, Slova\u010dka, Slovenija, Rusija i Sjedinjene Ameri\u010dke Dr\u017eave). Ovogodi\u0161nji program sadr\u017eava i \u010detiri plenarna izlaganja koja \u0107e odr\u017eati: <strong>Nancy J. Nersessian<\/strong> iz Sjedinjenih Ameri\u010dkih Dr\u017eava (8. studenog u 16.15), <strong>Michael H. G. Hoffmann<\/strong>, tako\u0111er iz Sjedinjenih Ameri\u010dkih Dr\u017eava (9. studenog u 15 sati), <strong>Ravindra Kumar Singh Choudhary<\/strong> iz Indije (10. studenog u 9 sati) i <strong>Petar Jandri\u0107<\/strong> iz Hrvatske (10. studenog u 16 sati).<\/p>\n<p>Program Kongresa obuhva\u0107a i sljede\u0107e aktivnosti: <strong>izlo\u017ebu plakat\u0101 za <em>scientific inter_view<\/em><\/strong> (8. studenog u 17.30), <strong>predstavljanje zbornika <em>Izazovi obrazovanja <\/em><\/strong>(9. studenog u 17.30), koji okuplja radove nastale na temelju odr\u017eanih izlaganja na pro\u0161logodi\u0161njem Kongresu, <strong>radionicu za studente o dru\u0161tveno anga\u017eiranim predstavama<\/strong> (9. studenog u 18.30) i <strong>panel-raspravu o mogu\u0107nostima suradnje organizacija civilnog dru\u0161tva, znanosti i umjetnosti<\/strong> (10. studenog u 10.15).<\/p>\n<p>&nbsp;<\/p>\n<p>Organizacijski i Programski odbor Kongresa<\/p>\n<p>&nbsp;<\/p>\n<h2 style=\"text-align: center;\"><strong>Program kongresa preuzmite <a href=\"https:\/\/www.ffos.unios.hr\/wp-content\/uploads\/2023\/11\/Program-Kongresa-1.pdf\">ovdje.<\/a><\/strong><\/h2>\n<h2 style=\"text-align: center;\"><strong>Knji\u017eicu sa\u017eetaka kongresa preuzmite <a href=\"https:\/\/www.ffos.unios.hr\/wp-content\/uploads\/2023\/11\/INTER_CON-2023-knjizica-sazetaka.pdf\">ovdje.<\/a><\/strong><\/h2>\n<hr \/>\n<p data-wahfont=\"16\" data-wahpro-txt-style=\"text-align: justify; font-size: 16px;\"><img decoding=\"async\" class=\"aligncenter wp-image-77384 size-large\" src=\"https:\/\/www.ffos.unios.hr\/wp-content\/uploads\/2023\/12\/IMG-20231123-WA0002-910x1024.jpg\" alt=\"\" width=\"910\" height=\"1024\" srcset=\"https:\/\/www.ffos.unios.hr\/wp-content\/uploads\/2023\/12\/IMG-20231123-WA0002-910x1024.jpg 910w, https:\/\/www.ffos.unios.hr\/wp-content\/uploads\/2023\/12\/IMG-20231123-WA0002-267x300.jpg 267w, https:\/\/www.ffos.unios.hr\/wp-content\/uploads\/2023\/12\/IMG-20231123-WA0002-768x864.jpg 768w, https:\/\/www.ffos.unios.hr\/wp-content\/uploads\/2023\/12\/IMG-20231123-WA0002-1365x1536.jpg 1365w, https:\/\/www.ffos.unios.hr\/wp-content\/uploads\/2023\/12\/IMG-20231123-WA0002.jpg 1422w\" sizes=\"(max-width: 910px) 100vw, 910px\" \/><\/p>\n<p data-wahfont=\"16\" data-wahpro-txt-style=\"text-align: justify; font-size: 16px;\">Pozivamo vas na sudjelovanje na tre\u0107em doga\u0111aju \u0161estog popularnoznanstvenog ciklusa <em>scientific inter_view<\/em>\u00a0u organizaciji Filozofskog fakulteta i Centra za interdisciplinarna istra\u017eivanja, a u okviru projekta popularizacije znanosti FUZ&amp;JA Filozofskog fakulteta Osijek.<\/p>\n<p data-wahfont=\"16\" data-wahpro-txt-style=\"text-align: justify; font-size: 16px;\">Na doga\u0111aju \u0107e gostovati <strong>Ivan Ivkovi\u0107<\/strong> koji \u0107e govoriti na temu <strong>\u00bbSport na dru\u0161tvenim mre\u017eama\u00ab<\/strong>.<\/p>\n<p data-wahfont=\"16\" data-wahpro-txt-style=\"text-align: justify; font-size: 16px;\">Doga\u0111aj \u0107e se odr\u017eati <strong>30. studenog 2023. godine<\/strong>\u00a0<strong>(\u010detvrtak)<\/strong>\u00a0s po\u010detkom u\u00a0<strong>17 sati<\/strong>\u00a0na Filozofskom fakultetu Osijek (Mala vije\u0107nica, 39) i putem mre\u017ene platforme\u00a0<em>Zoom<\/em>, i to pomo\u0107u sljede\u0107e poveznice: <a href=\"https:\/\/us06web.zoom.us\/j\/86038188516?pwd=ac8uNoec45Ma9wq6zgS5kbBVRN6AzZ.1\" rel=\"noopener\">https:\/\/us06web.zoom.us\/j\/86038188516?pwd=ac8uNoec45Ma9wq6zgS5kbBVRN6AzZ.1<\/a><\/p>\n<hr \/>\n<p data-wahfont=\"16\" data-wahpro-txt-style=\"text-align: justify; font-size: 16px;\"><img decoding=\"async\" class=\"aligncenter wp-image-72581 size-large\" src=\"https:\/\/www.ffos.unios.hr\/wp-content\/uploads\/2023\/10\/fran-mihaljevic-POSTER-1-910x1024.png\" alt=\"\" width=\"910\" height=\"1024\" srcset=\"https:\/\/www.ffos.unios.hr\/wp-content\/uploads\/2023\/10\/fran-mihaljevic-POSTER-1-910x1024.png 910w, https:\/\/www.ffos.unios.hr\/wp-content\/uploads\/2023\/10\/fran-mihaljevic-POSTER-1-267x300.png 267w, https:\/\/www.ffos.unios.hr\/wp-content\/uploads\/2023\/10\/fran-mihaljevic-POSTER-1-768x864.png 768w, https:\/\/www.ffos.unios.hr\/wp-content\/uploads\/2023\/10\/fran-mihaljevic-POSTER-1-1366x1536.png 1366w, https:\/\/www.ffos.unios.hr\/wp-content\/uploads\/2023\/10\/fran-mihaljevic-POSTER-1.png 1667w\" sizes=\"(max-width: 910px) 100vw, 910px\" \/><\/p>\n<p data-wahfont=\"16\" data-wahpro-txt-style=\"text-align: justify; font-size: 16px;\">Pozivamo vas na sudjelovanje na drugom doga\u0111aju \u0161estog popularnoznanstvenog ciklusa <em>scientific inter_view<\/em>\u00a0u organizaciji Filozofskog fakulteta i Centra za interdisciplinarna istra\u017eivanja, a u okviru projekta popularizacije znanosti FUZ&amp;JA Filozofskog fakulteta Osijek.<\/p>\n<p data-wahfont=\"16\" data-wahpro-txt-style=\"text-align: justify; font-size: 16px;\">Na doga\u0111aju \u0107e gostovati <strong>Fran Mihaljevi\u0107<\/strong> koji \u0107e govoriti na temu\u00a0<strong>\u00bbSport na dru\u0161tvenim mre\u017eama\u00ab<\/strong>.<\/p>\n<p data-wahfont=\"16\" data-wahpro-txt-style=\"text-align: justify; font-size: 16px;\">Doga\u0111aj \u0107e se odr\u017eati <strong>31. listopada 2023. godine<\/strong>\u00a0<strong>(utorak)<\/strong>\u00a0s po\u010detkom u\u00a0<strong>17 sati<\/strong>\u00a0na Filozofskom fakultetu Osijek (Mala vije\u0107nica, 39) i putem mre\u017ene platforme\u00a0<em>Zoom<\/em>, i to pomo\u0107u sljede\u0107e poveznice: <a href=\"https:\/\/us06web.zoom.us\/j\/86038188516?pwd=ac8uNoec45Ma9wq6zgS5kbBVRN6AzZ.1\" rel=\"noopener\">https:\/\/us06web.zoom.us\/j\/86038188516?pwd=ac8uNoec45Ma9wq6zgS5kbBVRN6AzZ.1<\/a><\/p>\n<hr \/>\n<p>&nbsp;<\/p>\n<p><img decoding=\"async\" class=\"size-large wp-image-69703 aligncenter\" src=\"https:\/\/www.ffos.unios.hr\/wp-content\/uploads\/2023\/10\/tomislav-viduka-POSTER-1-910x1024.png\" alt=\"\" width=\"910\" height=\"1024\" srcset=\"https:\/\/www.ffos.unios.hr\/wp-content\/uploads\/2023\/10\/tomislav-viduka-POSTER-1-910x1024.png 910w, https:\/\/www.ffos.unios.hr\/wp-content\/uploads\/2023\/10\/tomislav-viduka-POSTER-1-267x300.png 267w, https:\/\/www.ffos.unios.hr\/wp-content\/uploads\/2023\/10\/tomislav-viduka-POSTER-1-768x864.png 768w, https:\/\/www.ffos.unios.hr\/wp-content\/uploads\/2023\/10\/tomislav-viduka-POSTER-1-1365x1536.png 1365w, https:\/\/www.ffos.unios.hr\/wp-content\/uploads\/2023\/10\/tomislav-viduka-POSTER-1.png 1667w\" sizes=\"(max-width: 910px) 100vw, 910px\" \/><\/p>\n<p>&nbsp;<\/p>\n<p data-wahfont=\"16\" data-wahpro-txt-style=\"text-align: justify; font-size: 16px;\">Pozivamo vas na sudjelovanje na prvom doga\u0111aju \u0161estog popularnoznanstvenog ciklusa\u00a0<em>scientific inter_view<\/em>\u00a0u organizaciji Filozofskog fakulteta i Centra za interdisciplinarna istra\u017eivanja, a u okviru projekta popularizacije znanosti FUZ&amp;JA Filozofskog fakulteta Osijek.<\/p>\n<p data-wahfont=\"16\" data-wahpro-txt-style=\"text-align: justify; font-size: 16px;\">Na doga\u0111aju \u0107e gostovati\u00a0<strong>Tomislav Viduka<\/strong>\u00a0koji \u0107e govoriti na temu\u00a0<strong>\u00bbSport na dru\u0161tvenim mre\u017eama\u00ab<\/strong>.<\/p>\n<p data-wahfont=\"16\" data-wahpro-txt-style=\"text-align: justify; font-size: 16px;\">Doga\u0111aj \u0107e se odr\u017eati\u00a0<strong>4. listopada 2023. godine<\/strong>\u00a0<strong>(srijeda)<\/strong>\u00a0s po\u010detkom u\u00a0<strong>17 sati<\/strong>\u00a0na Filozofskom fakultetu Osijek (Mala vije\u0107nica, 39) i putem mre\u017ene platforme\u00a0<em>Zoom<\/em>, i to pomo\u0107u sljede\u0107e poveznice:\u00a0<a href=\"https:\/\/us06web.zoom.us\/j\/86525195664?pwd=LBVa0QW6Ap7GEuqfNvjWo47F7w3w3F.1\" rel=\"noopener\" data-wahfont=\"16\" data-wahpro-txt-style=\"font-size: 16px;\">https:\/\/us06web.zoom.us\/j\/86525195664?pwd=LBVa0QW6Ap7GEuqfNvjWo47F7w3w3F.1<\/a>.<\/p>\n<p>&nbsp;<\/p>\n<hr \/>\n<p>&nbsp;<\/p>\n<p><img decoding=\"async\" class=\"size-large wp-image-67898 aligncenter\" src=\"https:\/\/www.ffos.unios.hr\/wp-content\/uploads\/2023\/09\/damir-marinic-b-1-911x1024.png\" alt=\"\" width=\"911\" height=\"1024\" srcset=\"https:\/\/www.ffos.unios.hr\/wp-content\/uploads\/2023\/09\/damir-marinic-b-1-911x1024.png 911w, https:\/\/www.ffos.unios.hr\/wp-content\/uploads\/2023\/09\/damir-marinic-b-1-267x300.png 267w, https:\/\/www.ffos.unios.hr\/wp-content\/uploads\/2023\/09\/damir-marinic-b-1-768x863.png 768w, https:\/\/www.ffos.unios.hr\/wp-content\/uploads\/2023\/09\/damir-marinic-b-1-1367x1536.png 1367w, https:\/\/www.ffos.unios.hr\/wp-content\/uploads\/2023\/09\/damir-marinic-b-1.png 1670w\" sizes=\"(max-width: 911px) 100vw, 911px\" \/><\/p>\n<p>&nbsp;<\/p>\n<p>Pozivamo vas na sudjelovanje na petom doga\u0111aju petog popularnoznanstvenog ciklusa <em>scientific inter_view<\/em>\u00a0u organizaciji Filozofskog fakulteta i Centra za interdisciplinarna istra\u017eivanja, a u okviru projekta popularizacije znanosti FUZ&amp;JA Filozofskog fakulteta Osijek.<\/p>\n<p>Na doga\u0111aju \u0107e gostovati\u00a0<strong>Damir Marini\u0107<\/strong>\u00a0koji \u0107e govoriti na temu\u00a0<strong>\u00bbSami zajedno \u2013 izazovi i prilike za rast u digitaliziranoj kulturi\u00ab<\/strong>.<\/p>\n<p>Doga\u0111aj \u0107e se odr\u017eati\u00a0<strong>19. rujna 2023. godine (utorak)<\/strong>\u00a0s po\u010detkom u\u00a0<strong>18 sati<\/strong> na Filozofskom fakultetu Osijek (sve\u010dana dvorana) i putem mre\u017ene platforme <em>Zoom.<\/em><\/p>\n<p>&nbsp;<\/p>\n<hr \/>\n<p>&nbsp;<\/p>\n<p><img decoding=\"async\" class=\"size-large wp-image-67485 aligncenter\" src=\"https:\/\/www.ffos.unios.hr\/wp-content\/uploads\/2023\/09\/plakat-HR-1024x1024.jpg\" alt=\"\" width=\"1024\" height=\"1024\" srcset=\"https:\/\/www.ffos.unios.hr\/wp-content\/uploads\/2023\/09\/plakat-HR-1024x1024.jpg 1024w, https:\/\/www.ffos.unios.hr\/wp-content\/uploads\/2023\/09\/plakat-HR-300x300.jpg 300w, https:\/\/www.ffos.unios.hr\/wp-content\/uploads\/2023\/09\/plakat-HR-150x150.jpg 150w, https:\/\/www.ffos.unios.hr\/wp-content\/uploads\/2023\/09\/plakat-HR-768x768.jpg 768w, https:\/\/www.ffos.unios.hr\/wp-content\/uploads\/2023\/09\/plakat-HR-1536x1536.jpg 1536w, https:\/\/www.ffos.unios.hr\/wp-content\/uploads\/2023\/09\/plakat-HR.jpg 2000w\" sizes=\"(max-width: 1024px) 100vw, 1024px\" \/><\/p>\n<p>&nbsp;<\/p>\n<p><span style=\"font-weight: 400;\">Centar za interdisciplinarna istra\u017eivanja Filozofskog fakulteta Osijek poziva Vas na <\/span><b><i>Me\u0111unarodni interdisciplinarni<\/i><\/b> <strong><em>3<\/em><\/strong><b><i><strong>.<\/strong> Kongres Centra za interdisciplinarna istra\u017eivanja Filozofskog fakulteta Osijek: \u00bbDru\u0161tvo, znanost i umjetnost u (post)digitalnom dobu\u00ab<\/i><\/b><span style=\"font-weight: 400;\">.<\/span><\/p>\n<p><span style=\"font-weight: 400;\">Na kongres su pozvani sudjelovati stru\u010dnjaci (teoreti\u010dari i\/ili prakti\u010dari) koji potje\u010du iz svih podru\u010dja znanosti i umjetnosti. Uz to, na kongresu mogu sudjelovati i studenti svih razina studija.<\/span><\/p>\n<p><span style=\"font-weight: 400;\">Kongres \u0107e se odr\u017eati <strong>od 8. do 10.<\/strong><\/span><b> studenog 2023. godine<\/b><span style=\"font-weight: 400;\"> u <\/span><b>hibridnom obliku<\/b><span style=\"font-weight: 400;\">: u Maloj vije\u0107nici Filozofskog fakulteta (dvorana broj 39) i <\/span><i><span style=\"font-weight: 400;\">online<\/span><\/i><span style=\"font-weight: 400;\"> putem platforme <\/span><i><span style=\"font-weight: 400;\">Zoom<\/span><\/i><span style=\"font-weight: 400;\">. Rok je za slanje sa\u017eetka <strong>25<\/strong><\/span><b>. rujna 2023. godine<\/b><span style=\"font-weight: 400;\">. Slu\u017ebeni su jezici kongresa hrvatski i engleski.<\/span><\/p>\n<p style=\"text-align: center;\"><strong>Ina\u010dicu poziva na hrvatskom jeziku mo\u017eete preuzeti <a href=\"https:\/\/www.ffos.unios.hr\/wp-content\/uploads\/2023\/09\/Drugi-poziv-za-sudjelovanje-1.pdf\"><em>here<\/em><\/a>, a obrazac za prijavu <a href=\"https:\/\/www.ffos.unios.hr\/wp-content\/uploads\/2023\/09\/Obrazac-za-prijavu-drugi-poziv.docx\"><em>here<\/em><\/a>.<\/strong><\/p>\n<p>&nbsp;<\/p>\n<p><img decoding=\"async\" class=\"size-large wp-image-67483 aligncenter\" src=\"https:\/\/www.ffos.unios.hr\/wp-content\/uploads\/2023\/09\/Plakat-EN-1024x1024.jpg\" alt=\"\" width=\"1024\" height=\"1024\" srcset=\"https:\/\/www.ffos.unios.hr\/wp-content\/uploads\/2023\/09\/Plakat-EN-1024x1024.jpg 1024w, https:\/\/www.ffos.unios.hr\/wp-content\/uploads\/2023\/09\/Plakat-EN-300x300.jpg 300w, https:\/\/www.ffos.unios.hr\/wp-content\/uploads\/2023\/09\/Plakat-EN-150x150.jpg 150w, https:\/\/www.ffos.unios.hr\/wp-content\/uploads\/2023\/09\/Plakat-EN-768x768.jpg 768w, https:\/\/www.ffos.unios.hr\/wp-content\/uploads\/2023\/09\/Plakat-EN-1536x1536.jpg 1536w, https:\/\/www.ffos.unios.hr\/wp-content\/uploads\/2023\/09\/Plakat-EN.jpg 2000w\" sizes=\"(max-width: 1024px) 100vw, 1024px\" \/><\/p>\n<p>&nbsp;<\/p>\n<p><span style=\"font-weight: 400;\">Centre for Interdisciplinary Research of the Faculty of Humanities and Social Sciences in Osijek invites you to the <\/span><b><i>International Interdisciplinary<\/i><\/b><strong> <em>3rd<\/em><\/strong><b><i> Congress of the Centre for Interdisciplinary Research of the Faculty of Humanities and Social Sciences in Osijek: \u201cSociety, Sciences, and Arts in the (Post)digital Era\u201d<\/i><\/b><span style=\"font-weight: 400;\">.<\/span><\/p>\n<p><span style=\"font-weight: 400;\">Experts (both theoreticians and practicians) from all fields of science and arts are welcome to participate in the Congress. Additionally, students of all levels of study can participate in the Congress, and they will have separate sections organized for them.<\/span><\/p>\n<p><span style=\"font-weight: 400;\">The Congress will take place on <\/span><b>from November 8 to 10, 2023<\/b><span style=\"font-weight: 400;\">\u00a0in <\/span><b>a hybrid form<\/b><span style=\"font-weight: 400;\">: in the Small Conference Hall of the Faculty of Humanities and Social Sciences (hall number 39) and <\/span><i><span style=\"font-weight: 400;\">online <\/span><\/i><span style=\"font-weight: 400;\">via <\/span><i><span style=\"font-weight: 400;\">Zoom <\/span><\/i><span style=\"font-weight: 400;\">platform. The deadline for submitting abstracts is <\/span><b>September 25, 2023<\/b><span style=\"font-weight: 400;\">. The official languages of the Congress are Croatian and English.<\/span><\/p>\n<p style=\"text-align: center;\"><strong>You can download the English version of the call <a href=\"https:\/\/www.ffos.unios.hr\/wp-content\/uploads\/2023\/09\/Call-for-Abstracts-Second-Call-1.pdf\"><em>here<\/em><\/a>, and the application form <a href=\"https:\/\/www.ffos.unios.hr\/wp-content\/uploads\/2023\/09\/Application-form-second-call.docx\"><em>here<\/em><\/a>.<\/strong><\/p>\n<p>&nbsp;<\/p>\n<hr \/>\n<p>&nbsp;<\/p>\n<p>&nbsp;<\/p>\n<p><img decoding=\"async\" class=\"size-large wp-image-66866 aligncenter\" src=\"https:\/\/www.ffos.unios.hr\/wp-content\/uploads\/2023\/07\/poziv-hr-1-1024x1024.jpg\" alt=\"\" width=\"1024\" height=\"1024\" srcset=\"https:\/\/www.ffos.unios.hr\/wp-content\/uploads\/2023\/07\/poziv-hr-1-1024x1024.jpg 1024w, https:\/\/www.ffos.unios.hr\/wp-content\/uploads\/2023\/07\/poziv-hr-1-300x300.jpg 300w, https:\/\/www.ffos.unios.hr\/wp-content\/uploads\/2023\/07\/poziv-hr-1-150x150.jpg 150w, https:\/\/www.ffos.unios.hr\/wp-content\/uploads\/2023\/07\/poziv-hr-1-768x768.jpg 768w, https:\/\/www.ffos.unios.hr\/wp-content\/uploads\/2023\/07\/poziv-hr-1-1536x1536.jpg 1536w, https:\/\/www.ffos.unios.hr\/wp-content\/uploads\/2023\/07\/poziv-hr-1.jpg 1984w\" sizes=\"(max-width: 1024px) 100vw, 1024px\" \/><\/p>\n<p>&nbsp;<\/p>\n<p><span style=\"font-weight: 400;\">Centar za interdisciplinarna istra\u017eivanja Filozofskog fakulteta Osijek poziva Vas na <\/span><b><i>Me\u0111unarodni interdisciplinarni<\/i><\/b> <strong><em>3<\/em><\/strong><b><i><strong>.<\/strong> Kongres Centra za interdisciplinarna istra\u017eivanja Filozofskog fakulteta Osijek: \u00bbDru\u0161tvo, znanost i umjetnost u (post)digitalnom dobu\u00ab<\/i><\/b><span style=\"font-weight: 400;\">.<\/span><\/p>\n<p><span style=\"font-weight: 400;\">Na kongres su pozvani sudjelovati stru\u010dnjaci (teoreti\u010dari i\/ili prakti\u010dari) koji potje\u010du iz svih podru\u010dja znanosti i umjetnosti. Uz to, na kongresu mogu sudjelovati i studenti svih razina studija.<\/span><\/p>\n<p><span style=\"font-weight: 400;\">Kongres \u0107e se odr\u017eati <strong>od 8. do 10.<\/strong><\/span><b> studenog 2023. godine<\/b><span style=\"font-weight: 400;\"> u <\/span><b>hibridnom obliku<\/b><span style=\"font-weight: 400;\">: u Maloj vije\u0107nici Filozofskog fakulteta (dvorana broj 39) i <\/span><i><span style=\"font-weight: 400;\">online<\/span><\/i><span style=\"font-weight: 400;\"> putem platforme <\/span><i><span style=\"font-weight: 400;\">Zoom<\/span><\/i><span style=\"font-weight: 400;\">. Rok je za slanje sa\u017eetka <\/span><b>1. rujna 2023. godine<\/b><span style=\"font-weight: 400;\">. Slu\u017ebeni su jezici kongresa hrvatski i engleski.<\/span><\/p>\n<p style=\"text-align: center;\"><strong>Ina\u010dicu poziva na hrvatskom jeziku mo\u017eete preuzeti <em><a href=\"https:\/\/www.ffos.unios.hr\/wp-content\/uploads\/2023\/07\/poziv-hr.pdf\">ovdje<\/a><\/em>, a obrazac za prijavu <em><a href=\"https:\/\/www.ffos.unios.hr\/wp-content\/uploads\/2023\/07\/Obrazac-za-prijavu-na-hrvatskom-jeziku.docx\">ovdje<\/a><\/em>.<\/strong><\/p>\n<p>&nbsp;<\/p>\n<p><img decoding=\"async\" class=\"size-large wp-image-66872 aligncenter\" src=\"https:\/\/www.ffos.unios.hr\/wp-content\/uploads\/2023\/07\/poziv-en-1-1024x1024.jpg\" alt=\"\" width=\"1024\" height=\"1024\" srcset=\"https:\/\/www.ffos.unios.hr\/wp-content\/uploads\/2023\/07\/poziv-en-1-1024x1024.jpg 1024w, https:\/\/www.ffos.unios.hr\/wp-content\/uploads\/2023\/07\/poziv-en-1-300x300.jpg 300w, https:\/\/www.ffos.unios.hr\/wp-content\/uploads\/2023\/07\/poziv-en-1-150x150.jpg 150w, https:\/\/www.ffos.unios.hr\/wp-content\/uploads\/2023\/07\/poziv-en-1-768x768.jpg 768w, https:\/\/www.ffos.unios.hr\/wp-content\/uploads\/2023\/07\/poziv-en-1-1536x1536.jpg 1536w, https:\/\/www.ffos.unios.hr\/wp-content\/uploads\/2023\/07\/poziv-en-1.jpg 1984w\" sizes=\"(max-width: 1024px) 100vw, 1024px\" \/><\/p>\n<p>&nbsp;<\/p>\n<p><span style=\"font-weight: 400;\">Centre for Interdisciplinary Research of the Faculty of Humanities and Social Sciences in Osijek invites you to the <\/span><b><i>International Interdisciplinary<\/i><\/b><strong> <em>3rd<\/em><\/strong><b><i> Congress of the Centre for Interdisciplinary Research of the Faculty of Humanities and Social Sciences in Osijek: \u201cSociety, Sciences, and Arts in the (Post)digital Era\u201d<\/i><\/b><span style=\"font-weight: 400;\">.<\/span><\/p>\n<p><span style=\"font-weight: 400;\">Experts (both theoreticians and practicians) from all fields of science and arts are welcome to participate in the Congress. Additionally, students of all levels of study can participate in the Congress, and they will have separate sections organized for them.<\/span><\/p>\n<p><span style=\"font-weight: 400;\">The Congress will take place on <\/span><b>from November 8 to 10, 2023<\/b><span style=\"font-weight: 400;\">\u00a0in <\/span><b>a hybrid form<\/b><span style=\"font-weight: 400;\">: in the Small Conference Hall of the Faculty of Humanities and Social Sciences (hall number 39) and <\/span><i><span style=\"font-weight: 400;\">online <\/span><\/i><span style=\"font-weight: 400;\">via <\/span><i><span style=\"font-weight: 400;\">Zoom <\/span><\/i><span style=\"font-weight: 400;\">platform. The deadline for submitting abstracts is <\/span><b>September 1, 2023<\/b><span style=\"font-weight: 400;\">. The official languages of the Congress are Croatian and English.<\/span><\/p>\n<p style=\"text-align: center;\"><strong>You can download the English version of the call <em><a href=\"https:\/\/www.ffos.unios.hr\/wp-content\/uploads\/2023\/07\/poziv-en.pdf\">here<\/a><\/em>, and the application form <em><a href=\"https:\/\/www.ffos.unios.hr\/wp-content\/uploads\/2023\/07\/Application-form.docx\">here<\/a><\/em>.<\/strong><\/p>\n<p>&nbsp;<\/p>\n<hr \/>\n<p data-wahfont=\"16\" data-wahpro-txt-style=\"text-align: justify; font-size: 16px;\"><img decoding=\"async\" class=\"size-full wp-image-66112 aligncenter\" src=\"https:\/\/www.ffos.unios.hr\/wp-content\/uploads\/2023\/07\/poster-719x1024-1.jpg\" alt=\"\" width=\"719\" height=\"1024\" srcset=\"https:\/\/www.ffos.unios.hr\/wp-content\/uploads\/2023\/07\/poster-719x1024-1.jpg 719w, https:\/\/www.ffos.unios.hr\/wp-content\/uploads\/2023\/07\/poster-719x1024-1-211x300.jpg 211w\" sizes=\"(max-width: 719px) 100vw, 719px\" \/><\/p>\n<p style=\"text-align: center;\" data-wahfont=\"16\" data-wahpro-txt-style=\"text-align: justify; font-size: 16px;\"><strong>Download the digital booklet of the summer school <a href=\"https:\/\/www.ffos.unios.hr\/wp-content\/uploads\/2023\/07\/summer-school-2.pdf\">here<\/a>.<\/strong><\/p>\n<p data-wahfont=\"16\" data-wahpro-txt-style=\"text-align: justify; font-size: 16px;\">The CEEPUS network <strong>\u201cPhilosophy and Interdisciplinarity\u201c,<\/strong> which encompasses 27 institutions in 14 European countries, organizes summer schools biannually. Since the network is devoted to fostering interdisciplinary research on a broad philosophical basis, its summer schools aim to tackle a rich variety of topics in interdisciplinary manner through interactive forms of education:<strong> papers (lectures) with discussions, seminars, workshops, and round tables<\/strong>. Not only does it strengthen connection between philosophical investigations and other disciplines, and raises awareness of interdisciplinary nature of many scientific and social problems, the summer school also promotes stronger cooperation between higher-education institutions of Central and South-East Europe.<\/p>\n<p data-wahfont=\"16\" data-wahpro-txt-style=\"text-align: justify; font-size: 16px;\">After its first and very successful summer school \u201cThe Role of Philosophy in Interdisciplinary Research and the Encounter of European Societies\u201d at the Institute of Philosophy in Graz July 12\u201318, 2021, the network now organizes <strong>its second summer school at the Faculty of Humanities and Social Sciences in Osijek July 10\u201316, 2023<\/strong>. The rich programme of the second summer school consists of <strong>ten papers and discussions, four seminars, one workshop, two round tables, and one invited lecture, which will be given by 15 university teachers from 8 European countries (Austria, Croatia, Czech Republic, Germany, Poland, Romania, Serbia, Slovenia).<\/strong> The general aim of this summer school is to further investigate the multifaceted relationship between philosophy and interdisciplinarity by discussing complex challenges of the Anthropocene from various perspectives, such as history of philosophy, epistemology, philosophy of science, philosophy of technology and artificial intelligence, philosophy of language and cognitive linguistics, political philosophy, ethics and bioethics, philosophy of education and philosophical counselling.<\/p>\n<p data-wahfont=\"16\" data-wahpro-txt-style=\"text-align: justify; font-size: 16px;\">This year\u2019s summer school will hopefully deepen the existing collaboration between 12 participating universities of the CEEPUS network \u201cPhilosophy and Interdisciplinarity\u201d whose representatives (students and teachers) take part in it, as well as establish new connections, and foster designing future joint projects.<\/p>\n<p style=\"text-align: right;\" data-wahfont=\"16\" data-wahpro-txt-style=\"text-align: right; font-size: 16px;\">Ljudevit Fran Je\u017ei\u0107<\/p>\n<p style=\"text-align: right;\" data-wahfont=\"16\" data-wahpro-txt-style=\"text-align: right; font-size: 16px;\">Demian Papo<\/p>\n<hr \/>\n<h4 style=\"text-align: center;\"><em>scientific inter_view<\/em>, vol.5 #4<\/h4>\n<p><img decoding=\"async\" class=\"aligncenter wp-image-64968 size-large\" src=\"https:\/\/www.ffos.unios.hr\/wp-content\/uploads\/2023\/06\/nino-raspudic-SCFI-1-910x1024.jpg\" alt=\"\" width=\"910\" height=\"1024\" srcset=\"https:\/\/www.ffos.unios.hr\/wp-content\/uploads\/2023\/06\/nino-raspudic-SCFI-1-910x1024.jpg 910w, https:\/\/www.ffos.unios.hr\/wp-content\/uploads\/2023\/06\/nino-raspudic-SCFI-1-267x300.jpg 267w, https:\/\/www.ffos.unios.hr\/wp-content\/uploads\/2023\/06\/nino-raspudic-SCFI-1-768x864.jpg 768w, https:\/\/www.ffos.unios.hr\/wp-content\/uploads\/2023\/06\/nino-raspudic-SCFI-1-1366x1536.jpg 1366w, https:\/\/www.ffos.unios.hr\/wp-content\/uploads\/2023\/06\/nino-raspudic-SCFI-1.jpg 1667w\" sizes=\"(max-width: 910px) 100vw, 910px\" \/><\/p>\n<p>Pozivamo vas na sudjelovanje na\u00a0petom\u00a0doga\u0111aju\u00a0\u010detvrtog popularnoznanstvenog ciklusa\u00a0<em>scientific inter_view<\/em>\u00a0u organizaciji Filozofskog fakulteta i Centra za interdisciplinarna istra\u017eivanja, a u okviru projekta popularizacije znanosti FUZ&amp;JA Filozofskog fakulteta Osijek.<\/p>\n<p>Na doga\u0111aju \u0107e gostovati\u00a0<strong>Nino Raspudi\u0107<\/strong>\u00a0koji \u0107e govoriti na temu\u00a0<strong>\u00bbInterdisciplinaran pristup politici \u2013 izme\u0111u teorije i prakse\u00ab<\/strong>.<\/p>\n<p>Doga\u0111aj \u0107e se odr\u017eati\u00a0<strong>12. lipnja 2023. godine (ponedjeljak)<\/strong>\u00a0s po\u010detkom u\u00a0<strong>17 sati<\/strong> na Filozofskom fakultetu Osijek (sve\u010dana dvorana) i putem mre\u017ene platforme <em>Zoom<\/em>, i to\u00a0pomo\u0107u\u00a0sljede\u0107e poveznice:\u00a0\u00a0<a href=\"https:\/\/us06web.zoom.us\/j\/86571938855?pwd=OWF2cDNLZkwrRGM4S1RFMnNZWmgxdz09\" target=\"_blank\" rel=\"noopener\" data-saferedirecturl=\"https:\/\/www.google.com\/url?q=https:\/\/us06web.zoom.us\/j\/86571938855?pwd%3DOWF2cDNLZkwrRGM4S1RFMnNZWmgxdz09&amp;source=gmail&amp;ust=1686572765363000&amp;usg=AOvVaw1nAiiFjifIdVDEnVnimI-n\">https:\/\/us06web.zoom.us\/j\/<wbr \/>86571938855?pwd=<wbr \/>OWF2cDNLZkwrRGM4S1RFMnNZWmgxdz<wbr \/>09<\/a><\/p>\n<p>&nbsp;<\/p>\n<hr \/>\n<p>&nbsp;<\/p>\n<p><img decoding=\"async\" class=\"size-large wp-image-63306 aligncenter\" src=\"https:\/\/www.ffos.unios.hr\/wp-content\/uploads\/2023\/05\/petar-jandric-SCFI-1-910x1024.png\" alt=\"\" width=\"910\" height=\"1024\" srcset=\"https:\/\/www.ffos.unios.hr\/wp-content\/uploads\/2023\/05\/petar-jandric-SCFI-1-910x1024.png 910w, https:\/\/www.ffos.unios.hr\/wp-content\/uploads\/2023\/05\/petar-jandric-SCFI-1-267x300.png 267w, https:\/\/www.ffos.unios.hr\/wp-content\/uploads\/2023\/05\/petar-jandric-SCFI-1-768x864.png 768w, https:\/\/www.ffos.unios.hr\/wp-content\/uploads\/2023\/05\/petar-jandric-SCFI-1-1366x1536.png 1366w, https:\/\/www.ffos.unios.hr\/wp-content\/uploads\/2023\/05\/petar-jandric-SCFI-1.png 1667w\" sizes=\"(max-width: 910px) 100vw, 910px\" \/><\/p>\n<p data-wahfont=\"16\" data-wahpro-txt-style=\"text-align: justify; font-size: 16px;\">Pozivamo vas na sudjelovanje na tre\u0107em doga\u0111aju petog popularnoznanstvenog ciklusa\u00a0<em>scientific inter_view<\/em>\u00a0u organizaciji Centra za interdisciplinarna istra\u017eivanja Filozofskog fakulteta Osijek, a u okviru projekta popularizacije znanosti FUZ&amp;JA.<\/p>\n<p data-wahfont=\"16\" data-wahpro-txt-style=\"text-align: justify; font-size: 16px;\">Na doga\u0111aju \u0107e gostovati\u00a0<strong>Petar Jandri\u0107<\/strong>\u00a0(Tehni\u010dko veleu\u010dili\u0161te Zagreb \/ University of Wolverhampton) koji \u0107e govoriti na temu\u00a0<strong>\u00bbPostdigitalno istra\u017eivanje izme\u0111u disciplinarnosti i antidisciplinarnosti\u00ab<\/strong>.<\/p>\n<p data-wahfont=\"16\" data-wahpro-txt-style=\"text-align: justify; font-size: 16px;\">Doga\u0111aj \u0107e se odr\u017eati\u00a0<strong>31. svibnja 2023. godine (srijeda) s po\u010detkom u 14 sati<\/strong>\u00a0putem mre\u017ene platforme Zoom, i to pomo\u0107u sljede\u0107e poveznice:\u00a0<a href=\"https:\/\/us06web.zoom.us\/j\/87064452482?pwd=QmgrbzJIMUlCYTB6dDNZV0ZNR2hIdz09\" rel=\"noopener\" data-wahfont=\"16\" data-wahpro-txt-style=\"font-size: 16px;\">https:\/\/us06web.zoom.us\/j\/87064452482?pwd=QmgrbzJIMUlCYTB6dDNZV0ZNR2hIdz09<\/a>.<\/p>\n<hr \/>\n<p><img decoding=\"async\" class=\"size-large wp-image-62068 aligncenter\" src=\"https:\/\/www.ffos.unios.hr\/wp-content\/uploads\/2023\/05\/nenad-rancic-910x1024.jpg\" alt=\"\" width=\"910\" height=\"1024\" \/><\/p>\n<p>Pozivamo vas na sudjelovanje na drugom doga\u0111aju petog popularnoznanstvenog ciklusa <em>scientific inter_view<\/em>\u00a0u organizaciji Filozofskog fakulteta i Centra za interdisciplinarna istra\u017eivanja, a u okviru projekta popularizacije znanosti FUZ&amp;JA Filozofskog fakulteta Osijek.<\/p>\n<p>Na doga\u0111aju \u0107e gostovati\u00a0<strong>Nenad Ran\u010di\u0107 (Pravni fakultet Zagreb)<\/strong>\u00a0koji \u0107e govoriti na temu <strong>\u00bb<\/strong>Geopoliti\u010dki i geoekonomski izazovi pred nama &#8211; interdisciplinaran pristup ra\u0111anju multipolarnog svijeta\u00ab.<\/p>\n<p>Doga\u0111aj \u0107e se odr\u017eati\u00a0<strong>19. svibnja 2023. godine (petak)<\/strong>\u00a0s po\u010detkom u\u00a0<strong>17 sati<\/strong> u prostoriji 39 (Mala vije\u0107nica) Filozofskog fakulteta i putem mre\u017ene platforme Zoom, i to pomo\u0107u sljede\u0107e poveznice:\u00a0<a href=\"https:\/\/us06web.zoom.us\/j\/81358047191?pwd=WVkyby9VUDRWOUptdTZHZStTNDUwZz09\" rel=\"noopener\">https:\/\/us06web.zoom.us\/j\/81358047191?pwd=WVkyby9VUDRWOUptdTZHZStTNDUwZz09<\/a>.<\/p>\n<hr \/>\n<p>&nbsp;<\/p>\n<h3 style=\"text-align: center;\">Zbornik <strong><em>Interdisciplinarnost u teoriji i praksi<\/em><\/strong><\/h3>\n<p style=\"text-align: center;\">S veseljem vas obavje\u0161tavamo da je otisnut zbornik <em>Interdisciplinarnost u teoriji i praksi<\/em>.<\/p>\n<p style=\"text-align: center;\">Online verziju zbornika mo\u017eete preuzeti <a href=\"https:\/\/www.ffos.unios.hr\/wp-content\/uploads\/2023\/05\/zbornik-tisak-konacno.pdf\"><strong>ovdje<\/strong><\/a>.<\/p>\n<p>&nbsp;<\/p>\n<hr \/>\n<p>&nbsp;<\/p>\n<p><img decoding=\"async\" class=\"size-large wp-image-54453 aligncenter\" src=\"https:\/\/www.ffos.unios.hr\/wp-content\/uploads\/2023\/02\/igro-berecki-POSTER-1-910x1024.png\" alt=\"\" width=\"910\" height=\"1024\" srcset=\"https:\/\/www.ffos.unios.hr\/wp-content\/uploads\/2023\/02\/igro-berecki-POSTER-1-910x1024.png 910w, https:\/\/www.ffos.unios.hr\/wp-content\/uploads\/2023\/02\/igro-berecki-POSTER-1-267x300.png 267w, https:\/\/www.ffos.unios.hr\/wp-content\/uploads\/2023\/02\/igro-berecki-POSTER-1-768x864.png 768w, https:\/\/www.ffos.unios.hr\/wp-content\/uploads\/2023\/02\/igro-berecki-POSTER-1-1366x1536.png 1366w, https:\/\/www.ffos.unios.hr\/wp-content\/uploads\/2023\/02\/igro-berecki-POSTER-1.png 1667w\" sizes=\"(max-width: 910px) 100vw, 910px\" \/><\/p>\n<p>&nbsp;<\/p>\n<p data-wahfont=\"16\" data-wahpro-txt-style=\"text-align: justify; font-size: 16px;\">Pozivamo vas na sudjelovanje na prvom doga\u0111aju petog popularnoznanstvenog ciklusa\u00a0<em>scientific inter_view<\/em>\u00a0u organizaciji Centra za interdisciplinarna istra\u017eivanja Filozofskog fakulteta Osijek, a u okviru projekta popularizacije znanosti FUZ&amp;JA.<\/p>\n<p data-wahfont=\"16\" data-wahpro-txt-style=\"text-align: justify; font-size: 16px;\">Na doga\u0111aju \u0107e gostovati\u00a0<strong>Igor Berecki<\/strong>\u00a0(KBC Osijek) koji \u0107e govoriti na temu\u00a0<strong>\u00bbKako nagurati ljudski mozak u ra\u010dunalo: teorija i praksa multidisciplinarne interdisciplinarnosti\u00ab<\/strong>.<\/p>\n<p data-wahfont=\"16\" data-wahpro-txt-style=\"text-align: justify; font-size: 16px;\">Doga\u0111aj \u0107e se odr\u017eati\u00a0<strong>27. velja\u010de 2023. godine<\/strong>\u00a0(ponedjeljak) s po\u010detkom u\u00a0<strong>17 sati<\/strong>\u00a0u Maloj vije\u0107nici Filozofskog fakulteta (dvorana 39) i putem mre\u017ene platforme Zoom, i to pomo\u0107u sljede\u0107e poveznice:\u00a0<a href=\"https:\/\/us06web.zoom.us\/j\/84530642764?pwd=STNxNGdwdEdIdE9EOURnVDVCV1l0Zz09\" rel=\"noopener\" data-wahfont=\"16\" data-wahpro-txt-style=\"font-size: 16px;\">https:\/\/us06web.zoom.us\/j\/84530642764?pwd=STNxNGdwdEdIdE9EOURnVDVCV1l0Zz09<\/a>.<\/p>\n<hr \/>\n<p data-wahfont=\"16\" data-wahpro-txt-style=\"text-align: justify; font-size: 16px;\"><img decoding=\"async\" class=\"size-large wp-image-51552 aligncenter\" src=\"https:\/\/www.ffos.unios.hr\/wp-content\/uploads\/2023\/01\/SCIENTIFIC_-globan-01-2-910x1024.png\" alt=\"\" width=\"910\" height=\"1024\" srcset=\"https:\/\/www.ffos.unios.hr\/wp-content\/uploads\/2023\/01\/SCIENTIFIC_-globan-01-2-910x1024.png 910w, https:\/\/www.ffos.unios.hr\/wp-content\/uploads\/2023\/01\/SCIENTIFIC_-globan-01-2-267x300.png 267w, https:\/\/www.ffos.unios.hr\/wp-content\/uploads\/2023\/01\/SCIENTIFIC_-globan-01-2-768x864.png 768w, https:\/\/www.ffos.unios.hr\/wp-content\/uploads\/2023\/01\/SCIENTIFIC_-globan-01-2-1366x1536.png 1366w, https:\/\/www.ffos.unios.hr\/wp-content\/uploads\/2023\/01\/SCIENTIFIC_-globan-01-2.png 1668w\" sizes=\"(max-width: 910px) 100vw, 910px\" \/><\/p>\n<p>&nbsp;<\/p>\n<p>Pozivamo vas na sudjelovanje na\u00a0\u010detvrtom\u00a0doga\u0111aju\u00a0\u010detvrtog popularnoznanstvenog ciklusa\u00a0<strong><em>scientific inter_view<\/em><\/strong>\u00a0u organizaciji Filozofskog fakulteta i Centra za interdisciplinarna istra\u017eivanja, a u okviru projekta popularizacije znanosti FUZ&amp;JA Filozofskog fakulteta Osijek.<\/p>\n<div>\n<div dir=\"auto\">Na doga\u0111aju \u0107e gostovati <strong>izv. prof. dr. sc. Tomislav Globan<\/strong> (EFZG) koji \u0107e govoriti na temu <strong>\u00bbInterdisciplinarnost u ekonomskim istra\u017eivanjima &#8211; ekonomika istra\u017eivanja dru\u0161tva i sporta\u00ab<\/strong>.<\/div>\n<\/div>\n<div>\n<div dir=\"auto\">Doga\u0111aj \u0107e se odr\u017eati\u00a0<strong>19<\/strong><strong>.\u00a0sije\u010dnja 2023. godine (\u010detvrtak)<\/strong>\u00a0s po\u010detkom u\u00a0<strong>17 sati<\/strong>\u00a0putem mre\u017ene platforme\u00a0<em>Zoom<\/em>, i to\u00a0pomo\u0107u\u00a0sljede\u0107e poveznice:\u00a0<a href=\"https:\/\/us06web.zoom.us\/j\/87081667666?pwd=d082bktWa3hWWTJDNC9LSUtHeWtOQT09\" target=\"_blank\" rel=\"noopener noreferrer\" data-saferedirecturl=\"https:\/\/www.google.com\/url?q=https:\/\/us06web.zoom.us\/j\/87081667666?pwd%3Dd082bktWa3hWWTJDNC9LSUtHeWtOQT09&amp;source=gmail&amp;ust=1674115056350000&amp;usg=AOvVaw3p8uGt9yvhiXsNYN06X5WJ\">https:\/\/us06web.zoom.us\/j\/8708<wbr \/>1667666?pwd=d082bktWa3hWWTJDNC<wbr \/>9LSUtHeWtOQT09<\/a>.<\/div>\n<div dir=\"auto\"><\/div>\n<\/div>\n<hr \/>\n<p style=\"text-align: center;\"><em><strong>Radionica o perspektivama humanisti\u010dkog obrazovanja za rad u zajednici<\/strong><\/em><\/p>\n<p>&nbsp;<\/p>\n<p>Centar za interdisciplinarna istra\u017eivanja Filozofskog fakulteta Osijek poziva <strong>sve studente<\/strong> Filozofskog fakulteta na\u00a0<strong>radionicu o perspektivama humanisti\u010dkog obrazovanja za rad u zajednici<\/strong>, koja \u0107e biti odr\u017eana <strong>11. sije\u010dnja 2023. godine (srijeda) od 17.30 do 19.30 sati u u\u010dionici broj 32 Filozofskog fakulteta<\/strong>. Radionicu \u0107e voditi <strong>Nikica Torbica<\/strong>, biv\u0161i student FFOS-a, koji danas vodi \u00bbDru\u0161tveni atelje\u00ab, dru\u0161tveni centar <em>DKolektiva<\/em>, i koji je nositelj brojnih drugih dru\u0161tveno anga\u017eiranih uloga.<\/p>\n<p>Jedan je od ciljeva radionice saznati \u0161to je uop\u0107e rad u zajednici te na koje je na\u010dine mogu\u0107e znanja i vje\u0161tine dobivene tijekom studija na FFOS-u koristiti u svojem radu u okviru rada u zajednici, bilo putem organizacija civilnog dru\u0161tva bilo putem volontiranja. Tako\u0111er \u0107e biti istaknut i prostor za napredak humanisti\u010dkih studija iz perspektive osna\u017eivanja kompetencija za rad u zajednici. Dakle, osim teorijskog dijela, radionica \u0107e sadr\u017eavati i prakti\u010dni dio u kojem \u0107e polaznici imati priliku kreativno primijeniti ste\u010dena znanja.<\/p>\n<p>Naime, rad u zajednici zasniva se na analizi potreba i prepoznavanju izazova, preuzimanju odgovornosti te ponudi programa i aktivnosti koji na te potrebe i izazove odgovaraju. I premda je to interdisciplinarno podru\u010dje u kojem mogu biti uspje\u0161ne razli\u010dite struke, pokazalo se da upravo stru\u010dnjaci iz humanisti\u010dkih podru\u010dja znanosti imaju posebnu va\u017enost u adekvatnom i pravovremenom djelovanju.<\/p>\n<p>Nakon zavr\u0161ene radionice studenti \u0107e znati \u0161to je rad u zajednici, bit \u0107e sposobni prepoznati znanja i vje\u0161tine koje dru\u0161tveno-humanisti\u010dki studiji pru\u017eaju za rad u zajednici, analizirati odgovornost humanisti\u010dkog intelektualca za odgovaranje na dru\u0161tvene izazove te mo\u0107i osmisliti aktivnosti kao odgovore na prepoznate probleme u zajednici.<\/p>\n<p>Za sudjelovanje na radionici dobit \u0107ete i potvrdu o poha\u0111anju izvannastavne aktivnosti.<\/p>\n<p>Na radionicu se mo\u017eete <strong>prijaviti putem sljede\u0107e poveznice<\/strong>: <a href=\"https:\/\/docs.google.com\/forms\/d\/e\/1FAIpQLSelEn03y9eV-wc1uwulkcQg_PfGz_L-fp0UGBp0GUD4Q1HqgQ\/viewform?usp=sf_link\" rel=\"noopener\">https:\/\/docs.google.com\/forms\/d\/e\/1FAIpQLSelEn03y9eV-wc1uwulkcQg_PfGz_L-fp0UGBp0GUD4Q1HqgQ\/viewform?usp=sf_link<\/a><\/p>\n<p>&nbsp;<\/p>\n<p><strong>Prijave su otvorene do 8. sije\u010dnja 2023. godine<\/strong>.<\/p>\n<p>&nbsp;<\/p>\n<hr \/>\n<p style=\"text-align: center;\" data-wahfont=\"16\" data-wahpro-txt-style=\"text-align: justify; font-size: 16px;\"><strong><em>Predavanja gostiju iz NR Kine<\/em><\/strong><\/p>\n<p data-wahfont=\"16\" data-wahpro-txt-style=\"text-align: justify; font-size: 16px;\">Pozivamo vas na jo\u0161 jedno doga\u0111anje u organizaciji Centra za interdisciplinarna istra\u017eivanja. <strong>Dana 13. prosinca 2022. (utorak) s po\u010detkom u 16.15 sati gostuju\u0107e predavanje preko platforme Zoom<\/strong> odr\u017eat \u0107e kolege znanstvenici iz Narodne Republike Kine.<\/p>\n<p data-wahfont=\"16\" data-wahpro-txt-style=\"text-align: justify; font-size: 16px;\"><strong>Prvo predavanje, naslova \u00bbEkohumanistika\u00ab, <\/strong>odr\u017eat \u0107e dr. sc. Goran \u0110ur\u0111evi\u0107 s Beiwai koled\u017ea Pekin\u0161kog sveu\u010dili\u0161ta za strane studije. Predava\u010d \u0107e u okviru predavanja govoriti o osnovnim pojmovima i na\u010dinima istra\u017eivanja u podru\u010djima ekokritike, ekofeminizma, ekohistorije i pejsa\u017ene arheologije.<\/p>\n<p data-wahfont=\"16\" data-wahpro-txt-style=\"text-align: justify; font-size: 16px;\"><strong>Drugo predavanje, naslova \u00bbMedical visuality\u00ab,<\/strong> odr\u017eat \u0107e dr. sc. Yarong Chen iz \u0160kole me\u0111unarodnih organizacija Pekin\u0161kog sveu\u010dili\u0161ta za strane studije. Predava\u010dica \u0107e u okviru predavanja govoriti o tome na koji se na\u010din prezentiraju bolesti, lije\u010dnici, terapije i lijekovi u kulturi, antropologiji i povijesti s posebnim osvrtom na kinesku tradicionalnu medicinu i njena pro\u017eimanja, sli\u010dnosti i razlike sa zapadnja\u010dkom i drugim medicinama.<\/p>\n<p data-wahfont=\"16\" data-wahpro-txt-style=\"text-align: justify; font-size: 16px;\">Pra\u0107enje predavanja je slobodno, a pozvani su svi fakultetski zaposlenici, studenti i pojedinci zainteresirani za navedene suvremene teme.<\/p>\n<p data-wahfont=\"16\" data-wahpro-txt-style=\"text-align: justify; font-size: 16px;\"><strong>Podaci za prijavu preko Zooma:<\/strong><\/p>\n<p data-wahfont=\"16\" data-wahpro-txt-style=\"text-align: justify; font-size: 16px;\"><a href=\"https:\/\/us06web.zoom.us\/j\/85606525983?pwd=REZBMUxLRHRnWDFJQ0RuV2FZb3hxdz09\" rel=\"noopener\" data-wahfont=\"16\" data-wahpro-txt-style=\"font-size: 16px;\">https:\/\/us06web.zoom.us\/j\/85606525983?pwd=REZBMUxLRHRnWDFJQ0RuV2FZb3hxdz09<\/a><\/p>\n<p data-wahfont=\"16\" data-wahpro-txt-style=\"text-align: justify; font-size: 16px;\">Meeting ID: 856 0652 5983<\/p>\n<p data-wahfont=\"16\" data-wahpro-txt-style=\"text-align: justify; font-size: 16px;\">Passcode: 138882<\/p>\n<p data-wahfont=\"16\" data-wahpro-txt-style=\"text-align: justify; font-size: 16px;\">\u00a0 \u00a0 \u00a0 \u00a0 \u00a0 \u00a0 \u00a0 \u00a0 \u00a0 \u00a0 \u00a0 \u00a0 \u00a0 \u00a0 \u00a0 \u00a0 \u00a0 \u00a0 \u00a0 \u00a0 \u00a0 \u00a0 \u00a0 \u00a0 \u00a0 \u00a0 \u00a0 \u00a0 \u00a0 \u00a0 \u00a0 \u00a0 \u00a0 \u00a0 \u00a0 \u00a0 \u00a0 \u00a0 \u00a0 \u00a0 \u00a0 \u00a0 \u00a0<img decoding=\"async\" class=\"alignnone size-full wp-image-48886\" src=\"https:\/\/www.ffos.unios.hr\/wp-content\/uploads\/2022\/12\/Goran-Durdevic-1.jpg\" alt=\"\" width=\"160\" height=\"206\" \/>\u00a0 \u00a0 \u00a0 \u00a0 \u00a0 \u00a0 \u00a0 <img decoding=\"async\" class=\"alignnone size-full wp-image-48888\" src=\"https:\/\/www.ffos.unios.hr\/wp-content\/uploads\/2022\/12\/Yarong-Chen-1.jpg\" alt=\"\" width=\"160\" height=\"221\" \/><\/p>\n<p>\u00a0 \u00a0 \u00a0 \u00a0 \u00a0 \u00a0 \u00a0 \u00a0 \u00a0 \u00a0 \u00a0 \u00a0 \u00a0 \u00a0 \u00a0 \u00a0 \u00a0 \u00a0 \u00a0 \u00a0 \u00a0 \u00a0 \u00a0 \u00a0 \u00a0 \u00a0 \u00a0 \u00a0 \u00a0 \u00a0 \u00a0 \u00a0 \u00a0 \u00a0 \u00a0 \u00a0 \u00a0 \u00a0 \u00a0 \u00a0 \u00a0 \u00a0 \u00a0dr. sc. Goran \u0110ur\u0111evi\u0107\u00a0 \u00a0 \u00a0 \u00a0 \u00a0 \u00a0 \u00a0 \u00a0 \u00a0dr. sc. Yarong Chen<\/p>\n<hr \/>\n<p>&nbsp;<\/p>\n<p><img decoding=\"async\" class=\"size-large wp-image-47528 aligncenter\" src=\"https:\/\/www.ffos.unios.hr\/wp-content\/uploads\/2022\/11\/Plakat-scientific-inter_view-R.-Martinovic-910x1024.png\" alt=\"\" width=\"910\" height=\"1024\" srcset=\"https:\/\/www.ffos.unios.hr\/wp-content\/uploads\/2022\/11\/Plakat-scientific-inter_view-R.-Martinovic-910x1024.png 910w, https:\/\/www.ffos.unios.hr\/wp-content\/uploads\/2022\/11\/Plakat-scientific-inter_view-R.-Martinovic-267x300.png 267w, https:\/\/www.ffos.unios.hr\/wp-content\/uploads\/2022\/11\/Plakat-scientific-inter_view-R.-Martinovic-768x864.png 768w, https:\/\/www.ffos.unios.hr\/wp-content\/uploads\/2022\/11\/Plakat-scientific-inter_view-R.-Martinovic-1366x1536.png 1366w, https:\/\/www.ffos.unios.hr\/wp-content\/uploads\/2022\/11\/Plakat-scientific-inter_view-R.-Martinovic.png 1667w\" sizes=\"(max-width: 910px) 100vw, 910px\" \/><\/p>\n<p style=\"text-align: justify;\">Pozivamo vas na sudjelovanje na\u00a0tre\u0107em doga\u0111aju\u00a0\u010detvrtog popularnoznanstvenog ciklusa\u00a0<em>scientific inter_view<\/em>\u00a0u organizaciji Centra za interdisciplinarna istra\u017eivanja Filozofskog fakulteta Sveu\u010dili\u0161ta Josipa Jurja Strossmayera u Osijeku, a u okviru projekta popularizacije znanosti FUZ&amp;JA Filozofskog fakulteta Osijek.<\/p>\n<div style=\"text-align: justify;\">\n<div dir=\"auto\">Na doga\u0111aju \u0107e gostovati\u00a0<strong>Ratko Martinovi\u0107<\/strong>\u00a0(Podcast Inkubator) koji \u0107e govoriti na temu\u00a0<strong>\u00bbInterdisciplinaran pristup dru\u0161tvenom rastu i podcastu\u00ab<\/strong>.<\/div>\n<\/div>\n<div style=\"text-align: justify;\">\n<div dir=\"auto\">Doga\u0111aj \u0107e se odr\u017eati\u00a0<strong>30<\/strong><strong>.\u00a0studenog 2022. godine (srijeda)<\/strong>\u00a0s po\u010detkom u\u00a0<strong>17 sati<\/strong>\u00a0u\u00a0<strong>dvorani 66\u00a0<\/strong>Filozofskog fakulteta.<\/div>\n<\/div>\n<div>\n<div dir=\"auto\" style=\"text-align: justify;\">Doga\u0111aj \u0107e biti mogu\u0107e pratiti u\u017eivo u prostoriji, kao i\u00a0na mre\u017enoj platformi\u00a0<em>Zoom<\/em>\u00a0putem sljede\u0107e poveznice:\u00a0<a href=\"https:\/\/us06web.zoom.us\/j\/85101851997?pwd=ZE9LbUJIdkdaV05OcnUrWm9kQ2F1QT09\" target=\"_blank\" rel=\"noopener\" data-saferedirecturl=\"https:\/\/www.google.com\/url?q=https:\/\/us06web.zoom.us\/j\/85101851997?pwd%3DZE9LbUJIdkdaV05OcnUrWm9kQ2F1QT09&amp;source=gmail&amp;ust=1669713586332000&amp;usg=AOvVaw26wdb-NWLm381WVBDcZTF9\">https:\/\/us06web.zoom.us\/j\/<wbr \/>85101851997?pwd=<wbr \/>ZE9LbUJIdkdaV05OcnUrWm9kQ2F1QT<wbr \/>09<\/a><\/div>\n<\/div>\n<p>&nbsp;<\/p>\n<hr \/>\n<p data-wahfont=\"16\" data-wahpro-txt-style=\"text-align: justify; font-size: 16px;\"><img decoding=\"async\" class=\"aligncenter wp-image-47129 size-large\" src=\"https:\/\/www.ffos.unios.hr\/wp-content\/uploads\/2022\/11\/viz-1024x1024.jpg\" alt=\"\" width=\"1024\" height=\"1024\" srcset=\"https:\/\/www.ffos.unios.hr\/wp-content\/uploads\/2022\/11\/viz-1024x1024.jpg 1024w, https:\/\/www.ffos.unios.hr\/wp-content\/uploads\/2022\/11\/viz-300x300.jpg 300w, https:\/\/www.ffos.unios.hr\/wp-content\/uploads\/2022\/11\/viz-150x150.jpg 150w, https:\/\/www.ffos.unios.hr\/wp-content\/uploads\/2022\/11\/viz-768x768.jpg 768w, https:\/\/www.ffos.unios.hr\/wp-content\/uploads\/2022\/11\/viz.jpg 1080w\" sizes=\"(max-width: 1024px) 100vw, 1024px\" \/><\/p>\n<header class=\"post-header\">\n<h1 class=\"post-title\" style=\"text-align: center;\">Interaktivna predavanja (Udruga Klikeraj i CII FFOS)<\/h1>\n<\/header>\n<div class=\"post-content entry-content\">\n<p>Projekt \u00bb\u0160kola za 21. stolje\u0107e, \u0161kola za kreativnost\u00ab projekt je izvaninstitucionalnog obrazovanja darovitih u\u010denika koji se provodi od 2016. godine. Nositelj je projekta Udruga Klikeraj iz Osijeka, uz financijsku podr\u0161ku Ministarstva znanosti i obrazovanja. Ove se \u0161kolske godine projekt realizira u suradnji s Centrom za interdisciplinarna istra\u017eivanja Filozofskoga fakulteta u Osijeku.<\/p>\n<p>Projektom su predvi\u0111ena interaktivna predavanja koja \u0107e odr\u017eati stru\u010dnjaci iz Udruge Klikeraj. Predavana obuhva\u0107aju razli\u010dite teme iz podru\u010dja kreativnosti i darovitosti, a namijenjena su stru\u010dnjacima iz podru\u010dja dru\u0161tvenih i humanisti\u010dkih znanosti, posebice odgoja i obrazovanja.<\/p>\n<p>Predavanja \u0107e se odr\u017eati u prostorima FFOS-a u trajanju od 6 sati u sljede\u0107im terminima:<\/p>\n<p>10. prosinca 2022. | Identifikacija darovitosti u \u0161koli<br \/>\n17. prosinca 2022. | Projektno u\u010denje<br \/>\n14. sije\u010dnja 2023. | PBL: Primjeri dobre prakse<br \/>\n21. sije\u010dnja 2023. | Osnove filmske monta\u017ee<br \/>\n28. sije\u010dnja 2023. | Zarolaj klikere<\/p>\n<p>Poha\u0111anje svih predavanja slobodno je za sve zaposlenike FFOS-a, a zainteresirani se mogu prijaviti za sudjelovanje ispunjavanjem obrasca na mre\u017enim stranicama Klikeraja <a href=\"https:\/\/klikeraj.hr\/index.php\/interaktivna-predavanja\" rel=\"noopener\">(https:\/\/klikeraj.hr\/index.php\/interaktivna-predavanja<\/a>\/) i slanjem na klikeraj@gmail.com do 1. prosinca 2022.<\/p>\n<\/div>\n<hr \/>\n<p data-wahfont=\"16\" data-wahpro-txt-style=\"text-align: justify; font-size: 16px;\"><img decoding=\"async\" class=\"size-large wp-image-45362 aligncenter\" src=\"https:\/\/www.ffos.unios.hr\/wp-content\/uploads\/2022\/10\/plakat-1-728x1024.jpg\" alt=\"\" width=\"728\" height=\"1024\" srcset=\"https:\/\/www.ffos.unios.hr\/wp-content\/uploads\/2022\/10\/plakat-1-728x1024.jpg 728w, https:\/\/www.ffos.unios.hr\/wp-content\/uploads\/2022\/10\/plakat-1-213x300.jpg 213w, https:\/\/www.ffos.unios.hr\/wp-content\/uploads\/2022\/10\/plakat-1-768x1080.jpg 768w, https:\/\/www.ffos.unios.hr\/wp-content\/uploads\/2022\/10\/plakat-1-1092x1536.jpg 1092w, https:\/\/www.ffos.unios.hr\/wp-content\/uploads\/2022\/10\/plakat-1-1457x2048.jpg 1457w, https:\/\/www.ffos.unios.hr\/wp-content\/uploads\/2022\/10\/plakat-1-scaled.jpg 1821w\" sizes=\"(max-width: 728px) 100vw, 728px\" \/><\/p>\n<p data-wahfont=\"16\" data-wahpro-txt-style=\"text-align: justify; font-size: 16px;\"><strong><em>Me\u0111unarodni interdisciplinarni<\/em> <em>2. Kongres<\/em>\u00a0<em>Centra za interdisciplinarna istra\u017eivanja Filozofskog fakulteta Osijek: \u00bbIzazovi obrazovanja\u00ab<\/em><\/strong> <strong>(INTER_CON 2022)<\/strong> odr\u017eat \u0107e se <strong>3., 4. i 5. studenog 2022. godine<\/strong>. Organizatori su kongresa Centar za interdisciplinarna istra\u017eivanja Filozofskog fakulteta Osijek i Filozofski fakultet Sveu\u010dili\u0161ta Josipa Jurja Strossmayera u Osijeku.<\/p>\n<p data-wahfont=\"16\" data-wahpro-txt-style=\"text-align: justify; font-size: 16px;\">Kongres \u0107e se odr\u017eati u hibridnom obliku, i to na daljinu putem\u00a0<strong><em>online<\/em>\u00a0platforme\u00a0<em>Zoom<\/em><\/strong>\u00a0i kontaktno iz\u00a0<strong>Male vije\u0107nice Filozofskog fakulteta<\/strong>\u00a0(dvorana 39), a iz koje \u0107e se predavanja tako\u0111er prenositi putem\u00a0<em>Zoom<\/em>-a. Poveznice za pra\u0107enje kongresa mo\u017eete prona\u0107i u nastavku:<\/p>\n<p><strong>Poveznica 1: \u010detvrtak (3. studenog):<\/strong><\/p>\n<p><a href=\"https:\/\/us06web.zoom.us\/j\/87267354848?pwd=UTRMMmtRZzB4Rm9VRXoxZXdSY0hqdz09\" target=\"_blank\" rel=\"noopener\" data-saferedirecturl=\"https:\/\/www.google.com\/url?q=https:\/\/us06web.zoom.us\/j\/87267354848?pwd%3DUTRMMmtRZzB4Rm9VRXoxZXdSY0hqdz09&amp;source=gmail&amp;ust=1667038147493000&amp;usg=AOvVaw0SB73cYk098Hx0JBldm5MQ\">https:\/\/us06web.zoom.us\/j\/<wbr \/>87267354848?pwd=<wbr \/>UTRMMmtRZzB4Rm9VRXoxZXdSY0hqdz<wbr \/>09<\/a><\/p>\n<p><strong>Poveznica 2: petak (4. studenog):<\/strong><\/p>\n<p><a href=\"https:\/\/us06web.zoom.us\/j\/85777767728?pwd=TUcwOHNMaXNLWi8rVDNkRGNadnRKQT09\" target=\"_blank\" rel=\"noopener\" data-saferedirecturl=\"https:\/\/www.google.com\/url?q=https:\/\/us06web.zoom.us\/j\/85777767728?pwd%3DTUcwOHNMaXNLWi8rVDNkRGNadnRKQT09&amp;source=gmail&amp;ust=1667038147493000&amp;usg=AOvVaw3Ur1_GI0hxpp8BHS8MAtn3\">https:\/\/us06web.zoom.us\/j\/<wbr \/>85777767728?pwd=<wbr \/>TUcwOHNMaXNLWi8rVDNkRGNadnRKQT<wbr \/>09<\/a><\/p>\n<p><strong>Poveznica 3: subota (5. studenog):<\/strong><\/p>\n<p><a href=\"https:\/\/us06web.zoom.us\/j\/89142152941?pwd=aVpXdnFyc3F5Y3RhT2NBMmx3ZWdqdz09\" target=\"_blank\" rel=\"noopener\" data-saferedirecturl=\"https:\/\/www.google.com\/url?q=https:\/\/us06web.zoom.us\/j\/89142152941?pwd%3DaVpXdnFyc3F5Y3RhT2NBMmx3ZWdqdz09&amp;source=gmail&amp;ust=1667038147493000&amp;usg=AOvVaw03ehSdAhEgDaFlYL9bX-Vq\">https:\/\/us06web.zoom.us\/j\/<wbr \/>89142152941?pwd=<wbr \/>aVpXdnFyc3F5Y3RhT2NBMmx3ZWdqdz<wbr \/>09<\/a>.<\/p>\n<p data-wahfont=\"16\" data-wahpro-txt-style=\"text-align: justify; font-size: 16px;\">Na na\u0161em drugom kongresu sudjelovat \u0107e <strong>pedeset i osam sudionika iz \u0161est zemalja<\/strong> (Bosna i Hercegovina, Hrvatska, Kanada,\u00a0 Kina, Njema\u010dka i Sjedinjene Ameri\u010dke Dr\u017eave), me\u0111u kojima su istra\u017eiva\u010di, poslijedoktorandi, prakti\u010dari i studenti iz raznih podru\u010dja znanosti i umjetnosti. Izlaganja \u0107e biti odr\u017eana na <strong>dvama slu\u017ebenim jezicima<\/strong>\u00a0kongresa:\u00a0<strong>hrvatskom i engleskom<\/strong>. Kao popratni materijal otisnuta je\u00a0<strong>knji\u017eica sa\u017eetaka<\/strong>, koja je objavljena i u\u00a0<em>online\u00a0<\/em>obliku.<\/p>\n<p data-wahfont=\"16\" data-wahpro-txt-style=\"text-align: justify; font-size: 16px;\"><strong>Program<\/strong> kongresa mo\u017eete preuzeti ovdje: <a title=\"INTER_CON 2022 - program\" href=\"https:\/\/www.ffos.unios.hr\/wp-content\/uploads\/2022\/10\/INTERCON-2022-program.pdf\"><strong>INTERCON 2022 program<\/strong><\/a>. <strong>Cjelokupnu publikaciju<\/strong> kongresa mo\u017eete preuzeti ovdje: <a href=\"https:\/\/www.ffos.unios.hr\/wp-content\/uploads\/2022\/10\/INTERCON-2022-knjizica-sazetaka-web.pdf\"><strong>INTERCON 2022 &#8211; knji\u017eica sa\u017eetaka<\/strong><\/a><strong>.<\/strong><\/p>\n<p>&nbsp;<\/p>\n<hr \/>\n<p data-wahfont=\"16\" data-wahpro-txt-style=\"text-align: justify; font-size: 16px;\"><img decoding=\"async\" class=\"size-large wp-image-45033 aligncenter\" src=\"https:\/\/www.ffos.unios.hr\/wp-content\/uploads\/2022\/10\/scientific-inter_view-Rafolt-plakat-1366x1536-1-911x1024.png\" alt=\"\" width=\"911\" height=\"1024\" srcset=\"https:\/\/www.ffos.unios.hr\/wp-content\/uploads\/2022\/10\/scientific-inter_view-Rafolt-plakat-1366x1536-1-911x1024.png 911w, https:\/\/www.ffos.unios.hr\/wp-content\/uploads\/2022\/10\/scientific-inter_view-Rafolt-plakat-1366x1536-1-267x300.png 267w, https:\/\/www.ffos.unios.hr\/wp-content\/uploads\/2022\/10\/scientific-inter_view-Rafolt-plakat-1366x1536-1-768x864.png 768w, https:\/\/www.ffos.unios.hr\/wp-content\/uploads\/2022\/10\/scientific-inter_view-Rafolt-plakat-1366x1536-1.png 1366w\" sizes=\"(max-width: 911px) 100vw, 911px\" \/><\/p>\n<p data-wahfont=\"16\" data-wahpro-txt-style=\"text-align: justify; font-size: 16px;\">Pozivamo vas na sudjelovanje na\u00a0drugom doga\u0111aju\u00a0\u010detvrtog popularnoznanstvenog ciklusa\u00a0<em>scientific inter_view<\/em>\u00a0u organizaciji Centra za interdisciplinarna istra\u017eivanja Filozofskog fakulteta Sveu\u010dili\u0161ta Josipa Jurja Strossmayera u Osijeku, a u okviru projekta popularizacije znanosti FUZ&amp;JA Filozofskog fakulteta Osijek.<\/p>\n<p data-wahfont=\"16\" data-wahpro-txt-style=\"text-align: justify; font-size: 16px;\">Na doga\u0111aju \u0107e gostovati\u00a0<strong>Leo Rafolt<\/strong>\u00a0(Akademija za umjetnost i kulturu\u00a0u Osijeku) koji \u0107e govoriti na temu\u00a0<strong>\u00bbOd izvedbe do emancipacije: interdisciplinarni pristupi tijelu\u00ab<\/strong>.<\/p>\n<p data-wahfont=\"16\" data-wahpro-txt-style=\"text-align: justify; font-size: 16px;\">Doga\u0111aj \u0107e se odr\u017eati\u00a0<strong>2<\/strong><strong>.\u00a0studenog 2022. godine (srijeda)<\/strong>\u00a0s po\u010detkom u\u00a0<strong>17.00 sati<\/strong>\u00a0u\u00a0<strong>Maloj vije\u0107nici FFOS-a\u00a0<\/strong>(dvorana 39).<\/p>\n<p data-wahfont=\"16\" data-wahpro-txt-style=\"text-align: justify; font-size: 16px;\">Doga\u0111aj \u0107e biti mogu\u0107e pratiti u\u017eivo u prostoriji, kao i na mre\u017enoj platformi\u00a0<em>Zoom<\/em>\u00a0putem sljede\u0107e poveznice:\u00a0<a href=\"https:\/\/us06web.zoom.us\/j\/84188549904?pwd=VE1hSERGR2RlVzcrcUVFTGdhS1dmdz09\" target=\"_blank\" rel=\"noopener noreferrer\" data-saferedirecturl=\"https:\/\/www.google.com\/url?q=https:\/\/us06web.zoom.us\/j\/84188549904?pwd%3DVE1hSERGR2RlVzcrcUVFTGdhS1dmdz09&amp;source=gmail&amp;ust=1666804438843000&amp;usg=AOvVaw10LbLl0s9gbqO0aUEmaCJl\" data-wahfont=\"16\" data-wahpro-txt-style=\"font-size: 16px;\">https:\/\/us06web.zoom.us\/j\/<wbr \/>84188549904?pwd=<wbr \/>VE1hSERGR2RlVzcrcUVFTGdhS1dmdz<wbr \/>09<\/a><\/p>\n<p>&nbsp;<\/p>\n<hr \/>\n<p data-wahfont=\"16\" data-wahpro-txt-style=\"text-align: justify; font-size: 16px;\">Pozivamo vas na predavanje i panel raspravu <strong><em>Role of intellectuals\u00a0at the time of international\u00a0conflicts \u2013 marking the\u00a0100th anniversary of the\u00a0awarding of the Nobel Peace Prize to Fridtjof Nansen<\/em><\/strong>, koja \u0107e se odr\u017eati u\u00a0<u>\u010detvrtak, 6. listopada u 18:00 sati u Maloj vije\u0107nici Filozofskog fakulteta Osijek, dvorana 39<\/u>\u00a0(Lorenza J\u00e4gera 9, Osijek). Predavanje organiziraju\u00a0Centar za interdisciplinarna istra\u017eivanja Filozofskog fakulteta Osijek i Nansen dijalog centar Osijek.<\/p>\n<p data-wahfont=\"16\" data-wahpro-txt-style=\"text-align: justify; font-size: 16px;\">Doga\u0111aj \u0107e imati dva dijela. U prvom \u0107e biti odr\u017eana dva predavanja: biografsko predavanje o Fridtjofu Nansenu, s posebnim naglaskom na njegov mirovni i humanitarni rad, koje \u0107e\u00a0odr\u017eati\u00a0<strong>Unn Irene Aasdalen<\/strong>, profesorica me\u0111unarodne politike i povijesti umjetnosti na Nansen Akademiji; i predavanje\u00a0<em>Naslje\u0111e Fridtjofa Nansena kroz rad Nansen Akademije danas i doprinos mirovnom radu na zapadnom Balkanu i u<\/em>\u00a0<em>Ukrajini<\/em>, koje \u0107e odr\u017eati prof.\u00a0<strong>Steinar Bryn<\/strong>, biv\u0161i dekan Nansen Akademije i mirovni radnik koji je zadnjih 20 godina aktivno uklju\u010den u zagovaranje dijaloga i u rad na mirovnim procesima i mirovnom obrazovanju, kako na Balkanu tako i u Ukrajini. U drugom dijelu doga\u0111aja odr\u017eat \u0107e se panel rasprava koju \u0107e voditi Nikica Torbica, magistar edukacije povijesti.<\/p>\n<p data-wahfont=\"16\" data-wahpro-txt-style=\"text-align: justify; font-size: 16px;\">Predavanja se odr\u017eavaju povodom obilje\u017eavanja 100-te obljetnice dodjele Nobelove nagrade za mir Fridtjofu Nansenu, koju je zaslu\u017eio izradom prve putovnice za izbjeglice.<\/p>\n<p>&nbsp;<\/p>\n<p><img decoding=\"async\" class=\"size-large wp-image-42717 aligncenter\" src=\"https:\/\/www.ffos.unios.hr\/wp-content\/uploads\/2022\/10\/Plakat-Nansen-akademija-1187x1536-1-791x1024.png\" alt=\"\" width=\"791\" height=\"1024\" srcset=\"https:\/\/www.ffos.unios.hr\/wp-content\/uploads\/2022\/10\/Plakat-Nansen-akademija-1187x1536-1-791x1024.png 791w, https:\/\/www.ffos.unios.hr\/wp-content\/uploads\/2022\/10\/Plakat-Nansen-akademija-1187x1536-1-232x300.png 232w, https:\/\/www.ffos.unios.hr\/wp-content\/uploads\/2022\/10\/Plakat-Nansen-akademija-1187x1536-1-768x994.png 768w, https:\/\/www.ffos.unios.hr\/wp-content\/uploads\/2022\/10\/Plakat-Nansen-akademija-1187x1536-1.png 1187w\" sizes=\"(max-width: 791px) 100vw, 791px\" \/><\/p>\n<p>&nbsp;<\/p>\n<hr \/>\n<p>&nbsp;<\/p>\n<p style=\"text-align: justify;\">Izv. prof. dr. sc. Davor Bali\u0107 (zamjenik predsjednika Povjerenstva Centra) i dr. sc. Demian Papo (\u010dlan Povjerenstva Centra) objavili su izvorni znanstveni rad na temu Krle\u017eina interdisciplinarnog pristupa sagledavanju lika i djela njema\u010dkog filozofa Immanuela Kanta, i to u \u010dasopisu <i>Prilozi za istra\u017eivanje hrvatske filozofske ba\u0161tine <\/i>48\/1 (2022). Njihov je rad rezultat provedbe istra\u017eivanja u sklopu jednogodi\u0161njeg istra\u017eiva\u010dkog plana Centra:\u00a0<em>Prosudbe hrvatskih znanstvenika iz dru\u0161tvenih i humanisti\u010dkih podru\u010dja znanosti o interdisciplinarnosti<\/em>.<\/p>\n<p>\u010clanak je dostupan u otvorenom pristupu na sljede\u0107oj poveznici: <a href=\"https:\/\/hrcak.srce.hr\/284057\" rel=\"noopener\">https:\/\/hrcak.srce.hr\/284057<\/a>.<\/p>\n<p><img decoding=\"async\" class=\"size-full wp-image-42680 aligncenter\" src=\"https:\/\/www.ffos.unios.hr\/wp-content\/uploads\/2022\/10\/Untitled.jpg\" alt=\"\" width=\"713\" height=\"873\" srcset=\"https:\/\/www.ffos.unios.hr\/wp-content\/uploads\/2022\/10\/Untitled.jpg 713w, https:\/\/www.ffos.unios.hr\/wp-content\/uploads\/2022\/10\/Untitled-245x300.jpg 245w\" sizes=\"(max-width: 713px) 100vw, 713px\" \/><\/p>\n<p>&nbsp;<\/p>\n<p>&nbsp;<\/p>\n<hr \/>\n<p><img decoding=\"async\" class=\"size-large wp-image-42448 aligncenter\" src=\"https:\/\/www.ffos.unios.hr\/wp-content\/uploads\/2022\/10\/scientific-MLADENOVSKA-TESIJA-911x1024.png\" alt=\"\" width=\"911\" height=\"1024\" srcset=\"https:\/\/www.ffos.unios.hr\/wp-content\/uploads\/2022\/10\/scientific-MLADENOVSKA-TESIJA-911x1024.png 911w, https:\/\/www.ffos.unios.hr\/wp-content\/uploads\/2022\/10\/scientific-MLADENOVSKA-TESIJA-267x300.png 267w, https:\/\/www.ffos.unios.hr\/wp-content\/uploads\/2022\/10\/scientific-MLADENOVSKA-TESIJA-768x863.png 768w, https:\/\/www.ffos.unios.hr\/wp-content\/uploads\/2022\/10\/scientific-MLADENOVSKA-TESIJA-1367x1536.png 1367w, https:\/\/www.ffos.unios.hr\/wp-content\/uploads\/2022\/10\/scientific-MLADENOVSKA-TESIJA.png 1669w\" sizes=\"(max-width: 911px) 100vw, 911px\" \/><\/p>\n<p data-wahfont=\"16\" data-wahpro-txt-style=\"text-align: justify; font-size: 16px;\">Pozivamo vas na sudjelovanje na\u00a0prvom doga\u0111aju\u00a0\u010detvrtog popularnoznanstvenog ciklusa\u00a0<em>scientific inter_view<\/em>\u00a0u organizaciji Centra za interdisciplinarna istra\u017eivanja Filozofskog fakulteta Sveu\u010dili\u0161ta Josipa Jurja Strossmayera u Osijeku, a u okviru projekta popularizacije znanosti FUZ&amp;JA Filozofskog fakulteta Osijek.<\/p>\n<p data-wahfont=\"16\" data-wahpro-txt-style=\"text-align: justify; font-size: 16px;\">Na doga\u0111aju \u0107e gostovati\u00a0<strong>Julijana Mladenovska-Te\u0161ija<\/strong>\u00a0(Visoko evan\u0111eosko teolo\u0161ko u\u010dili\u0161te u Osijeku) koja \u0107e govoriti na temu\u00a0<strong>\u00bbTijelo-nasilje-sje\u0107anje: interdisciplinaran pristup\u00ab<\/strong>.<\/p>\n<p data-wahfont=\"16\" data-wahpro-txt-style=\"text-align: justify; font-size: 16px;\">Doga\u0111aj \u0107e se odr\u017eati\u00a0<strong>4.\u00a0listopada 2022. godine (utorak)<\/strong>\u00a0s po\u010detkom u\u00a0<strong>17.00 sati<\/strong>\u00a0u\u00a0<strong>Maloj vije\u0107nici FFOS-a\u00a0<\/strong>(dvorana 39).<\/p>\n<p data-wahfont=\"16\" data-wahpro-txt-style=\"text-align: justify; font-size: 16px;\">Doga\u0111aj \u0107e biti mogu\u0107e pratiti u\u017eivo u prostoriji, kao i na mre\u017enoj platformi\u00a0<em>Zoom<\/em>\u00a0putem sljede\u0107e poveznice:\u00a0<a href=\"https:\/\/us06web.zoom.us\/j\/82547176792?pwd=ZGMvMnlFSWVoSUNsaVYxamRKT2pKdz09\" target=\"_blank\" rel=\"noopener noreferrer\" data-saferedirecturl=\"https:\/\/www.google.com\/url?q=https:\/\/us06web.zoom.us\/j\/82547176792?pwd%3DZGMvMnlFSWVoSUNsaVYxamRKT2pKdz09&amp;source=gmail&amp;ust=1664640822226000&amp;usg=AOvVaw1m_Qu9gFHVnwZgMFD6r-_z\" data-wahfont=\"16\" data-wahpro-txt-style=\"font-size: 16px;\">https:\/\/us06web.<wbr \/>zoom.us\/j\/82547176792?pwd=ZGMv<wbr \/>MnlFSWVoSUNsaVYxamRKT2pKdz09<\/a><\/p>\n<hr \/>\n<p>&nbsp;<\/p>\n<p><img decoding=\"async\" class=\"wp-image-37798 size-large aligncenter\" src=\"https:\/\/www.ffos.unios.hr\/wp-content\/uploads\/2022\/08\/Plakat-na-hrvatskom-jeziku_page-0001-725x1024.jpg\" alt=\"\" width=\"725\" height=\"1024\" srcset=\"https:\/\/www.ffos.unios.hr\/wp-content\/uploads\/2022\/08\/Plakat-na-hrvatskom-jeziku_page-0001-725x1024.jpg 725w, https:\/\/www.ffos.unios.hr\/wp-content\/uploads\/2022\/08\/Plakat-na-hrvatskom-jeziku_page-0001-212x300.jpg 212w, https:\/\/www.ffos.unios.hr\/wp-content\/uploads\/2022\/08\/Plakat-na-hrvatskom-jeziku_page-0001-768x1085.jpg 768w, https:\/\/www.ffos.unios.hr\/wp-content\/uploads\/2022\/08\/Plakat-na-hrvatskom-jeziku_page-0001-1087x1536.jpg 1087w, https:\/\/www.ffos.unios.hr\/wp-content\/uploads\/2022\/08\/Plakat-na-hrvatskom-jeziku_page-0001.jpg 1241w\" sizes=\"(max-width: 725px) 100vw, 725px\" \/><\/p>\n<p><span style=\"font-weight: 400;\">Centar za interdisciplinarna istra\u017eivanja Filozofskog fakulteta Osijek poziva Vas na <\/span><b><i>Me\u0111unarodni interdisciplinarni<\/i><\/b> <b><i>2. Kongres Centra za interdisciplinarna istra\u017eivanja Filozofskog fakulteta Osijek: \u00bbIzazovi obrazovanja\u00ab<\/i><\/b><span style=\"font-weight: 400;\">.<\/span><\/p>\n<p><span style=\"font-weight: 400;\">Na kongres su pozvani sudjelovati stru\u010dnjaci (teoreti\u010dari i\/ili prakti\u010dari) koji potje\u010du iz svih podru\u010dja znanosti i umjetnosti. Uz to, na kongresu mogu sudjelovati i studenti svih razina studija, a za koje \u0107e biti organizirane zasebne sekcije.<\/span><\/p>\n<p><span style=\"font-weight: 400;\">Kongres \u0107e se odr\u017eati <\/span><b>3., 4. i 5. studenog 2022. godine<\/b><span style=\"font-weight: 400;\"> u <\/span><b>hibridnom obliku<\/b><span style=\"font-weight: 400;\">: u Maloj vije\u0107nici Filozofskog fakulteta (dvorana broj 39) i <\/span><i><span style=\"font-weight: 400;\">online<\/span><\/i><span style=\"font-weight: 400;\"> putem platforme <\/span><i><span style=\"font-weight: 400;\">Zoom<\/span><\/i><span style=\"font-weight: 400;\">. Rok za slanje sa\u017eetka je <\/span><b>do 23. rujna 2022. godine<\/b><span style=\"font-weight: 400;\">. Slu\u017ebeni su jezici kongresa hrvatski i engleski.<\/span><\/p>\n<p><span style=\"font-weight: 400;\">Ina\u010dicu poziva na hrvatskom jeziku mo\u017eete preuzeti <strong><a href=\"https:\/\/www.ffos.unios.hr\/wp-content\/uploads\/2022\/08\/Drugi-poziv-za-sudjelovanje-hrvatski.pdf\">ovdje<\/a><\/strong><\/span><span style=\"font-weight: 400;\">, a obrazac za prijavu <strong><a href=\"https:\/\/www.ffos.unios.hr\/wp-content\/uploads\/2022\/08\/Obrazac-za-prijavu-drugi-poziv-2.doc\">ovdje<\/a><\/strong><\/span><span style=\"font-weight: 400;\">.<\/span><\/p>\n<p>&nbsp;<\/p>\n<p><span style=\"font-weight: 400;\">Programsko-organizacijski odbor:<\/span><\/p>\n<p><span style=\"font-weight: 400;\">Zlatko Mili\u0161a (predsjednik), Davor Bali\u0107 (potpredsjednik), Sergej Filipovi\u0107, Igor Josipovi\u0107, Juraj Jurlina, Demian Papo, Hrvoje Potlimbrzovi\u0107 i Nemanja Spasenovski.<\/span><\/p>\n<p>&nbsp;<\/p>\n<p><img decoding=\"async\" class=\"wp-image-37804 size-large aligncenter\" src=\"https:\/\/www.ffos.unios.hr\/wp-content\/uploads\/2022\/08\/Plakat-na-engleskom-jeziku_page-0001-725x1024.jpg\" alt=\"\" width=\"725\" height=\"1024\" srcset=\"https:\/\/www.ffos.unios.hr\/wp-content\/uploads\/2022\/08\/Plakat-na-engleskom-jeziku_page-0001-725x1024.jpg 725w, https:\/\/www.ffos.unios.hr\/wp-content\/uploads\/2022\/08\/Plakat-na-engleskom-jeziku_page-0001-212x300.jpg 212w, https:\/\/www.ffos.unios.hr\/wp-content\/uploads\/2022\/08\/Plakat-na-engleskom-jeziku_page-0001-768x1085.jpg 768w, https:\/\/www.ffos.unios.hr\/wp-content\/uploads\/2022\/08\/Plakat-na-engleskom-jeziku_page-0001-1087x1536.jpg 1087w, https:\/\/www.ffos.unios.hr\/wp-content\/uploads\/2022\/08\/Plakat-na-engleskom-jeziku_page-0001.jpg 1241w\" sizes=\"(max-width: 725px) 100vw, 725px\" \/><\/p>\n<p>&nbsp;<\/p>\n<p><span style=\"font-weight: 400;\">Centre for Interdisciplinary Research of the Faculty of Humanities and Social Sciences in Osijek invites you to the <\/span><b><i>International Interdisciplinary<\/i><\/b> <b><i>2nd Congress of the Centre for Interdisciplinary Research of the Faculty of Humanities and Social Sciences in Osijek: \u201cChallenges of Education\u201d<\/i><\/b><span style=\"font-weight: 400;\">.<\/span><\/p>\n<p><span style=\"font-weight: 400;\">Experts (both theoreticians and practicians) from all fields of science and arts are welcome to participate in the Congress. Additionally, students of all levels of study can participate in the Congress, and they will have separate sections organized for them.<\/span><\/p>\n<p><span style=\"font-weight: 400;\">The Congress will take place on <\/span><b>3, 4 and 5 November 2022<\/b><span style=\"font-weight: 400;\"> in <\/span><b>a hybrid form<\/b><span style=\"font-weight: 400;\">: in the Small Conference Hall of the Faculty of Humanities and Social Sciences (hall number 39) and <\/span><i><span style=\"font-weight: 400;\">online <\/span><\/i><span style=\"font-weight: 400;\">via <\/span><i><span style=\"font-weight: 400;\">Zoom <\/span><\/i><span style=\"font-weight: 400;\">platform. The deadline for submitting abstracts is <\/span><b>10 August 2022<\/b><span style=\"font-weight: 400;\">. The official languages of the Congress are Croatian and English.<\/span><\/p>\n<p><span style=\"font-weight: 400;\">You can download the English version of the call <strong><a href=\"https:\/\/www.ffos.unios.hr\/wp-content\/uploads\/2022\/08\/Drugi-poziv-za-sudjelovanje-engleski-2.pdf\">here<\/a><\/strong><\/span><span style=\"font-weight: 400;\">, and the application form <strong><a href=\"https:\/\/www.ffos.unios.hr\/wp-content\/uploads\/2022\/08\/Application-form-second-call.docx\">here<\/a><\/strong><\/span><b>.<\/b><\/p>\n<p>&nbsp;<\/p>\n<p><span style=\"font-weight: 400;\">Programme-organization Committee:<\/span><\/p>\n<p><span style=\"font-weight: 400;\">Zlatko Mili\u0161a (President), Davor Bali\u0107 (Vice President), Sergej Filipovi\u0107, Igor Josipovi\u0107, Juraj Jurlina, Demian Papo, Hrvoje Potlimbrzovi\u0107 and Nemanja Spasenovski.<\/span><\/p>\n<p>&nbsp;<\/p>\n<hr \/>\n<p>&nbsp;<\/p>\n<p><img decoding=\"async\" class=\"aligncenter wp-image-36248 size-large\" src=\"https:\/\/www.ffos.unios.hr\/wp-content\/uploads\/2022\/06\/Plakat-na-hrvatskom_page-0001-725x1024.jpg\" alt=\"\" width=\"725\" height=\"1024\" srcset=\"https:\/\/www.ffos.unios.hr\/wp-content\/uploads\/2022\/06\/Plakat-na-hrvatskom_page-0001-725x1024.jpg 725w, https:\/\/www.ffos.unios.hr\/wp-content\/uploads\/2022\/06\/Plakat-na-hrvatskom_page-0001-212x300.jpg 212w, https:\/\/www.ffos.unios.hr\/wp-content\/uploads\/2022\/06\/Plakat-na-hrvatskom_page-0001-768x1085.jpg 768w, https:\/\/www.ffos.unios.hr\/wp-content\/uploads\/2022\/06\/Plakat-na-hrvatskom_page-0001-1087x1536.jpg 1087w, https:\/\/www.ffos.unios.hr\/wp-content\/uploads\/2022\/06\/Plakat-na-hrvatskom_page-0001.jpg 1241w\" sizes=\"(max-width: 725px) 100vw, 725px\" \/><\/p>\n<p><span style=\"font-weight: 400;\">Centar za interdisciplinarna istra\u017eivanja Filozofskog fakulteta Osijek poziva Vas na <\/span><b><i>Me\u0111unarodni interdisciplinarni<\/i><\/b> <b><i>2. Kongres Centra za interdisciplinarna istra\u017eivanja Filozofskog fakulteta Osijek: \u00bbIzazovi obrazovanja\u00ab<\/i><\/b><span style=\"font-weight: 400;\">.<\/span><\/p>\n<p><span style=\"font-weight: 400;\">Na kongres su pozvani sudjelovati stru\u010dnjaci (teoreti\u010dari i\/ili prakti\u010dari) koji potje\u010du iz svih podru\u010dja znanosti i umjetnosti. Uz to, na kongresu mogu sudjelovati i studenti svih razina studija, a za koje \u0107e biti organizirane zasebne sekcije.<\/span><\/p>\n<p><span style=\"font-weight: 400;\">Kongres \u0107e se odr\u017eati <\/span><b>3., 4. i 5. studenog 2022. godine<\/b><span style=\"font-weight: 400;\"> u <\/span><b>hibridnom obliku<\/b><span style=\"font-weight: 400;\">: u Maloj vije\u0107nici Filozofskog fakulteta (dvorana broj 39) i <\/span><i><span style=\"font-weight: 400;\">online<\/span><\/i><span style=\"font-weight: 400;\"> putem platforme <\/span><i><span style=\"font-weight: 400;\">Zoom<\/span><\/i><span style=\"font-weight: 400;\">. Rok za slanje sa\u017eetka je <\/span><b>do 10. kolovoza 2022. godine<\/b><span style=\"font-weight: 400;\">. Slu\u017ebeni su jezici kongresa hrvatski i engleski.<\/span><\/p>\n<p><span style=\"font-weight: 400;\">Ina\u010dicu poziva na hrvatskom jeziku mo\u017eete preuzeti <\/span><strong><a href=\"https:\/\/www.ffos.unios.hr\/wp-content\/uploads\/2022\/06\/Inacica-poziva-na-hrvatskom.pdf\">ovdje<\/a><\/strong><span style=\"font-weight: 400;\">, a obrazac za prijavu <\/span><b><a href=\"https:\/\/www.ffos.unios.hr\/wp-content\/uploads\/2022\/06\/Obrazac-za-prijavu.docx\">ovdje<\/a><\/b><span style=\"font-weight: 400;\">.<\/span><\/p>\n<p>&nbsp;<\/p>\n<p><span style=\"font-weight: 400;\">Programsko-organizacijski odbor:<\/span><\/p>\n<p><span style=\"font-weight: 400;\">Zlatko Mili\u0161a (predsjednik), Davor Bali\u0107 (potpredsjednik), Sergej Filipovi\u0107, Igor Josipovi\u0107, Juraj Jurlina, Demian Papo, Hrvoje Potlimbrzovi\u0107 i Nemanja Spasenovski.<\/span><\/p>\n<p>&nbsp;<\/p>\n<p><img decoding=\"async\" class=\"size-large wp-image-36268 aligncenter\" src=\"https:\/\/www.ffos.unios.hr\/wp-content\/uploads\/2022\/06\/Plakat-na-engleskom_page-0001-725x1024.jpg\" alt=\"\" width=\"725\" height=\"1024\" srcset=\"https:\/\/www.ffos.unios.hr\/wp-content\/uploads\/2022\/06\/Plakat-na-engleskom_page-0001-725x1024.jpg 725w, https:\/\/www.ffos.unios.hr\/wp-content\/uploads\/2022\/06\/Plakat-na-engleskom_page-0001-212x300.jpg 212w, https:\/\/www.ffos.unios.hr\/wp-content\/uploads\/2022\/06\/Plakat-na-engleskom_page-0001-768x1085.jpg 768w, https:\/\/www.ffos.unios.hr\/wp-content\/uploads\/2022\/06\/Plakat-na-engleskom_page-0001-1087x1536.jpg 1087w, https:\/\/www.ffos.unios.hr\/wp-content\/uploads\/2022\/06\/Plakat-na-engleskom_page-0001.jpg 1241w\" sizes=\"(max-width: 725px) 100vw, 725px\" \/><\/p>\n<p>&nbsp;<\/p>\n<p><span style=\"font-weight: 400;\">Centre for Interdisciplinary Research of the Faculty of Humanities and Social Sciences in Osijek invites you to the <\/span><b><i>International Interdisciplinary<\/i><\/b> <b><i>2nd Congress of the Centre for Interdisciplinary Research of the Faculty of Humanities and Social Sciences in Osijek: \u201cChallenges of Education\u201d<\/i><\/b><span style=\"font-weight: 400;\">.<\/span><\/p>\n<p><span style=\"font-weight: 400;\">Experts (both theoreticians and practicians) from all fields of science and arts are welcome to participate in the Congress. Additionally, students of all levels of study can participate in the Congress, and they will have separate sections organized for them.<\/span><\/p>\n<p><span style=\"font-weight: 400;\">The Congress will take place on <\/span><b>3, 4 and 5 November 2022<\/b><span style=\"font-weight: 400;\"> in <\/span><b>a hybrid form<\/b><span style=\"font-weight: 400;\">: in the Small Conference Hall of the Faculty of Humanities and Social Sciences (hall number 39) and <\/span><i><span style=\"font-weight: 400;\">online <\/span><\/i><span style=\"font-weight: 400;\">via <\/span><i><span style=\"font-weight: 400;\">Zoom <\/span><\/i><span style=\"font-weight: 400;\">platform. The deadline for submitting abstracts is <\/span><b>10 August 2022<\/b><span style=\"font-weight: 400;\">. The official languages of the Congress are Croatian and English.<\/span><\/p>\n<p><span style=\"font-weight: 400;\">You can download the English version of the call <a href=\"https:\/\/www.ffos.unios.hr\/wp-content\/uploads\/2022\/06\/Inacica-poziva-na-engleskom.pdf\"><strong>here<\/strong><\/a><\/span><span style=\"font-weight: 400;\">, and the application form <strong><a href=\"https:\/\/www.ffos.unios.hr\/wp-content\/uploads\/2022\/06\/Application-form-1.docx\">here<\/a><\/strong><\/span><b>.<\/b><\/p>\n<p>&nbsp;<\/p>\n<p><span style=\"font-weight: 400;\">Programme-organization Committee:<\/span><\/p>\n<p><span style=\"font-weight: 400;\">Zlatko Mili\u0161a (President), Davor Bali\u0107 (Vice President), Sergej Filipovi\u0107, Igor Josipovi\u0107, Juraj Jurlina, Demian Papo, Hrvoje Potlimbrzovi\u0107 and Nemanja Spasenovski.<\/span><\/p>\n<p>&nbsp;<\/p>\n<hr \/>\n<p>Objavljen je prvi broj tre\u0107eg godi\u0161ta \u010dasopisa\u00a0<em>Nove teorije<\/em> kojim je slu\u017ebeno zapo\u010dela suradnja izme\u0111u Akademije za kulturu i umjetnost i Filozofskog fakulteta Osijek na tom interdisciplinarnom projektu.<\/p>\n<p>Sljede\u0107i \u010dlanovi Povjerenstva na\u0161eg Centra postali su dijelom uredni\u0161tva \u010dasopisa: dr. sc. Demian Papo (zamjenik glavnog urednika); dr. sc. Hrvoje Potlimbrzovi\u0107 i Juraj Jurlina (\u010dlanovi uredni\u0161tva).<\/p>\n<p>Cjelokupan sadr\u017eaj novog broja\u00a0<em>Novih teorija<\/em> dostupan je na sljede\u0107oj poveznici: <strong><a href=\"https:\/\/hrcak.srce.hr\/broj\/21806\" rel=\"noopener\">https:\/\/hrcak.srce.hr\/broj\/21806<\/a><\/strong>.<\/p>\n<p>&nbsp;<\/p>\n<p><img decoding=\"async\" class=\"size-full wp-image-36027 aligncenter\" src=\"https:\/\/www.ffos.unios.hr\/wp-content\/uploads\/2022\/06\/Untitled-2-rotated.jpg\" alt=\"\" width=\"571\" height=\"858\" srcset=\"https:\/\/www.ffos.unios.hr\/wp-content\/uploads\/2022\/06\/Untitled-2-rotated.jpg 571w, https:\/\/www.ffos.unios.hr\/wp-content\/uploads\/2022\/06\/Untitled-2-200x300.jpg 200w\" sizes=\"(max-width: 571px) 100vw, 571px\" \/><\/p>\n<hr \/>\n<p>Juraj Jurlina, dr. sc. Demian Papo i dr. sc. Hrvoje Potlimbrzovi\u0107, \u010dlanovi Povjerenstva na\u0161eg Centra, objavili su izvorni znanstveni rad u \u010dasopisu\u00a0<em>Metodi\u010dki ogledi: \u010dasopis za filozofiju odgoja<\/em> 29\/1 (2022).<\/p>\n<p>\u010clanak je dostupan u otvorenom pristupu na sljede\u0107oj poveznici: <a href=\"https:\/\/hrcak.srce.hr\/clanak\/404871\" rel=\"noopener\">https:\/\/hrcak.srce.hr\/clanak\/404871<\/a>.<\/p>\n<p><img decoding=\"async\" class=\"size-full wp-image-35974 aligncenter\" src=\"https:\/\/www.ffos.unios.hr\/wp-content\/uploads\/2022\/06\/Untitled-1.jpg\" alt=\"\" width=\"656\" height=\"836\" srcset=\"https:\/\/www.ffos.unios.hr\/wp-content\/uploads\/2022\/06\/Untitled-1.jpg 656w, https:\/\/www.ffos.unios.hr\/wp-content\/uploads\/2022\/06\/Untitled-1-235x300.jpg 235w\" sizes=\"(max-width: 656px) 100vw, 656px\" \/><\/p>\n<hr \/>\n<p>&nbsp;<\/p>\n<p><img decoding=\"async\" class=\"size-large wp-image-33948 aligncenter\" src=\"https:\/\/www.ffos.unios.hr\/wp-content\/uploads\/2022\/05\/scientific-vol3_.S\u030ctulhofer-01-910x1024.png\" alt=\"\" width=\"910\" height=\"1024\" srcset=\"https:\/\/www.ffos.unios.hr\/wp-content\/uploads\/2022\/05\/scientific-vol3_.S\u030ctulhofer-01-910x1024.png 910w, https:\/\/www.ffos.unios.hr\/wp-content\/uploads\/2022\/05\/scientific-vol3_.S\u030ctulhofer-01-267x300.png 267w, https:\/\/www.ffos.unios.hr\/wp-content\/uploads\/2022\/05\/scientific-vol3_.S\u030ctulhofer-01-768x864.png 768w, https:\/\/www.ffos.unios.hr\/wp-content\/uploads\/2022\/05\/scientific-vol3_.S\u030ctulhofer-01-1366x1536.png 1366w, https:\/\/www.ffos.unios.hr\/wp-content\/uploads\/2022\/05\/scientific-vol3_.S\u030ctulhofer-01.png 1667w\" sizes=\"(max-width: 910px) 100vw, 910px\" \/><\/p>\n<div>\n<p data-wahfont=\"16\" data-wahpro-txt-style=\"text-align: justify; font-size: 16px;\">Pozivamo vas na sudjelovanje na \u010detvrtom i posljednjem doga\u0111aju tre\u0107eg popularnoznanstvenog ciklusa <strong><em>scientific inter_view<\/em><\/strong>\u00a0u organizaciji Centra za interdisciplinarna istra\u017eivanja Filozofskog fakulteta Sveu\u010dili\u0161ta Josipa Jurja Strossmayera u Osijeku, a u okviru projekta popularizacije znanosti <strong>FUZ&amp;JA<\/strong> Filozofskog fakulteta Osijek. Doga\u0111aj je organiziran u suradnji s <strong>Hrvatskim sociolo\u0161kim dru\u0161tvom<\/strong>.<\/p>\n<p data-wahfont=\"16\" data-wahpro-txt-style=\"text-align: justify; font-size: 16px;\"><span style=\"font-family: times new roman, serif; font-size: large;\">Na doga\u0111aju \u0107e gostovati\u00a0<b>prof. dr. sc. Aleksandar \u0160tulhofer (FFZG)<\/b> koji \u0107e govoriti na temu <b>\u00bbInterdisciplinarnost u sociologiji na primjeru istra\u017eivanja seksualnosti\u00ab<\/b>.<\/span><\/p>\n<p data-wahfont=\"16\" data-wahpro-txt-style=\"text-align: justify; font-size: 16px;\"><span style=\"font-family: times new roman, serif; font-size: large;\">Doga\u0111aj \u0107e se odr\u017eati <strong>2. lipnja 2022. godine (\u010detvrtak) s po\u010detkom u 14.00 sati u prostoriji 39 FFOS-a<\/strong>.<\/span><br \/>\n<span style=\"font-family: times new roman, serif; font-size: large;\">Doga\u0111aj \u0107e biti mogu\u0107e pratiti u\u017eivo u prostoriji, uz pridr\u017eavanje va\u017ee\u0107ih epidemiolo\u0161kih mjera, kao i putem\u00a0<b>YouTube kanala Centra za interdisciplinarna istra\u017eivanja Filozofskog fakulteta Osijek<\/b>.<\/span><\/p>\n<hr \/>\n<p data-wahfont=\"16\" data-wahpro-txt-style=\"text-align: justify; font-size: 16px;\">U petak, 27. svibnja 2022. godine, odr\u017eana je <strong>terenska nastava u sklopu kolegija <em>Medijska pedagogija<\/em><\/strong>. Tijekom cjelodnevnoga posjeta Beogradu studenti I. godine diplomskoga studija Pedagogije pod vodstvom <strong>prof. dr. sc. Zlatka Mili\u0161e<\/strong> i predmetnog asistenta <strong>Nemanje Spasenovskog<\/strong> posjetili su uva\u017eenog umirovljenog sociologa i filozofa <strong>prof. dr. sc. \u0110uru \u0160u\u0161nji\u0107a<\/strong>.<\/p>\n<\/div>\n<p>Profesor \u0110uro \u0160u\u0161nji\u0107 ro\u0111en je 2. svibnja 1934. godine u Rudopolju. Gimnaziju je zavr\u0161io u Vinkovcima, a Filozofski fakultet u Zagrebu 1959. godine. Doktorirao je na katedri za sociologiju Filozofskog fakulteta u Beogradu 1965. godine. Od mnogobrojnih odabranih djela izdvajaju se sljede\u0107i naslovi: <em>Ribari ljudskih du\u0161a<\/em> (6 izdanja), <em>Otpori kriti\u010dkom mi\u0161ljenju<\/em> (3 izdanja), <em>Metodologija-kritika nauke<\/em> (3 izdanja), <em>Religija 1, 2<\/em>, <em>Drama razumevanja<\/em>, <em>\u017detva zna\u010denja<\/em> i <em>Sokrat-\u017eivot za istinu<\/em>. Uz navedene knjige, objavio je u doma\u0107im i stranim \u010dasopisima vi\u0161e od 100 znanstvenih i stru\u010dnih \u010dlanaka, ogleda, osvrta, prikaza, kronika, polemika i intervjua. Radovi su mu prevo\u0111eni na nekoliko stranih jezika. Profesor \u0160u\u0161nji\u0107 je radio na Institutu dru\u0161tvenih nauka, kao profesor Univerziteta u Beogradu, Ni\u0161u , Novom Sadu, Zadru i Zagrebu, te je akademsku godinu 1965\/66. proveo je SAD-u kao stipendist Fordove donacije (na University of Columbia u New Yorku).<\/p>\n<p>Profesor \u0160u\u0161nji\u0107 studentima je odr\u017eao <strong>dva predavanja na temu Tamna strana medija i Dijalog kao susret razlika<\/strong>. Nakon predavanja studenti su imali priliku za postavljanje pitanja i razgovor s profesorom. Studenti su se kroz razgovor tako\u0111er imali prilike upoznati s <strong>prof. dr. sc. Zoricom Kuburi\u0107<\/strong>, uva\u017eenom sociologinjom religije, redovitom profesoricom Odsjeka za sociologiju Filozofskog u Novom Sadu, te <strong>prof. dr. sc. \u010cedomirom \u010cupi\u0107em<\/strong>, priznatim politologom i umirovljenim profesorom Fakulteta politi\u010dkih nauka u Beogradu<\/p>\n<p>Predavanja su snimljena te postavljena na Youtube kanal Centra za empirijska istra\u017eivanja religije (CEIR) iz Novog Sada.<\/p>\n<ol>\n<li>Predavanje Mo\u0107 medija<\/li>\n<\/ol>\n<p><a href=\"https:\/\/www.youtube.com\/watch?v=fCvZ0uk-n7k&amp;t=563s\" rel=\"noopener\">https:\/\/www.youtube.com\/watch?v=fCvZ0uk-n7k&amp;t=563s<\/a><\/p>\n<p><a href=\"https:\/\/www.youtube.com\/watch?v=lM7N1O0Yn5U\" rel=\"noopener\">https:\/\/www.youtube.com\/watch?v=lM7N1O0Yn5U<\/a><\/p>\n<ol>\n<li>Predavanje Dijalog kao susret razlika<\/li>\n<\/ol>\n<p><a href=\"https:\/\/www.youtube.com\/watch?v=P4zUnHSjSH8\" rel=\"noopener\">https:\/\/www.youtube.com\/watch?v=P4zUnHSjSH8<\/a><\/p>\n<p><a href=\"https:\/\/www.youtube.com\/watch?v=IJIwYF_Haw8\" rel=\"noopener\">https:\/\/www.youtube.com\/watch?v=IJIwYF_Haw8<\/a><\/p>\n<p>Po zavr\u0161etku oba predavanja, oboga\u0107eni mnogim novim znanjima, studenti su krenuli natrag put Osijeka, a predivno iskustvo s terenske nastave u Beogradu zasigurno \u0107e im ostati u dugom sje\u0107anju.<\/p>\n<p><img decoding=\"async\" class=\"wp-image-34414 aligncenter\" src=\"https:\/\/www.ffos.unios.hr\/wp-content\/uploads\/2022\/06\/IMG-20220528-WA0008-1024x768.jpg\" alt=\"\" width=\"707\" height=\"530\" srcset=\"https:\/\/www.ffos.unios.hr\/wp-content\/uploads\/2022\/06\/IMG-20220528-WA0008-1024x768.jpg 1024w, https:\/\/www.ffos.unios.hr\/wp-content\/uploads\/2022\/06\/IMG-20220528-WA0008-300x225.jpg 300w, https:\/\/www.ffos.unios.hr\/wp-content\/uploads\/2022\/06\/IMG-20220528-WA0008-768x576.jpg 768w, https:\/\/www.ffos.unios.hr\/wp-content\/uploads\/2022\/06\/IMG-20220528-WA0008-1536x1152.jpg 1536w, https:\/\/www.ffos.unios.hr\/wp-content\/uploads\/2022\/06\/IMG-20220528-WA0008.jpg 2000w\" sizes=\"(max-width: 707px) 100vw, 707px\" \/><\/p>\n<p>&nbsp;<\/p>\n<hr \/>\n<p>&nbsp;<\/p>\n<p><img decoding=\"async\" class=\"size-large wp-image-29565 aligncenter\" src=\"https:\/\/www.ffos.unios.hr\/wp-content\/uploads\/2022\/04\/POSTER-ZA-FILM-DGO-2-717x1024.png\" alt=\"\" width=\"717\" height=\"1024\" srcset=\"https:\/\/www.ffos.unios.hr\/wp-content\/uploads\/2022\/04\/POSTER-ZA-FILM-DGO-2-717x1024.png 717w, https:\/\/www.ffos.unios.hr\/wp-content\/uploads\/2022\/04\/POSTER-ZA-FILM-DGO-2-210x300.png 210w, https:\/\/www.ffos.unios.hr\/wp-content\/uploads\/2022\/04\/POSTER-ZA-FILM-DGO-2-768x1097.png 768w, https:\/\/www.ffos.unios.hr\/wp-content\/uploads\/2022\/04\/POSTER-ZA-FILM-DGO-2-1075x1536.png 1075w, https:\/\/www.ffos.unios.hr\/wp-content\/uploads\/2022\/04\/POSTER-ZA-FILM-DGO-2-1433x2048.png 1433w, https:\/\/www.ffos.unios.hr\/wp-content\/uploads\/2022\/04\/POSTER-ZA-FILM-DGO-2.png 1984w\" sizes=\"(max-width: 717px) 100vw, 717px\" \/><\/p>\n<p>&nbsp;<\/p>\n<div class=\"gmail_default\">Pozivamo vas na projekciju filma\u00a0<b>\u00bbDGO\u00ab\u00a0<\/b>povjesni\u010dara<b>\u00a0Hrvoja Petrovi\u0107a<\/b>, koja \u0107e se odr\u017eati u organizaciji Centra za interdisciplinarna istra\u017eivanja Filozofskog fakulteta Sveu\u010dili\u0161ta Josipa Jurja Strossmayera u Osijeku u okviru projekta popularizacije znanosti\u00a0<b>FUZ&amp;JA<\/b>.<\/div>\n<p>Projekcija \u0107e se odr\u017eati\u00a0<b>5. svibnja 2022. godine (\u010detvrtak) s po\u010detkom u 17.00 sati u prostoriji 39 FFOS-a<\/b>.<\/p>\n<p><b>\u00bb&#8230;D.G.O., brate mili, i ni\u0161ta drugo ne postoji&#8230;\u00ab<\/b><\/p>\n<hr \/>\n<p>&nbsp;<\/p>\n<p style=\"text-align: center;\"><strong>Aktivnosti Centra za interdisciplinarna istra\u017eivanja FFOS-a u okviru Tjedna znanosti Filozofskog fakulteta u Osijeku<\/strong><\/p>\n<div class=\"cxmmr5t8 oygrvhab hcukyx3x c1et5uql o9v6fnle ii04i59q\">\n<div dir=\"auto\" style=\"text-align: justify;\"><strong>Ponedjeljak, 7. velja\u010de 2022. godine u 16.00 sati: <\/strong><strong><em>scientific inter_view<\/em> live<\/strong><\/div>\n<div dir=\"auto\"><\/div>\n<\/div>\n<div class=\"cxmmr5t8 oygrvhab hcukyx3x c1et5uql o9v6fnle ii04i59q\" style=\"text-align: justify;\">\n<div dir=\"auto\"><\/div>\n<div dir=\"auto\">Okrugli stol na temu <strong>\u00bbPerspektive dru\u0161tvenih i humanisti\u010dkih znanosti na tr\u017ei\u0161tu rada\u00ab<\/strong>\u00a0odr\u017eat \u0107e se u <strong>Sve\u010danoj dvorani 39<\/strong> (1. kat). O\u010dekivano trajanje je <strong>90 minuta<\/strong>. Voditelj je <strong>Hrvoje Potlimbrzovi\u0107<\/strong> ispred Centra za interdisciplinarna istra\u017eivanja.<\/div>\n<div dir=\"auto\"><\/div>\n<div dir=\"auto\"><\/div>\n<div dir=\"auto\">Gosti su <strong>Marin Sele\u0161<\/strong> (<em>\u010cas posla design &amp; copywrite<\/em> \/ <em>Pu\u010dko otvoreno u\u010dili\u0161te<\/em>) i <strong>Mirna \u0160ostarko<\/strong> (<em>DKolektiv \u2013 organizacija za dru\u0161tveni razvoj<\/em> \/ <em>Hrvatski centar za razvoj volonterstva<\/em>).<\/div>\n<div dir=\"auto\"><\/div>\n<\/div>\n<div class=\"cxmmr5t8 oygrvhab hcukyx3x c1et5uql o9v6fnle ii04i59q\" style=\"text-align: justify;\">\n<div dir=\"auto\"><\/div>\n<div dir=\"auto\">Broj sudionika u prostoriji je ograni\u010den na <strong>20<\/strong>.<\/div>\n<div dir=\"auto\">Besplatnu ulaznicu za doga\u0111anje u zgradi mo\u017eete preuzeti <span style=\"color: #0000ff;\"><a style=\"color: #0000ff;\" href=\"https:\/\/www.eventbrite.com\/e\/scientific-inter-view-live-tickets-260626088647\" rel=\"noopener\">ovdje<\/a><\/span><\/div>\n<\/div>\n<div class=\"cxmmr5t8 oygrvhab hcukyx3x c1et5uql o9v6fnle ii04i59q\">\n<div dir=\"auto\" style=\"text-align: justify;\">Doga\u0111anje je mogu\u0107e pratiti i virtualno putem <span style=\"color: #0000ff;\"><a style=\"color: #0000ff;\" href=\"https:\/\/us06web.zoom.us\/j\/87027111012?pwd=Ry9sRWQ0cHhvZkgrNnZBN3B6N3IwQT09#success\" rel=\"noopener\">Zoom-poveznice<\/a><\/span>.<\/div>\n<\/div>\n<p><img decoding=\"async\" class=\"aligncenter wp-image-19985 size-large\" src=\"https:\/\/www.ffos.unios.hr\/wp-content\/uploads\/2022\/01\/272845067_286223423495813_6018936247008201027_n-910x1024.jpg\" alt=\"\" width=\"910\" height=\"1024\" \/><\/p>\n<div class=\"cxmmr5t8 oygrvhab hcukyx3x c1et5uql o9v6fnle ii04i59q\">\n<div dir=\"auto\"><\/div>\n<div dir=\"auto\"><strong>\u010cetvrtak, 10. velja\u010de 2022. godine u 14.00 sati: <\/strong><strong>Predstavljanje \u010dasopisa <em>Nove teorije<\/em><\/strong><\/div>\n<div dir=\"auto\"><\/div>\n<\/div>\n<div class=\"cxmmr5t8 oygrvhab hcukyx3x c1et5uql o9v6fnle ii04i59q\">\n<div dir=\"auto\"><\/div>\n<div dir=\"auto\" style=\"text-align: justify;\">\u010clanovi Povjerenstva Centra za interdisciplinarna istra\u017eivanja Filozofskog fakulteta Osijek predstavit \u0107e \u010dasopis <em>Nove teorije<\/em> zajedno sa kolegama s Akademije za umjetnost i kulturu. Rije\u010d je o prvom zajedni\u010dkom projektu Centra za interdisciplinarna istra\u017eivanja u umjetnosti i znanosti AUKOS-a te Centra za interdisciplinarna istra\u017eivanja FFOS-a.<\/div>\n<div dir=\"auto\" style=\"text-align: justify;\">Glavni je urednik \u010dasopisa izv. prof. dr. sc. Kre\u0161imir Purgar, a njegovi su zamjenici prof. dr. sc. Leo Rafolt te dr. sc. Demian Papo, dok su kolege Juraj Jurlina i Hrvoje Potlimbrzovi\u0107, me\u0111u ostalima, \u010dlanovi Uredni\u0161tva \u010dasopisa.<\/div>\n<div dir=\"auto\"><\/div>\n<\/div>\n<div class=\"cxmmr5t8 oygrvhab hcukyx3x c1et5uql o9v6fnle ii04i59q\" style=\"text-align: justify;\">\n<div dir=\"auto\"><\/div>\n<div dir=\"auto\">\u010casopis <em>Nove teorije<\/em> objavljuje izvorne znanstvene \u010dlanke iz podru\u010dja znanosti o umjetnosti, tj. iz polja teatrologije i dramatologije, teorije likovnih umjetnosti, filmologije, muzikologije i etnomuzikologije te znanosti o umjetnosti kao op\u0107e problematike. Premda prvenstveno slijedi nomenklaturu znanosti o umjetnosti, \u010dasopis posve\u0107uje pozornost originalnim uvidima iz interdisciplinarnih podru\u010dja umjetnosti i znanosti kao i svim drugim \u010dlancima, neovisno o u\u017eem podru\u010dju ili polju, koji na teorijski relevantne na\u010dine pridonose razumijevanju problematike vizualnih i izvedbenih umjetnosti, muzikologije, kazali\u0161ta, filma te komunikacijskih medija op\u0107enito. <em>Nove teorije<\/em> \u017eele se u idu\u0107em razdoblju profilirati kao najrelevantnije znanstveno glasilo u podru\u010dju znanosti o umjetnosti u Hrvatskoj te kao kompetentan \u010dasopis u isto\u010dnoj i jugoisto\u010dnoj Europi.<\/div>\n<div dir=\"auto\"><\/div>\n<div dir=\"auto\"><\/div>\n<div dir=\"auto\">Predstavljanjem ovog \u010dasopisa \u017eeli se promovirati interdisciplinarnost u znanosti i umjetnosti, kao i intenzivirati suradnja izme\u0111u Filozofskog Fakulteta i Akademije za umjetnost i kulturu.<\/div>\n<\/div>\n<div class=\"cxmmr5t8 oygrvhab hcukyx3x c1et5uql o9v6fnle ii04i59q\" style=\"text-align: justify;\">\n<div dir=\"auto\">\u010casopis \u0107e predstaviti <strong>izv. prof. dr. sc. Kre\u0161imir Purgar, dr. sc. Demian Papo i Hrvoje Potlimbrzovi\u0107<\/strong> u <strong>Sve\u010danoj dvorani 39<\/strong> (1. kat).<\/div>\n<div dir=\"auto\"><\/div>\n<\/div>\n<div class=\"cxmmr5t8 oygrvhab hcukyx3x c1et5uql o9v6fnle ii04i59q\" style=\"text-align: justify;\">\n<div dir=\"auto\"><\/div>\n<div dir=\"auto\">Broj sudionika u prostoriji je ograni\u010den na 25.<br \/>\nBesplatnu ulaznicu za doga\u0111anje u zgradi mo\u017eete preuzeti<span style=\"color: #0000ff;\"> <a style=\"color: #0000ff;\" href=\"https:\/\/www.eventbrite.com\/e\/predstavljanje-casopisa-nove-teorije-tickets-260644343247\" rel=\"noopener\">ovdje<\/a><\/span>.<br \/>\nDoga\u0111anje je mogu\u0107e pratiti i virtualno putem <span style=\"color: #0000ff;\"><a style=\"color: #0000ff;\" href=\"https:\/\/us06web.zoom.us\/j\/83276493643?pwd=VWkxSFhvaU95R05URUlrOHEyV0dldz09#success\" rel=\"noopener\">Zoom poveznice<\/a><\/span>.<\/div>\n<\/div>\n<p><img decoding=\"async\" class=\"aligncenter wp-image-19991 size-large\" src=\"https:\/\/www.ffos.unios.hr\/wp-content\/uploads\/2022\/01\/272259552_286225626828926_3132465712055860346_n-910x1024.jpg\" alt=\"\" width=\"910\" height=\"1024\" srcset=\"https:\/\/www.ffos.unios.hr\/wp-content\/uploads\/2022\/01\/272259552_286225626828926_3132465712055860346_n-910x1024.jpg 910w, https:\/\/www.ffos.unios.hr\/wp-content\/uploads\/2022\/01\/272259552_286225626828926_3132465712055860346_n-267x300.jpg 267w, https:\/\/www.ffos.unios.hr\/wp-content\/uploads\/2022\/01\/272259552_286225626828926_3132465712055860346_n-768x864.jpg 768w, https:\/\/www.ffos.unios.hr\/wp-content\/uploads\/2022\/01\/272259552_286225626828926_3132465712055860346_n-1365x1536.jpg 1365w, https:\/\/www.ffos.unios.hr\/wp-content\/uploads\/2022\/01\/272259552_286225626828926_3132465712055860346_n.jpg 1440w\" sizes=\"(max-width: 910px) 100vw, 910px\" \/><\/p>\n<p>&nbsp;<\/p>\n<p style=\"text-align: justify;\">\n","protected":false},"excerpt":{"rendered":"<p>Zbornik Dru\u0161tvo, znanost i umjetnost u (post)digitalnom dobu S veseljem vas obavje\u0161tavamo da je otisnut zbornik Dru\u0161tvo, znanost i umjetnost u (post)digitalnom dobu Online verziju zbornika mo\u017eete preuzeti ovdje. Centar za interdisciplinarna istra\u017eivanja Filozofskog Fakulteta u Osijeku pozivaju Vas na \u00a0Me\u0111unarodni interdisciplinarni 4. Kongres Centra za interdisciplinarna istra\u017eivanja Filozofskog fakulteta Osijek: \u00bbPerspektive dru\u0161tva, znanosti i [&hellip;]<\/p>\n","protected":false},"author":1,"featured_media":12916,"parent":124949,"menu_order":0,"comment_status":"closed","ping_status":"closed","template":"template-centri.php","meta":{"_acf_changed":false,"footnotes":""},"class_list":["post-124920","page","type-page","status-publish","has-post-thumbnail","hentry"],"acf":[],"_links":{"self":[{"href":"https:\/\/www.ffos.unios.hr\/en\/wp-json\/wp\/v2\/pages\/124920","targetHints":{"allow":["GET"]}}],"collection":[{"href":"https:\/\/www.ffos.unios.hr\/en\/wp-json\/wp\/v2\/pages"}],"about":[{"href":"https:\/\/www.ffos.unios.hr\/en\/wp-json\/wp\/v2\/types\/page"}],"author":[{"embeddable":true,"href":"https:\/\/www.ffos.unios.hr\/en\/wp-json\/wp\/v2\/users\/1"}],"replies":[{"embeddable":true,"href":"https:\/\/www.ffos.unios.hr\/en\/wp-json\/wp\/v2\/comments?post=124920"}],"version-history":[{"count":2,"href":"https:\/\/www.ffos.unios.hr\/en\/wp-json\/wp\/v2\/pages\/124920\/revisions"}],"predecessor-version":[{"id":124922,"href":"https:\/\/www.ffos.unios.hr\/en\/wp-json\/wp\/v2\/pages\/124920\/revisions\/124922"}],"up":[{"embeddable":true,"href":"https:\/\/www.ffos.unios.hr\/en\/wp-json\/wp\/v2\/pages\/124949"}],"wp:featuredmedia":[{"embeddable":true,"href":"https:\/\/www.ffos.unios.hr\/en\/wp-json\/wp\/v2\/media\/12916"}],"wp:attachment":[{"href":"https:\/\/www.ffos.unios.hr\/en\/wp-json\/wp\/v2\/media?parent=124920"}],"curies":[{"name":"wp","href":"https:\/\/api.w.org\/{rel}","templated":true}]}}