{"id":125486,"date":"2026-08-27T14:36:37","date_gmt":"2026-08-27T12:36:37","guid":{"rendered":"https:\/\/www.ffos.unios.hr\/?page_id=125486"},"modified":"2026-08-27T14:36:37","modified_gmt":"2026-08-27T12:36:37","slug":"aesthetics-laboratory-of-the-faculty-of-humanities-and-social-sciences","status":"publish","type":"page","link":"https:\/\/www.ffos.unios.hr\/en\/science-portal\/aesthetics-laboratory-of-the-faculty-of-humanities-and-social-sciences\/","title":{"rendered":"Aesthetics Laboratory of the Faculty of Humanities and Social Sciences"},"content":{"rendered":"<h2 style=\"text-align: center;\">Recent Events&#8230;<\/h2>\n<h2>28 April 2026<br \/>\n<strong>Comrade Katarina in Conversation with EstLab<\/strong><\/h2>\n<p><a href=\"https:\/\/www.ffos.unios.hr\/wp-content\/uploads\/2026\/04\/najava_kraj_kapitalizma_1-300x164.jpeg\"><img decoding=\"async\" class=\"alignleft wp-image-118328\" src=\"https:\/\/www.ffos.unios.hr\/wp-content\/uploads\/2026\/04\/najava_kraj_kapitalizma_1-300x164.jpeg\" alt=\"\" width=\"423\" height=\"231\" srcset=\"https:\/\/www.ffos.unios.hr\/wp-content\/uploads\/2026\/04\/najava_kraj_kapitalizma_1-300x164.jpeg 300w, https:\/\/www.ffos.unios.hr\/wp-content\/uploads\/2026\/04\/najava_kraj_kapitalizma_1-1024x560.jpeg 1024w, https:\/\/www.ffos.unios.hr\/wp-content\/uploads\/2026\/04\/najava_kraj_kapitalizma_1-768x420.jpeg 768w, https:\/\/www.ffos.unios.hr\/wp-content\/uploads\/2026\/04\/najava_kraj_kapitalizma_1.jpeg 1376w\" sizes=\"(max-width: 423px) 100vw, 423px\" \/><\/a>How and why is capitalism destructive? Is capitalism merely a particular socio-economic-political regime, or is it rather a \u201creligion\u201d (W. Benjamin)? Finally\u2026 when will we (and will we at all) witness the \u201c<em>end of capitalism<\/em>\u201d?<\/p>\n<p>These questions, as well as many others, were raised that afternoon in Room 54 at FFOS. Why? Well, of course, because Katarina Peovi\u0107 was a guest of the cooperative known as EstLab! This <em>remarkable woman<\/em>, a member of the Workers\u2019 Front and also of the band FRONTA, a professor of Cultural Studies in Rijeka\u2026 simply, <strong>Comrade Kate<\/strong>\u2026 spoke with philosophy students, Osijek residents who joined us, and the author of these lines.<\/p>\n<p><a href=\"https:\/\/www.ffos.unios.hr\/wp-content\/uploads\/2026\/04\/Katarina_Peovic-300x225.jpg\"><img decoding=\"async\" class=\"alignright wp-image-118565\" src=\"https:\/\/www.ffos.unios.hr\/wp-content\/uploads\/2026\/04\/Katarina_Peovic-300x225.jpg\" alt=\"\" width=\"426\" height=\"319\" srcset=\"https:\/\/www.ffos.unios.hr\/wp-content\/uploads\/2026\/04\/Katarina_Peovic-300x225.jpg 300w, https:\/\/www.ffos.unios.hr\/wp-content\/uploads\/2026\/04\/Katarina_Peovic-768x576.jpg 768w, https:\/\/www.ffos.unios.hr\/wp-content\/uploads\/2026\/04\/Katarina_Peovic.jpg 1000w\" sizes=\"(max-width: 426px) 100vw, 426px\" \/><\/a>Can materialist analysis be brought back into the public sphere? Why should the proletariat constitute itself as a nation? What is \u201cprotagonist democracy\u201d? In her inspiring formulations, Katarina tried, as best she could, to answer the many contentious issues of the world we inhabit. Furthermore, the conversation inevitably had to address a neuralgic point of \u201cOur Beautiful Homeland\u201d\u2026 namely, the inability to articulate \u201cleft-wing thought\u201d in Croatia. No, our people are not stupid(?); rather, the structural necessity of the power of Capital is such that it appears inevitable. (What cannot be excused, for example, is the <em>total lack of awareness and political responsibility of political elites in the EU and Croatia regarding the condemnation of the genocide against Palestinians<\/em>.)<\/p>\n<p>In the end, the question of WORK and SOLIDARITY emerged as crucial. Let us become aware and finally \u201cwake up\u201d from this \u201cnightmare weighing on the brains of the living\u201d (Marx)! <strong><em>Una mattina mi son svegliato<\/em><\/strong>\u2026 <a href=\"https:\/\/www.youtube.com\/watch?v=oZfuAUyCU90\" rel=\"noopener\">https:\/\/www.youtube.com\/watch?v=oZfuAUyCU90<\/a> and <a href=\"https:\/\/www.youtube.com\/watch?v=dMqiw4Ibo_s\" rel=\"noopener\">https:\/\/www.youtube.com\/watch?v=dMqiw4Ibo_s<\/a><br \/>\n<strong><em>mk<\/em><\/strong><\/p>\n<p>Recording of the event: <a href=\"https:\/\/youtu.be\/oMg_SNDuc1o?si=G5mjnaWPapcosJ48\" rel=\"noopener\">EstLab &#8211; The End of Capitalism? &#8211; guest Katarina Peovi\u0107<\/a><\/p>\n<h2 style=\"text-align: center;\">E V E N T&nbsp;&nbsp;A N N O U N C E M E N T organised by the Aesthetics Laboratory of the Faculty of Humanities and Social Sciences:<\/h2>\n<h2 style=\"text-align: center;\">The End of Capitalism? \u0427\u0442\u043e \u0434\u0435\u043b\u0430\u0442\u044c?<br \/>\nEstLab in Conversation with Katarina Peovi\u0107<\/h2>\n<p style=\"text-align: center;\">TIME: <strong>Tuesday, 28 April 2026 at 6:30 p.m.<\/strong><\/p>\n<p style=\"text-align: center;\">VENUE: <strong>Room 54 on the second floor of the Faculty of Humanities and Social Sciences<\/strong><\/p>\n<p><a href=\"https:\/\/www.ffos.unios.hr\/wp-content\/uploads\/2026\/04\/najava_kraj_kapitalizma_1-300x164.jpeg\"><img decoding=\"async\" class=\"alignleft wp-image-118328\" src=\"https:\/\/www.ffos.unios.hr\/wp-content\/uploads\/2026\/04\/najava_kraj_kapitalizma_1-300x164.jpeg\" alt=\"\" width=\"504\" height=\"275\" srcset=\"https:\/\/www.ffos.unios.hr\/wp-content\/uploads\/2026\/04\/najava_kraj_kapitalizma_1-300x164.jpeg 300w, https:\/\/www.ffos.unios.hr\/wp-content\/uploads\/2026\/04\/najava_kraj_kapitalizma_1-1024x560.jpeg 1024w, https:\/\/www.ffos.unios.hr\/wp-content\/uploads\/2026\/04\/najava_kraj_kapitalizma_1-768x420.jpeg 768w, https:\/\/www.ffos.unios.hr\/wp-content\/uploads\/2026\/04\/najava_kraj_kapitalizma_1.jpeg 1376w\" sizes=\"(max-width: 504px) 100vw, 504px\" \/><\/a>Can we look forward to the <strong><em>End of Capitalism<\/em><\/strong>? And\u2026 can we hope that this, the most radical incarnation of the dominant economic-political regime in the history of class antagonism, between those who rule and those who are ruled, will one day reach its (desirable!) end?<\/p>\n<p>\u201cCapitalism does not work, but it still rules,\u201d reads the cover of the publication appearing before us <em>hic et nunc<\/em>. Before whom? Before us, of course, those who still care about a <strong>better, truer, more real, more just<\/strong> and, ultimately\u2026 <strong>more beautiful world<\/strong>. Or at least a more bearable one, we might say with a degree of cynical restraint. The subtitle of <strong>Katarina Peovi\u0107\u2019s<\/strong> book itself introduces a certain reservation regarding the context in which the publication\u2019s title question appears. Namely, \u201cWhile the old is dying and the new cannot be born,\u201d <em>the time of monsters arrives<\/em> (as Antonio Gramsci would put it in his <em>Prison Notebooks<\/em>). How are we to cope with all this while what we call the \u201cworld\u201d plunges into the abysses of war, poverty and hunger? All because of the unquestioned rule of the only <em>subject-substance<\/em> of the present, Capitalism.<\/p>\n<p><em>Katarina Peovi\u0107, a professor of Cultural Studies at the University of Rijeka, is the best possible person to discuss this topic with. Alongside her university vocation, her second <\/em><strong>Beruf <\/strong><em>is activism and the constant struggle for the rights of the most vulnerable in <strong>society<\/strong> (or what remains of it). Katarina was also a member of the Croatian Parliament from 2020 to 2024. Yet her intellectual habitus is not exhausted by official positions, but is expressed through her constant presence in the public sphere and her ceaseless effort and <strong>STRUGGLE <\/strong>for improvement in the society in which we live. <\/em><\/p>\n<p><strong><em>The End of Capitalism<\/em><\/strong>? <em>While the Old Is Dying and the New Cannot Be Born<\/em> is a collection of texts published in <em>Obzor<\/em>, the supplement of <em>Ve\u010dernji list<\/em>, from June 2024 to July 2025. Adapted into the form of a scholarly study, the texts are not merely intellectually stimulating reading, but much more than that. \u201cAs a fortunate fusion of journalism and theory, Katarina Peovi\u0107\u2019s book is above all an argument for libertarian disobedience, for a spirit that refuses submission to the prevailing rule.\u201d This was how one of the most important guests in EstLab\u2019s five-year history, <strong><em>Viktor <\/em><\/strong>Ivan\u010di\u0107, described the book.<\/p>\n<p>In Croatia, things have only grown worse since the final entry recorded in the book. Especially after the <em>epochal<\/em>(!?) rupture and the \u201cfestivity\u201d at the Hippodrome on 5 July 2025.<\/p>\n<p>In our conversation with Katarina Peovi\u0107, we seek to evoke a \u201ccall\u2026 to awaken from social apathy\u2026 for those who feel that the system is bursting at the seams and are seeking a clear political\u2026 answer\u201d: <strong>\u0427\u0442\u043e \u0434\u0435\u043b\u0430\u0442\u044c?<\/strong><em><strong>?<\/strong><\/em><\/p>\n<p>What can we, <em>here and now<\/em>, still do about it? Hear it at the forum, in EstLab\u2019s dialogue with Katarina on 28 April 2026 at 6:30 p.m. in Room 54 at FFOS. Come, listen, ask questions\u2026 let us talk!<\/p>\n<p><strong><em>mk<\/em><\/strong><\/p>\n<h2 style=\"text-align: center;\">E V E N T&nbsp;&nbsp;A N N O U N C E M E N T organised by the Aesthetics Laboratory of the Faculty of Humanities and Social Sciences:<\/h2>\n<h2 class=\"entry-title\" style=\"text-align: center;\" data-wahpro-titles-style=\"\" data-wahfont=\"22\">EstLab Colloquium \u201cIs There (Still) an Enlightenment?\u201d<\/h2>\n<p style=\"text-align: center;\">TIME: <strong>Tuesday, 24 March 2026 at 5:30 p.m.<\/strong><\/p>\n<p style=\"text-align: center;\">VENUE: <strong>Room 39 on the first floor of the Faculty of Humanities and Social Sciences<\/strong><\/p>\n<p data-wahfont=\"15\" data-wahpro-txt-style=\"text-align: justify; font-size: 15px;\"><strong><em>Comment redonner un sens au l\u2019expression <\/em><\/strong>\u201cL\u2019 age du Lumi\u00e8re\u201d? Why do we paraphrase the beginning of a long-ago philosophical text in French? And why do we use a Heideggerian expression concerning meaning?<\/p>\n<p data-wahfont=\"15\" data-wahpro-txt-style=\"text-align: justify; font-size: 15px;\">Kant\u2019s text <em>An Answer to the Question: What Is Enlightenment?<\/em> states that Enlightenment is \u201cman\u2019s emergence from his self-incurred immaturity\u201d, the goal set by such a project (<em>Entwurf<\/em>) of this \u201cage of light\u201d. The article, published in the <em>Berlinische Monatsschrift<\/em> back in 1784, may strike some as hopelessly outdated and\u2026 \u201csurpassed\u201d(?) Does the motto <strong><em>Sapere aude!<\/em><\/strong>, that is, <em>dare to use your own reason<\/em>, still have any meaning? Any sense?<\/p>\n<p data-wahfont=\"15\" data-wahpro-txt-style=\"text-align: justify; font-size: 15px;\">The legacy to which we wish to restore enthusiasm is the French Revolution of 1789. In Kant\u2019s later text <em>The Conflict of the Faculties<\/em> (1798), this is an important motif. Enthusiasm for the revolution is not tied to the concrete outcome it produces in socio-economic-political terms, but rather to the <strong><em>enthusiasm <\/em><\/strong>it arouses in people, in those who observe it in an <em>enlightened<\/em> manner, Kant says. And\u2026 what is its \u201cmeaning as such\u201d (Heidegger)?<\/p>\n<p data-wahfont=\"15\" data-wahpro-txt-style=\"text-align: justify; font-size: 15px;\">Of course, we all (do we?) know what we must do in order to become mature, decisive, intelligent and honest people. We also know the difference between the \u201cpublic\u201d and \u201cprivate\u201d use of reason\u2026 But what are we to do with this knowledge in a \u201cworld\u201d that is one in name only? A \u201cworld\u201d\u2026 because every moment in which we live today painfully and soberingly tells us that we long ago abandoned the idea of \u201cEMERGING\u201d from the immaturity for which we ourselves are responsible. We prefer <em>books <\/em>(today, self-help manuals!), <em>pastors and doctors<\/em> to take care of us. Because\u2026 <strong>we are cowards, lazy and full of fear<\/strong>. We no longer have genuine thought grounded in the \u201cpublic use of Reason\u201d, corresponding to the dimension of the Universal. Everything has shifted into \u201cprivate use\u201d, in the service of universal submission\u2026 To what? TO EVERYTHING, especially to the grotesque <strong>world order that mercilessly tramples everything the Enlightenment bequeathed to us as a projection of a better and more just \u201clifeworld\u201d<\/strong>. (It is enough to look at today\u2019s \u201cEurope\u201d, which protects\u2026 its <em>interests<\/em>\/!?\/ in Ukraine while showing no compassion whatsoever for the suffering and killings in Iran\/!?)<\/p>\n<p data-wahfont=\"15\" data-wahpro-txt-style=\"text-align: justify; font-size: 15px;\">Through a reading of Kant\u2019s text and Michel Foucault\u2019s lecture of 5 January 1983 (second hour), we attempt to pose similar questions while also anticipating some new answers. Must we, in this entire endeavour, adhere only to the dispositif of \u201csecurity\u201d, or can we perhaps (still?) appeal to the revolutionary enthusiasm for <strong><em>freedom <\/em><\/strong>in Kant\u2019s 1798 text <em>The Conflict of the Faculties<\/em>?<\/p>\n<p data-wahfont=\"15\" data-wahpro-txt-style=\"text-align: justify; font-size: 15px;\">We address all this at the colloquium \u201cIs There (Still) an Enlightenment?\u201d, through a conversation between philosophy students and members of EstLab, on <strong><u>Tuesday, 24 March 2026 at 5:30 p.m. (Room 39)<\/u><\/strong>.<\/p>\n<h2 class=\"entry-title\" data-wahpro-titles-style=\"\" data-wahfont=\"23\">9 December 2025<br \/>\n<strong>Aesthetics Laboratory Forum \u201cCan One Make a Living from Art?\u201d (guest: Ivan Mid\u017ei\u0107 Mid\u017eo)<\/strong><\/h2>\n<p><a href=\"https:\/\/www.ffos.unios.hr\/wp-content\/uploads\/2025\/12\/najava_Ivan-Midzic-Midzo-300x245.png\"><img decoding=\"async\" class=\"alignleft wp-image-113674 size-medium\" src=\"https:\/\/www.ffos.unios.hr\/wp-content\/uploads\/2025\/12\/najava_Ivan-Midzic-Midzo-300x245.png\" alt=\"\" width=\"300\" height=\"245\" srcset=\"https:\/\/www.ffos.unios.hr\/wp-content\/uploads\/2025\/12\/najava_Ivan-Midzic-Midzo-300x245.png 300w, https:\/\/www.ffos.unios.hr\/wp-content\/uploads\/2025\/12\/najava_Ivan-Midzic-Midzo.png 673w\" sizes=\"(max-width: 300px) 100vw, 300px\" \/><\/a>The Aesthetics Laboratory once again explored the possibilities and limits of aesthetics in the contemporary world, this time through the prism of the visual arts. In a conversation with <strong>academic sculptor and jewellery designer<\/strong> <strong>Ivan Mid\u017ei\u0107 Mid\u017eo<\/strong> (<a href=\"https:\/\/www.midzo.art\/\" rel=\"noopener\">https:\/\/www.midzo.art\/<\/a>), he immediately answered the question \u201cCan one make a living from art?\u201d in the affirmative. He himself lives quite comfortably from what he calls applied art. Through his sculptural and design work, he began creating sculptural, one-of-a-kind jewellery from various metals, quickly making a name for himself on the fashion and design scene and earning a respectable income from sales in Croatia and abroad. In this way, he has certainly come close to the idea of a life goal advocated by the Japanese concept of \u201cikigai\u201d, which involves the unity of one\u2019s interests in life, creative passion and life mission with what one is genuinely capable of doing. When this is combined with what the world needs and with the fact that one can earn a living from it, we arrive at the perfect life situation known as \u201c<strong>ikigai<\/strong>\u201d.<\/p>\n<p>During the conversation, Mid\u017eo proved to be a playful but also precise interlocutor who insisted on distinguishing design from art. Design, he argued, is an idea, a utilitarian plan that represents the fulfilment of the goals of both the creator and the audience or user, whereas art is an expression of the artist\u2019s own passion and need to shape an idea that may prove successful in its realisation, but may equally fail completely and be rejected by the audience. In describing his artistic path, he showed that, as an academically trained sculptor, he found his most immediate form of expression in various conceptual projects such as binding stones and rooms, while his love of metal, inherited from his father and other family members who worked with metal, was organically and spontaneously transferred into the design of metal jewellery. Through work on jewellery and other sculptural pieces, he also found his visual expression in drawing. As a self-taught guitarist, he then made a sensory shift by pairing his independently composed and performed musical miniatures with drawings used as animations, creating original multimedia works that represent both a departure from his earlier expression and a natural development of his artistic curiosity and search for new ways of expressing his artistic observations.<\/p>\n<p><a href=\"https:\/\/www.ffos.unios.hr\/wp-content\/uploads\/2025\/12\/midzo-300x225.jpg\"><img decoding=\"async\" class=\"alignright size-medium wp-image-113866\" src=\"https:\/\/www.ffos.unios.hr\/wp-content\/uploads\/2025\/12\/midzo-300x225.jpg\" alt=\"\" width=\"300\" height=\"225\" srcset=\"https:\/\/www.ffos.unios.hr\/wp-content\/uploads\/2025\/12\/midzo-300x225.jpg 300w, https:\/\/www.ffos.unios.hr\/wp-content\/uploads\/2025\/12\/midzo-1024x768.jpg 1024w, https:\/\/www.ffos.unios.hr\/wp-content\/uploads\/2025\/12\/midzo-768x576.jpg 768w, https:\/\/www.ffos.unios.hr\/wp-content\/uploads\/2025\/12\/midzo-1536x1152.jpg 1536w, https:\/\/www.ffos.unios.hr\/wp-content\/uploads\/2025\/12\/midzo.jpg 1600w\" sizes=\"(max-width: 300px) 100vw, 300px\" \/><\/a>In describing today\u2019s art scene, he also revealed the harsh reality faced by contemporary artists, who are constantly searching for places to exhibit and trying to break into the \u201chigher classes\u201d of artists, as he calls them. The constant search for galleries willing to exhibit their work, fairs where they can sell it, and patrons showed that the history of the visual arts is full of examples in which artists\u2019 persistence and entrepreneurial spirit proved crucial to preserving their life\u2019s work (e.g. Giotto, Caravaggio). He also pointed to secondary applications of art through art education and positions such as gallery curators and art critics, in which knowledge about art, if not art itself, can also be monetised.<\/p>\n<div class=\"embed-responsive embed-responsive-16by9\"><iframe title=\"glazbena skica crtez 15\" width=\"1170\" height=\"658\" src=\"https:\/\/www.youtube.com\/embed\/humu5SsmusM?feature=oembed\" frameborder=\"0\" allow=\"accelerometer; autoplay; clipboard-write; encrypted-media; gyroscope; picture-in-picture; web-share\" referrerpolicy=\"strict-origin-when-cross-origin\" allowfullscreen><\/iframe><\/div>\n<p>He also spoke very positively at the end of the conversation when we discussed contemporary trends and the use of artificial intelligence. He noted that, in the history of artistic practice, even tempera was regarded as a threat when it first appeared, and that artificial intelligence should be seen as yet another (useful) tool. He also emphasised the need in art to distinguish originality from authenticity. Anyone can be original and invent something new, but only a few artists are authentic, that is, faithful to their own expression and character. Mid\u017eo proved both original and authentic, and through his work and practice demonstrated the importance of living for art, but also from art.<\/p>\n<p>Tanja Grade\u010dak<\/p>\n<h2 class=\"entry-title\" data-wahpro-titles-style=\"\" data-wahfont=\"23\">8 December 2025<br \/>\nSejo Sexon at EstLab, FFOS<\/h2>\n<p><a href=\"https:\/\/www.ffos.unios.hr\/wp-content\/uploads\/2025\/12\/najava_sejo-202x300.jpg\"><img decoding=\"async\" class=\"alignleft wp-image-113683 size-medium\" src=\"https:\/\/www.ffos.unios.hr\/wp-content\/uploads\/2025\/12\/najava_sejo-202x300.jpg\" alt=\"\" width=\"202\" height=\"300\" srcset=\"https:\/\/www.ffos.unios.hr\/wp-content\/uploads\/2025\/12\/najava_sejo-202x300.jpg 202w, https:\/\/www.ffos.unios.hr\/wp-content\/uploads\/2025\/12\/najava_sejo.jpg 481w\" sizes=\"(max-width: 202px) 100vw, 202px\" \/><\/a>John Lennon was murdered on 8 December 1980. On that day, one \u201cspirit\u201d of rock \u2019n\u2019 roll also departed with him, back when R\u2019N\u2019R \u201cwas young\u201d. EstLab sought to evoke Lennon\u2019s authenticity and playfulness through an equally sincere, and indeed equally playful, figure from the YU-ROCK scene, Sejo Sexon!<\/p>\n<p>The frontman, \u201cheart and soul\u201d of ZABRANJENO PU\u0160ENJE, Davor Su\u010di\u0107 (aka SEJO SEXON), appeared at FFOS on 8 December 2025 in a packed Room 39, through the efforts of EstLab\u2019s new \u201cacquisition\u201d, Goran Faletar. He is truly a source of \u201cgood spirit\u201d, of the \u201cSarajevo crowd\u201d, while ZABRANJENO PU\u0160ENJE is marking its longevity on the scene with its fourth (4th!) consecutive \u201cunplugged concert\u201d in Osijek.<\/p>\n<p><a href=\"https:\/\/www.ffos.unios.hr\/wp-content\/uploads\/2025\/12\/sejo_sexon_2-300x225.jpg\"><img decoding=\"async\" class=\"alignright wp-image-113859 size-medium\" src=\"https:\/\/www.ffos.unios.hr\/wp-content\/uploads\/2025\/12\/sejo_sexon_2-300x225.jpg\" alt=\"\" width=\"300\" height=\"225\" srcset=\"https:\/\/www.ffos.unios.hr\/wp-content\/uploads\/2025\/12\/sejo_sexon_2-300x225.jpg 300w, https:\/\/www.ffos.unios.hr\/wp-content\/uploads\/2025\/12\/sejo_sexon_2-768x576.jpg 768w, https:\/\/www.ffos.unios.hr\/wp-content\/uploads\/2025\/12\/sejo_sexon_2.jpg 1000w\" sizes=\"(max-width: 300px) 100vw, 300px\" \/><\/a>In conversation with him, the audience had the opportunity to learn about the origins of one of not only the longest-lived but also one of the most important rock bands of the former Yugoslavia, as well as about the pivotal moments when Su\u010di\u0107 revived the band in 1997 with the definitive album <em>Fild\u017ean vi\u0161ka<\/em>. It was also a triumphant entry onto the Croatian rock scene. At that point SEJO SEXON, after many years spent in the background behind Nenad Jankovi\u0107 (aka Dr NELE KARAJLI\u0106), stepped into the spotlight in the best possible way as guitarist, singer and principal songwriter of ZP.<\/p>\n<p>During the conversation we also learned that \u201cDAID\u017dA\u201d, Elvis J. Kurtovi\u0107 (Mirko Srdi\u0107), helped make \u201cMo\u017ee\u0161 imat moje tijelo\u201d a major hit as the only song on the album <strong><em>Fild\u017ean vi\u0161ka<\/em><\/strong> written in \u201cproper\u201d Croatian\u2026 We also learned that, for Sejo Sexon, <strong><em>the essence of rock \u2019n\u2019 roll lies in the openness and honesty of its songs and music<\/em><\/strong>, which ZABRANJENO PU\u0160ENJE has been offering its audience for more than four decades. Indeed, with this event, 45 years after Lennon\u2019s death, the spirit of \u201crock and roll\u201d came alive again, as did that of the \u201cGood Mates\u201d: Sejo Sexon and his loyal audience. <strong>mk<\/strong><\/p>\n<div class=\"embed-responsive embed-responsive-16by9\"><iframe title=\"EstLab - Neu\u0161tekani razgovor - gost Sejo Sexon\" width=\"1170\" height=\"878\" src=\"https:\/\/www.youtube.com\/embed\/ru9RDSmaCk8?feature=oembed\" frameborder=\"0\" allow=\"accelerometer; autoplay; clipboard-write; encrypted-media; gyroscope; picture-in-picture; web-share\" referrerpolicy=\"strict-origin-when-cross-origin\" allowfullscreen><\/iframe><\/div>\n<h2 class=\"entry-title\" data-wahpro-titles-style=\"\" data-wahfont=\"23\">11 November 2025<br \/>\nEstLab in Conversation with Paraf Frontman Valter Kocijan\u010di\u0107: \u201cAnd the Day Began So Beautifully\u201d<\/h2>\n<p><em><a href=\"https:\/\/www.ffos.unios.hr\/wp-content\/uploads\/2025\/11\/najava_kocijancic-300x297.jpg\"><img decoding=\"async\" class=\"alignleft size-medium wp-image-112654\" src=\"https:\/\/www.ffos.unios.hr\/wp-content\/uploads\/2025\/11\/najava_kocijancic-300x297.jpg\" alt=\"\" width=\"300\" height=\"297\" srcset=\"https:\/\/www.ffos.unios.hr\/wp-content\/uploads\/2025\/11\/najava_kocijancic-300x297.jpg 300w, https:\/\/www.ffos.unios.hr\/wp-content\/uploads\/2025\/11\/najava_kocijancic-150x150.jpg 150w, https:\/\/www.ffos.unios.hr\/wp-content\/uploads\/2025\/11\/najava_kocijancic.jpg 718w\" sizes=\"(max-width: 300px) 100vw, 300px\" \/><\/a>And the day ended so beautifully<\/em>, with a conversation and encounter with a representative of punk, a <em>free spirit<\/em> and an authentic example of a rock poet, Valter Kocijan\u010di\u0107, the bearer of the original, primordial sound of <em>Paraf<\/em>. Students and lovers of <em>music of resistance<\/em> had the opportunity not merely to listen, but to <strong>experience punk<em>, <\/em><\/strong>on 11 November in a lecture hall at FFOS. Through a kind of listening session, we travelled back to a time when young people uncompromisingly sought their place in the universe and, with memorable melodies and simple lyrics, <strong>hit hard<\/strong> at anyone looming over them, even when this meant the <em>people\u2019s militia<\/em>. Valter vividly showed us that the period gave punk its maxim: YOUNG PEOPLE who ACT while searching for their FUTURE. In his lyrics, Valter described and depicted what was happening around him, things as they were, everyday life itself; the point was not to theorise, but to signal dissatisfaction and get moving (as another punk\/rock musician once put it: <em>move, change yourself<\/em>). Punk was not merely the scream of hopeless youth unable to submit to authority. No, the punk of a band such as <em>Paraf<\/em> was a powerful expression of precisely those who believed in a <em>movement of free spirits<\/em> whose <em>rebelliousness<\/em> could topple <em>regimes<\/em>(?) whose sole aim was to suppress every form of <em>action<\/em> and change:<\/p>\n<p style=\"text-align: center;\"><a href=\"https:\/\/www.ffos.unios.hr\/wp-content\/uploads\/2025\/11\/valter_kocijancic-300x290.jpg\"><img decoding=\"async\" class=\"alignright size-medium wp-image-112862\" src=\"https:\/\/www.ffos.unios.hr\/wp-content\/uploads\/2025\/11\/valter_kocijancic-300x290.jpg\" alt=\"\" width=\"300\" height=\"290\" srcset=\"https:\/\/www.ffos.unios.hr\/wp-content\/uploads\/2025\/11\/valter_kocijancic-300x290.jpg 300w, https:\/\/www.ffos.unios.hr\/wp-content\/uploads\/2025\/11\/valter_kocijancic.jpg 767w\" sizes=\"(max-width: 300px) 100vw, 300px\" \/><\/a>Everything is in perfect order<br \/>\nThe yellow lines are respected<br \/>\nChildren cheerfully wave little flags<\/p>\n<p style=\"text-align: center;\">(&#8230;)<\/p>\n<p style=\"text-align: center;\">And something tells me, something tells me<br \/>\nSomething tells me, something tells me<br \/>\n(You are infected, you are infected<br \/>\nYou are infected, you are infected)<\/p>\n<p>Valter bore witness to this, and we punk lovers pass it on: our own times need punk as well; they need young people who will, if not act, at least identify the existing, metastasised <em>cancers of society<\/em>.<\/p>\n<p>Luka Priji\u0107<\/p>\n<p><a href=\"https:\/\/youtu.be\/uHLdzYob-Qg\" rel=\"noopener\">https:\/\/youtu.be\/uHLdzYob-Qg<\/a><\/p>\n<h2><strong>14 October 2025<br \/>\nEstLab Forum: <\/strong><strong>Does \u201cPost-Yugoslav Literature\u201d (Still) Exist? &#8211; <\/strong>guest Boris Postnikov<\/h2>\n<p><a href=\"https:\/\/www.ffos.unios.hr\/wp-content\/uploads\/2025\/10\/postnikov_post-300x225.jpg\"><img decoding=\"async\" class=\"alignleft wp-image-111783\" src=\"https:\/\/www.ffos.unios.hr\/wp-content\/uploads\/2025\/10\/postnikov_post-300x225.jpg\" alt=\"\" width=\"402\" height=\"302\" srcset=\"https:\/\/www.ffos.unios.hr\/wp-content\/uploads\/2025\/10\/postnikov_post-300x225.jpg 300w, https:\/\/www.ffos.unios.hr\/wp-content\/uploads\/2025\/10\/postnikov_post-1024x768.jpg 1024w, https:\/\/www.ffos.unios.hr\/wp-content\/uploads\/2025\/10\/postnikov_post-768x576.jpg 768w, https:\/\/www.ffos.unios.hr\/wp-content\/uploads\/2025\/10\/postnikov_post-1536x1152.jpg 1536w, https:\/\/www.ffos.unios.hr\/wp-content\/uploads\/2025\/10\/postnikov_post.jpg 1600w\" sizes=\"(max-width: 402px) 100vw, 402px\" \/><\/a>What is the \u201c<strong><em>Literary Republic of Yugoslavia<\/em><\/strong>\u201d? What, in turn, is the (post-)Yugoslav literary field? And can one speak freely at all about the toponym called YUGOSLAVIA?\u2026 at least within the so-called \u201cacademic establishment\u201d?<\/p>\n<p>The affirmative answer to the latter questions shows that one CAN! <span style=\"text-decoration: underline;\">On Tuesday, 14 October, FFOS hosted<\/span> <strong>Boris Postnikov<\/strong>. The author of the book mentioned in the opening sentence spoke with the participants and audience at the first session of the Osijek Aesthetics Laboratory\u2019s new season. The main thesis of the publication\u2019s narrative, accepted by numerous literary theorists and literary historians, is that even after the dissolution of the country called the SFRY, a \u201cshared cultural space\u201d continues to exist. It is <em>inhabited<\/em> by writers who do not wish to be confined within any canonical \u201cnational space\u201d. All future research into literary developments in this region must therefore take a position on the continuity of \u201cpost-Yugoslav literature\u201d.<\/p>\n<p>Among other things, the conversation considered the role and place of the most prolific \u201cpost-Yugoslav\u201d writer, Miljenko Jergovi\u0107, as well as the role Dubravka Ugre\u0161i\u0107 has played in defining the \u201cliterary field\u201d. The contribution of self-declared \u201cpost-Yugoslav\u201d writers such as Marko Poga\u010dar and, in particular, Ale\u0161 Debeljak was also discussed. The final conclusion of the discussion was that there can be no dispute about the diversity and productivity of the literary and cultural phenomena that emerged after the dissolution of Yugoslavia. \u201cPost-Yugoslav literature\u201d is an indisputable fact of a free, universal space beyond national <em>Croatian, Serbian, Slovenian<\/em> and other literatures of the former state.<\/p>\n<p>In conversation with the book\u2019s reviewer <strong>Igor Gajin<\/strong> and the author of these lines, the author considered many aspects of <em>literature and Yugoslavism<\/em>, a topic that provocatively entered the terrain of exclusivism maintained by local nationalist \u201ccultural gatekeepers\u201d. In a well-attended Room 39 at FFOS, one thing was confirmed\u2026 YES, it is possible to speak freely about <em>reading and writing<\/em> in the spirit of the YU cultural tradition.<\/p>\n<p><strong><em>mk<\/em><\/strong><\/p>\n<div class=\"embed-responsive embed-responsive-16by9\"><iframe title=\"Estlab - Postoji li (jo\u0161) \u00bbpostjugoslavenska knji\u017eevnost\u00ab? - gost Boris Postnikov\" width=\"1170\" height=\"658\" src=\"https:\/\/www.youtube.com\/embed\/ZlnP_BR5Jk8?feature=oembed\" frameborder=\"0\" allow=\"accelerometer; autoplay; clipboard-write; encrypted-media; gyroscope; picture-in-picture; web-share\" referrerpolicy=\"strict-origin-when-cross-origin\" allowfullscreen><\/iframe><\/div>\n<p>&nbsp;<\/p>\n<h2><strong>19 May 2025<\/strong><\/h2>\n<h2 style=\"text-align: left;\"><strong>EstLab Forum: \u201cSpace, the Final Frontier\u201d<\/strong><\/h2>\n<p><a href=\"https:\/\/www.ffos.unios.hr\/wp-content\/uploads\/2025\/05\/svemir-202x300.jpg\"><img decoding=\"async\" class=\"alignleft wp-image-106397\" src=\"https:\/\/www.ffos.unios.hr\/wp-content\/uploads\/2025\/05\/svemir-202x300.jpg\" alt=\"\" width=\"302\" height=\"449\" srcset=\"https:\/\/www.ffos.unios.hr\/wp-content\/uploads\/2025\/05\/svemir-202x300.jpg 202w, https:\/\/www.ffos.unios.hr\/wp-content\/uploads\/2025\/05\/svemir-688x1024.jpg 688w, https:\/\/www.ffos.unios.hr\/wp-content\/uploads\/2025\/05\/svemir-768x1143.jpg 768w, https:\/\/www.ffos.unios.hr\/wp-content\/uploads\/2025\/05\/svemir.jpg 1024w\" sizes=\"(max-width: 302px) 100vw, 302px\" \/><\/a>\u201cTwo things fill the mind with ever new and increasing admiration and awe\u2026 the starry heavens above me and the moral law within me,\u201d Immanuel Kant wrote as early as 1788. Wonder at what surrounds us lies at the origin of philosophy itself, as well as science, but it is also a <em>differentia specifica<\/em> that has accompanied humankind from the very beginnings of its existence in the world. Wonder at celestial phenomena and the universe not only has no discernible beginning, but no end in sight either. Space, as Captain James Kirk repeatedly reminded us in <em>Star Trek<\/em>, remains the \u201cfinal frontier\u201d, whose exploration is a task without foreseeable completion. Relative to the age of the universe, human civilisation is only at the very beginning of such exploration, which first relied on the naked eye, then the telescope, while its most advanced contemporary forms appear in probes travelling through the darkness of space and the International Space Station anchored in Earth\u2019s orbit.<\/p>\n<p data-start=\"95\" data-end=\"524\">And yet, at the next gathering organised by the Aesthetics Laboratory, we returned once more to the good old eye, mind and conversation, so that together we might marvel at the universe and everything we still do not know. The event <strong data-start=\"300\" data-end=\"332\">\u201cSpace, the Final Frontier\u201d<\/strong> was held on Monday, <strong data-start=\"359\" data-end=\"387\">19 May 2025<\/strong>, in <strong data-start=\"391\" data-end=\"408\">Room 39<\/strong>, beginning at <strong data-start=\"423\" data-end=\"434\">5 p.m.<\/strong>, and our guests were <strong data-start=\"451\" data-end=\"521\">members of the Institute of Cosmology and Philosophy of Nature from Kri\u017eevci<\/strong>.<\/p>\n<p data-start=\"526\" data-end=\"691\">In addition to wondering together through dialogue, the gathering also provided an opportunity to <strong data-start=\"594\" data-end=\"643\">launch the third issue of the journal <em>Kozmologija<\/em><\/strong>, edited and published by members of the Institute.<\/p>\n<p data-start=\"693\" data-end=\"836\">Once again, on our small blue island that allows us to float safely through space, <strong data-start=\"785\" data-end=\"833\">we discovered and shared the wonder of existence together<\/strong>.<\/p>\n<h2><strong>29 April 2025<br \/>\n<\/strong>Crime and Punishment of Aesthetics \u2013 A Conversation with Drago Hedl<\/h2>\n<p><a href=\"https:\/\/www.ffos.unios.hr\/wp-content\/uploads\/2025\/05\/hedl_estlab-300x225.jpg\"><img decoding=\"async\" class=\"alignleft wp-image-105584\" src=\"https:\/\/www.ffos.unios.hr\/wp-content\/uploads\/2025\/05\/hedl_estlab-300x225.jpg\" alt=\"\" width=\"400\" height=\"300\" srcset=\"https:\/\/www.ffos.unios.hr\/wp-content\/uploads\/2025\/05\/hedl_estlab-300x225.jpg 300w, https:\/\/www.ffos.unios.hr\/wp-content\/uploads\/2025\/05\/hedl_estlab-1024x768.jpg 1024w, https:\/\/www.ffos.unios.hr\/wp-content\/uploads\/2025\/05\/hedl_estlab-768x576.jpg 768w, https:\/\/www.ffos.unios.hr\/wp-content\/uploads\/2025\/05\/hedl_estlab-1536x1152.jpg 1536w, https:\/\/www.ffos.unios.hr\/wp-content\/uploads\/2025\/05\/hedl_estlab.jpg 1600w\" sizes=\"(max-width: 400px) 100vw, 400px\" \/><\/a>A special edition of the Aesthetics Laboratory held on 29 April 2025 featured distinguished journalist, publicist and writer <strong>Drago Hedl<\/strong>. Entitled <em>\u201cCrime and Punishment of Aesthetics\u201d<\/em>, the event brought together an audience interested in topics at the intersection of journalism, literature and social criticism.<\/p>\n<p>The conversation with Drago Hedl opened numerous questions about the boundaries between truth and fiction, the role and responsibility of the writer, and the power of aesthetics in shaping narratives about real crimes. Through dialogue and reflection, participants discussed ethical dilemmas connected with the aesthetic treatment of violence and the role of literature in shaping, or obscuring, social justice. Fundamental questions were also raised about the nature of literary confession: is it truly an exposure of life, can what is true be beautiful, and what is beautiful be true? In an atmosphere of poetic forensics and aesthetic re-examination, the meeting opened a space for reflection on the role of art in confronting social trauma, particularly in times when institutions often fail to provide adequate punishment in response to crimes committed.<\/p>\n<p>The audience showed great interest in the topic, and the gathering continued with informal conversations after the official part of the event.<\/p>\n<div class=\"embed-responsive embed-responsive-16by9\"><iframe title=\"Estlab - Zlo\u010din i kazna estetike - gost Drago Hedl\" width=\"1170\" height=\"658\" src=\"https:\/\/www.youtube.com\/embed\/0IgxHBuclQc?feature=oembed\" frameborder=\"0\" allow=\"accelerometer; autoplay; clipboard-write; encrypted-media; gyroscope; picture-in-picture; web-share\" referrerpolicy=\"strict-origin-when-cross-origin\" allowfullscreen><\/iframe><\/div>\n<h2 class=\"entry-title\" data-wahpro-titles-style=\"\" data-wahfont=\"23\">15 April 2025<br \/>\nCompletely Offensive Negation of the Classics &#8211; guest Branko Kostelnik<\/h2>\n<p><a href=\"https:\/\/www.ffos.unios.hr\/wp-content\/uploads\/2025\/04\/najava_kostelnik-203x300.jpg\"><img decoding=\"async\" class=\"alignleft size-medium wp-image-104322\" src=\"https:\/\/www.ffos.unios.hr\/wp-content\/uploads\/2025\/04\/najava_kostelnik-203x300.jpg\" alt=\"\" width=\"203\" height=\"300\" srcset=\"https:\/\/www.ffos.unios.hr\/wp-content\/uploads\/2025\/04\/najava_kostelnik-203x300.jpg 203w, https:\/\/www.ffos.unios.hr\/wp-content\/uploads\/2025\/04\/najava_kostelnik-694x1024.jpg 694w, https:\/\/www.ffos.unios.hr\/wp-content\/uploads\/2025\/04\/najava_kostelnik-768x1134.jpg 768w, https:\/\/www.ffos.unios.hr\/wp-content\/uploads\/2025\/04\/najava_kostelnik.jpg 800w\" sizes=\"(max-width: 203px) 100vw, 203px\" \/><\/a>Room 39 at FFOS <em>hummed<\/em> and <em>thundered<\/em> that Tuesday, 15 April 2025. For a good hour and a half! What was happening? What caused this tectonic phenomenon at FFOS? <em>Cui bono<\/em>?<\/p>\n<p>For those who still do not know, we were trying to answer the question: What is PUNK? EstLab\u2019s guest was Branko Kostelnik, Head of the Programme and Exhibition Department at the Museum of Contemporary Art in Zagreb, a sociologist of culture and lecturer at VERN\u2026 But most importantly for us, a long-standing rock critic, historian, producer and organiser of rock concerts. Together with him, we tried to answer the question posed above, namely, <em>what is PUNK<\/em>?<\/p>\n<p><a href=\"https:\/\/www.ffos.unios.hr\/wp-content\/uploads\/2025\/04\/kostelnik-300x225.jpg\"><img decoding=\"async\" class=\"alignright size-medium wp-image-104926\" src=\"https:\/\/www.ffos.unios.hr\/wp-content\/uploads\/2025\/04\/kostelnik-300x225.jpg\" alt=\"\" width=\"300\" height=\"225\" srcset=\"https:\/\/www.ffos.unios.hr\/wp-content\/uploads\/2025\/04\/kostelnik-300x225.jpg 300w, https:\/\/www.ffos.unios.hr\/wp-content\/uploads\/2025\/04\/kostelnik-1024x768.jpg 1024w, https:\/\/www.ffos.unios.hr\/wp-content\/uploads\/2025\/04\/kostelnik-768x576.jpg 768w, https:\/\/www.ffos.unios.hr\/wp-content\/uploads\/2025\/04\/kostelnik-1536x1152.jpg 1536w, https:\/\/www.ffos.unios.hr\/wp-content\/uploads\/2025\/04\/kostelnik.jpg 1600w\" sizes=\"(max-width: 300px) 100vw, 300px\" \/><\/a>For a good hour and a half, we discussed the meaning of punk music, its habitus and its significance for the ability of young people, but also of everyone who listened to it and those who still devotedly present and practise it today, to change the social circumstances in which they live. Or at least to point to an artistic \u201crhythm of rebellion\u201d\u2026 The CLASH, SEX PISTOLS, The JAM\u2026 Talking Heads, RAMONES, Television\u2026 STIFF LITTLE FINGERS, Gang of Four, TOM ROBINSON Band\u2026 all of them profoundly marked the formative years of the two interlocutors. The conversation sought to show that the humanities in particular, if they still wish to survive at all, cannot do so without the inspiration bequeathed to us by <em>punk<\/em> and <em>new wave<\/em> music. Did all of this reach the young people at the Faculty, our students? Out of the corner of my eye (and ear!), I saw the young bodies present surrendering to the PLEASURE of that \u201crhythm of rebellion\u201d. And what better proof could there be that this conversation and this music fulfilled their purpose?<\/p>\n<p><strong><em>mk<\/em><\/strong><\/p>\n<div class=\"embed-responsive embed-responsive-16by9\"><iframe title=\"EstLab - Potpuno Uvredljivo Negiranje Klasike - gost Branko Kostelnik\" width=\"1170\" height=\"658\" src=\"https:\/\/www.youtube.com\/embed\/J-SDhpg7wEI?feature=oembed\" frameborder=\"0\" allow=\"accelerometer; autoplay; clipboard-write; encrypted-media; gyroscope; picture-in-picture; web-share\" referrerpolicy=\"strict-origin-when-cross-origin\" allowfullscreen><\/iframe><\/div>\n<h2 data-wahpro-titles-style=\"\" data-wahfont=\"23\"><a name=\"lovsin\"><\/a><\/h2>\n<h2><strong>18 March 2025<br \/>\n<\/strong><strong>The Sensual Language of Criticism and Literature: <\/strong><strong>EstLab in Conversation with Nata\u0161a Govedi\u0107<\/strong><\/h2>\n<p data-pm-slice=\"1 1 []\"><a href=\"https:\/\/www.ffos.unios.hr\/wp-content\/uploads\/2025\/03\/natasa_govedic-300x225.jpg\"><img decoding=\"async\" class=\"alignleft wp-image-103401\" src=\"https:\/\/www.ffos.unios.hr\/wp-content\/uploads\/2025\/03\/natasa_govedic-300x225.jpg\" alt=\"\" width=\"400\" height=\"300\" srcset=\"https:\/\/www.ffos.unios.hr\/wp-content\/uploads\/2025\/03\/natasa_govedic-300x225.jpg 300w, https:\/\/www.ffos.unios.hr\/wp-content\/uploads\/2025\/03\/natasa_govedic-768x576.jpg 768w, https:\/\/www.ffos.unios.hr\/wp-content\/uploads\/2025\/03\/natasa_govedic.jpg 1000w\" sizes=\"(max-width: 400px) 100vw, 400px\" \/><\/a>In today\u2019s age of highly specialised knowledge, when experts work within very narrow areas of science or art, we rarely encounter those almost Renaissance-like personalities who effortlessly sail across seas of different forms of knowledge, connecting through their work distant shores that are often invisible and seemingly untouchable. Nata\u0161a Govedi\u0107 is undoubtedly one such personality, as we were able to see during the conversation held on Tuesday, 18 March at 6:30 p.m. as part of an EstLab gathering.<\/p>\n<p>Becoming acquainted with Nata\u0161a Govedi\u0107\u2019s work and activities, it quickly became clear that she is an experienced navigator who skilfully and effortlessly connects art and science, literature and theatre, poetry and language, reading and living, school and life. The conversation began with the theme of school and life, and through her latest book <em>Pohvala odrije\u0161enim rukama \u2013 odva\u017ena \u010ditanja i kriti\u010dke pedagogije<\/em>, Govedi\u0107 opened important questions about how well school actually prepares pupils for life and how a space of freedom can be found within institutional education, whether one is a pupil or a teacher. It was emphasised that such a space can be truly alive only if it encourages creative expression and critical thinking.<\/p>\n<p>The conversation then continued with the theme of sensuality in language, or what the author herself calls the \u201ceros of creation\u201d. Nata\u0161a Govedi\u0107 emphasised the importance of exploring sensory experience when giving linguistic form to one\u2019s personal experience of a book, performance or piece of music. Such an approach enables us, through criticism and creative expression, to recreate ourselves in a multitude of different ways.<\/p>\n<p>Particular attention was devoted to the current state of literary and art criticism. The discussion highlighted the problem of a contemporary world flooded with information, in which it is difficult to find one\u2019s authentic voice and to distinguish constructive criticism from mere fault-finding. Nata\u0161a supported her insights and reflections with considerations from her book <em>Oscar Wilde izlazi iz zatvora ili va\u0161a omiljena umjetnost zove se kritika<\/em>, further enriching the discussion.<\/p>\n<p>During the gathering, many topics opened spontaneously, and the audience had the opportunity to experience a unique intellectual journey. Thanks to the wealth of insights offered by Nata\u0161a Govedi\u0107, everyone present left the event enriched with new ideas and fresh perspectives.<\/p>\n<div class=\"embed-responsive embed-responsive-16by9\"><iframe title=\"EstLab - Senzualni jezik kritike i knji\u017eevnosti - go\u0161\u0107a Nata\u0161a Govedi\u0107\" width=\"1170\" height=\"658\" src=\"https:\/\/www.youtube.com\/embed\/JHQ996grI5U?feature=oembed\" frameborder=\"0\" allow=\"accelerometer; autoplay; clipboard-write; encrypted-media; gyroscope; picture-in-picture; web-share\" referrerpolicy=\"strict-origin-when-cross-origin\" allowfullscreen><\/iframe><\/div>\n<h3 data-wahfont=\"18\" data-wahpro-titles-style=\"text-align: center; font-size: 18px;\"><\/h3>\n<h3 style=\"text-align: center;\" data-wahfont=\"18\" data-wahpro-titles-style=\"text-align: center; font-size: 18px;\"><strong>E V E N T&nbsp;&nbsp;A N N O U N C E M E N T organised by<\/strong> the Aesthetics Laboratory of the Faculty of Humanities and Social Sciences:<\/h3>\n<h2 class=\"entry-title\" style=\"text-align: center;\" data-wahfont=\"23\" data-wahpro-titles-style=\"font-size: 23px;\"><strong>Capitalism and Death &#8211; A Conversation with the Author of a PHILOSOPHICAL Book (Already Published in Several Editions!)<\/strong> (guest: Goran Pe\u0107anac)<\/h2>\n<p style=\"text-align: center;\" data-wahfont=\"16\" data-wahpro-txt-style=\"text-align: center; font-size: 16px;\">TIME: <strong>Tuesday, 21 January 2025 at 6:30 p.m. <\/strong><\/p>\n<p style=\"text-align: center;\" data-wahfont=\"16\" data-wahpro-txt-style=\"text-align: center; font-size: 16px;\">VENUE: <em>Room 39 on the first floor of the Faculty of Humanities and Social Sciences<\/em><\/p>\n<p><a href=\"https:\/\/www.ffos.unios.hr\/wp-content\/uploads\/2025\/01\/najava_pecanac-227x300.jpg\"><img decoding=\"async\" class=\"alignleft wp-image-99001\" src=\"https:\/\/www.ffos.unios.hr\/wp-content\/uploads\/2025\/01\/najava_pecanac-227x300.jpg\" alt=\"\" width=\"303\" height=\"400\" srcset=\"https:\/\/www.ffos.unios.hr\/wp-content\/uploads\/2025\/01\/najava_pecanac-227x300.jpg 227w, https:\/\/www.ffos.unios.hr\/wp-content\/uploads\/2025\/01\/najava_pecanac.jpg 737w\" sizes=\"(max-width: 303px) 100vw, 303px\" \/><\/a>\u201cConsensus reality has thus become subjective (consumer) reality, governed by an online and offline market algorithm\u201d (K i S, 102). But where is reality? And\u2026 does any kind of \u201creality\u201d of our existences still remain? In other words, where is it?<\/p>\n<p>We would say: only in CAPITAL, the sole subject-substance of our contemporaneity. Capitalism, in its (we hope!) terminal stage, is the subject of Goran Pe\u0107anac\u2019s book-length study. This \u201cbookish provision\u201d, indebted to psychoanalysis, is a brutal vivisection of <em>Capitalism and Death<\/em>. Yet this is also a book that ultimately turns towards the possibility of Spirit, that is, <em>Geist<\/em>, as an \u201cexit from the universe of a single being\u201d. In other words, it remains a genuinely <strong><em>philosophical<\/em><\/strong> book.<\/p>\n<p>\u201cCan psychic energy sometimes be given as a gift, rather than only invested?\u201d is the key ontological question of <em>Capitalism and Death<\/em>. Ultimately, Pe\u0107anac proposes the \u201cpractice\u201d of the human as the remaining option for \u201creality\u201d. Thus, in an age dominated by the \u201cpsychotechnology of desire control\u201d, amid the general collapse of reality, or the \u201creal ontology of the subjugation of desire\u201d, we should devote ourselves to <strong><em>mentalisation<\/em><\/strong>, and then to <strong><em>empathy<\/em><\/strong>. In the wastelands of the <em>borderland<\/em>, we seek <strong><em>cringe<\/em><\/strong>. In a \u201cworld\u201d (which may no longer be one!?), we need to be better to one another.<\/p>\n<p>The basic idea of the book could be considered, and indeed is called, farcical. Its fundamental Erasmian impulse is anti-scientific. And thank God for that! Philosophy still has much more to tell us in an artistic tone and mode. Only in this way do we arrive at what remains: MEANING. The kind of meaning that draws us away from the position of a Pseudo-God. Because\u2026 that is not what we are. The \u201cfear of death\u201d is transcended by the fragile and uncertain hope that the <strong><em>Other, the different<\/em><\/strong> is possible. Indeed, as Pe\u0107anac concludes this anti-capitalist treatise on the seemingly impossible, \u201cthe new political premise\u2026 will be based on empathy, freedom and social justice\u201d.<\/p>\n<p data-wahfont=\"16\" data-wahpro-txt-style=\"text-align: center; font-size: 16px;\">MAD? UTOPIAN? IMPOSSIBLE? Is that really so? Hear for yourselves in the online conversation that EstLab comrades will conduct with the author of this philosophical book, already published in several editions(!). All of this takes place on <u>Tuesday, 21 January 2025 at 6:30 p.m. in Room 39 at FFOS<\/u>. Come, listen, ask questions\u2026 <em>Death to capitalism, freedom to philosophy<\/em>.<\/p>\n<h2>Recent Events&#8230;<\/h2>\n<h2><strong>10 December 2024<br \/>\n<\/strong><strong><em>EstLab<\/em><\/strong><strong> Conversation: <\/strong>EstLab: Minority Literature? (guest: Gloria Lujanovi\u0107)<\/h2>\n<p><a href=\"https:\/\/www.ffos.unios.hr\/wp-content\/uploads\/2024\/12\/gloria_lujanovic_estlab-300x225.jpg\"><img decoding=\"async\" class=\"alignleft wp-image-97710\" src=\"https:\/\/www.ffos.unios.hr\/wp-content\/uploads\/2024\/12\/gloria_lujanovic_estlab-300x225.jpg\" alt=\"\" width=\"450\" height=\"338\" srcset=\"https:\/\/www.ffos.unios.hr\/wp-content\/uploads\/2024\/12\/gloria_lujanovic_estlab-300x225.jpg 300w, https:\/\/www.ffos.unios.hr\/wp-content\/uploads\/2024\/12\/gloria_lujanovic_estlab-768x576.jpg 768w, https:\/\/www.ffos.unios.hr\/wp-content\/uploads\/2024\/12\/gloria_lujanovic_estlab.jpg 1000w\" sizes=\"(max-width: 450px) 100vw, 450px\" \/><\/a>On Tuesday, 10 December, the final EstLab event of the year was held. The distinctive \u201cliterary evening\u201d featured Gloria Lujanovi\u0107. This Croatian writer, originally from Bosnia and Herzegovina, spoke about two notable books from her previous year\u2019s production. One is the distinctive <strong><em>poem <\/em><\/strong><em>OTAC<\/em>, while the other is a contribution to the \u201cculture of memory\u201d, a record of the wartime suffering of Bosnian Croats in the La\u0161va Valley, <em>SRCE ZEMLJE<\/em>.<\/p>\n<p>The conversation also problematised the concept of so-called \u201cminority\/minor literature\u201d, and the author expressed her loyalty to a Croatian national identity. At the same time, however, she also acknowledged her regional belonging to Bosnian literature. This distinctive positioning of Gloria Lujanovi\u0107 was also the subject of the conversation conducted with the author by the acclaimed and award-winning writer Ivana \u0160ojat and EstLab co-founder Marijan Krivak.<\/p>\n<p>Finally, the phenomenon of literary \u201cfairs\u201d was also discussed, prompted by the author\u2019s journalistic piece on that year\u2019s Interliber. The event, which attracted considerable interest from those present, opened a series of questions about the place of books and the humanities in contemporary society. Gloria Lujanovi\u0107 offered her view of the phenomenon \u201cfirst-hand\u201d.<\/p>\n<p><strong><em>mk<\/em><\/strong><\/p>\n<div class=\"embed-responsive embed-responsive-16by9\"><iframe title=\"EstLab - Manjinska knji\u017eevnost - go\u0161\u0107a Gloria Lujanovi\u0107\" width=\"1170\" height=\"658\" src=\"https:\/\/www.youtube.com\/embed\/Tav4vOxKPHw?feature=oembed\" frameborder=\"0\" allow=\"accelerometer; autoplay; clipboard-write; encrypted-media; gyroscope; picture-in-picture; web-share\" referrerpolicy=\"strict-origin-when-cross-origin\" allowfullscreen><\/iframe><\/div>\n<h3 style=\"text-align: center;\" data-wahfont=\"18\" data-wahpro-titles-style=\"text-align: center; font-size: 18px;\"><strong>E V E N T&nbsp;&nbsp;A N N O U N C E M E N T organised by<\/strong> the Aesthetics Laboratory of the Faculty of Humanities and Social Sciences:<\/h3>\n<h2 class=\"entry-title\" style=\"text-align: center;\" data-wahfont=\"23\" data-wahpro-titles-style=\"font-size: 23px;\">ESTLAB_FILMOSOPHY: MAN AND THE CAMERA<\/h2>\n<p style=\"text-align: center;\" data-wahfont=\"16\" data-wahpro-txt-style=\"text-align: center; font-size: 16px;\">TIME: <strong>Tuesday, 5 November 2024 at 6:30 p.m. <\/strong><\/p>\n<p style=\"text-align: center;\" data-wahfont=\"16\" data-wahpro-txt-style=\"text-align: center; font-size: 16px;\">VENUE: <em>Room 39 on the first floor of the Faculty of Humanities and Social Sciences<\/em><\/p>\n<p data-wahfont=\"16\" data-wahpro-txt-style=\"text-align: justify; font-size: 16px;\"><a href=\"https:\/\/www.ffos.unios.hr\/wp-content\/uploads\/2024\/11\/najava-300x247.jpg\"><img decoding=\"async\" class=\"alignleft wp-image-93940\" src=\"https:\/\/www.ffos.unios.hr\/wp-content\/uploads\/2024\/11\/najava-300x247.jpg\" alt=\"\" width=\"450\" height=\"370\" srcset=\"https:\/\/www.ffos.unios.hr\/wp-content\/uploads\/2024\/11\/najava-300x247.jpg 300w, https:\/\/www.ffos.unios.hr\/wp-content\/uploads\/2024\/11\/najava.jpg 768w\" sizes=\"(max-width: 450px) 100vw, 450px\" \/><\/a>Film is a revolutionary art. From its very beginnings, this artistic human endeavour has sought to reach new horizons and perspectives. One of the classic films of this kind is certainly <em>Man with a Movie Camera<\/em> (\u0427\u0435\u043b\u043e\u0432\u0435\u043a \u0441 \u043a\u0438\u043d\u043e\u0430\u043f\u043f\u0430\u0440\u0430\u0442\u043e\u043c, 1929). It is a distinctive cinematic expression separated from the language of theatre and literature. In the dynamic depiction of a single day in Soviet Russia, Dziga Vertov creates his final work. The camera\u2019s constant movement is also a sign of the dynamics of the revolution \u201cin progress\u201d. Jacques Ranci\u00e8re would say: \u201cthis is not a film about revolution, but an activity that shows communism in the everyday pulse of life\u201d.<\/p>\n<p data-wahfont=\"16\" data-wahpro-txt-style=\"text-align: justify; font-size: 16px;\">The protagonist of the film is the movie camera. In constant motion it records\u2026 LIFE. It climbs factory chimneys and bridges, arrives at bathing places, films from a speeding car or motorcycle. The cameraman lies on the railway tracks in adrenaline-filled anticipation of an oncoming train. Vertov sends his protagonist, the cameraman\/camera, into hospitals, maternity wards\u2026 cemeteries, funerals\u2026 sporting events\u2026 streets and squares. In all this, cinematic language is born. On the border between figuration and abstraction, <em>Man with a Movie Camera<\/em> contributes to Benjamin\u2019s optimism concerning cinema\u2019s effect on the destruction of the sacred role of the AURA in the experience of a work of art. But not only that\u2026 This film is the culmination of the Soviet\/Russian AVANT-GARDE and its artistic testament. On Tuesday, 5 November, in Room 39, as part of EstLab\u2019s \u201cFilmosophy\u201d section, we will discuss this silent, yet \u201celoquent\u201d(!), cinema classic. Let us watch the film together and discuss what it means to us TODAY.<\/p>\n<p data-wahfont=\"16\" data-wahpro-txt-style=\"text-align: right; font-size: 16px;\"><strong>mk<\/strong><\/p>\n<h1><em>Recent Events<\/em><\/h1>\n<h2 class=\"entry-title\" data-wahpro-titles-style=\"\" data-wahfont=\"23\">8 October 2024<br \/>\n<strong>Music of RESISTANCE AND FREEDOM \u2013 40 Years after the Red Album: guest Pero Lov\u0161in<\/strong><\/h2>\n<p><a href=\"https:\/\/www.ffos.unios.hr\/wp-content\/uploads\/2024\/10\/lovsin-243x300.jpg\"><img decoding=\"async\" class=\"alignleft size-medium wp-image-91555\" src=\"https:\/\/www.ffos.unios.hr\/wp-content\/uploads\/2024\/10\/lovsin-243x300.jpg\" alt=\"\" width=\"243\" height=\"300\" srcset=\"https:\/\/www.ffos.unios.hr\/wp-content\/uploads\/2024\/10\/lovsin-243x300.jpg 243w, https:\/\/www.ffos.unios.hr\/wp-content\/uploads\/2024\/10\/lovsin-768x949.jpg 768w, https:\/\/www.ffos.unios.hr\/wp-content\/uploads\/2024\/10\/lovsin.jpg 799w\" sizes=\"(max-width: 243px) 100vw, 243px\" \/><\/a>Room 39 at our Faculty echoed with punk <strong>on Tuesday, 8 October 2024<\/strong>. We hosted <strong>Pankrti<\/strong>, of course, through their \u201cspokesman\u201d. At EstLab\u2019s first forum of the new season, <strong>Peter Lov\u0161in<\/strong> spoke with the author of these lines. A beloved \u201crebel with a cause\u201d from some of our long-ago times, Pero uncompromisingly exposed the artistic provocation of punk and of Pankrti before a packed audience. It became clear that he still has something to say to new generations. Loud and clear, through music and words. Alongside a presentation of their \u201c<strong>Rde\u010di album<\/strong>\u201d and a discussion of Pankrti\u2019s resistance to the rigid socialist regime, the conversation also addressed the political and cultural solidarity among bands, and other artists, throughout the former Yugoslavia.<\/p>\n<p><em>FROM THE ANNOUNCEMENT: Svoboda? Kaj pomeni svoboda<\/em>? Or\u2026 Freedom? What does FREEDOM mean (to us)? As a local, though alas long-gone, rock poet and undisputed Messiah of this region once said: \u201cFreedom is not the mutual caressing of idiotic heads\u2026 Freedom is a Woman, take her.\u201d And YES, one day in that mythical year of 1977, Gregor Tomc travelled to London to bring back evidence of that FREEDOM\u2026 in the form of vinyl records. Of course, this was the then-emerging PUNK. It was a \u201ccry of freedom\u201d. And all this at the conservative dawn of Anglo-Saxon neoliberalism. Down south, in the westernmost republic of Yugoslavia, there appeared\u2026 PANKRTI. In the spirit of the anarchist cry that they \u201cdo not know what they want\u2026 but they know how to get it\u201d (Sex Pistols), these <strong><em>Bastards <\/em><\/strong>burst onto the YU rock scene like a <em>storm<\/em> sweeping away everything before it. This \u201cstorm\u201d, or rather <em>thunder<\/em>, ravaged the SC Gallery in Zagreb in the late autumn of 1977. The above-mentioned poet offered a friendly welcome to his Ljubljana comrades in the lyrics of his first single: \u201cI shave my beard and moustache to look like Pankrti\u201d (Azra, <em>Balkan<\/em>, 1979). Although Houra\u2019s (or rather Cvetkovi\u0107\u2019s!?) <em>Kazali\u0161te<\/em> beat them to the release of a first album, while a little later Rijeka\u2019s <em>Paraf<\/em> released its now-anthological debut, PANKRTI shaped and conceived their own LP most convincingly. <a href=\"https:\/\/www.youtube.com\/watch?v=_xekKeGc0bE&amp;t=1494s\" rel=\"noopener\">https:\/\/www.youtube.com\/watch?v=_xekKeGc0bE&amp;t=1494s<\/a>.<\/p>\n<p><strong><em><a href=\"https:\/\/www.ffos.unios.hr\/wp-content\/uploads\/2024\/10\/lovsin3-300x225.jpg\"><img decoding=\"async\" class=\"alignright wp-image-92331\" src=\"https:\/\/www.ffos.unios.hr\/wp-content\/uploads\/2024\/10\/lovsin3-300x225.jpg\" alt=\"\" width=\"400\" height=\"300\" srcset=\"https:\/\/www.ffos.unios.hr\/wp-content\/uploads\/2024\/10\/lovsin3-300x225.jpg 300w, https:\/\/www.ffos.unios.hr\/wp-content\/uploads\/2024\/10\/lovsin3-1024x768.jpg 1024w, https:\/\/www.ffos.unios.hr\/wp-content\/uploads\/2024\/10\/lovsin3-768x576.jpg 768w, https:\/\/www.ffos.unios.hr\/wp-content\/uploads\/2024\/10\/lovsin3-1536x1152.jpg 1536w, https:\/\/www.ffos.unios.hr\/wp-content\/uploads\/2024\/10\/lovsin3.jpg 1600w\" sizes=\"(max-width: 400px) 100vw, 400px\" \/><\/a>Dolgcajt <\/em><\/strong>was the truest image of growing up amid the greyness of torn city streets in what was then deadly dull Ljubljana. (Its <em>bolezen<\/em>, the <em>fantje<\/em> from Kodeljevo and \u0160i\u0161ka had already described in the single \u201cLublana je bulana\u201d.) From <em>Kruh in igre<\/em> to <em>Podgane iz Ljubljane<\/em>\u2026 It was a cultural SCANDAL. An artistic-political provocation <em>par excellence<\/em>. But also pure ENERGY, unprecedented in this region. Naturally, it could not pass without a State Award!(?) \u2013 the \u201cSeven Secretaries of SKOJ\u201d. <strong><em>Darlings of the state<\/em><\/strong>, then, Pankrti(!), long before their fellow citizens from Laibach, used <em>overidentification<\/em> as an artistic excess, visible on the cover of their second album <a href=\"https:\/\/www.youtube.com\/watch?v=zp8Z16C0Gqs\" rel=\"noopener\">https:\/\/www.youtube.com\/watch?v=zp8Z16C0Gqs<\/a>. \u201cZa \u017eelezno zaveso, stare babe puljo <strong>rde\u010do<\/strong> peso.\u201d Was it <em>irony<\/em>? Hmmm\u2026<\/p>\n<p><em><a href=\"https:\/\/www.ffos.unios.hr\/wp-content\/uploads\/2024\/10\/lovsin2-300x225.jpg\"><img decoding=\"async\" class=\"alignleft size-medium wp-image-92337\" src=\"https:\/\/www.ffos.unios.hr\/wp-content\/uploads\/2024\/10\/lovsin2-300x225.jpg\" alt=\"\" width=\"300\" height=\"225\" srcset=\"https:\/\/www.ffos.unios.hr\/wp-content\/uploads\/2024\/10\/lovsin2-300x225.jpg 300w, https:\/\/www.ffos.unios.hr\/wp-content\/uploads\/2024\/10\/lovsin2-1024x768.jpg 1024w, https:\/\/www.ffos.unios.hr\/wp-content\/uploads\/2024\/10\/lovsin2-768x576.jpg 768w, https:\/\/www.ffos.unios.hr\/wp-content\/uploads\/2024\/10\/lovsin2-1536x1152.jpg 1536w, https:\/\/www.ffos.unios.hr\/wp-content\/uploads\/2024\/10\/lovsin2.jpg 1600w\" sizes=\"(max-width: 300px) 100vw, 300px\" \/><\/a>Anyway<\/em>, now for the main point. Forty years ago came the strongest blow against the stale ideological slogans of an already exhausted socialist Yugoslavia. <strong><em>RDE\u010cI ALBUM <\/em><\/strong>\u2014 was it subversion? Or was it a <em>revival<\/em> of authentic \u201ccommunism and FREEDOM\u201d!? Does the language of music still think critically about the reality it sings about and depicts? Are there still young and rebellious musicians with an idea\/message? Hmmm\u2026 Neither Pero\u2019s Ljubljana nor the Ljubljana of the revolutionarily conscious Pankrti is, surely, what it once was. Everything is different\u2026 and sadder. Yet a glimmer of light appeared at the end of this musical conversation. The young people present, FFOS students, spontaneously enjoyed themselves, some even jumping around, to Pankrti\u2019s rebellious anthem \u201cBandiera Rossa\u201d!<\/p>\n<p>mk<\/p>\n<p>&nbsp;<\/p>\n<div class=\"embed-responsive embed-responsive-16by9\"><iframe title=\"EstLab - Muzika otpora i slobode - gost Pero Lov\u0161in\" width=\"1170\" height=\"658\" src=\"https:\/\/www.youtube.com\/embed\/YLL2xUfZcmw?feature=oembed\" frameborder=\"0\" allow=\"accelerometer; autoplay; clipboard-write; encrypted-media; gyroscope; picture-in-picture; web-share\" referrerpolicy=\"strict-origin-when-cross-origin\" allowfullscreen><\/iframe><\/div>\n<h2 data-wahfont=\"24\" data-wahpro-titles-style=\"text-align: center; font-size: 24px;\">4 June 2024<br \/>\n<strong><em>Metastases <\/em><\/strong><strong>(of Croatian Reality) \u2013 <\/strong><strong>Film Screening and Conversation with Branko SCHMIDT<\/strong><\/h2>\n<p><a href=\"https:\/\/www.ffos.unios.hr\/wp-content\/uploads\/2024\/06\/schimdt_metastaze_hrvatske_zbiljnosti-1.jpg\"><img decoding=\"async\" class=\"alignleft wp-image-87612\" src=\"https:\/\/www.ffos.unios.hr\/wp-content\/uploads\/2024\/06\/schimdt_metastaze_hrvatske_zbiljnosti-1.jpg\" alt=\"\" width=\"600\" height=\"450\" srcset=\"https:\/\/www.ffos.unios.hr\/wp-content\/uploads\/2024\/06\/schimdt_metastaze_hrvatske_zbiljnosti-1.jpg 1000w, https:\/\/www.ffos.unios.hr\/wp-content\/uploads\/2024\/06\/schimdt_metastaze_hrvatske_zbiljnosti-1-300x225.jpg 300w, https:\/\/www.ffos.unios.hr\/wp-content\/uploads\/2024\/06\/schimdt_metastaze_hrvatske_zbiljnosti-1-768x576.jpg 768w\" sizes=\"(max-width: 600px) 100vw, 600px\" \/><\/a>The final <strong>EstLab<\/strong> event of this academic year offered those present a rarely exciting, \u201cmetastasising\u201d experience. Our guest was <strong>Branko Schmidt<\/strong>. The recent recipient of the \u201cVladimir Nazor\u201d Lifetime Achievement Award in film art spoke with the author of these lines about <strong><em>Metastaze<\/em><\/strong>. (The cult film, <em>btw<\/em>, was screened once again for interested viewers before the conversation itself.)<\/p>\n<p>Everyone present, including director Schmidt himself, agreed that the film has proved astonishingly resistant to socio-cultural change and the passage of time, remaining equally innovative and fresh a full fifteen years after it was made. During the conversation, Branko recalled many memories and experiences associated with the filming. We also learned how he met <strong>Alen Bovi\u0107<\/strong>. Indicative of the society in which we live, Bovi\u0107 had to use a pseudonym when publishing the novel <em>Metastaze<\/em>, for fear of radical reactions to his literary debut\u2026 and who knows what else. For in <strong><em>Metastaze <\/em><\/strong>(of Croatian reality!), <strong>Ivo Balenovi\u0107<\/strong> depicts both metaphorically and literally the disintegration of a group of young people amid the local post-war transition, under the sign of hooliganism and violence associated with the formation of \u201cOur Beautiful Homeland\u201d.<\/p>\n<p>Schmidt revealed that the film also marked a kind of metamorphosis in his own body of work. His collaboration with Balenovi\u0107 and the film\u2019s principal protagonist, actor <strong>Rene Bitorajac<\/strong>, also produced another important film of Croatian cinema, and beyond, from those years: <strong><em>Ljudo\u017eder vegetarijanac <\/em><\/strong>(2012).<\/p>\n<p>Ultimately, Schmidt proved to be an inspiring interlocutor, but also a man who remains disappointed by certain manifestations of the country in which we live, including the persistence of a kind of fascist-generating tendency, particularly in connection with the so-called \u201csupporter subculture\u201d. Our homeland remains burdened by many \u201cmetastasised\u201d deviations, and the director of the cult film also reflected on the result of our most recent parliamentary elections.<\/p>\n<p>As a native <em>Esseker<\/em>, and someone who was also a wartime television cameraman in Osijek as the city was being destroyed in the early 1990s, Schmidt is certainly a legitimate witness capable of passing on to younger generations his experience <em>of a country that, in many respects, could and should have been different<\/em>. <strong><em>Metastaze <\/em><\/strong>is a film that makes us aware of all this in a disturbing yet intellectually stimulating way. Fortunately, we can also enjoy it as a sparklingly humorous, witty and full-blooded genre film. Believe me, it remains not only the most important, but truly the best Croatian film since independence. <strong><em>mk<\/em><\/strong><\/p>\n<div class=\"embed-responsive embed-responsive-16by9\"><iframe title=\"EstLab - Metastaze (hrvatske) zbiljnosti - gost Branko Schmidt\" width=\"1170\" height=\"658\" src=\"https:\/\/www.youtube.com\/embed\/fwDAWW8FOK0?feature=oembed\" frameborder=\"0\" allow=\"accelerometer; autoplay; clipboard-write; encrypted-media; gyroscope; picture-in-picture; web-share\" referrerpolicy=\"strict-origin-when-cross-origin\" allowfullscreen><\/iframe><\/div>\n<h2 data-wahfont=\"24\" data-wahpro-titles-style=\"text-align: center; font-size: 24px;\">25 May 2024<br \/>\nEstLab Forum: Acting without Acting &#8211; guest Bogdan Dikli\u0107<\/h2>\n<p><span class=\"yt-core-attributed-string yt-core-attributed-string--white-space-pre-wrap\" role=\"text\"><span class=\"yt-core-attributed-string--link-inherit-color\"><a href=\"https:\/\/www.ffos.unios.hr\/wp-content\/uploads\/2024\/05\/diklic-1024x576.jpg\"><img decoding=\"async\" class=\"alignleft wp-image-87011\" src=\"https:\/\/www.ffos.unios.hr\/wp-content\/uploads\/2024\/05\/diklic-1024x576.jpg\" alt=\"\" width=\"601\" height=\"338\" srcset=\"https:\/\/www.ffos.unios.hr\/wp-content\/uploads\/2024\/05\/diklic-1024x576.jpg 1024w, https:\/\/www.ffos.unios.hr\/wp-content\/uploads\/2024\/05\/diklic-300x169.jpg 300w, https:\/\/www.ffos.unios.hr\/wp-content\/uploads\/2024\/05\/diklic-768x432.jpg 768w, https:\/\/www.ffos.unios.hr\/wp-content\/uploads\/2024\/05\/diklic.jpg 1200w\" sizes=\"(max-width: 601px) 100vw, 601px\" \/><\/a>Acting is lived, felt\u2026 reflected upon. This much-needed \u201creflection\u201d took place on Youth Day itself, as part of the <strong>Pannonian Festival of Literature<\/strong>. The second edition of the festival hosted perhaps \u201cthe most significant living actor\u201d (B. Pe\u0161i\u0107) \u201cin these parts\u201d (Hladno pivo). And so there was an intellectual encounter between <strong>Bogdan Dikli\u0107<\/strong> and <strong>EstLab<\/strong>! The conversation with this veteran of the artistic \u201cvocation of acting\u201d also included the younger Osijek actor <strong>Antonio Jakup\u010devi\u0107<\/strong> and the author of these lines. The discussion focused first and foremost on the newest, \u201cupdated\u201d edition of Dikli\u0107\u2019s book <em>O glumi bez glume<\/em> (4th ed., 2023). Small in format but great in spirit, this book contains a kind of (ta)O-isms, witty lessons and wisdom drawn, naturally, from Bogdan Dikli\u0107\u2019s rich half-century of acting experience. Exceptionally quick-witted and humorous, the actor also offered a number of other perspectives on acting, whether theatrical, cinematic or television. Alongside the expected discussion of the cult film <em>Maratonci tr\u010de po\u010dasni krug<\/em> (1982), the conversation also touched on the formative TV series by Sr\u0111an Karanovi\u0107 and Rajko Grli\u0107, <em>Grlom u jagode<\/em> (1975-1976), Goran Markovi\u0107\u2019s classic <em>Nacionalna klasa<\/em> (1978), and the distinctive masterpiece of Croatian alternative cinema, Bobo Jel\u010di\u0107\u2019s \u201cartistic gem\u201d <em>Obrana i za\u0161tita<\/em> (2013). Dikli\u0107 spoke very emotionally about his embodiment of Slavko, a man from Mostar confronted with the \u201cwaiting for Dragan\u201d, a kind of Godot in this allegorical work. YES\u2026 in conversation with Dikli\u0107, we truly reflected. In many respects, Bogdan proved to be an exceptionally inspiring interlocutor in confronting the essence of art. Particularly when discussing the threefold relationship writer-viewer-actor. In Kairos, after all, \u201cskill\u2026 becomes art\u201d. And the actor and his experience become LIFE itself. <em>mk<\/em><\/span><\/span><\/p>\n<div class=\"embed-responsive embed-responsive-16by9\"><iframe title=\"EstLab - O glumi bez glume - gost Bogdan Dikli\u0107\" width=\"1170\" height=\"658\" src=\"https:\/\/www.youtube.com\/embed\/p3XfyJPOWV8?feature=oembed\" frameborder=\"0\" allow=\"accelerometer; autoplay; clipboard-write; encrypted-media; gyroscope; picture-in-picture; web-share\" referrerpolicy=\"strict-origin-when-cross-origin\" allowfullscreen><\/iframe><\/div>\n<h2 data-wahfont=\"24\" data-wahpro-titles-style=\"text-align: center; font-size: 24px;\">21 May 2024<br \/>\nEstLab Colloquium &#8211; The Right of Death and Power over Life<\/h2>\n<p data-wahfont=\"24\" data-wahpro-titles-style=\"text-align: center; font-size: 24px;\"><span class=\"yt-core-attributed-string yt-core-attributed-string--white-space-pre-wrap\" role=\"text\"><span class=\"yt-core-attributed-string--link-inherit-color\"><a href=\"https:\/\/www.ffos.unios.hr\/wp-content\/uploads\/2024\/05\/estlab_foucault-1-300x169.jpg\"><img decoding=\"async\" class=\"alignleft wp-image-87102\" src=\"https:\/\/www.ffos.unios.hr\/wp-content\/uploads\/2024\/05\/estlab_foucault-1-300x169.jpg\" alt=\"\" width=\"550\" height=\"309\" srcset=\"https:\/\/www.ffos.unios.hr\/wp-content\/uploads\/2024\/05\/estlab_foucault-1-300x169.jpg 300w, https:\/\/www.ffos.unios.hr\/wp-content\/uploads\/2024\/05\/estlab_foucault-1-1024x576.jpg 1024w, https:\/\/www.ffos.unios.hr\/wp-content\/uploads\/2024\/05\/estlab_foucault-1-768x432.jpg 768w, https:\/\/www.ffos.unios.hr\/wp-content\/uploads\/2024\/05\/estlab_foucault-1.jpg 1200w\" sizes=\"(max-width: 550px) 100vw, 550px\" \/><\/a>As with everything else that remains even remotely meaningful today, the question of \u201clife and death\u201d remains a neuralgic one. The same is true of philosophy itself. What is the condition of its survival? Where lies the thin line marking the boundary of its existence\u2026 once again, its life and death? The philosopher who most persistently dealt with this question is certainly <strong>Michel FOUCAULT<\/strong>. The concluding text of the first volume of his planned six-volume work, provocatively entitled <strong>The History of Sexuality \u2013 The Will to Knowledge<\/strong> (1976), bears the title \u201c<strong>Right of Death and Power over Life<\/strong>\u201d. Here Foucault uncovers a permanent modern <em>arcanum<\/em>: the mystery of the knowledge\/power relationship. How is the contemporary capitalist world structured? The \u201carchaeology of knowledge\u201d becomes a distinctive \u201cgenealogy of power\u201d, while the management of life becomes the fundamental means of enslaving individuals exposed to technologies of knowledge and strategies of power. Towards the end of his life, Foucault sought \u201csalvation\u201d from this in a hermeneutics of the \u201ccare of the self\u201d (<em>epimeleia heautou<\/em>). After bestial sovereign power, most graphically and brutally described at the beginning of his book <em>Discipline and Punish<\/em> (1975), the body is punished less and less through brutal torture and killing, and increasingly subjected to\u2026 discipline. It becomes the stake of Capital\u2019s \u201ccare\u201d for labour power, healthy and docile enough for the production process. Foucault raises the entire issue to the level of the so-called history of sexuality. Power over life, at least since the 18th century, develops in two directions. The first is the so-called \u201canatomo-politics of the human body\u201d, which becomes a murderous machine of death (or a war machine, as Gilles Deleuze and F\u00e9lix Guattari would later call it). The second is the \u201cbiopolitics of the population\u201d, which regulates population hygiene. And not only that\u2026 What is \u201cat stake\u201d here includes demography, housing policy, health policy and epidemiology, the science of the \u201cproper shaping of the social body\u201d. The path from sovereign power, guided by the principle \u201cTake life or let live\u201d, through the disciplining of bodies in enclosed spaces, schools, factories, hospitals, barracks\u2026 the prison itself, ends in biopower as the driving force of contemporary capitalism. Its principle, therefore, becomes \u201cMake live and\u2026 let die\u201d. What does Foucault tell us about all this? What is the power of LIFE as RESISTANCE? And where do we find the \u201cpower of resistance\/revolt of life against the power that seeks to control it\u201d? What place remains for LIFE within the all-encompassing biopolitics of today\u2019s war machine? Furthermore, how did the \u201csymbolics of blood\u201d become an \u201canalytics of sexuality\u201d, the fundamental dispositif for supervising the life of the individual within \u201cnetworked societies of control\u201d (Deleuze)? THE RIGHT TO LIFE\u2026 Can a human being still be what they are (Who Is!) beyond all oppression and alienation? Is the \u201claw of the sword\u201d the fateful, unavoidable destiny of the individual, both in Foucault\u2019s time and in our own? Do we still have any power at all to oppose that power? We tried to answer these and other questions at the EstLab academic colloquium held on Tuesday, 21 May at 6:30 p.m. at the Faculty of Humanities and Social Sciences in Osijek. Alongside EstLab members <strong>Marijan Krivak, \u017deljko Senkovi\u0107, Daniel Horvat, Mislav Uzuni\u0107 and Boris Bosan\u010di\u0107<\/strong>, philosophy students from our Faculty also joined the event. mk<\/span><\/span><\/p>\n<div class=\"embed-responsive embed-responsive-16by9\"><iframe title=\"EstLab kolokvij - Pravo na smrt i mo\u0107 nad \u017eivotom\" width=\"1170\" height=\"658\" src=\"https:\/\/www.youtube.com\/embed\/x_OkUX4bWl0?feature=oembed\" frameborder=\"0\" allow=\"accelerometer; autoplay; clipboard-write; encrypted-media; gyroscope; picture-in-picture; web-share\" referrerpolicy=\"strict-origin-when-cross-origin\" allowfullscreen><\/iframe><\/div>\n<h2 data-wahfont=\"24\" data-wahpro-titles-style=\"text-align: center; font-size: 24px;\">16 April 2024<br \/>\nEstLab Forum: What Is the Post-Marxist Condition, or\u2026 What Is Theory For?<strong><em><br \/>\n<\/em><\/strong><\/h2>\n<p><a href=\"https:\/\/www.ffos.unios.hr\/wp-content\/uploads\/2024\/04\/postmarksizam.jpg\"><img decoding=\"async\" class=\"alignleft wp-image-84304\" src=\"https:\/\/www.ffos.unios.hr\/wp-content\/uploads\/2024\/04\/postmarksizam.jpg\" alt=\"\" width=\"600\" height=\"450\" srcset=\"https:\/\/www.ffos.unios.hr\/wp-content\/uploads\/2024\/04\/postmarksizam.jpg 1000w, https:\/\/www.ffos.unios.hr\/wp-content\/uploads\/2024\/04\/postmarksizam-300x225.jpg 300w, https:\/\/www.ffos.unios.hr\/wp-content\/uploads\/2024\/04\/postmarksizam-768x576.jpg 768w\" sizes=\"(max-width: 600px) 100vw, 600px\" \/><\/a>The Aesthetics Laboratory at FFOS, our well-known EstLab, marked three years of continuous activities and actions concerning books, film, music and\u2026 philosophy. And it did so, in its own spirit, in the best possible way! The jubilee 50th event was held on Tuesday, 16 April 2024 in a well-filled Room 39 at FFOS. Our guests represented the \u201c<strong>post-Marxist condition<\/strong>\u201d. From Zagreb came Zvonimir Glava\u0161, author of the book of the same name and, incidentally, one of our \u201cOsijek students\u201d, together with the renowned literary theorist and literary historian Tomislav Brlek. In conversation with the author of these lines, they discussed numerous topics related to literary theory and political theory, all within the context of a topos that has been present in the humanities for more than a quarter of a century: <strong><em>post-Marxism<\/em><\/strong><em><u>.<\/u><\/em><\/p>\n<p>First, the question was raised as to what so-called \u201ctheory\u201d means today (Why Theory?) after the declaratively proclaimed \u201cend of philosophy\u201d. Theory, in both the literary and political sense, addresses numerous neuralgic questions that still keep alive the very \u201cmatter of thinking\u201d (Heidegger). Following its initial \u201cappearance\u201d in the classic Laclau-Mouffe volume <em>Hegemony and Socialist Strategy<\/em> (1985), <strong>post-Marxism<\/strong> became established as a cultural phenomenon through two books by Stuart Sim (1998\/2000).<\/p>\n<p>Tomislav Brlek explained the many connections among various post-isms. Both <em>post<\/em>modernism and <em>post<\/em>structuralism form part of the theoretical legacy invoked by nominal \u201cpost-Marxists\u201d. The author of <strong><em>Postmarksisti\u010dko stanje<\/em><\/strong>, Zvonimir Glava\u0161, presented his motivation for writing the book, which is a published version of his dissertation. Through the conversation among the three participants, examples of some of the most important literary-political theories crystallised, particularly those associated with the major French philosophers of the second half of the 20th century.<\/p>\n<p>The discussion covered Jacques Ranci\u00e8re and his phrase \u201c<em>zoon politikon<\/em> as a literary animal\u201d; Deleuze and Guattari\u2019s famous book on <em>Kafka and minor literature<\/em> was also addressed, while the provocative work <em>Spectres of Marx<\/em> (1993) by Derrida formed a kind of \u201ccrescendo\u201d of the entire discussion. Somewhat heretical from the standpoint of Marxist orthodoxy, this book raised the whole question of \u201c<strong>post-Marxism<\/strong>\u201d interpretively to the highest reaches of so-called \u201cdeconstruction\u201d. Derrida\u2019s idea of <strong><em>justice<\/em><\/strong> as the only human category that cannot be deconstructed is deeply inspired by the spirit\/<em>spectre<\/em> of Marx\u2019s thought. As, incidentally, was the music of GANG OF FOUR, which framed the whole event in a <strong>dance-smart<\/strong> way! <strong><em>mk<\/em><\/strong><\/p>\n<div class=\"embed-responsive embed-responsive-16by9\"><iframe title=\"Estlab - Postmarksizam - gosti Tomislav Brlek i Zvonimir Glava\u0161\" width=\"1170\" height=\"658\" src=\"https:\/\/www.youtube.com\/embed\/SrkiW8bH8uQ?feature=oembed\" frameborder=\"0\" allow=\"accelerometer; autoplay; clipboard-write; encrypted-media; gyroscope; picture-in-picture; web-share\" referrerpolicy=\"strict-origin-when-cross-origin\" allowfullscreen><\/iframe><\/div>\n<p>&nbsp;<\/p>\n<h2><strong>19 March 2024<br \/>\n<\/strong><strong><em>EstLab<\/em><\/strong><strong> Conversation: <\/strong><strong>Writer and Scholar \u2013 Kristian Novak\u2019s Autoethnographic Landscapes<\/strong><\/h2>\n<p><a href=\"https:\/\/www.ffos.unios.hr\/wp-content\/uploads\/2024\/03\/novak2-300x225.jpg\"><img decoding=\"async\" class=\"alignleft wp-image-83294\" src=\"https:\/\/www.ffos.unios.hr\/wp-content\/uploads\/2024\/03\/novak2-300x225.jpg\" alt=\"\" width=\"500\" height=\"375\" srcset=\"https:\/\/www.ffos.unios.hr\/wp-content\/uploads\/2024\/03\/novak2-300x225.jpg 300w, https:\/\/www.ffos.unios.hr\/wp-content\/uploads\/2024\/03\/novak2-768x576.jpg 768w, https:\/\/www.ffos.unios.hr\/wp-content\/uploads\/2024\/03\/novak2.jpg 1000w\" sizes=\"(max-width: 500px) 100vw, 500px\" \/><\/a>\u201cI write to survive,\u201d <strong>Kristian Novak<\/strong> told us on Tuesday, 19 March 2024 in the well-filled Ceremonial Hall at FFOS, in his characteristic style, openly and without restraint exposing the painful process of writing, painful for him and for many others. This recipe for life, as we might call it, runs through Kristian\u2019s literary and scholarly trajectory, which, as it turned out, intertwines at many points, much like the \u201cbraids\u201d of narration in his novels, as described by his editor at the Ocean More publishing house, <strong>Kruno Lokotar<\/strong>. It became clear that the role of the \u201cwrite-and-erase\u201d board is crucial to his very existence, because the path towards a rounded story contains many possible routes and returning to a particular word or scene proves just as important as moving forward. One particularly fascinating moment came about five minutes after a question from the audience, asked by a young aspiring author, when you realised that Kristian had described with remarkable precision the process of creating a literary character or portraying an event crucial to the development of a novel\u2019s plot. In those moments it became clear that he is both an excellent lecturer and entertainer, because through effortless self-ironic humour he demonstrated in practice what he says he does best: the self-reflective first person through which he lays bare, almost to the point of discomfort, his characters and their actions. He returned several times to precisely those moments when an obsessive idea takes shape and to the way form affects the final content. He also conveyed both the importance and the burden of the author\u2019s decision regarding the manner in which characters speak from the pages of a book and the significance of the language in which they speak. It became clear that his decision to characterise figures not only through descriptions of their actions but also through their speech, the choice of textual format and linguistic variety, and the constant conflict between the standard language and the Me\u0111imurje dialect, was entirely deliberate. These nuances of linguistic choice reflect the intersection of Kristian\u2019s fields of activity, as he himself calls them, those of the writer and the linguist, fields that meet in the method of autoethnography, a deep prose immersion in the landscapes of <strong>Me\u0111imurje<\/strong> and its people. Introduced into the conversation by the gentle voice of <strong>Teta Liza<\/strong> and the traditional song \u201c<em>Me\u0111imurje, kak si lepo zeleno<\/em>\u201d, we sought to unravel the duality of feeling inspired by this beautiful part of Croatia, so close, as I understand it, to the feeling of <em>sevdah<\/em>. <em>Saudade, morna<\/em>, that simultaneous feeling of sadness and happiness, seems almost to be a defining feature of Me\u0111imurje tradition and its culture of living, while standing in obvious contrast to the darkness faced by the characters in Novak\u2019s novel <em>\u010crna mati zemla<\/em>, perhaps the most \u201cMe\u0111imurje\u201d of all his works. Kristian nevertheless emphasised that the people of Me\u0111imurje today have distanced themselves from traditional music and that weddings there tend to feature the somewhat more contemporary Pejakovi\u0107 and Stavros. We also concluded that there has been a shift in his literary motifs, from geographically specific issues such as coexistence with Roma people or migrant smuggling in <em>Ciganin, ali najljep\u0161i<\/em>, towards the much more universal crime-report motifs of <em>Slu\u010daj vlastite pogibelji<\/em>, which could have taken place anywhere.<\/p>\n<p>Kristian\u2019s obsession and precision in narration are also evident in his dissertation of more than 500 pages, <em>Vi\u0161ejezi\u010dnost i kolektivni identiteti iliraca. <\/em><em>Jezi\u010dne biografije Dragojle Jarnevi\u0107, Ljudevita Gaja i Ivana Kukuljevi\u0107a Sakcinskoga<\/em>, in which, through the correspondence of members of the Illyrian movement, he managed to paint a lesser-known picture of the role of bilingualism in the creation of Croatian identity. He showed how the Illyrians, most of whom were German speakers, demonstrated through learning Croatian the way in which language can reshape not only linguistic, but also social reality. Particularly interesting was his account of the life and work of Dragojla (Karolina) Jarnevi\u0107, another example of a woman who, in a different time and society, might have been recognised as a scholar, but instead had to endure the constant neglect of her work as an educator and author.<\/p>\n<p>Kristian also revealed a detail from his life that determined yet another of his roles, that of editor of a literary work, in his words perhaps the most difficult role of all, though not because of the author whose work he edited. That author was in fact his Croatian-language teacher, Ivan Pranji\u0107, a man whom Kristian perhaps has to thank for his decision to engage in literary writing as well. Perhaps the most intimate part of the conversation was his description of the method Professor Pranji\u0107 used to teach his pupils to write compositions, encouraging them to write in their own Me\u0111imurje language so that they could express what they thought and felt. In this miniature from Kristian\u2019s childhood, and in his voice, one could sense all the gentleness and persistence with which a teacher feels the importance of language, the security familiar words provide when written down and seen on paper. One might say that this fragment from the past found its mirror image a few decades later in the synergy of teacher-writer and pupil-editor, but it may also be an image of Kristian Novak as writer and scholar, an obsessive seeker of the truth that sets one free.<\/p>\n<p>Tanja Grade\u010dak<\/p>\n<div class=\"embed-responsive embed-responsive-16by9\"><iframe title=\"EstLab - Autoetnografski pejza\u017ei - gost Kristian Novak\" width=\"1170\" height=\"658\" src=\"https:\/\/www.youtube.com\/embed\/CFP6Am4qBeE?feature=oembed\" frameborder=\"0\" allow=\"accelerometer; autoplay; clipboard-write; encrypted-media; gyroscope; picture-in-picture; web-share\" referrerpolicy=\"strict-origin-when-cross-origin\" allowfullscreen><\/iframe><\/div>\n<h2><strong>23 January 2024<br \/>\n<\/strong><strong><em>EstLab<\/em><\/strong><strong> Forum: \u201cA New Generation of Croatian Women Writers\u201d &#8211; <\/strong>guests Julijana Adamovi\u0107 and Ivana \u0160ojat<\/h2>\n<p><span class=\"yt-core-attributed-string yt-core-attributed-string--white-space-pre-wrap\" role=\"text\"><span class=\"yt-core-attributed-string--link-inherit-color\"><a href=\"https:\/\/www.ffos.unios.hr\/wp-content\/uploads\/2024\/02\/estlab_tribina_adamovic_sojat.jpg\"><img decoding=\"async\" class=\"alignleft wp-image-79892\" src=\"https:\/\/www.ffos.unios.hr\/wp-content\/uploads\/2024\/02\/estlab_tribina_adamovic_sojat.jpg\" alt=\"\" width=\"588\" height=\"360\" srcset=\"https:\/\/www.ffos.unios.hr\/wp-content\/uploads\/2024\/02\/estlab_tribina_adamovic_sojat.jpg 800w, https:\/\/www.ffos.unios.hr\/wp-content\/uploads\/2024\/02\/estlab_tribina_adamovic_sojat-300x184.jpg 300w, https:\/\/www.ffos.unios.hr\/wp-content\/uploads\/2024\/02\/estlab_tribina_adamovic_sojat-768x470.jpg 768w\" sizes=\"(max-width: 588px) 100vw, 588px\" \/><\/a>The forum \u201cA New Generation of Croatian Women Writers\u201d, organised by the Aesthetics Laboratory of the Faculty of Humanities and Social Sciences in Osijek, was held on 23 January 2024 at 6 p.m. in Room 54 at the Faculty. The theme \u201cA New Generation of Croatian Women Writers\u201d forms part of the project <em>Poezija u sjeni(ci)<\/em>, whose primary aim is to introduce literary and poetic creativity while encouraging students\u2019 independent literary expression. Memories and experiences are what Croatian women writers offer as an emancipatory path or as a reminder of the need for broader social sensitisation. The Croatian women writers of the new generation who follow such literary paths and who inspired the forum and its thematic framework are the award-winning authors Ivana \u0160ojat and Julijana Adamovi\u0107. Ivana \u0160ojat is a translator and writer with a rich body of work encompassing poetry, essays, short stories, novellas and novels, most notably the multiple award-winning novel <em>Unterstadt<\/em>, which also received an award-winning stage adaptation at the Croatian National Theatre in Osijek. The most prominent work of Julijana Adamovi\u0107, likewise a multiple award winner, is the short-story collection <em>Kako su nas ukrali Ciganima<\/em>. Adamovi\u0107 also gives form to her education and interests by publishing literary works for children. Although Ivana \u0160ojat and Julijana Adamovi\u0107 are established and award-winning writers whose work needs no special introduction, we believe that their appearance at EstLab will allow them, above all through their experiences and memories, to present their work and engagement from another perspective and perhaps open for those present many questions that have until now remained closed. The conversation with the writers was moderated by EstLab members Lucija Leventi\u0107 and Martina Ivanovi\u0107.<\/span><\/span><\/p>\n<div class=\"embed-responsive embed-responsive-16by9\"><iframe title=\"EstLab - Hrvatske knji\u017eevnice novog nara\u0161taja - go\u0161\u0107e Julijana Adamovi\u0107 i Ivana \u0160ojat\" width=\"1170\" height=\"658\" src=\"https:\/\/www.youtube.com\/embed\/flSHO13tjto?feature=oembed\" frameborder=\"0\" allow=\"accelerometer; autoplay; clipboard-write; encrypted-media; gyroscope; picture-in-picture; web-share\" referrerpolicy=\"strict-origin-when-cross-origin\" allowfullscreen><\/iframe><\/div>\n<h1 style=\"text-align: center;\"><\/h1>\n<h2 class=\"entry-title\" data-wahpro-titles-style=\"\" data-wahfont=\"23\">9 January 2024<br \/>\nEstLab Forum \u201cArt and Activism\u201d &#8211; guest Kornel \u0160eper and members of the Slama Association &#8211; \u0160imun Padovan, Hrvoje De\u0161i\u0107 and Marko Pernar\u010di\u0107<\/h2>\n<p><a href=\"https:\/\/www.ffos.unios.hr\/wp-content\/uploads\/2024\/01\/umjetnost_aktivizam-2-248x300.png\"><img decoding=\"async\" class=\"alignleft wp-image-78104\" src=\"https:\/\/www.ffos.unios.hr\/wp-content\/uploads\/2024\/01\/umjetnost_aktivizam-2-248x300.png\" alt=\"\" width=\"372\" height=\"450\" srcset=\"https:\/\/www.ffos.unios.hr\/wp-content\/uploads\/2024\/01\/umjetnost_aktivizam-2-248x300.png 248w, https:\/\/www.ffos.unios.hr\/wp-content\/uploads\/2024\/01\/umjetnost_aktivizam-2-846x1024.png 846w, https:\/\/www.ffos.unios.hr\/wp-content\/uploads\/2024\/01\/umjetnost_aktivizam-2-768x930.png 768w, https:\/\/www.ffos.unios.hr\/wp-content\/uploads\/2024\/01\/umjetnost_aktivizam-2.png 891w\" sizes=\"(max-width: 372px) 100vw, 372px\" \/><\/a>In keeping with EstLab\u2019s original idea of the educational role of art, the first conversation of the year was held on Tuesday, 9 January 2024 in Room 39 with people who stand out from the crowd, and whom we like to highlight precisely because they themselves very rarely do so. Zagreb\u2019s Mo\u010dvara Club and the associated URK (Association for the Development of Culture) were presented as a unique phenomenon on the Croatian art scene since the 1990s. EstLab member Tanja Grade\u010dak spoke about Mo\u010dvara and URK with one of their initiators, Kornel \u0160eper, while reflections of the events in and around Mo\u010dvara and URK could also be found in the story of Slamanje and the Osijek-based Slama Association, represented by \u0160imun Padovan, Hrvoje De\u0161i\u0107 and Marko Pernar\u010di\u0107 (Hrvoje and Marko are, incidentally, our alumni, so FFOS genuinely has something to be proud of :)).<\/p>\n<p>It became clear that the beginnings of the stories of Mo\u010dvara and Slamanje were connected with the need to escape the dullness of everyday life and an environment that very often restricts people through prescribed patterns of behaviour and the entertainment on offer, which young people, and those not quite so young, are constantly seeking. Driven by the need to hear and create something different from the cultural offerings of the late 1980s and early 1990s, Kornel began by playing music at his local community centre that could not be heard on the radio or in Zagreb clubs at the time. He then became involved with the avant-garde artists gathered around Kugla glumi\u0161te and, bringing together friends and acquaintances with similar views in the Association for the Development of Culture, travelled a path from squatting in Kuglana and adventures on the Ponikve meadow to the struggle for space in the former Jedinstvo factory, where Mo\u010dvara remains today, awaiting the celebration of its 25th anniversary. The activities of Mo\u010dvara and another of Kornel\u2019s projects, Zli bubnjari, were very often connected with protest actions through which they helped various civil-society organisations promote the active participation of citizens and young people in decisions affecting their lives. Despite this, Kornel defines himself neither as an artist, although he has played for years in the band \u0160umski, nor as an activist, although in retrospect what he does in the association and club could be called prototypical activism. The point is that all the ideas and events connected with him and his collaborators grow organically out of a need to act, without any particular master plan or ambition. Consequently, the story of financing the association and club through projects is inevitably connected with what the people at Mo\u010dvara call \u201cadministrative violence\u201d, because it forces people into prescribed frameworks and consumes on paperwork the energy that could otherwise be invested in organising concerts and exhibitions or publishing albums and books.<\/p>\n<p><a href=\"https:\/\/www.ffos.unios.hr\/wp-content\/uploads\/2024\/01\/umjet_aktivizam-300x228.jpg\"><img decoding=\"async\" class=\"alignright wp-image-78110\" src=\"https:\/\/www.ffos.unios.hr\/wp-content\/uploads\/2024\/01\/umjet_aktivizam-300x228.jpg\" alt=\"\" width=\"500\" height=\"379\" srcset=\"https:\/\/www.ffos.unios.hr\/wp-content\/uploads\/2024\/01\/umjet_aktivizam-300x228.jpg 300w, https:\/\/www.ffos.unios.hr\/wp-content\/uploads\/2024\/01\/umjet_aktivizam-1024x777.jpg 1024w, https:\/\/www.ffos.unios.hr\/wp-content\/uploads\/2024\/01\/umjet_aktivizam-768x583.jpg 768w, https:\/\/www.ffos.unios.hr\/wp-content\/uploads\/2024\/01\/umjet_aktivizam.jpg 1476w\" sizes=\"(max-width: 500px) 100vw, 500px\" \/><\/a>The story of Mo\u010dvara is the best example of how such undertakings very often require a single enthusiastic and creative individual, but also of how, without a community of people who share and spread that enthusiasm, many undertakings would fail or never begin at all. This was also exemplified by our interlocutors from the Slama Association in Osijek, \u0160imun, Hrvoje and Marko Pernar\u010di\u0107, musicians gathered around the bands Harvo Jay and \u010cuvarku\u0107a and around Slamanje, who have intertwined visual and musical art in many different and surprising ways. They show how a bottom-up movement, a need to be other and different that official institutions often fail to recognise, is always present somewhere in the background and occasionally erupts in beautiful volcanoes of creativity. The struggle for physical space where people eager for artistic events can gather, and the need to maintain continuity, are what \u0160imun identified as most important when it comes to alternative and so-called <em>underground<\/em> undertakings. This is the educational aspect to which we repeatedly returned, because we concluded that giving young people the opportunity to see that music and art can be different from what YouTube and Spotify algorithms expose them to is the only way to resist the violence of kitsch and the commercialisation of art, an all-pervasive trend to which we are exposed almost every day. Particularly important was Hrvoje\u2019s statement that he creates music for himself, not for the needs of <em>software<\/em> that analyses melodies and rhythms in order to identify what will attract the most listeners and potentially earn the most money. The conversation also touched on the role of artificial intelligence in the creation of artworks, and, as Marko concluded, he sees no particular danger in it: it is simply a fact, just as it is a fact that art often operates within Aristotle\u2019s mimetic theory of imitating reality and others.<\/p>\n<p>It became clear that Kornel, \u0160imun, Hrvoje and Marko, guided by an aesthetics of the different, the strange and often the absurd, perhaps precisely because, as Umberto Eco suggests, the ugly and the different are actually more interesting, turned their associations into sources of activism in opposition to the social and artistic <em>mainstream<\/em>. Mo\u010dvara and URK were, and still are, a kind of incubator on whose stage many Croatian and international artists of various profiles have presented their work or learned their craft, while Slama and Slamanje, in the almost intimate, squatter-like atmosphere of Osijek\u2019s Tvr\u0111a, radiate their own distinctive creative energy. Just as Mo\u010dvara has for years placed Zagreb on the international map of alternative and subversive culture, informing and educating tens of thousands of visitors, Slama is a place where young people\u2019s energy is channelled into pure positivity, inviting us to look at the more beautiful side of the world in which we live.<\/p>\n<div class=\"embed-responsive embed-responsive-16by9\"><iframe title=\"EstLab tribina - Umjetnost i aktivizam\" width=\"1170\" height=\"658\" src=\"https:\/\/www.youtube.com\/embed\/Tvdb91ZopGQ?feature=oembed\" frameborder=\"0\" allow=\"accelerometer; autoplay; clipboard-write; encrypted-media; gyroscope; picture-in-picture; web-share\" referrerpolicy=\"strict-origin-when-cross-origin\" allowfullscreen><\/iframe><\/div>\n<h2><strong>12 December 2023<br \/>\n<\/strong><strong><em>The Wisdom of Defeat, the Madness of Victory \u2013 <\/em><\/strong><strong>with <\/strong><strong>Miljenko Jergovi\u0107<\/strong><strong> on Football, Writing and\u2026 Philosophy<\/strong><\/h2>\n<p><a href=\"https:\/\/www.ffos.unios.hr\/wp-content\/uploads\/2023\/12\/Jergovic1-scaled.jpg\"><img decoding=\"async\" class=\"alignleft wp-image-76899 \" src=\"https:\/\/www.ffos.unios.hr\/wp-content\/uploads\/2023\/12\/Jergovic1-1024x768.jpg\" alt=\"\" width=\"688\" height=\"455\" \/><\/a>What is the essence of the globally popular sport called FOOTBALL? Why are wars fought over football, both imaginary-ideological and real ones? Finally, what is the meaning of this sport\u2019s presence in our lives here, lives so exposed to all manner of ideological and other manipulation and to the exploitation of the mass of loyal subscribers, the so-called \u201csupporters\u201d?<\/p>\n<p>We sought answers to these questions in conversation with <strong>Miljenko Jergovi\u0107<\/strong>. For anyone in this region who may somehow not already know, Jergovi\u0107 is one of the intellectual leading figures of Bosnian and Croatian narrative literature. As he describes himself, for example, in one of his own novels, he is \u201ca national outcast with a Balzacianly extensive oeuvre, who wanders Zagreb acting as his own shadow and pretending not to exist\u201d\u2026 (<em>Herkul<\/em>, Fraktura, Zagreb, 2019, p. 152).<\/p>\n<p>We attempted to improvise answers to the above questions in an EstLab conversation between the author of these lines and the writer in question, one of the most eminent guests to date at the FFOS Literary Forum. A year after the FIFA World Cup in Qatar and another in the series of \u201chistoric successes\u201d of the sacrosanct idea of the <em>Vatreni<\/em>, the conversation was about football, prompted by a book published that year, a kind of Jergovi\u0107 \u201cintimate diary\u201d entitled <strong><em>Mudrost poraza, ludost pobjede <\/em><\/strong>(Fraktura &amp; 24 sata, Zagreb). Yet much more could be learned from the conversation. For example, Jergovi\u0107 sees the essence of this popular sport in the \u201cspirit of the game itself\u201d. He also believes that watching a football match requires a certain \u201csolitude\u201d. It is an almost contemplative-metaphysical ritual, a kind of \u201cepistemology\u201d of a phenomenon seemingly familiar to everyone. Finally, we arrived at an answer to why the \u201cessence itself\u201d of football, through a series of accidents and contingencies, came to expression in the final of the World Cup in Qatar on 18 December 2023!? According to both interlocutors, the reception organised for the Croatian national football team, the universally \u201csacred Vatreni\u201d, and the meaning of the game of football have nothing whatsoever in common! Why? Precisely because the essence of football derives from the \u201cspirit of the game itself\u201d, whereas Zagreb\u2019s main square witnessed a carnival of forced national exaltation.<\/p>\n<p><a href=\"https:\/\/www.ffos.unios.hr\/wp-content\/uploads\/2023\/12\/Jergovic2-300x225.jpg\"><img decoding=\"async\" class=\"alignright wp-image-76905 size-medium\" src=\"https:\/\/www.ffos.unios.hr\/wp-content\/uploads\/2023\/12\/Jergovic2-300x225.jpg\" alt=\"\" width=\"300\" height=\"225\" srcset=\"https:\/\/www.ffos.unios.hr\/wp-content\/uploads\/2023\/12\/Jergovic2-300x225.jpg 300w, https:\/\/www.ffos.unios.hr\/wp-content\/uploads\/2023\/12\/Jergovic2-1024x768.jpg 1024w, https:\/\/www.ffos.unios.hr\/wp-content\/uploads\/2023\/12\/Jergovic2-768x576.jpg 768w, https:\/\/www.ffos.unios.hr\/wp-content\/uploads\/2023\/12\/Jergovic2-1536x1152.jpg 1536w, https:\/\/www.ffos.unios.hr\/wp-content\/uploads\/2023\/12\/Jergovic2.jpg 2000w\" sizes=\"(max-width: 300px) 100vw, 300px\" \/><\/a>And it is good that this is so. For just as the essence of philosophy can be derived from poetry, and just as Nietzsche saw the birth of tragedy in the spirit of music, football too can be read \u201cin the spirit of the game\u201d, never as the meaning of life itself, as is so often the case in Croatia.<\/p>\n<p>Almost three decades after the cult <em>Sarajevski Marlboro<\/em> (1994), Jergovi\u0107 has, <em>volens nolens<\/em>, established himself as one of the most influential writers of his generation. In terms of the scope of his work, indisputably so\u2026 But also because of his rare gift for storytelling. It was precisely this \u201cart of storytelling\u201d that he lucidly revealed before a large audience on 12 December in Room 39 at FFOS. Were all the questions posed above answered? Of course NOT. But we had the opportunity to spend time with one of the <strong>most important and most translated<\/strong> figures and one of the <strong><em>most authoritative novelistic-narrative-essayistic voices<\/em><\/strong> in literature within our close geographical coordinates. It was worth it\u2026<\/p>\n<p><strong><em>mk<\/em><\/strong><\/p>\n<div class=\"embed-responsive embed-responsive-16by9\"><iframe title=\"EstLab - Mudrost poraza, ludost pobjede - gost Miljenko Jergovi\u0107\" width=\"1170\" height=\"658\" src=\"https:\/\/www.youtube.com\/embed\/NwVBBmlxyRU?feature=oembed\" frameborder=\"0\" allow=\"accelerometer; autoplay; clipboard-write; encrypted-media; gyroscope; picture-in-picture; web-share\" referrerpolicy=\"strict-origin-when-cross-origin\" allowfullscreen><\/iframe><\/div>\n<h2 class=\"entry-title\" data-wahpro-titles-style=\"\" data-wahfont=\"23\">EstLab Forum \u201cAs If It Happened Long Ago\u201d \u2013 guest Du\u0161an Vesi\u0107<br \/>\n7 November 2023<\/h2>\n<p><a href=\"https:\/\/www.ffos.unios.hr\/wp-content\/uploads\/2023\/11\/Vesic_Vizual-2-192x300.png\"><img decoding=\"async\" class=\"alignleft wp-image-73809\" src=\"https:\/\/www.ffos.unios.hr\/wp-content\/uploads\/2023\/11\/Vesic_Vizual-2-192x300.png\" alt=\"\" width=\"320\" height=\"500\" srcset=\"https:\/\/www.ffos.unios.hr\/wp-content\/uploads\/2023\/11\/Vesic_Vizual-2-192x300.png 192w, https:\/\/www.ffos.unios.hr\/wp-content\/uploads\/2023\/11\/Vesic_Vizual-2.png 526w\" sizes=\"(max-width: 320px) 100vw, 320px\" \/><\/a>On Tuesday, 7 November 2023, members and friends of EstLab had the opportunity to discuss a topic that rarely fails to arouse special interest among music lovers, given its unparalleled artistic, sentimental and epochal significance. For some in the audience and on stage, mostly the more mature among us, it represents nothing less than a decisive cultural current that simply seemed destined to be born and shaped in this region, precisely the current in which they themselves once found their place. For others, those who never had the opportunity to witness first-hand the colossal concerts and performances in the basement of the Faculty, it cannot fail to evoke a sense of profound historical and creative fascination.<\/p>\n<p>We are speaking, of course, about the music of the \u201cNew Wave\u201d, rock and YU-punk in this region, a phenomenon about which few are more qualified to speak than Du\u0161an Vesi\u0107, one of the most prominent rock critics and a frequent companion of Yugoslav musicians. He is, above all, a man who, as the title of his book <em>Zamisli \u017eivot<\/em> suggests, lived through the entire story in a way that may seem unimaginable to some today, truly \u201cas if it happened long ago\u201d. True, \u201cit all came out of Buldo\u017eer in one way or another\u201d, but it is evident that \u201cHaustor\u201d and \u201cPrljavo kazali\u0161te\u201d can still make people sing who are now the same age as their original audiences, something few performers anywhere in the world can claim. Few creative currents, let alone \u201cwaves\u201d, produce such a wealth of expression in the music of a single generation, which is why comparisons according to today\u2019s standards are entirely inappropriate. Who was the best? The most important? \u201cAzra\u201d or \u201cValjak\u201d? And what about \u201cPankrti\u201d? \u201cParaf\u201d\u2026 \u201cTermiti\u201d? Who had the bigger concert or sold more tickets? Who played in a basement, and who in an arena? Was \u201cSun\u010dana strana ulice\u201d more successful than \u201cS&#8217; vetrom uz lice\u201d?<\/p>\n<p><a href=\"https:\/\/www.ffos.unios.hr\/wp-content\/uploads\/2023\/11\/vesic2-300x225.jpg\"><img decoding=\"async\" class=\"alignright wp-image-73815\" src=\"https:\/\/www.ffos.unios.hr\/wp-content\/uploads\/2023\/11\/vesic2-300x225.jpg\" alt=\"\" width=\"400\" height=\"300\" srcset=\"https:\/\/www.ffos.unios.hr\/wp-content\/uploads\/2023\/11\/vesic2-300x225.jpg 300w, https:\/\/www.ffos.unios.hr\/wp-content\/uploads\/2023\/11\/vesic2-768x576.jpg 768w, https:\/\/www.ffos.unios.hr\/wp-content\/uploads\/2023\/11\/vesic2.jpg 1000w\" sizes=\"(max-width: 400px) 100vw, 400px\" \/><\/a>The answers to these questions are as impossible as they are unimportant. What matters, however, is recognising why that creative period flourished with such extraordinary creativity, what conditions gave rise to it, and why it became a source of the most sincere nostalgia among those who lived through it. The fact is that, at least in this region, no creative movement established after the \u201cNew Wave\u201d has matched the versatile vision of the 1980s. Yet there is one thing we have not given up on: asking whether such a movement might nevertheless emerge again.<\/p>\n<p><strong><em>ab<\/em><\/strong><\/p>\n<div class=\"embed-responsive embed-responsive-16by9\"><iframe title=\"EstLab - Drugom stranom - Epilog: Novovalna glazba. Kao da je bila nekad - gost Du\u0161an Vesi\u0107\" width=\"1170\" height=\"658\" src=\"https:\/\/www.youtube.com\/embed\/cbmRLSYhWGw?feature=oembed\" frameborder=\"0\" allow=\"accelerometer; autoplay; clipboard-write; encrypted-media; gyroscope; picture-in-picture; web-share\" referrerpolicy=\"strict-origin-when-cross-origin\" allowfullscreen><\/iframe><\/div>\n<h2 data-wahfont=\"24\" data-wahpro-titles-style=\"font-size: 24px;\"><strong>In memoriam \u2013 Gianni Vattimo (1936-2023)<\/strong><\/h2>\n<p><a href=\"https:\/\/www.ffos.unios.hr\/wp-content\/uploads\/2023\/09\/vattimo.jpg\"><img decoding=\"async\" class=\"alignleft size-full wp-image-68533\" src=\"https:\/\/www.ffos.unios.hr\/wp-content\/uploads\/2023\/09\/vattimo.jpg\" alt=\"\" width=\"183\" height=\"275\" \/><\/a>Gianni VATTIMO (1936-2023) belongs to that legacy in the history of 20th-century, and also 21st-century, philosophy that we usually call <strong><em>postmodernism<\/em><\/strong>. Yet that is too simple. Perhaps even wrong.<\/p>\n<p>For this diligent student and scholarship recipient in German philosophy devoted his key work, <em><strong>La fine della modernit\u00e0<\/strong><\/em> (<em>The End of Modernity<\/em>, 1985), to 20th-century hermeneutics. His primary interlocutors in the book are Hans-Georg Gadamer and Martin Heidegger, but also Friedrich Nietzsche, who preceded them in the spiritual-intellectual legacy on which they drew.<\/p>\n<p>\u201cThoughts that are going to change the world come on doves\u2019 feet.\u201d What does this quotation from <em>Thus Spoke Zarathustra<\/em> tell us? In fact\u2026 everything! At least as far as Pier Aldo Rovatti and, most decisively, Vattimo are concerned, as the two originators of the so-called \u201cweak thought\u201d (<em>Il pensiero debole<\/em>). What is this so-called \u201cweak thought\u201d? It is, in fact, Vattimo\u2019s response to the whole \u201cstrong\u201d history of Western philosophy of subjectivity, that is, to the complex constituted by onto-theo-cosmo-anthropology. In other words, <strong><em>metaphysics<\/em><\/strong>.<\/p>\n<p>Heidegger remains his principal point of orientation. In an idea found in the work of the most famous 20th-century German bard of the so-called hermeneutics of facticity, more precisely in <em>Identit\u00e4t und Differenz<\/em> (1957), we encounter the term <em>Verwindung<\/em>. It can mean <em>overcoming, convalescence<\/em>, or <em>recovery from illness<\/em>. Hidden here is the thought of another, different <strong><em>beginning<\/em><\/strong> (<em>der andere Anfang<\/em>). And what could be more relevant today, once again, for those of us in need of the \u201cmatter of thinking\u201d? For the idea of a \u201cnew beginning\u201d also contains what Nietzsche had already identified as the possibility of \u201cactive nihilism\u201d and thus the necessity of the coming <em>\u00dcbermensch<\/em>. By understanding reality as a distinctively artistic-aesthetic existence, through a kind of <strong><em>resistance<\/em><\/strong> and the vitality of \u201cbecoming\u201d, this figure would replace the \u201cstrong\u201d, and usually violent, absolutisation of Being. Yet that same absolutisation remains, unfortunately, the foundation of corporate capitalism and the technosphere today. The corporation thus survives as a supra-social and supra-state absolute of the \u201cend of history\u201d. All of this presents itself as the legacy of the philosophy of Spirit, Reason, the Absolute and, finally, the Idea as the highest definition of that Absolute in Hegel\u2019s <em>Science of Logic<\/em>. And that logic has brought us to the endlessly perpetuated <em>real ontology of submission<\/em> to commodity idols and \u201cvoluntary servitude\u201d, as well as to \u201cpsychotechnologies of desire control\u201d (\u017d. Pai\u0107, <em>Doba oligarhije<\/em>).<\/p>\n<p>VATTIMO certainly did not imagine his <em>Transparent Society<\/em> in this way. (After all, the title of the eponymous essay in the book bears a question mark \/?\/.) Where does he find hope in the bottomless abysses of a society of \u201cgeneralised communication\u201d? Nowhere other than in a kind of invocation of a hermeneutic view of history, in which an \u201coblique\u201d, or \u201cparallactic\u201d (\u017di\u017eek), perspective offers the possibility of affirming the Other and the Different. The \u201cweak\u201d in Vattimo\u2019s phrase for \u201cthought\u201d is actually a <strong><em>strong <\/em><\/strong><em>resistance<\/em> to the dominant absolutisation of Eurocentric contemporaneity, and sovereignty. In other words, it is the power of the <em>local, dialectal and vernacular<\/em>, which demands, not only in the media, a space for <strong><em>becoming<\/em><\/strong>.<\/p>\n<p>Here Vattimo opposes the all-pervasive \u201chistorian\u2019s narrative\u201d, much as W. Benjamin did in his famous <em>Theses on the Philosophy of History<\/em>, invoking his own version of Marx\u2019s \u201chistorical materialism\u201d (!?). Yet, I would say, Vattimo is much closer to Gilles Deleuze and his inauguration of philosophy as the \u201ccreative construction of becoming\u201d. How can a <em>different<\/em> world be realised? Out of chaos, or perhaps <strong><em>chaosmos<\/em><\/strong>, maybe through the <em>immanence of life<\/em>, as Deleuze, whom Foucault called the most important philosopher for the coming 21st century, might propose?<\/p>\n<p>Gianni Vattimo directed his project towards the idea of a more noble and more humane, rather than merely \u201cweaker\u201d, (post-)Modernity. His <strong><em>weak thought<\/em><\/strong> seems all the <strong><em>stronger<\/em><\/strong> in these post-historical times, in contrast to the legacy of classical Modernity, despite its absolute projects and the catastrophic outcomes of so-called \u201cprogress\u201d.<\/p>\n<p><strong><em>mk<\/em><\/strong><em> <\/em><\/p>\n<h2 style=\"text-align: left;\"><strong>Is There Criticism in Croatian Film?<br \/>\n17 October 2023<br \/>\n<\/strong><\/h2>\n<p><a href=\"https:\/\/www.ffos.unios.hr\/wp-content\/uploads\/2023\/10\/EstLab_film_radic-214x300.png\"><img decoding=\"async\" class=\"alignleft size-medium wp-image-71245\" src=\"https:\/\/www.ffos.unios.hr\/wp-content\/uploads\/2023\/10\/EstLab_film_radic-214x300.png\" alt=\"\" width=\"214\" height=\"300\" srcset=\"https:\/\/www.ffos.unios.hr\/wp-content\/uploads\/2023\/10\/EstLab_film_radic-214x300.png 214w, https:\/\/www.ffos.unios.hr\/wp-content\/uploads\/2023\/10\/EstLab_film_radic-731x1024.png 731w, https:\/\/www.ffos.unios.hr\/wp-content\/uploads\/2023\/10\/EstLab_film_radic-768x1075.png 768w, https:\/\/www.ffos.unios.hr\/wp-content\/uploads\/2023\/10\/EstLab_film_radic.png 1000w\" sizes=\"(max-width: 214px) 100vw, 214px\" \/><\/a>On Tuesday, 17 October 2023, members and supporters of EstLab confronted the prospect of critical thought <em>in<\/em> and <em>about<\/em> Croatian film and, given that the concept of contemporary Croatian film undoubtedly exists, the question of whether anything approximating serious, uncompromising film criticism also exists within the domestic film \u201cindustry\u201d. As a source of insight into this issue, the role of guest on the stage of the Small Council Hall at the Faculty of Humanities and Social Sciences in Osijek was played impeccably by the distinguished Croatian filmmaker, writer and literary and film critic <strong>Damir Radi\u0107<\/strong>, who reflected on the anthological works, as well as the artistic failures, of the major directors who have marked cinema in democratic Croatia. It is true that war themes, though at varying levels of explicitness, often dominate as an allegedly indispensable aesthetic element of domestic cinema. Yet it by no means follows from this that Croatian cinema is in principle infected by nationalist sentiment or religious fundamentalism, as is the case with the engagement of most reactionary currents in state media, nor that healthy criticism is consequently absent; on the contrary, it grows stronger. Indeed, if one merely considers the work of actors and directors such as the \u201cself-published\u201d Ljubomir Kereke\u0161 or the high-budget and only apparently critical Vinko Bre\u0161an, it is difficult to find a sacred cow of Croatian state-building mythology or bourgeois morality that has resisted being put on screen. This is best demonstrated by Schmidt\u2019s universally acclaimed <em>Ljudo\u017eder vegetarijanac<\/em>, as well as <em>Agape<\/em> and <em>Metastaze<\/em>; Devi\u0107 and Juri\u0107\u2019s war drama <em>Crnci<\/em>; and Matani\u0107\u2019s adaptation of Karaka\u0161, <em>Kino Lika<\/em>.<\/p>\n<p>Admittedly, among the lapses of Croatian cinema, most of which are not worth mentioning, it is not difficult to find chimerical revelations that merely confirm the prevailing ideological constellation. Yet the most dangerous form of conformism is <em>not the one that sycophantically and overtly identifies with reactionary opinion<\/em>, <em>but rather the one that obscures a transgressive position while successfully feigning a moment of subversion<\/em>. Nevertheless, drawing on the provocative spirit of Zagreb\u2019s Film Authors\u2019 Studio as well as the tradition of the Serbian \u201cBlack Wave\u201d, domestic cinema, and film criticism along with it, has undoubtedly distinguished itself within the region, perhaps representing some of the highest cultural achievements of independent Croatia. Yet, in comparison with, for example, the richness of production and cinematic expression in the Nordic countries, it has still not managed to produce a significant indigenous form beyond the normative frameworks of the culture industry. One might think, for instance, of Denmark\u2019s Dogme 95. All of this calls, and this might be taken as the conclusion of this rather polemical discussion, <strong>for the continued practice of merciless film criticism<\/strong>.<\/p>\n<p><strong><em>ab<\/em><\/strong><\/p>\n<div class=\"embed-responsive embed-responsive-16by9\"><iframe title=\"EstLab - Ima li kritike u HR filmu - gost Damir Radi\u0107\" width=\"1170\" height=\"658\" src=\"https:\/\/www.youtube.com\/embed\/zM8A6dynkUQ?feature=oembed\" frameborder=\"0\" allow=\"accelerometer; autoplay; clipboard-write; encrypted-media; gyroscope; picture-in-picture; web-share\" referrerpolicy=\"strict-origin-when-cross-origin\" allowfullscreen><\/iframe><\/div>\n<h2 class=\"entry-title\" data-wahfont=\"23\" data-wahpro-titles-style=\"text-align: center; font-size: 23px;\"><strong>6 June 2023<br \/>\n<\/strong><strong>Postscript to Gilles Deleuze\u2019s <em>Societies of Control<\/em><\/strong><\/h2>\n<div class=\"embed-responsive embed-responsive-16by9\"><iframe title=\"EstLab kolokvij - Post scriptum uz &quot;Dru\u0161tva kontrole&quot; Gillesa Deleuzea\" width=\"1170\" height=\"658\" src=\"https:\/\/www.youtube.com\/embed\/T2Y_hby6GHE?feature=oembed\" frameborder=\"0\" allow=\"accelerometer; autoplay; clipboard-write; encrypted-media; gyroscope; picture-in-picture; web-share\" referrerpolicy=\"strict-origin-when-cross-origin\" allowfullscreen><\/iframe><\/div>\n<h1 style=\"text-align: center;\"><\/h1>\n<h2 class=\"entry-title\" data-wahfont=\"23\" data-wahpro-titles-style=\"text-align: center; font-size: 23px;\"><strong>24 May 2023<br \/>\n<\/strong><strong>EstLab Forum: Media and Technology: The End of Society or the End of Media? \u2013 guest Assoc. Prof. Mario Hibert, PhD<\/strong><\/h2>\n<p>YouTube recording of the event: <a href=\"https:\/\/youtu.be\/coejYmZV98w\" target=\"_blank\" rel=\"noopener\">https:\/\/youtu.be\/coejYmZV98w<\/a><\/p>\n<figure id=\"attachment_63355\" aria-describedby=\"caption-attachment-63355\" style=\"width: 300px\" class=\"wp-caption alignleft\"><a href=\"https:\/\/www.ffos.unios.hr\/wp-content\/uploads\/2023\/05\/media_technology-4-300x300.webp\"><img decoding=\"async\" class=\"size-medium wp-image-63355\" src=\"https:\/\/www.ffos.unios.hr\/wp-content\/uploads\/2023\/05\/media_technology-4-300x300.webp\" alt=\"\" width=\"300\" height=\"300\" srcset=\"https:\/\/www.ffos.unios.hr\/wp-content\/uploads\/2023\/05\/media_technology-4-300x300.webp 300w, https:\/\/www.ffos.unios.hr\/wp-content\/uploads\/2023\/05\/media_technology-4-150x150.webp 150w, https:\/\/www.ffos.unios.hr\/wp-content\/uploads\/2023\/05\/media_technology-4-768x768.webp 768w, https:\/\/www.ffos.unios.hr\/wp-content\/uploads\/2023\/05\/media_technology-4.webp 1024w\" sizes=\"(max-width: 300px) 100vw, 300px\" \/><\/a><figcaption id=\"caption-attachment-63355\" class=\"wp-caption-text\">Image generated by the NightCafe AI image generator at https:\/\/creator.nightcafe.studio\/ using the keywords: media, technology, misinformation, post-truths, \u201cthe collapse of our society\u201d, \u201csocial networks\u201d.<\/figcaption><\/figure>\n<p>On Wednesday, 24 May 2023, the <strong>EstLab Forum<\/strong> entitled \u201c<strong>Media and Technology<\/strong>\u201d was held in the Small Ceremonial Hall of the Faculty of Humanities and Social Sciences in Osijek, organised by the Technosphere section of the Aesthetics Laboratory and the FUZ&amp;JA science popularisation programme. The invited guest was <strong>Mario Hibert<\/strong>, Associate Professor at the Department of Comparative Literature and Library Science, Faculty of Philosophy, University of Sarajevo. Faculty professors and members of the Aesthetics Laboratory <strong>Milijana Mi\u010dunovi\u0107<\/strong> and <strong>Boris Badurina<\/strong> also took part in the conversation, with <strong>Boris Bosan\u010di\u0107<\/strong> acting as moderator.<\/p>\n<p>The introductory part of the forum reflected on the accelerated, and in some segments invasive, development of information and communication technology over the past seventy years, which ultimately led to the disproportionate penetration of <strong>digital media<\/strong>, online portals, social media and the like, into every aspect of human life, thereby making them the most powerful and influential factor in contemporary society.<\/p>\n<p>As <strong>M. McLuhan<\/strong> warned us long ago, media are not merely communication intermediaries but all forms of technology; in other words, an equals sign must be placed between the two concepts. This type of equivalence suggests that <strong>information and media (digital) literacy<\/strong> means far more than accessing, analysing, evaluating, creating and distributing information in different media forms. Understanding information and communication technologies as forces of a new ecosystem also entails extending the semiotic understanding of literacy to the cognitive level of the ability to understand the technological environment. By offering this media-ecological introduction to a conversation about the \u201coperating systems of our lives\u201d, the aim is to emphasise the importance of moving away from the instrumental paradigm, the skill of using media\/technology, and towards questions of how to live in relation to an environment that replaces critical thinking with the automation of sense and meaning. The fact that, instead of a radically open social imaginary, we have received the implosion of neoliberal globalisation and <strong>replaced cyber-idealism with cyber-cynicism<\/strong> means that every discussion of media\/technology today should really be nothing other than a reminder <strong>of the collapse of sociality brought about by platform-based disciplining and algorithmic data extraction<\/strong>, the behavioural surplus of <em>on-life<\/em> existence.<\/p>\n<p><a href=\"https:\/\/www.ffos.unios.hr\/wp-content\/uploads\/2023\/05\/mediji_tehnologija_mario_hibert-300x213.jpg\"><img decoding=\"async\" class=\"alignright wp-image-63362\" src=\"https:\/\/www.ffos.unios.hr\/wp-content\/uploads\/2023\/05\/mediji_tehnologija_mario_hibert-300x213.jpg\" alt=\"\" width=\"367\" height=\"261\" srcset=\"https:\/\/www.ffos.unios.hr\/wp-content\/uploads\/2023\/05\/mediji_tehnologija_mario_hibert-300x213.jpg 300w, https:\/\/www.ffos.unios.hr\/wp-content\/uploads\/2023\/05\/mediji_tehnologija_mario_hibert.jpg 679w\" sizes=\"(max-width: 367px) 100vw, 367px\" \/><\/a>The forum also addressed the concepts of <strong>algorithmisation<\/strong> and <strong>disruption<\/strong>, examining how the <strong>\u201cinvisible algorithmic hand\u201d<\/strong> operates in the media sphere and how capitalism became involved in the entire story. In other words, the discussion also considered how today\u2019s <strong>platform and surveillance capitalism<\/strong>, focused on data extraction and the manipulation of user attention, affects fundamental democratic norms and institutions. Phenomena closely connected with social media, such as <strong>confirmation bias<\/strong> and its role in politics, were also discussed, as was the unavoidable phenomenon of <strong>post-truth<\/strong> as the worst product of general mediatisation.<\/p>\n<p>In the final part of the forum, participants discussed whether technological development, which has given the media immense power, could now take that power away in light of the recent <strong>shocking development of artificial intelligence<\/strong>, the most current flagship of technological development. The present situation with the media is such that they are finding it increasingly difficult to deal with the negative consequences of their own technology-supported development, manifested in the <strong>swarming of inaccurate, erroneous and malicious information, post-truths, half-truths and the like in the media sphere<\/strong>. <strong>Artificial intelligence<\/strong> can multiply such content indefinitely while being unable, at the same time, to identify it as inaccurate, erroneous or malicious. <strong>Could such a situation, in the near or more distant future, result in one of the worst possible scenarios, the collapse of our society, or perhaps of the media themselves?<\/strong> This remains an open question.<\/p>\n<p style=\"text-align: right;\">Boris Bosan\u010di\u0107 and Mario Hibert<\/p>\n<div class=\"embed-responsive embed-responsive-16by9\"><iframe title=\"EstLab - Mediji i tehnologija - gost prof. dr. sc. Mario Hibert\" width=\"1170\" height=\"658\" src=\"https:\/\/www.youtube.com\/embed\/coejYmZV98w?feature=oembed\" frameborder=\"0\" allow=\"accelerometer; autoplay; clipboard-write; encrypted-media; gyroscope; picture-in-picture; web-share\" referrerpolicy=\"strict-origin-when-cross-origin\" allowfullscreen><\/iframe><\/div>\n<h2 class=\"entry-title\" data-wahfont=\"23\" data-wahpro-titles-style=\"text-align: center; font-size: 23px;\"><strong>16 May 2023<br \/>\n<\/strong>EstLab PRIME TIME: The Aesthetics of Political Satire<\/h2>\n<p>YouTube recording of the event: <a href=\"https:\/\/youtu.be\/CXhepam4A1s\" target=\"_blank\" rel=\"noopener\">https:\/\/youtu.be\/CXhepam4A1s<\/a><\/p>\n<p data-wahpro-txt-style=\"text-align: justify;\" data-wahfont=\"16\"><a href=\"https:\/\/www.ffos.unios.hr\/wp-content\/uploads\/2023\/05\/EstLab_PT_najava-300x199.png\"><img decoding=\"async\" class=\"alignleft wp-image-61901\" src=\"https:\/\/www.ffos.unios.hr\/wp-content\/uploads\/2023\/05\/EstLab_PT_najava-300x199.png\" alt=\"\" width=\"418\" height=\"277\" srcset=\"https:\/\/www.ffos.unios.hr\/wp-content\/uploads\/2023\/05\/EstLab_PT_najava-300x199.png 300w, https:\/\/www.ffos.unios.hr\/wp-content\/uploads\/2023\/05\/EstLab_PT_najava.png 768w\" sizes=\"(max-width: 418px) 100vw, 418px\" \/><\/a>Do you watch television? Television? TV? Well\u2026 that is the dark interface sitting somewhere in a prominent place in the family living room, in front of which parents and the other members of the household gather. When? Once it was around 8 p.m., then around 7:30, and now usually around 7. Because\u2026 that is \u201cPRIME TIME\u201d\u2026 the most important time of day, from the cave to the bourgeois salon. Because people, by nature, do not \u201cstrive for knowledge\u201d, as old Aristotle would have it, but \u201c\u2026 for television\u201d (Matko Sori\u0107, <em>Koncepti postmodernisti\u010dke filozofije<\/em>, Zadar, 2010). I know, I know\u2026 young people of your generation rarely, if ever, watch TV; there are mobile phones, laptops, computers, tablets\u2026 But you still (surely!) know that TV exists? Or\u2026 What happens when you are no longer on television and remain only on the YouTube platform? It is not funny at all, I suppose\u2026 (At least we \u201cold farts\u201d suspect as much.) My comrades from EstLab, and I in particular, have long been subscribers to <strong>PRIME TIME<\/strong>. Many of you younger independent thinkers know <strong>Borna<\/strong>, <strong>Domagoj<\/strong> and <strong>Jan<\/strong>\u2026 while we older people also remember Zvonko Hrabar (also known as Branko \u0110api\u0107, that legendary educator from these parts). Somewhere around 2016, they carried out an unprecedented \u201csubversion\u201d in the television ether of Our Beautiful Television (our beloved HTV). And\u2026 that \u201cMontirani proces\u201d lasted several Sundays\u2026 in the PRIME TIME of Croatian homes! Unbelievable\u2026 Until those in power caught on\u2026 \u201cvisiting time had expired\u201d (the much-missed \u0110or\u0111e Bala\u0161evi\u0107 wrote the line, and <strong>Domagoj<\/strong> devoted the most emotional fifteen minutes of our favourite programme to him). Uhhh\u2026 there were some good things on that N1 TV platform. From <strong>Borna\u2019s<\/strong> pedagogical effort around \u201cRibanje i ribarsko prigovaranje\u201d to Domagoj\u2019s ultimate \u201cUtjeriva\u010d socijalne pomo\u0107i\/nekretnine\u201d\u2026 and then <strong>Jan<\/strong>, the actor of the best \u201cback-of-the-head roles\u201d, until he became the legendary Rear Admiral Dobro in Zovica. Let us get serious\u2026 hmmm\u2026 What is \u201csatire\u201d? From Juvenal through Erasmus\u2026 to <em>Alan Ford<\/em> and Monty Python, satire\u2026 SATIRISES! Once again I quote my favourite political philosopher: \u201cthere is no better starting point for thought than laughter\u201d (W. Benjamin: <em>The Author as Producer<\/em>).<strong><sup>1<\/sup><\/strong> EstLab members fulfil your wishes (I\u2019m kidding\u2026 they are only our wishes!), inviting <strong>PRIME TIME<\/strong> to say something about the \u201cAesthetics of Political Satire\u201d.<\/p>\n<p data-wahpro-txt-style=\"text-align: justify;\" data-wahfont=\"16\">The Prime Time crew, the strongest critical thinkers among Croats!? Yes? No? And perhaps there will also be talk about some Balkan spaces close to us? You never know\u2026 In any case, come to <strong>Room 39 at our Faculty on 16 May at 6 p.m.<\/strong> It will be worth it\u2026 Financially, certainly not, but we guarantee a Socratic \u201ccorruption of the youth\u201d. Guaranteed\u2026<\/p>\n<p style=\"text-align: right;\" data-wahpro-txt-style=\"text-align: right;\" data-wahfont=\"16\">mk<\/p>\n<p data-wahpro-txt-style=\"\" data-wahfont=\"16\"><strong>1<\/strong> Lecture delivered at the Institute for the Study of Fascism in Paris on 27 April 1934, while I am writing this on 27 April 2023!<\/p>\n<div class=\"embed-responsive embed-responsive-16by9\"><iframe title=\"EstLab - Estetika politi\u010dke satire - gosti Jan \u0160tih i Domagoj Zovak\" width=\"1170\" height=\"658\" src=\"https:\/\/www.youtube.com\/embed\/CXhepam4A1s?feature=oembed\" frameborder=\"0\" allow=\"accelerometer; autoplay; clipboard-write; encrypted-media; gyroscope; picture-in-picture; web-share\" referrerpolicy=\"strict-origin-when-cross-origin\" allowfullscreen><\/iframe><\/div>\n<h2 data-wahfont=\"23\" data-wahpro-titles-style=\"text-align: center; font-size: 23px;\"><\/h2>\n<h2 class=\"entry-title\" data-wahfont=\"23\" data-wahpro-titles-style=\"text-align: center; font-size: 23px;\"><strong>18 April 2023<br \/>\n<\/strong>Our Everyday \u201cTransition\u201d \u2013 EstLab in Conversation with Hajrudin Hromad\u017ei\u0107<\/h2>\n<p>YouTube recording of the event: <a href=\"https:\/\/youtu.be\/fD0XI6TM48Y\" target=\"_blank\" rel=\"noopener\">https:\/\/youtu.be\/fD0XI6TM48Y<\/a><\/p>\n<p><a href=\"https:\/\/www.ffos.unios.hr\/wp-content\/uploads\/2023\/04\/slika_hromadzic_web-300x160.jpg\"><img decoding=\"async\" class=\"alignleft wp-image-59977\" src=\"https:\/\/www.ffos.unios.hr\/wp-content\/uploads\/2023\/04\/slika_hromadzic_web-300x160.jpg\" alt=\"\" width=\"470\" height=\"251\" srcset=\"https:\/\/www.ffos.unios.hr\/wp-content\/uploads\/2023\/04\/slika_hromadzic_web-300x160.jpg 300w, https:\/\/www.ffos.unios.hr\/wp-content\/uploads\/2023\/04\/slika_hromadzic_web-768x409.jpg 768w, https:\/\/www.ffos.unios.hr\/wp-content\/uploads\/2023\/04\/slika_hromadzic_web.jpg 996w\" sizes=\"(max-width: 470px) 100vw, 470px\" \/><\/a>What is TRANSITION? Why does it still make sense to speak about this phenomenon from the vocabulary of the \u201csemi-peripheral\u201d countries of \u201cour\u201d part of Europe and its civilisational culture? After all, WE here in Croatia have achieved great, even magnificent, things: accession to the European Union, entry into NATO and, finally, entry into the financial eurozone. And yet we are still in a kind of \u201ctransition\u201d. Why?<\/p>\n<p>These and many other questions were addressed by the guest of the Aesthetics Laboratory at FFOS, <strong>Hajrudin Hromad\u017ei\u0107<\/strong>, Head of the Department of Cultural Studies at the Faculty of Humanities and Social Sciences in Rijeka, in our relocated \u201cAgora\u201d, before numerous students and only a handful of colleagues. Through the conversation between the author of these lines and the guest, conducted in a friendly but no less instructive and provocative atmosphere, many local \u201ctaboo topics\u201d were \u201copened up\u201d. Following a brief introduction to Hromad\u017ei\u0107\u2019s operational concept of \u201cculture\u201d, attention turned to many concepts that remain latently suppressed here. All of them were published the previous year in his book <em>LEKSIKON TRANZICIJE<\/em> (Disput, Zagreb, 2022).<\/p>\n<p>We began, through a fortunate alphabetical coincidence, with the concept of ANTIFASCISM. Indeed, the entire <em>Lexicon<\/em> is to some extent animated by this commitment. It quickly became clear that what is considered part of a civilised world founded on the achievements of the modern Enlightenment is far from self-evident in the former Yugoslav region, including \u201cOur Beautiful Homeland\u201d. HH suggestively reactivated the legacy of <em>Antifascism<\/em>, but also that of so-called TITOISM. The author thus revealed that, as part of his methodological decision, he placed these terms in the same conceptual framework as what is called \u201cEnlightenment\u201d. And that is something still worth fighting for! Especially in the societies of our former state, where historical revisionism prevails and latent fascist tendencies and relics of a dark past are encouraged, even by ruling structures.<\/p>\n<p>In a more \u201crelaxed\u201d atmosphere, terms closer to the spirit of the age were also addressed. Thus the conversation included INFLUENCER, SELFIE and EVENT, while particular humour was devoted to interesting ideological-media constructs such as the Croatian notion of the UHLJEB. Finally, the true \u201cclimax\u201d of this \u201cevent\u201d, rather than \u201c<em>Event<\/em>\u201d, was a discussion of FOOTBALL as one of the foundations of the locally dominant hyper-turbo-emotionally exalted and almost religiously understood concept of <strong>Statehood<\/strong>. For Croats, \u201cfootball\u201d is much more than a game; it is a kind of sacred object of identification.<\/p>\n<p>After the conversation between HH and the author of these lines, a series of questions revealed strong interest in <em>LEKSIKON TRANZICIJE<\/em> and in the author\u2019s views, on issues ranging from <em>religion<\/em> and <em>war veterans<\/em> all the way to the ideologeme of the WEST! This was another in the series of intellectually engaged EstLab \u201cevents\u201d. And we, the undersigned, are convinced that this is the final line of defence protecting the <em>reliquiae reliquiarum<\/em> of the HUMANITIES, still present only in traces. <em>Dixi et salvavi animam meam<\/em>!<\/p>\n<p style=\"text-align: right;\"><em>mk<\/em><\/p>\n<div class=\"embed-responsive embed-responsive-16by9\"><iframe title=\"EstLab - Tranzicija na\u0161a svagda\u0161nja - gost prof. dr. sc. Hajrudin Hromad\u017ei\u0107\" width=\"1170\" height=\"658\" src=\"https:\/\/www.youtube.com\/embed\/fD0XI6TM48Y?feature=oembed\" frameborder=\"0\" allow=\"accelerometer; autoplay; clipboard-write; encrypted-media; gyroscope; picture-in-picture; web-share\" referrerpolicy=\"strict-origin-when-cross-origin\" allowfullscreen><\/iframe><\/div>\n<h2><strong>14 March 2023<br \/>\n<\/strong><strong>Writer Josip Mlaki\u0107 at the FFOS Aesthetics Laboratory<\/strong><\/h2>\n<p>YouTube recording of the event: <a href=\"https:\/\/youtu.be\/-CXDvy5eg6c\" target=\"_blank\" rel=\"noopener\">https:\/\/youtu.be\/-CXDvy5eg6c<\/a><\/p>\n<p><a href=\"https:\/\/www.ffos.unios.hr\/wp-content\/uploads\/2023\/03\/mlakic-300x187.jpg\"><img decoding=\"async\" class=\"alignleft wp-image-56887\" src=\"https:\/\/www.ffos.unios.hr\/wp-content\/uploads\/2023\/03\/mlakic-300x187.jpg\" alt=\"\" width=\"420\" height=\"262\" srcset=\"https:\/\/www.ffos.unios.hr\/wp-content\/uploads\/2023\/03\/mlakic-300x187.jpg 300w, https:\/\/www.ffos.unios.hr\/wp-content\/uploads\/2023\/03\/mlakic-768x479.jpg 768w, https:\/\/www.ffos.unios.hr\/wp-content\/uploads\/2023\/03\/mlakic.jpg 1000w\" sizes=\"(max-width: 420px) 100vw, 420px\" \/><\/a>On 14 March 2023, the <strong>Faculty of Humanities and Social Sciences in Osijek<\/strong>, under the organisation of the <strong>Aesthetics Laboratory<\/strong>, hosted the distinguished regional author <strong>Josip Mlaki\u0107<\/strong>. At the beginning of the conversation, the discussion focused on the state of the Croatian and regional literary scene. <strong>Mlaki\u0107<\/strong> was then presented as a highly ambitious writer (Gajin) with a broad repertoire of themes. On several occasions, the author also highlighted his own successes in film, which was of particular interest to part of the audience. Although the author distanced himself from the predominance of certain apocalyptic and \u201cdark\u201d atmospheres, Senkovi\u0107 drew attention to them. Such resonances and moods are crucial to <strong>Mlaki\u0107<\/strong> in portraying the contemporary condition, alongside a skilfully developed literary discourse. <strong>Mlaki\u0107<\/strong> emphasised that he likes to write in the tradition of great modern writers, and accordingly a significant part of the conversation turned to Ivo Andri\u0107.<\/p>\n<p>The novel <em>Na Vrbasu tekija<\/em> was written boldly, as an attempt to improvise alongside Ivo Andri\u0107. It was both interesting and instructive to hear once again about this great writer and about the distinctiveness of Andri\u0107\u2019s style, which may seem na\u00efve to some because it relies on folk idioms, although it is anything but na\u00efve (Gajin). Alongside the strictly literary dimension, it was inevitable to comment on Ivo Andri\u0107\u2019s \u201cpolitical status\u201d, which Mlaki\u0107 also approached critically. Dystopia was described as speaking above all about our present and our contemporary orientations. For example, the novel <em>Planet Friedman<\/em> depicts the devastation of the land and the emptiness of the ocean: \u201cThousands of shipwrecked people threw messages in bottles into the sea, with no one for them to reach.\u201d In this tone, certain historical perspectives and \u201cevents\u201d were examined as media opium for the masses. Several other novels by Mlaki\u0107 were mentioned: <em>Evan\u0111elje po Barabi<\/em> (written from the perspective of the Jewish rebel Barabbas, imagining the life of Jesus), <em>O zlatu, ljudima i psima<\/em> (an apocalyptic perspective, the future and Bosnia and Herzegovina), and <em>Druga Noina arka<\/em> (about the end of the world as we know it, greed and ruthlessness, and a mountain inhabited by the worker Noah and the shepherd Ibrahim). The specific Bosnian fatalism and contemporary lack of prospects were mentioned several times, although not everyone agreed with this view (Senkovi\u0107). The conversation was interesting, particularly because of its focus on the great writer Andri\u0107. Participants were Josip Mlaki\u0107, Igor Gajin and \u017deljko Senkovi\u0107. There were also several questions and comments from interested members of the audience, which greatly contributed to the quality and atmosphere of this cultural event.<\/p>\n<p style=\"text-align: right;\">\u017deljko Senkovi\u0107<\/p>\n<div class=\"embed-responsive embed-responsive-16by9\"><iframe title=\"EstLab - Bezna\u0111e i fatalizam - gost Josip Mlaki\u0107\" width=\"1170\" height=\"658\" src=\"https:\/\/www.youtube.com\/embed\/-CXDvy5eg6c?feature=oembed\" frameborder=\"0\" allow=\"accelerometer; autoplay; clipboard-write; encrypted-media; gyroscope; picture-in-picture; web-share\" referrerpolicy=\"strict-origin-when-cross-origin\" allowfullscreen><\/iframe><\/div>\n<h2><strong>19 January 2023<br \/>\n<\/strong>Thinking and Listening: <strong>H\u0113rakleit \u2013 Parmenid \u2013 Plat\u014dn \u2013 Aristotel<\/strong> &#8211; guest Prof. Igor Mikecin, PhD<\/h2>\n<p>YouTube recording of the event: <a href=\"https:\/\/youtu.be\/p0X2khL5laA\" target=\"_blank\" rel=\"noopener\">https:\/\/youtu.be\/p0X2khL5laA<\/a><\/p>\n<p><a href=\"https:\/\/www.ffos.unios.hr\/wp-content\/uploads\/2023\/01\/mikecin2-scaled.jpg\"><img decoding=\"async\" class=\"alignleft wp-image-51911\" src=\"https:\/\/www.ffos.unios.hr\/wp-content\/uploads\/2023\/01\/mikecin2-300x225.jpg\" alt=\"\" width=\"360\" height=\"270\" srcset=\"https:\/\/www.ffos.unios.hr\/wp-content\/uploads\/2023\/01\/mikecin2-300x225.jpg 300w, https:\/\/www.ffos.unios.hr\/wp-content\/uploads\/2023\/01\/mikecin2-1024x768.jpg 1024w, https:\/\/www.ffos.unios.hr\/wp-content\/uploads\/2023\/01\/mikecin2-768x576.jpg 768w, https:\/\/www.ffos.unios.hr\/wp-content\/uploads\/2023\/01\/mikecin2-1536x1152.jpg 1536w, https:\/\/www.ffos.unios.hr\/wp-content\/uploads\/2023\/01\/mikecin2-2048x1536.jpg 2048w\" sizes=\"(max-width: 360px) 100vw, 360px\" \/><\/a>https:\/\/youtu.be\/p0X2khL5laA On <strong>Thursday, 19 January 2023, Prof. Igor Mikecin, PhD<\/strong>, from the Department of Philosophy at the Faculty of Humanities and Social Sciences in Zagreb, delivered a guest lecture in the Small Council Hall of the Faculty on the topic <strong>Thinking and Listening: H\u0113rakleit \u2013 Parmenid \u2013 Plat\u014dn \u2013 Aristotel<\/strong>.<\/p>\n<p>Within the inherited philosophical doctrine of the senses, from the Greeks onward, at the latest with Plat\u014dn and Aristotel but already in Parmenid, thinking and seeing are singled out as the two most valuable forms of sensory perception in contrast to all others. Among these, the sense of sight is assigned an exceptional role, primarily because of its contribution to the cognition of truth and its inner affinity with thinking. Indeed, thinking itself is defined by analogy with seeing, as seeing or contemplating (<em>theoria<\/em>) or beholding (<em>thea<\/em>) thought. At the same time, the sensible and the non-sensible, that is, sensory perception and non-sensory thinking, are set against one another and sometimes even separated. The non-sensible is defined as the only true, eternal, immutable and always self-identical realm, accessible solely to thought, while the sensible, as that which is always unequal and constantly changing, perceptible only to the senses, is subordinated to the non-sensible as its appearance. In such an opposition to thought, sensory perception is therefore not genuine cognition but deceptive and merely similar to truth. The analogy between seeing and thinking has consequences not only for understanding the nature of thought, but also for the distinctive givenness of what is thinkable and sensibly perceptible, that is, for the interpretation of the being of beings as such. The fact that listening is subordinated to seeing reveals the forgetting of hearing in philosophy. With the forgetting of hearing comes the forgetting of the dimension of listening in thought. This forgetting further appears as a forgetting of the essence of thought and of what is genuinely to be listened to and heard. The precedence of seeing over listening, videocentrism, is decisive for the entire history of philosophy from Plat\u014dn to Hegel. Dismantling the rule of vision is now a fundamental challenge for philosophy. Connected with this is the task of overcoming the separation between the sensible and non-sensible, as well as between thinking and sensory perception. Behind the opposition of sensory perception and non-sensory thinking, listening must be discovered as a distinguished mode of perceptive attention (<em>noein<\/em>) and as a fundamental character of gathering discernment (<em>legein<\/em>). This task can truly be undertaken only on the condition of historical recollection: first, of the distinction between thought and sensory perception in Plat\u014dn and Aristotel; second, of the determination of discernment in H\u0113rakleit and Parmenid; and, finally, of the origin of the distinction itself.<\/p>\n<div class=\"embed-responsive embed-responsive-16by9\"><iframe title=\"EstLab - Mi\u0161ljenje i slu\u0161anje - gost prof. dr. sc. Igor Mikecin\" width=\"1170\" height=\"658\" src=\"https:\/\/www.youtube.com\/embed\/p0X2khL5laA?feature=oembed\" frameborder=\"0\" allow=\"accelerometer; autoplay; clipboard-write; encrypted-media; gyroscope; picture-in-picture; web-share\" referrerpolicy=\"strict-origin-when-cross-origin\" allowfullscreen><\/iframe><\/div>\n<p><a name=\"zenski-sud-feministicki-pristup-pravdi\"><\/a><\/p>\n<h2><strong>18 January 2023<br \/>\n<\/strong>Women\u2019s Court \u2013 A Feminist Approach to Justice<\/h2>\n<p><a href=\"https:\/\/www.ffos.unios.hr\/wp-content\/uploads\/2023\/01\/slika-300x225.jpg\"><img decoding=\"async\" class=\"alignleft size-medium wp-image-51807\" src=\"https:\/\/www.ffos.unios.hr\/wp-content\/uploads\/2023\/01\/slika-300x225.jpg\" alt=\"\" width=\"300\" height=\"225\" srcset=\"https:\/\/www.ffos.unios.hr\/wp-content\/uploads\/2023\/01\/slika-300x225.jpg 300w, https:\/\/www.ffos.unios.hr\/wp-content\/uploads\/2023\/01\/slika-1024x768.jpg 1024w, https:\/\/www.ffos.unios.hr\/wp-content\/uploads\/2023\/01\/slika-768x576.jpg 768w, https:\/\/www.ffos.unios.hr\/wp-content\/uploads\/2023\/01\/slika-1536x1152.jpg 1536w, https:\/\/www.ffos.unios.hr\/wp-content\/uploads\/2023\/01\/slika.jpg 1600w\" sizes=\"(max-width: 300px) 100vw, 300px\" \/><\/a>Courts judge\u2026 Courts award, but they also <em>pass judgement<\/em>. Yet all of us in the humanities know very well that this kind of civic institution of the court follows only the logic of <em>law<\/em>. Formal law, at that. Such law is governed by paragraphs, protocols and procedures. But Law in this sense does not necessarily mean <strong><em>justice<\/em><\/strong>, that is, Justice. Walter Benjamin spoke about all this a full century ago in his famous essay \u201cZur Kritik der Gewalt\u201d (<em>Critique of Violence<\/em>). Unfortunately, <em>law<\/em> and <em>justice<\/em> are very often two different \u201cthings\u201d. We therefore need, and indeed must, step outside the formal framework of law.<\/p>\n<p>On a rainy Osijek evening, 18 January, <strong><em>EstLab<\/em><\/strong> made precisely this \u201cstep\u201d. At FFOS it hosted a programme entitled \u201c<strong>Women\u2019s Court \u2013 A Feminist Approach to Justice<\/strong>\u201d. The event was devoted to the eponymous gathering held in Sarajevo between 7 and 10 May 2015. <strong>Sta\u0161a Zajovi\u0107<\/strong>, representing the renowned <strong><em>Women in Black<\/em><\/strong> from Belgrade, and <strong>Nela Pamukovi\u0107<\/strong> from Zagreb\u2019s <strong><em>Centre for Women War Victims<\/em><\/strong> \u2013 <strong>Rosa<\/strong>, moderated the visit of four women who had participated in that \u201cWomen\u2019s Court\u201d. Following a brief but highly evocative introduction to the event by Sta\u0161a Zajovi\u0107, a documentary film by Filip Markovinovi\u0107, produced by <strong><em>Women in Black<\/em><\/strong>, was screened. The film record genuinely fulfilled the central intention of those who initiated this unique action by women from across the former Yugoslavia: to leave behind a lasting document of a historical event. Dynamic and expressed through a rhythmic cinematic language, the film undoubtedly left a deep impression and mark on everyone watching in Room 39 at FFOS. Yet an even stronger impression came from the renewed testimony of three women who had participated in the court\/conference and appeared in the film. With the support of feminist psychotherapist <strong>Marijana Senjak<\/strong>, the three women once again testified live before the audience after the screening. Their dramatic and tragic experiences were recounted by <strong>Marica \u0160eatovi\u0107<\/strong> from Novska and <strong>Jovanka Carevi\u0107<\/strong> and <strong>Milica Miladinovi\u0107<\/strong> from Zagreb.<\/p>\n<p><a href=\"https:\/\/www.ffos.unios.hr\/wp-content\/uploads\/2023\/01\/slika2-300x225.jpg\"><img decoding=\"async\" class=\"alignright size-medium wp-image-51813\" src=\"https:\/\/www.ffos.unios.hr\/wp-content\/uploads\/2023\/01\/slika2-300x225.jpg\" alt=\"\" width=\"300\" height=\"225\" srcset=\"https:\/\/www.ffos.unios.hr\/wp-content\/uploads\/2023\/01\/slika2-300x225.jpg 300w, https:\/\/www.ffos.unios.hr\/wp-content\/uploads\/2023\/01\/slika2-1024x768.jpg 1024w, https:\/\/www.ffos.unios.hr\/wp-content\/uploads\/2023\/01\/slika2-768x576.jpg 768w, https:\/\/www.ffos.unios.hr\/wp-content\/uploads\/2023\/01\/slika2-1536x1152.jpg 1536w, https:\/\/www.ffos.unios.hr\/wp-content\/uploads\/2023\/01\/slika2.jpg 1600w\" sizes=\"(max-width: 300px) 100vw, 300px\" \/><\/a>Particularly emotional and harrowing was the testimony of one of the women, who had been a victim of rape in Zagreb during the dark wartime years of the 1990s. Her testimony produced an especially intense sense of shock and compassion in the room. Women, like men, were humiliated and exposed to the most brutal violence simply because they were of the \u201cwrong nationality\u201d. One of these courageous women, an ethnic Croat, when asked by her abusers how she, as a Catholic, could have married a Serb, replied: \u201cNo, I married a Human Being.\u201d<\/p>\n<p>As Sta\u0161a Zajovi\u0107 later noted, however, our primary feeling in confronting these Women should not be pity, and their testimony should not serve merely as mourning for the suffering they endured. The emotion should be one of <strong><em>Resistance<\/em><\/strong> and <strong>Courage<\/strong>. Women\u2019s courage, but also Human courage in general. Indeed, this was a distinctive experience in our local environment, made possible through the hospitality of the Faculty and the Aesthetics Laboratory. In Osijek it was an emotional and cathartic event unlike anything previously recorded, in this form \u201cunseen\u201d and \u201cunheard\u201d, and exceptionally inspiring for reflection. It was also authentic in the sense of Agamben\u2019s well-known discourse from the book subtitled <em>The Archive and the Witness (Remnants of Auschwitz<\/em>, 1998).<\/p>\n<p>The organisers also intended to bring this testimony into an academic framework. This proved equally appropriate and philosophically meaningful. With a dedication to my friend Sta\u0161a, I can conclude that the event and its articulation followed the lines of analysis found in Hannah Arendt and Shoshana Felman. YES, the \u201c<strong>Women\u2019s Court<\/strong>\u201d opened a framework for revealing the \u201clegal unconscious\u201d. The <strong><em>feminist approach to justice<\/em><\/strong> thus \u201copened the door\u201d to the trial or trials that will inevitably one day have to take place on the territory of the successor states of the former Yugoslavia. Namely, a \u201ctrial of the court\u201d and, even more importantly, a \u201ctrial of the history of violence\u201d (Arendt, Felman) in this region.<\/p>\n<p>In the end, I can only say, on behalf of us Comrades from EstLab: \u201cThank you, Women!\u201d For both your visit and your testimony\u2026 To be courageous as you are remains a permanent signpost for all of us who attended this unique evening at FFOS. <strong><em>mk <\/em><\/strong><\/p>\n<h2><strong>13 December 2022<br \/>\n<\/strong><strong>EstLab Conversation: \u201cThe Necessity of Philosophy\u201d<\/strong> &#8211; guest Ivan Milenkovi\u0107<\/h2>\n<p>YouTube recording of the event: <a href=\"https:\/\/youtu.be\/KxtQ3yoMGEE\" target=\"_blank\" rel=\"noopener\">https:\/\/youtu.be\/KxtQ3yoMGEE<\/a><\/p>\n<p>What is the \u201cnecessity of philosophy\u201d? And is philosophy still \u201cnecessary\u201d for anyone today at all? Finally, what could that necessity consist in when everything is \u201cprogrammed\u201d for us?<\/p>\n<p>The guest who rounded off this year\u2019s season of forums within the DIJA-LOGOS section of the Aesthetics Laboratory, appearing before students and interested members of the public on Tuesday, 13 December, was <strong><em>Ivan Milenkovi\u0107<\/em><\/strong>. Anyone even moderately informed about the \u201cmatter of thinking\u201d in this region needed no introduction beyond his name. A long-standing editor at the Third Programme of Radio Belgrade and an associate of the Institute for Philosophy and Social Theory, he is one of those people who regard their <strong><em>vocation<\/em><\/strong> as a rare privilege, but also as the continuous task of exposing all the anomalies of this planet, which we still, perhaps unjustly(?), call the \u201cworld\u201d. Put simply, Ivan is an indispensable interlocutor in all matters concerning the remaining spaces of FREEDOM around us.<\/p>\n<p>How can the existence of philosophy be saved? Or how can we save our souls at all today? \u201cPeople\u2026 write!\u201d And again\u2026 \u201cwrite\u201d. Even when it seems as though the writing is against the wind! (<em>S vetrom uz lice<\/em>, 1986, is one of the most important albums by the cult Belgrade band EKV.) Ivan Milenkovi\u0107 therefore devoted his introductory excursus to the necessity of thinking the whole. And that, in fact, IS philosophy! Even when it proceeds from as provocative a position as that embodied in the work of Gilles DELEUZE. Deleuze, Nietzsche, Machiavelli and, <em>last but not least<\/em>, Hannah Arendt were the principal subjects of the dialogue Milenkovi\u0107 conducted with Bo\u0161ko Pe\u0161i\u0107, Professor of Philosophy at FFOS. In the lively and polemical dialogue, the conclusion was also reached that today we are witnessing precisely that \u201cbanality of evil\u201d so masterfully described by Arendt. On the other hand, Deleuze\u2019s thought of \u201ccontingency\u201d, as the accidental beginning of thinking, emerges as the necessity of every possible survival of what we call philosophy! Namely, <strong><em>the art of inventing, shaping and producing concepts<\/em>.<\/strong><\/p>\n<p>What makes a philosopher, according to our friend Ivan? A philosopher must never accept a situation in which everyone relates to them through \u201cpats on the back\u201d and approval. A philosopher must produce discomfort, resistance and intolerance around themselves through their provocative stance(!?). When those around you feel uncomfortable in your company, then you are a genuine PHILOSOPHER. Refusing to flatter anyone, such a person \u201cforces\u201d others to\u2026 <strong><em>think<\/em><\/strong>.<\/p>\n<p>Ivan Milenkovi\u0107 certainly left no one in the audience indifferent. His commanding performance and the impressive thoughtfulness of the views he expressed were undoubtedly a \u201cprotreptikos\u201d (Aristotle), an \u201c<strong><em>exhortation to philosophy<\/em><\/strong>\u201d.<\/p>\n<p>EstLab thanks him wholeheartedly, and not only for that! <strong><em>mk<\/em><\/strong><\/p>\n<div class=\"embed-responsive embed-responsive-16by9\"><iframe title=\"EstLab - Nu\u017enost filozofije - gost Ivan Milenkovi\u0107\" width=\"1170\" height=\"658\" src=\"https:\/\/www.youtube.com\/embed\/KxtQ3yoMGEE?feature=oembed\" frameborder=\"0\" allow=\"accelerometer; autoplay; clipboard-write; encrypted-media; gyroscope; picture-in-picture; web-share\" referrerpolicy=\"strict-origin-when-cross-origin\" allowfullscreen><\/iframe><\/div>\n<h2><strong>6 December 2022<br \/>\n<\/strong><strong>EstLab Conversation: \u201c<\/strong>Croatian Political Aesthetics\u201d &#8211; guest Viktor Ivan\u010di\u0107<\/h2>\n<p>YouTube recording of the event: <a href=\"https:\/\/youtu.be\/Ru15oQWygHY\" target=\"_blank\" rel=\"noopener\">https:\/\/youtu.be\/Ru15oQWygHY<\/a><\/p>\n<p>On Tuesday, 6 December 2022, \u201cSaint Nicholas\u201d brought the members and supporters of EstLab, as well as all other interested people who might yet become supporters, a visit from \u201cone of the three\u201d from <em>Feral<\/em> and their VIvaLUDE\u017d studio, Viktor Ivan\u010di\u0107. The conversation with this leading figure of independent journalism revealed a whole series of moments illustrating the distinctiveness of this distinctive journalistic discourse. Yet this is not merely a matter of \u201cjournalism\u201d, but of something even more important\u2026 namely, FREEDOM. It is also connected to the very \u201cmatter of thinking\u201d advocated by the members of the Aesthetics Laboratory at the Faculty of Humanities and Social Sciences in Osijek since its foundation. Reading, writing\u2026 thinking and conversation, especially CRITICAL DISCOURSE, form part of an endeavour that introduces much more into the matter itself. And that is\u2026 the remaining meaningfulness of something like philosophy and the humanities <em>an sich<\/em>.<\/p>\n<p><strong><em>Viktor Ivan\u010di\u0107<\/em><\/strong> is an internationally award-winning journalist, essayist, novelist, satirist of the reality around us and columnist behind the cult <em>Bilje\u017enica Robija K\u2026<\/em> Above all, however, he is a persistent Lucifer, read: <em>light-bearer<\/em>, exposing every kind of manifestation of the \u201ccosmic force of stupidity\u201d (Krle\u017ea, <em>Na rubu pameti<\/em>), and not only among Croats. If, as young men, the Feral group emerged as critics of socialist Yugoslavia, they continued that mission, in a more recognisable media form and with more detailed analysis, in our sovereign and democratic \u201cCroatia\u201d. Whereas in the SFRY they dealt with Party structures and the petrified \u201cunnatural\u201d system, in the successor states, following Rastko Mo\u010dnik\u2019s diagnosis, they point to the sinister fate of \u201cnatural fascist-generating tendencies\u201d. <em>Nota bene<\/em>, this is also a structural global problem. That Ivan\u010di\u0107 is also a philosophically self-aware author is demonstrated by the title of his novel <em>Vita activa<\/em>. He also uses literary form as a mode of approaching the grotesque \u201cwastelands of historical reality\u201d in his political study <em>To\u010dka na U.<\/em> Yet for us he appears above all as an Enlightenment figure through his distinctive generic hybrid <em>Radnici i seljaci<\/em>, subtitled in a \u201cMontaignean\u201d manner as <em>Essays<\/em>. The reminiscence of the almost forgotten history of the spaces we inhabit could be understood as a pedagogical effort towards educating a \u201ccritical consciousness\u201d.<\/p>\n<p>The conversation unfolded in an exceptionally dynamic atmosphere. FFOS students were able to learn a great deal about the journalistic profession, which, as Ivan\u010di\u0107 says, has today become a \u201csubjugated profession\u201d, not only in the country in which we live. His presentation showed that this should by no means be the case and that journalism can appear as a category of the PUBLIC GOOD. In this sense, FREEDOM and CRITICAL THINKING are indispensable both in the media sphere and in preserving philosophy and the humanities <em>in themselves<\/em>. A lively and highly engaged discussion followed the conversation. Ivan\u010di\u0107, himself a highly competent reader of philosophy, particularly Hannah Arendt, Agamben, Foucault and Sloterdijk, proved to be a stimulating interlocutor and a \u201clight-bearer\u201d of courageous and FREE expression concerning all the anomalies of the society in which we live. <strong><em>mk<\/em><\/strong><\/p>\n<div class=\"embed-responsive embed-responsive-16by9\"><iframe title=\"EstLab - Hrvatska politi\u010dka estetika - gost Viktor Ivan\u010di\u0107\" width=\"1170\" height=\"658\" src=\"https:\/\/www.youtube.com\/embed\/Ru15oQWygHY?feature=oembed\" frameborder=\"0\" allow=\"accelerometer; autoplay; clipboard-write; encrypted-media; gyroscope; picture-in-picture; web-share\" referrerpolicy=\"strict-origin-when-cross-origin\" allowfullscreen><\/iframe><\/div>\n<h2><strong>8 November 2022<br \/>\nEstLab Conversation: <\/strong>ON THE STATE OF EXCEPTION as a Mode of Governing the Contemporary World<\/h2>\n<p>YouTube recording of the event: <a href=\"https:\/\/youtu.be\/gvZTr2EgmUA\" target=\"_blank\" rel=\"noopener\">https:\/\/youtu.be\/gvZTr2EgmUA<\/a><\/p>\n<div><a href=\"https:\/\/www.ffos.unios.hr\/wp-content\/uploads\/2022\/11\/izvanredno-300x204.jpg\"><img decoding=\"async\" class=\"alignleft wp-image-46153\" src=\"https:\/\/www.ffos.unios.hr\/wp-content\/uploads\/2022\/11\/izvanredno-300x204.jpg\" alt=\"\" width=\"420\" height=\"285\" srcset=\"https:\/\/www.ffos.unios.hr\/wp-content\/uploads\/2022\/11\/izvanredno-300x204.jpg 300w, https:\/\/www.ffos.unios.hr\/wp-content\/uploads\/2022\/11\/izvanredno-768x522.jpg 768w, https:\/\/www.ffos.unios.hr\/wp-content\/uploads\/2022\/11\/izvanredno.jpg 777w\" sizes=\"(max-width: 420px) 100vw, 420px\" \/><\/a>At the event held on Tuesday, 8 November 2022, as is fitting for any philosophical discussion, the EstLab panel considered <strong>Agamben\u2019s<\/strong> thought in several distinctive ways, producing some highly intriguing conclusions. The concept of the so-called \u201cstate of exception\u201d occupies a privileged place in <strong>Agamben\u2019s<\/strong> bibliography, and the parallels between his perhaps best-known work, the book <em>Homo sacer<\/em>, and this concept were drawn conscientiously and successfully, with the aim of presenting and thoroughly analysing his overall influence. If anything, what mattered were precisely creative questions rather than uniform answers, repeated for the hundredth time, seeking to penetrate the sophistication of <strong>Agamben\u2019s<\/strong> theory. What, in fact, is a state of exception, and what makes it so exceptional? How does it arise, and why? What conditions are indispensable for its application, and does it also exist in other socio-political frameworks apart from the state and government? The discussion inevitably abounded in a wealth of perspectives, ranging from modern literature to examples from popular culture, while the insights achieved in interaction with an animated audience merely confirmed that this form of academic discourse has a place in the mission of seeking truth and knowledge, perhaps even more so than any other.<\/div>\n<div>Agamben\u2019s key insight is precisely that states of exception form the foundation of our fashionable everyday life, manifesting themselves not only at the level of government but also in other spheres of power: society, religion, even language and human reality in general. Following the same logic, although much earlier, Franz <strong>Kafka<\/strong> used the term \u201c<strong>Ungeziefer<\/strong>\u201d in <em>The Metamorphosis<\/em> for the creature into which Gregor Samsa transforms. The term denotes a creature of such lowly nature that, according to pagan beliefs, it was not suitable for ritual sacrifice; something wholly negative, excluded, uncountable and impossible to classify. Is this not <em>Homo sacer<\/em> in its basic form? Is this not contemporary human being in their (un)natural environment? Is this not the \u201cstate of exception\u201d in people\u2019s everyday lives? Yet it is important not to despair when we are thrown into the entanglements of states of exception, but rather to recognise exceptionality precisely within so-called ordinariness. Then we will glimpse new horizons through the cracks in everything old, in the impotence of authority and the impossibility of tranquillity. Ultimately, we will understand that everything is, in the end, entirely exceptional and strange. Unclear and extraordinary, as it must be\u2026<\/div>\n<div style=\"text-align: right;\"><strong><em>ab<\/em><\/strong><\/div>\n<div><\/div>\n<div>\n<div class=\"embed-responsive embed-responsive-16by9\"><iframe title=\"EstLab -  Dija-logos - Izvanredno stanje kao vladanje suvremeno\u0161\u0107u (O Agambenu i nama)\" width=\"1170\" height=\"658\" src=\"https:\/\/www.youtube.com\/embed\/gvZTr2EgmUA?feature=oembed\" frameborder=\"0\" allow=\"accelerometer; autoplay; clipboard-write; encrypted-media; gyroscope; picture-in-picture; web-share\" referrerpolicy=\"strict-origin-when-cross-origin\" allowfullscreen><\/iframe><\/div>\n<\/div>\n<h2><strong>11 October 2022<br \/>\nEstLab Conversation: <\/strong>THE MEANING OF LIFE of Boran Ber\u010di\u0107 &#8211; <em>philosophy as a possible answer?<\/em><\/h2>\n<p>YouTube recording of the event: <a href=\"https:\/\/www.youtube.com\/watch?v=5TrYxC3dSKc\" target=\"_blank\" rel=\"noopener\">https:\/\/www.youtube.com\/watch?v=5TrYxC3dSKc<\/a><\/p>\n<p><a href=\"https:\/\/www.ffos.unios.hr\/wp-content\/uploads\/2022\/10\/bercic_1.jpg\" target=\"_blank\" rel=\"noopener\"><img decoding=\"async\" class=\"alignleft wp-image-43427\" src=\"https:\/\/www.ffos.unios.hr\/wp-content\/uploads\/2022\/10\/bercic_1.jpg\" alt=\"\" width=\"600\" height=\"270\" srcset=\"https:\/\/www.ffos.unios.hr\/wp-content\/uploads\/2022\/10\/bercic_1.jpg 1600w, https:\/\/www.ffos.unios.hr\/wp-content\/uploads\/2022\/10\/bercic_1-300x135.jpg 300w, https:\/\/www.ffos.unios.hr\/wp-content\/uploads\/2022\/10\/bercic_1-1024x461.jpg 1024w, https:\/\/www.ffos.unios.hr\/wp-content\/uploads\/2022\/10\/bercic_1-768x346.jpg 768w, https:\/\/www.ffos.unios.hr\/wp-content\/uploads\/2022\/10\/bercic_1-1536x691.jpg 1536w\" sizes=\"(max-width: 600px) 100vw, 600px\" \/><\/a>The first \u201cevent\u201d of the new <strong>EstLab<\/strong> season, our now well-known Aesthetics Laboratory at FFOS, was held in Room 39 of the Faculty of Humanities and Social Sciences in Osijek. The guest of the forum\/philosophical conversation was Prof. Boran Ber\u010di\u0107, PhD, Full Professor with tenure at the Department of Philosophy, Faculty of Humanities and Social Sciences in Rijeka. The topic was more than intriguing! The title \u201cThe Meaning of Life of Boran Ber\u010di\u0107. <em>Philosophy as a Possible Answer?<\/em>\u201d paraphrased the cult 1980s film <em>Monty Python\u2019s The Meaning of Life<\/em>. The conversation immediately began with the direct question of what the most important philosophical question is, at least for the invited guest of this conversation, or guided lecture, as the event might most appropriately be defined. Instead of the almost expected answer that it was the question in the title, the inquiry into the \u201cmeaning of life\u201d\u2026 we were told that it is instead the relationship between FACTS AND VALUES. Ber\u010di\u0107 thereby revealed his inclination towards a need extremely important to analytic philosophers: that \u201cthings be clarified\u201d. The entire conversation offered a series of interesting and unusual arguments in support of the idea that, in fact, everything that can be said should be said <em>clearly and intelligibly<\/em>.<\/p>\n<p><a href=\"https:\/\/www.ffos.unios.hr\/wp-content\/uploads\/2022\/10\/bercic_krivak-1.jpg\" target=\"_blank\" rel=\"noopener\"><img decoding=\"async\" class=\"alignright wp-image-43433\" src=\"https:\/\/www.ffos.unios.hr\/wp-content\/uploads\/2022\/10\/bercic_krivak.jpg\" alt=\"\" width=\"432\" height=\"324\" srcset=\"https:\/\/www.ffos.unios.hr\/wp-content\/uploads\/2022\/10\/bercic_krivak.jpg 1672w, https:\/\/www.ffos.unios.hr\/wp-content\/uploads\/2022\/10\/bercic_krivak-300x225.jpg 300w, https:\/\/www.ffos.unios.hr\/wp-content\/uploads\/2022\/10\/bercic_krivak-1024x768.jpg 1024w, https:\/\/www.ffos.unios.hr\/wp-content\/uploads\/2022\/10\/bercic_krivak-768x576.jpg 768w, https:\/\/www.ffos.unios.hr\/wp-content\/uploads\/2022\/10\/bercic_krivak-1536x1152.jpg 1536w\" sizes=\"(max-width: 432px) 100vw, 432px\" \/><\/a>Boran Ber\u010di\u0107 served for many years as President of the <strong>Croatian Society for Analytic Philosophy<\/strong>. This is the source of his mode of philosophical thinking. The epochal work of his oeuvre, a two-volume book with an openly fateful(!) title, reveals itself simply as\u2026 <strong><em>Philosophy<\/em><\/strong> (2012). For a full decade it has been a textbook we openly admire, but, even more importantly, one we continually question. In the book Boran Ber\u010di\u0107 provides a \u201ccomprehensive overview of the main themes and currents of philosophical thought\u201d. That is the \u201ctextbook description\u201d\u2026 Yet through the conversation with Ber\u010di\u0107, many important questions crystallised concerning our everyday, but equally decisive, PROBLEMS posed by a \u201cphilosophy of life\u201d. Ber\u010di\u0107\u2019s approach to philosophy is therefore not <em>historical<\/em> but <strong><em>problem-oriented<\/em><\/strong>. In the introductory text to <em>Philosophy<\/em>, the author states: \u201cTo know what we should do, <strong>we must know<\/strong> why we live.\u201d And further\u2026 \u201clogically speaking, in order to know why we do anything, <strong>we would have to know<\/strong> why we live at all\u2026 The question of the \u2018meaning of life\u2019 is the <strong>logical structure<\/strong> of our <strong>reasons<\/strong> for action.\u201d Through the examination of many such and related problems, \u201cthe meaning of Boran Ber\u010di\u0107\u2019s life\u201d gradually revealed itself. It could be summed up as: DOING PHILOSOPHY. For in a world in which work is not held in particularly high regard, such an effort of thought proves all the more precious.<\/p>\n<p>The event drew a large audience to the Faculty. Following the conversation between Ber\u010di\u0107 and M. Krivak, his fellow student from the Faculty of Humanities and Social Sciences in Zagreb during the \u201chappy 1980s\u201d, a discussion followed with a whole series of questions from interested members of the audience. And is there any other, more important meaning of philosophical conversation?<\/p>\n<p style=\"text-align: right;\"><strong><em>mk<\/em><\/strong><\/p>\n<div class=\"embed-responsive embed-responsive-16by9\"><iframe title=\"EstLab - Smisao \u017eivota - gost prof. dr. sc. Boran Ber\u010di\u0107\" width=\"1170\" height=\"658\" src=\"https:\/\/www.youtube.com\/embed\/5TrYxC3dSKc?feature=oembed\" frameborder=\"0\" allow=\"accelerometer; autoplay; clipboard-write; encrypted-media; gyroscope; picture-in-picture; web-share\" referrerpolicy=\"strict-origin-when-cross-origin\" allowfullscreen><\/iframe><\/div>\n<h2 style=\"text-align: left;\"><strong>2 June 2022<br \/>\nEstLab Conversation: Krle\u017ea on Peace and War <\/strong><\/h2>\n<p><strong>On Thursday, 2 June 2022<\/strong>, a conversation on peace and war was held. University professors <strong>Goran Rem, Igor Gajin<\/strong> and <strong>\u017deljko Senkovi\u0107<\/strong> discussed different <strong>Krle\u017eian perspectives<\/strong> on the topic. From the great writer\u2019s initial framework, peace emerged as fragile and unattainable, similar to a \u201clove illusion\u201d. Yet his pronounced emphasis on wartime suffering and tragedy, especially the cycle of stories about the reality of the First World War, <em>Hrvatski bog Mars<\/em>, can also be read inversely, as an encouragement towards recognising fundamental humanistic ideals. The interlocutors highlighted the polymorphism of modern discourse, within which even the conceptual pair \u201cpeace-war\u201d can be thought only as an apparently divided reality. Krle\u017ea\u2019s approach to reality as such is polemological, while peace, on the other hand, is neither static nor unquestionable, but always a relational category, achievable within the dynamism of life and the world. Alongside the author\u2019s familiar motifs that war runs counter to \u201cnormal human reason\u201d, that it is a manifestation of \u201cstupidity spreading without limit\u201d and \u201cgorillism\u201d, the historical context of Krle\u017ea\u2019s thinking about war was considered, illuminating a horizon extending from his so-called socialism to our so-called modern postmodernism.<\/p>\n<div class=\"embed-responsive embed-responsive-16by9\"><iframe title=\"EstLab - Krle\u017ea o miru i ratu\" width=\"1170\" height=\"658\" src=\"https:\/\/www.youtube.com\/embed\/ZhjIQaPnuno?feature=oembed\" frameborder=\"0\" allow=\"accelerometer; autoplay; clipboard-write; encrypted-media; gyroscope; picture-in-picture; web-share\" referrerpolicy=\"strict-origin-when-cross-origin\" allowfullscreen><\/iframe><\/div>\n<p>We live in an age of masses cheering frenzied dictatorships. Between despair and indifference, perhaps we encounter only \u201cformer people\u201d. It was precisely <strong>Krle\u017ea<\/strong> who confronted the dark forces within us and sought radical change, while the many insights of his artistic truths were guided by a critique of war as a disgrace to the \u201cdignity of intelligence and morality\u201d. War lives within man like a \u201chungry hyena\u201d, driven by timeless stupidity, while the only victor in every war is death. In numerous texts, from essays and short stories to poetry, this great writer exposed the meaninglessness and horror of war. Yet the decisive question is how to think and realise peace, that fragile phenomenon resembling a \u201clove illusion\u201d.<\/p>\n<p>In a packed lecture room at the Faculty of Humanities and Social Sciences in Osijek, an interesting dialogue developed among students, colleagues and invited professors. By the end, the discussion moved from Krle\u017eian motifs to the meaning of literature and artistic truth in general. We hope that such inspiring conversations will contribute to further research into Croatian literature and culture.<\/p>\n<p style=\"text-align: right;\">\u017deljko Senkovi\u0107<\/p>\n<h2 style=\"text-align: left;\">24 May 2022<br \/>\nEstLab Forum: What Does Krle\u017ea\u2019s \u201cEUROPE TODAY\u201d (1935\/2022) Tell Us?<\/h2>\n<p>On Tuesday, 24 May 2022, a forum organised by EstLab was held at the Faculty of Humanities and Social Sciences in Osijek. The forum was entitled <em>What Does Krle\u017ea\u2019s \u201cEUROPE TODAY\u201d (1933\/2022) Tell Us?<\/em> The occasion was Krle\u017ea\u2019s essay of the same name, first published in 1935, whose immediate relevance can easily be connected with the Europe in which we find ourselves today. Particularly when one observes Europe \u201cstumbling\u201d through contemporary global political events. One unavoidable question, for example, is: <strong><em>can the \u201cEuropean project\u201d today be thought independently of NATO\u2019s billions spent on armaments?<\/em><\/strong> Or, <strong><em>is there anything in Krle\u017ea\u2019s cynical-critical approach to the existing reality of Europe<\/em><\/strong> then <strong><em>that is not also relevant to the Europe we \u201clive\u201d TODAY?<\/em><\/strong><\/p>\n<p>Among those discussing these topics were philosopher and sociologist <strong>Ton\u010di Valenti\u0107<\/strong> from the Faculty of Textile Technology in Zagreb, together with professors from the Faculty of Humanities and Social Sciences in Osijek: poet and theorist <strong>Goran Rem<\/strong>, theatre scholar <strong>Ivan Trojan<\/strong>, and philosopher <strong>Marijan Krivak<\/strong>.<\/p>\n<div class=\"embed-responsive embed-responsive-16by9\"><iframe title=\"EstLab - \u0160to nam govori Krle\u017eina &quot;Evropa danas&quot;?\" width=\"1170\" height=\"658\" src=\"https:\/\/www.youtube.com\/embed\/alP9pPjVukg?feature=oembed\" frameborder=\"0\" allow=\"accelerometer; autoplay; clipboard-write; encrypted-media; gyroscope; picture-in-picture; web-share\" referrerpolicy=\"strict-origin-when-cross-origin\" allowfullscreen><\/iframe><\/div>\n<p>Did Krle\u017ea prophetically anticipate our contemporary world? Is he truly, particularly through his essays, short stories, theatre and novels, a \u201ccontemporary of Europe\u201d? Is Krle\u017ea significant on a global scale as well? And finally, no less importantly, what is his relationship with Osijek, particularly in the context of his famous \u201cOsijek Lecture\u201d?<\/p>\n<p>As with Krle\u017ea himself, many polemical tones prevailed. The unquestioned \u201cdevotion\u201d of media spectacle culture to the actually existing image of Europe also reveals itself as a manipulative illusion, as it did in Krle\u017ea\u2019s time and even more so today. Realistically, no one today would be prepared to die on the barricades for the European Constitution! (Which, for example, the still-living philosopher J\u00fcrgen Habermas advocates.)<\/p>\n<p>In an interesting discussion before a well-filled Faculty audience, many questions were asked, but some answers were also offered. One of them was that Europe must follow its philosophical idea and foundation. Thus, as in Krle\u017ea\u2019s time and even more so today, <u>Europe remains<\/u> our enduring destiny and\u2026 <u>task<\/u>.<\/p>\n<p style=\"text-align: right;\"><strong><em>mk<\/em><\/strong><\/p>\n<h2>19 April 2022<br \/>\nLiterature in the Technosphere: In Conversation with Zoran Ro\u0161ko<\/h2>\n<p><img decoding=\"async\" class=\"alignleft size-medium wp-image-29469\" src=\"https:\/\/www.ffos.unios.hr\/wp-content\/uploads\/2022\/04\/najava_you_tube_rosko-300x180.jpg\" alt=\"\" width=\"300\" height=\"180\" srcset=\"https:\/\/www.ffos.unios.hr\/wp-content\/uploads\/2022\/04\/najava_you_tube_rosko-300x180.jpg 300w, https:\/\/www.ffos.unios.hr\/wp-content\/uploads\/2022\/04\/najava_you_tube_rosko.jpg 400w\" sizes=\"(max-width: 300px) 100vw, 300px\" \/>On <strong>Tuesday, 19 April 2022<\/strong>, an event entitled \u201c<strong>Literature in the Technosphere<\/strong>\u201d was held in the Small Council Hall of the Faculty of Humanities and Social Sciences in Osijek, organised by the <strong>Technosphere<\/strong> section of <strong>EstLab<\/strong>, the FFOS Aesthetics Laboratory, and the <strong>FUZ&amp;JA<\/strong> science popularisation programme. The invited guest was award-winning writer <strong>Zoran Ro\u0161ko<\/strong>, a professor of philosophy and comparative literature and a reference librarian at Zagreb City Libraries. He was joined in the discussion by <strong>Milijana Mi\u010dunovi\u0107, Davorin \u0106uti and Boris Bosan\u010di\u0107<\/strong>, members of the Aesthetics Laboratory at the Faculty. The discussion concerned the development of <strong>technology<\/strong> in general and, in particular, the development of <strong>information and communication technology<\/strong> and its flagship field, <strong>artificial intelligence<\/strong>. What lies behind the seemingly \u201cinnocent\u201d thought \u201cthat one day a machine might work, and think, by itself\u201d? What are the ultimate possibilities of artificial intelligence, which has developed from facial recognition to the point where it can generate faces itself (<a href=\"https:\/\/generated.photos\/faces\" rel=\"noopener\">https:\/\/generated.photos\/faces<\/a>)? What is the role of algorithms as an increasingly widespread tool in scholarly research?<\/p>\n<p><img decoding=\"async\" class=\"alignright size-full wp-image-29475\" src=\"https:\/\/www.ffos.unios.hr\/wp-content\/uploads\/2022\/04\/knjizevnost_u_tehnosferi-1.png\" alt=\"\" width=\"462\" height=\"260\" srcset=\"https:\/\/www.ffos.unios.hr\/wp-content\/uploads\/2022\/04\/knjizevnost_u_tehnosferi-1.png 462w, https:\/\/www.ffos.unios.hr\/wp-content\/uploads\/2022\/04\/knjizevnost_u_tehnosferi-1-300x169.png 300w\" sizes=\"(max-width: 462px) 100vw, 462px\" \/>As noted in the discussion that followed, biotechnological development in general inaugurated the age of <strong>posthumanism<\/strong>, characterised by opposing views of the development of information and communication technology and the related <strong>change in humanity\u2019s relationship with the environment, animals and its own being<\/strong>. From optimistic perspectives such as <strong>transhumanism<\/strong> (<strong>D. Haraway<\/strong>), which even anticipate the transformation of the human body into information, the idea of uploading the mind to a computer, to <strong>bioconservative<\/strong> (<strong>F. Fukuyama<\/strong>) and openly <strong>antihumanist<\/strong> (<strong>N. Land<\/strong>) positions, posthumanism also brings with it a certain degree of distrust towards the future.<\/p>\n<p>The possibility that <strong>we live in a simulation<\/strong> prompted a very lively discussion in which <strong>Zoran Ro\u0161ko<\/strong> offered several highly intriguing and original theses. Life in a simulated universe does not presuppose that the simulation must necessarily be digital, as in the film <strong>The Matrix<\/strong>, which, according to our guest, offers a highly limited and inadequate portrayal of the relationship between computer and human. It may also involve an analogue form of simulation, or perhaps a type of simulation still entirely unknown to us.<\/p>\n<p><img decoding=\"async\" class=\"alignleft wp-image-29481\" src=\"https:\/\/www.ffos.unios.hr\/wp-content\/uploads\/2022\/04\/rosko12.jpg\" alt=\"\" width=\"482\" height=\"363\" srcset=\"https:\/\/www.ffos.unios.hr\/wp-content\/uploads\/2022\/04\/rosko12.jpg 600w, https:\/\/www.ffos.unios.hr\/wp-content\/uploads\/2022\/04\/rosko12-300x226.jpg 300w\" sizes=\"(max-width: 482px) 100vw, 482px\" \/>According to <strong>Zoran Ro\u0161ko<\/strong>, everything is technology, so when we speak about technology in the ordinary sense of the word, we are actually referring to the \u201c<strong>technology of technology<\/strong>\u201d. Even Being itself is a kind of technology! Another intriguing question posed to Zoran Ro\u0161ko later in the discussion concerned a different kind of intelligence, <strong>inorganic intelligence<\/strong>, which he addressed in his latest novel <a href=\"https:\/\/www.oceanmore.hr\/index.php?opt=shop&amp;act=show&amp;id=178&amp;lang=hr\" target=\"_blank\" rel=\"noopener\"><strong>Bogart i Seranoga<\/strong><\/a>, and the possibility that such intelligence might actually exist.<\/p>\n<p>Through these and similar questions, a highly stimulating and interesting discussion continued, at moments extending beyond the boundaries of conventional thinking about technology and its possibilities thanks to <strong>Zoran Ro\u0161ko\u2019s<\/strong> exceptional erudition, eloquence and literary imagination. Although fundamentally a writer, <strong>Zoran Ro\u0161ko<\/strong> fully justified the invitation to a conversation in the <strong>Technosphere<\/strong>, encouraging everyone present, including a large number of students, to reflect further on the role of technology in our lives and the possible directions of its future development.<\/p>\n<p style=\"text-align: right;\"><strong><em>bb<\/em><\/strong><\/p>\n<table style=\"width: 100.466%;\" border=\"0\" width=\"70%\">\n<tbody>\n<tr bgcolor=\"#B62126\">\n<td style=\"width: 100%;\"><\/td>\n<\/tr>\n<\/tbody>\n<\/table>\n<h2 class=\"entry-title\" data-wahfont=\"23\" data-wahpro-titles-style=\"font-size: 23px;\">15 March 2022<br \/>\nFrom the <em>Tractatus<\/em> to Language Games: \u201cThe Wittgenstein Case\u201d \u2013 guest Prof. Kristijan Krka\u010d, PhD<\/h2>\n<p>On Tuesday, 15 March 2022, EstLab, the FFOS Aesthetics Laboratory, organised a forum entitled <strong>\u201cFrom the <em>Tractatus<\/em> to <em>Language Games<\/em>: \u2018The Wittgenstein Case\u2019\u201d<\/strong>. The invited guest was <strong>Kristijan Krka\u010d<\/strong>, PhD, Professor at the Zagreb School of Economics and Management (Z\u0160EM). The conversation also included <strong>Boris Bosan\u010di\u0107<\/strong> and <strong>Marijan Krivak<\/strong>, professors at the Faculty of Humanities and Social Sciences in Osijek.<\/p>\n<div class=\"embed-responsive embed-responsive-16by9\"><iframe title=\"EstLab - Od Traktata do jezi\u010dnih igara - Slu\u010daj Wittgenstein - gost prof.  dr.  sc.  Kristijan Krka\u010d\" width=\"1170\" height=\"658\" src=\"https:\/\/www.youtube.com\/embed\/TiX2XVhEmek?feature=oembed\" frameborder=\"0\" allow=\"accelerometer; autoplay; clipboard-write; encrypted-media; gyroscope; picture-in-picture; web-share\" referrerpolicy=\"strict-origin-when-cross-origin\" allowfullscreen><\/iframe><\/div>\n<p>The occasion for the conversation was the centenary of the bilingual German\/English edition of <em>Tractatus logico-philosophicus<\/em> (1922). At the time, the book completely transformed the \u201cmental map\u201d on which the so-called \u201chistory of philosophy\u201d was drawn. Krka\u010d, certainly one of the most dedicated and persistent scholars of Ludwig Wittgenstein and his work in this region, introduced the discussion provocatively. He claimed that Wittgenstein was, in fact, an \u201caccidental philosopher\u201d(!?). To some extent, his engagement with this \u201cdiscipline\u201d of the humanities resulted from the many disruptions of his life, through which this \u201cmodern Leonardo\u201d sailed across the turbulent sea of his many intellectual and scientific inclinations. For Wittgenstein was an engineer, an aeronautical designer, an innovator in mechanical engineering\u2026 he was a painter, an architect, a passionate music lover, a competent pianist\u2026 and, <em>last but not least<\/em>, a philosopher!<\/p>\n<p>A lively discussion developed around Wittgenstein\u2019s philosophy, particularly its second phase, represented by <em>Philosophical Investigations<\/em>. What is LANGUAGE for Wittgenstein? To what extent does his understanding of language differ from that defined or identified by W. Benjamin and M. Heidegger, the most important \u201cphilosophers of language\u201d of the 20th century? Can one speak in his work of a prophecy of the coming \u201cartificial\u201d and \u201cmachine\u201d modes and languages of communication? To what extent is Wittgenstein \u201cresponsible\u201d for the loss of the \u201chuman dimension\u201d of language? Is he a kind of founder of the so-called \u201cphilosophy of science\u201d?<\/p>\n<p>Through these and similar questions, a highly provocative and inspiring discussion unfolded. During a debate that approached two hours in length, many problematic areas concerning the concept of language and philosophy in general came to the surface. The Wittgenstein forum generated a great many questions and comments and showed that the lecturer and guest, Prof. Krka\u010d, succeeded in arousing strong interest among FFOS students and professors. Ultimately, this was <strong>one of the best-attended events organised by EstLab<\/strong> during the first year of its activities.<\/p>\n<p><strong><em>mk<\/em><\/strong><\/p>\n<table style=\"width: 100.466%;\" border=\"0\" width=\"70%\">\n<tbody>\n<tr bgcolor=\"#B62126\">\n<td style=\"width: 100%;\"><\/td>\n<\/tr>\n<\/tbody>\n<\/table>\n<h2><strong>In memoriam \u2013 Marko Brecelj (1951-2022)<\/strong><\/h2>\n<p>What have you done, Bulldozer One? And you, <em>the one who was the most diligent in dredging through our mental images and senses<\/em>?<\/p>\n<p>Dear Marko, we remember our meeting in chilly Osijek in November, and\u2026 we cannot express all the feelings that overwhelmed us in your presence. Hey\u2026 the conceptual artist who created <strong><em>Pljuni istini u o\u010di<\/em><\/strong> had come to visit us! Perhaps not the very best <strong>record<\/strong> produced in the Yugoslav region, for there were magnificent sound carriers \u201cin this land of peasants on the mountainous\u201d Balkans, but certainly <strong>one of the most important and influential<\/strong>. For all our punk pioneers and young new-wave artists encountered precisely a \u201ctruth\u201d that needed to be spat in the face, carried forward by Buldo\u017eer and\u2026 FREEDOM.<\/p>\n<p>After the fact, many came to know the frontman of this band as a jazz-rock singer-songwriter. Brecelj was also an original chansonnier with a distinctive idiom, not without wit and <em>human, all too human<\/em> humour. <strong><em>Coctail<\/em><\/strong> (1974) was the only album \u201coffspring\u201d of Marko\u2019s varied and variety-infused, unrepeatable spark of genius. From <em>Rde\u010di bar<\/em> to <em>Du\u0161a in jaz<\/em>, there came a <em>Po\u017ear<\/em> of emotions and a <em>\u010casopis<\/em> of intelligent insights. Yet it was also a \u201cphilosophy of RESISTANCE\u201d. Resistance to everything primitive and barbaric that befell us in this region at the beginning of the 1990s. (But also a memory of what things were like in Osijek at Ljubo Trova\u010d\u2019s!?)<\/p>\n<p>When you told us about your experience of playing and creating in the former country, one thing remained beyond doubt: your love for Osijek, perhaps the most beautiful city in your memory. Your love for the City was also caused by your love for a girl. That November at the Faculty, you explained this attachment to Osijek. It was a City, as you said, \u201copen\u201d to EVERYTHING. Thank you for reminding us of that.<\/p>\n<p>We at EstLab, fully aware of the importance and significance you bestowed on us by coming to visit, put <strong><em>Tvojo plo\u0161\u010do s tremi komadi<\/em><\/strong> on the turntable. <em>Parada<\/em>, <em>Majmuni, Trotoari\u2026<\/em> evoke for us the idea and concept of art as resistance. You never reconciled yourself to the \u201ccosmic force of human stupidity\u201d. Like Krle\u017ea in his eponymous novel, you showed us what it means to live and play <em>On the Edge of Reason<\/em>.<\/p>\n<p>What \u201care you doing, Bulldozer One?\u201d<\/p>\n<p>\u201cI\u2019m going to paradise\u2026 the end\u2026 my native land\u201d (<strong><em>Pljuni<\/em><\/strong> istini u o\u010di, Buldo\u017eer, 1975).<\/p>\n<p>And then what? Then\u2026 \u201cNEW, NEW TIMES\u201d for us Comrades from EstLab are not simply\u2026 the same old shit. For, as our dear Osijek guest would say: \u201cNEW TIMES, comrades, bring with them NEW TASKS.\u201d This was what our Comrade and HUMAN BEING MARKO \u201cunderlined\u201d \u201cat the end of his presentation\u201d.<\/p>\n<p><strong><em>mk <\/em><\/strong><\/p>\n<p>You can watch Marko Brecelj\u2019s guest appearance at the Aesthetics Laboratory in November 2021 at:<\/p>\n<p><a href=\"https:\/\/www.ffos.unios.hr\/znanost-post\/estlab-gostovanje-marko-brecelj-svjedocenje-odgovori-na-i-bez-pitanja-9-xi-2021\/\">EstLab Guest Appearance: Marko Brecelj \u2013 Testimony: \u201cAnswers to Questions and without Questions\u201d (9 November 2021)<\/a><\/p>\n<table border=\"0\" width=\"70%\">\n<tbody>\n<tr bgcolor=\"#B62126\">\n<td><\/td>\n<\/tr>\n<\/tbody>\n<\/table>\n<h3><span style=\"text-decoration: underline;\">Literary Club<\/span><\/h3>\n<h4><strong>EstLab Conversation: Writing and Metamorphoses of the Soul. Fyodor Mikhailovich Dostoevsky (21 December 2021)<br \/>\n<\/strong><\/h4>\n<p data-wahfont=\"16\" data-wahpro-txt-style=\"text-align: center; font-size: 16px;\"><span data-wahfont=\"16\">On Tuesday, <strong>21 December 2021 at 7 p.m.<\/strong>, in the <\/span>Small Council Hall of the Faculty of Humanities and Social Sciences in Osijek, an event organised by the <strong>Literary Club of the Aesthetics Laboratory<\/strong> featured a discussion of <strong>Dostoevsky<\/strong>, the timeless Russian writer whose novels have left an indelible mark on world literature, but also on each of us\u2026<\/p>\n<p data-wahfont=\"16\" data-wahpro-txt-style=\"text-align: center; font-size: 16px;\">Participants in the conversation were <strong>\u017deljko Senkovi\u0107, Igor Gajin and Boris Bosan\u010di\u0107<\/strong>. A recording of the event is available at <a href=\"https:\/\/youtu.be\/QbNjfLro_uU\" target=\"_blank\" rel=\"noopener\">https:\/\/youtu.be\/QbNjfLro_uU<\/a><\/p>\n<table border=\"0\" width=\"70%\">\n<tbody>\n<tr bgcolor=\"#B62126\">\n<td><\/td>\n<\/tr>\n<\/tbody>\n<\/table>\n<h3><span style=\"text-decoration: underline;\"><strong>EstLab Radio<\/strong> &amp; Music Section<\/span><\/h3>\n<h4 data-wahfont=\"16\" data-wahpro-txt-style=\"text-align: center; font-size: 16px;\">EstLab Guest Appearance: <strong>MARKO BRECELJ &#8211; <\/strong>Testimony: \u201cAnswers to Questions and without Questions\u201d (9 November 2021)<\/h4>\n<p style=\"text-align: left;\" data-wahfont=\"16\" data-wahpro-txt-style=\"text-align: justify; font-size: 16px;\"><strong>MARKO BRECELJ<\/strong> was a Yugoslav, Slovenian and Koper-based multimedia artist. A <em>rock<\/em> musician, poet, chansonnier and persistent performer\/<em>entertainer<\/em>. His work is immensely important to the cultural imaginary of artistic and intellectual circles in this region. <strong>Marko Brecelj<\/strong> is the author of one of the strongest singer-songwriter debuts on the Slovenian and Yugoslav scenes. His <em><strong>Koktel<\/strong><\/em> (1974), arranged under the direction of Bojan Adami\u010d (!), is a genuine \u201cunknown gem\u201d and a masterpiece of eccentric chanson and <em>jazz-rock<\/em> fusion. Yet <strong>Brecelj<\/strong> is best known as the <em>frontman<\/em> of the alternative-rock giants from Ljubljana, <em><strong>BULDO\u017dER<\/strong><\/em>. Their debut album <em><strong>PLJUNI ISTINI U O\u010cI<\/strong><\/em> (1975) is one of the most subversive artistic attacks on the Yugoslav <em>rock<\/em> <em>establishment<\/em> of the period.<\/p>\n<p style=\"text-align: left;\" data-wahfont=\"16\" data-wahpro-txt-style=\"text-align: justify; font-size: 16px;\">\u2192 We spoke with him in the form of \u201cTESTIMONY \u2013 answers to questions and without questions\u201d. All of this took place within EstLab\u2019s <em>Drugom stranom<\/em> programme. This unique event, Marko Brecelj\u2019s guest appearance at FFOS, could be witnessed on 9 November at 7 p.m. A recording is available at <a href=\"https:\/\/youtu.be\/Q2OHAYaZvAk\" target=\"_blank\" rel=\"noopener\">https:\/\/youtu.be\/Q2OHAYaZvAk<\/a>.<\/p>\n<p style=\"text-align: left;\" data-wahfont=\"16\" data-wahpro-txt-style=\"text-align: justify; font-size: 16px;\">Read more about the event on the EstLab Radio page &gt;&gt; <a href=\"https:\/\/www.ffos.unios.hr\/znanstveni-portal\/esteticki-laboratorij-filozofskog-fakulteta\/estlab-radio\/#brecelj\" target=\"_blank\" rel=\"noopener\">here<\/a>.<\/p>\n<table border=\"0\" width=\"70%\">\n<tbody>\n<tr bgcolor=\"#B62126\">\n<td><\/td>\n<\/tr>\n<\/tbody>\n<\/table>\n<h3><span style=\"text-decoration: underline;\"><strong>EstLab Radio<\/strong><\/span><\/h3>\n<h4><strong>Drugom stranom &#8211; Prehistory (Episode 1)<br \/>\n<\/strong><\/h4>\n<p><em>Kilometar mora je vrlo val<\/em> is a line by Branko Male\u0161, first presented in concert, in a journal and at readings in 1975, and published in book form in 1978 in the volume <em>Tekst<\/em>. Its humorous and absurd brightness, which without mockery, and through the fantastic <em>footwork<\/em> of sonic-rhythmic games, healed the pathetic world of an increasingly exhausted History, had at the same time to exist somewhere else as well. And of course it did, in Sound, in Music, in the Ljubljana band <em>Buldo\u017eer<\/em>, in their Monty Python-like album <em>Pljuni istini u o\u010di<\/em>.<\/p>\n<p>The poet from Novi Sad, Vojislav Despotov, was doing something similar in the form of ultra-playfulness, while the first punk explosion, or the work of deconstructing concrete historical phrases, was played in 1976 and 1977 by the Rijeka band Paraf! By then it was already wonderful, and too late to put on the brakes. All the emerging punks had long been listening to Buldo\u017eer, to that first album recorded in the predominantly active official language of the SFRY, and this excellent move placed the album permanently high on the radio charts of that State.<\/p>\n<p>Thanks to that album, <em>Pljuni istini u o\u010di<\/em>, one can say in the Yugoslav context that the concrete body of the shift away from glam and prog rock truly began as Buldo\u017eer\u2019s playful NEW WAVE. This enabled all the wise music editors in the region to provide an alternative, first and foremost, to the dominance of Bijelo dugme, which itself had indeed just pushed certain boundaries and integrated intergenerational strands, but had embraced the glam-style heroism of Yugoslav stars and accepted what it in fact was, as Darko Glavan put it: shepherd rock. Buldo\u017eer, however, is the Other. It is melodic and compositionally exciting, while its lyrics are desacralising and anti-pathetic, thematically extraordinarily precise in playfully challenging the most worn-out thematic <em>slime<\/em>, whether it came from music charts or from mass-media programmes, televised or printed. Buldo\u017eer is the most creative deconstructor of socialist realism, which sophisticatedly transformed itself into the most popular Yugoslav band of the mid and late 1970s. Yet Buldo\u017eer\u2019s proto-new wave brought reserves of Intelligence that liberated the punks from both Intelligence and non-intelligence and gave them space on stage. And so they arrived, not caring about cleverness, but sneering and getting angry or proto-aestheticising their dirtiness, and they arrived before, on their second and third albums, they too accepted the fate of stadium bands. By then it was already the mid-1980s, and that was that. (Goran Rem)<\/p>\n<p>\u2192 The conversation entitled \u201cDrugom stranom &#8211; Prehistory\u201d, part of the New Wave cycle of conversations about time, space and above all music at the Aesthetics Laboratory of the Faculty of Humanities and Social Sciences in Osijek, can be found at: <a href=\"https:\/\/www.youtube.com\/watch?v=q-aGRCoeseo&amp;ab_channel=EstLabRadio\" rel=\"noopener\">https:\/\/www.youtube.com\/watch?v=q-aGRCoeseo&amp;ab_channel=EstLabRadio<\/a><\/p>\n<p>A recording of the first programme\/episode is available at <a href=\"https:\/\/youtu.be\/q-aGRCoeseo\" target=\"_blank\" rel=\"noopener\">https:\/\/youtu.be\/q-aGRCoeseo<\/a>.<\/p>\n<table border=\"0\" width=\"70%\">\n<tbody>\n<tr bgcolor=\"#B62126\">\n<td><\/td>\n<\/tr>\n<\/tbody>\n<\/table>\n<h3><span style=\"text-decoration: underline;\">Dija-Logos<\/span><\/h3>\n<h4>14 October 1906 \u2013 14 October 2021: On the Occasion of Hannah Arendt\u2019s 115th Birthday<\/h4>\n<p><img decoding=\"async\" class=\"alignleft wp-image-11444 \" src=\"https:\/\/www.ffos.unios.hr\/wp-content\/uploads\/2021\/10\/HArendt1-300x193-1.jpg\" alt=\"\" width=\"233\" height=\"150\" \/>\u201cIn the history of humankind, metaphysics will remain inscribed as the place where truth was supposed to appear unhindered in its eternal form. Regardless of the long-lost pride that such an attitude and similar ones once bestowed upon metaphysics, even today it appears not only as a cautionary mode of human thought but also as the desire for that thought, at any cost, to cross the boundary of what it can know. Despite this, each of those errors conceived by metaphysics and denounced in modernity can retrospectively bear authentic witness to the dimensions of life into which people clearly, and with reason, placed their expectations in this way. Metaphysical thought, as Hannah Arendt notes, was therefore never arbitrary in its philosophical systems, and still less meaningless. On the contrary, it carries and reveals \u2018the only clues we have as to what thinking means to those who engage in it\u2019. Failing to recognise this background is entirely correlated with a superficial contempt for the beyond, with all the characteristics of the dictatorship of the visible. Noticing these traces of transcendence, Nietzsche concludes in his distinctive way: \u2018We have abolished the real world: what world is left? The apparent one perhaps? \u2026 But no! With the real world we have also abolished the apparent one!\u2019<br \/>\nAlthough the content of old philosophical concepts has in most cases been compromised, the nihilism left behind by them as a signpost mediates the world of appearances in an equally unconvincing way. The invisible world beyond and the visible world here, and especially their shared metaphysical past, clearly cannot easily be understood without one another. Even when deprived of meaning, they point towards our primordial experiences. This is also what Kant\u2019s supreme philosophical scandal concerning reason addresses: the unsettling fact that \u2018the existence of things outside us (from which we derive the whole material for cognition even for our inner sense) must be accepted merely on faith, and that no satisfactory proof can be opposed to anyone who takes it into his head to doubt it\u2019. Kant knew very well that, despite this, all needs of reason demand urgency. Even the understanding, which establishes criteria for itself in its search for truth, does not possess the capacity to limit reason in its need to create its own meaning. Bearing this in mind, Arendt boldly concludes that truth and meaning are evidently not the same. The fundamental error, preceding all other metaphysical errors, lies in the delusion that meaning can be created exclusively according to the model of the truth it represents. The infinite space of the speculative activity of reason is one thing, while the innate desire of the understanding for knowledge is quite another. According to Arendt, this distinction must be made clearly and decisively.\u201d (Bo\u0161ko Pe\u0161i\u0107)<\/p>\n<table border=\"0\" width=\"70%\">\n<tbody>\n<tr bgcolor=\"#B62126\">\n<td><\/td>\n<\/tr>\n<\/tbody>\n<\/table>\n<h3><span style=\"text-decoration: underline;\">Dija-Logos<\/span><\/h3>\n<h4><strong>100 Years of Capitalism as Religion<\/strong><\/h4>\n<p><img decoding=\"async\" class=\"alignleft wp-image-10868\" src=\"https:\/\/www.ffos.unios.hr\/wp-content\/uploads\/2021\/10\/benjamin.jpg\" alt=\"\" width=\"82\" height=\"100\" \/>The first event of EstLab\u2019s <strong>Dija-Logos<\/strong> section, entitled <strong>\u201c100 Years of Capitalism as Religion\u201d<\/strong>, was held in the <strong>FFOS Aesthetics Laboratory<\/strong> (Room 40) on <strong>Tuesday, 12 October 2021 at 6:30 p.m.<\/strong> For epidemiological reasons, the number of participants was limited. A recording of the event is available at <a href=\"https:\/\/youtu.be\/Zp1V38z8sWQ\" data-saferedirecturl=\"https:\/\/www.google.com\/url?q=https:\/\/youtu.be\/Zp1V38z8sWQ&amp;source=gmail&amp;ust=1633961057193000&amp;usg=AFQjCNFnpnLZkbH6jlPXn3BEm2Z44TJfQ\" rel=\"noopener\">https:\/\/youtu.be\/Zp1V38z8sWQ <\/a>. Read more about the event on the Dija-Logos section page &gt; <a href=\"https:\/\/www.ffos.unios.hr\/znanstveni-portal\/esteticki-laboratorij-filozofskog-fakulteta\/sekcije-estlab-a\/dija-logos#dogadjanje1\">100 Years of Capitalism as Religion<\/a>.<\/p>\n<p>&nbsp;<\/p>\n","protected":false},"excerpt":{"rendered":"<p>Recent Events&#8230; 28 April 2026 Comrade Katarina in Conversation with EstLab How and why is capitalism destructive? Is capitalism merely a particular socio-economic-political regime, or is it rather a \u201creligion\u201d (W. Benjamin)? Finally\u2026 when will we (and will we at all) witness the \u201cend of capitalism\u201d? These questions, as well as many others, were raised [&hellip;]<\/p>\n","protected":false},"author":35,"featured_media":10367,"parent":720,"menu_order":0,"comment_status":"closed","ping_status":"closed","template":"","meta":{"_acf_changed":false,"footnotes":""},"class_list":["post-125486","page","type-page","status-publish","has-post-thumbnail","hentry"],"acf":[],"_links":{"self":[{"href":"https:\/\/www.ffos.unios.hr\/en\/wp-json\/wp\/v2\/pages\/125486","targetHints":{"allow":["GET"]}}],"collection":[{"href":"https:\/\/www.ffos.unios.hr\/en\/wp-json\/wp\/v2\/pages"}],"about":[{"href":"https:\/\/www.ffos.unios.hr\/en\/wp-json\/wp\/v2\/types\/page"}],"author":[{"embeddable":true,"href":"https:\/\/www.ffos.unios.hr\/en\/wp-json\/wp\/v2\/users\/35"}],"replies":[{"embeddable":true,"href":"https:\/\/www.ffos.unios.hr\/en\/wp-json\/wp\/v2\/comments?post=125486"}],"version-history":[{"count":2,"href":"https:\/\/www.ffos.unios.hr\/en\/wp-json\/wp\/v2\/pages\/125486\/revisions"}],"predecessor-version":[{"id":125508,"href":"https:\/\/www.ffos.unios.hr\/en\/wp-json\/wp\/v2\/pages\/125486\/revisions\/125508"}],"up":[{"embeddable":true,"href":"https:\/\/www.ffos.unios.hr\/en\/wp-json\/wp\/v2\/pages\/720"}],"wp:featuredmedia":[{"embeddable":true,"href":"https:\/\/www.ffos.unios.hr\/en\/wp-json\/wp\/v2\/media\/10367"}],"wp:attachment":[{"href":"https:\/\/www.ffos.unios.hr\/en\/wp-json\/wp\/v2\/media?parent=125486"}],"curies":[{"name":"wp","href":"https:\/\/api.w.org\/{rel}","templated":true}]}}