{"id":125554,"date":"2026-08-27T15:02:42","date_gmt":"2026-08-27T13:02:42","guid":{"rendered":"https:\/\/www.ffos.unios.hr\/?page_id=125554"},"modified":"2026-08-27T15:02:42","modified_gmt":"2026-08-27T13:02:42","slug":"fuzja-photo-gallery","status":"publish","type":"page","link":"https:\/\/www.ffos.unios.hr\/en\/science-portal\/fuzija\/fuzja-photo-gallery\/","title":{"rendered":"FUZ&#038;JA Photo Gallery"},"content":{"rendered":"<h1 style=\"text-align: center;\">2021\/2022<\/h1>\n\n\t\t<style>\n\t\t\t#gallery-1 {\n\t\t\t\tmargin: auto;\n\t\t\t}\n\t\t\t#gallery-1 .gallery-item {\n\t\t\t\tfloat: left;\n\t\t\t\tmargin-top: 10px;\n\t\t\t\ttext-align: center;\n\t\t\t\twidth: 33%;\n\t\t\t}\n\t\t\t#gallery-1 img {\n\t\t\t\tborder: 2px solid #cfcfcf;\n\t\t\t}\n\t\t\t#gallery-1 .gallery-caption {\n\t\t\t\tmargin-left: 0;\n\t\t\t}\n\t\t\t\/* see gallery_shortcode() in wp-includes\/media.php *\/\n\t\t<\/style>\n\t\t<div id='gallery-1' class='gallery galleryid-125554 gallery-columns-3 gallery-size-medium'><dl class='gallery-item'>\n\t\t\t<dt class='gallery-icon landscape'>\n\t\t\t\t<a href='https:\/\/www.ffos.unios.hr\/wp-content\/uploads\/2022\/06\/buljan-flander-ffos-1.jpg'><img decoding=\"async\" width=\"300\" height=\"225\" src=\"https:\/\/www.ffos.unios.hr\/wp-content\/uploads\/2022\/06\/buljan-flander-ffos-1-300x225.jpg\" class=\"attachment-medium size-medium\" alt=\"\" aria-describedby=\"gallery-1-34909\" srcset=\"https:\/\/www.ffos.unios.hr\/wp-content\/uploads\/2022\/06\/buljan-flander-ffos-1-300x225.jpg 300w, https:\/\/www.ffos.unios.hr\/wp-content\/uploads\/2022\/06\/buljan-flander-ffos-1-1024x768.jpg 1024w, https:\/\/www.ffos.unios.hr\/wp-content\/uploads\/2022\/06\/buljan-flander-ffos-1-768x576.jpg 768w, https:\/\/www.ffos.unios.hr\/wp-content\/uploads\/2022\/06\/buljan-flander-ffos-1-1536x1152.jpg 1536w, https:\/\/www.ffos.unios.hr\/wp-content\/uploads\/2022\/06\/buljan-flander-ffos-1.jpg 1600w\" sizes=\"(max-width: 300px) 100vw, 300px\" \/><\/a>\n\t\t\t<\/dt>\n\t\t\t\t<dd class='wp-caption-text gallery-caption' id='gallery-1-34909'>\n\t\t\t\tCII: \n\t\t\t\t<\/dd><\/dl><dl class='gallery-item'>\n\t\t\t<dt class='gallery-icon landscape'>\n\t\t\t\t<a href='https:\/\/www.ffos.unios.hr\/wp-content\/uploads\/2022\/05\/Domagoj-Tomas-1-scaled.jpg'><img decoding=\"async\" width=\"300\" height=\"200\" src=\"https:\/\/www.ffos.unios.hr\/wp-content\/uploads\/2022\/05\/Domagoj-Tomas-1-300x200.jpg\" class=\"attachment-medium size-medium\" alt=\"\" aria-describedby=\"gallery-1-32804\" srcset=\"https:\/\/www.ffos.unios.hr\/wp-content\/uploads\/2022\/05\/Domagoj-Tomas-1-300x200.jpg 300w, https:\/\/www.ffos.unios.hr\/wp-content\/uploads\/2022\/05\/Domagoj-Tomas-1-1024x683.jpg 1024w, https:\/\/www.ffos.unios.hr\/wp-content\/uploads\/2022\/05\/Domagoj-Tomas-1-768x512.jpg 768w, https:\/\/www.ffos.unios.hr\/wp-content\/uploads\/2022\/05\/Domagoj-Tomas-1-1536x1024.jpg 1536w, https:\/\/www.ffos.unios.hr\/wp-content\/uploads\/2022\/05\/Domagoj-Tomas-1-2048x1365.jpg 2048w\" sizes=\"(max-width: 300px) 100vw, 300px\" \/><\/a>\n\t\t\t<\/dt>\n\t\t\t\t<dd class='wp-caption-text gallery-caption' id='gallery-1-32804'>\n\t\t\t\tAlumni: Predstavljanje knjige Ideologija, krivnja i odmazda \u2013 Vlaho Lovri\u0107 i (dis)kontinuiteti prve polovice 20. stolje\u0107a\n\t\t\t\t<\/dd><\/dl><dl class='gallery-item'>\n\t\t\t<dt class='gallery-icon landscape'>\n\t\t\t\t<a href='https:\/\/www.ffos.unios.hr\/wp-content\/uploads\/2022\/05\/Domagoj-Tomas-2-scaled.jpg'><img decoding=\"async\" width=\"300\" height=\"200\" src=\"https:\/\/www.ffos.unios.hr\/wp-content\/uploads\/2022\/05\/Domagoj-Tomas-2-300x200.jpg\" class=\"attachment-medium size-medium\" alt=\"\" aria-describedby=\"gallery-1-32810\" srcset=\"https:\/\/www.ffos.unios.hr\/wp-content\/uploads\/2022\/05\/Domagoj-Tomas-2-300x200.jpg 300w, https:\/\/www.ffos.unios.hr\/wp-content\/uploads\/2022\/05\/Domagoj-Tomas-2-1024x683.jpg 1024w, https:\/\/www.ffos.unios.hr\/wp-content\/uploads\/2022\/05\/Domagoj-Tomas-2-768x512.jpg 768w, https:\/\/www.ffos.unios.hr\/wp-content\/uploads\/2022\/05\/Domagoj-Tomas-2-1536x1024.jpg 1536w, https:\/\/www.ffos.unios.hr\/wp-content\/uploads\/2022\/05\/Domagoj-Tomas-2-2048x1365.jpg 2048w\" sizes=\"(max-width: 300px) 100vw, 300px\" \/><\/a>\n\t\t\t<\/dt>\n\t\t\t\t<dd class='wp-caption-text gallery-caption' id='gallery-1-32810'>\n\t\t\t\tAlumni: Predstavljanje knjige Ideologija, krivnja i odmazda \u2013 Vlaho Lovri\u0107 i (dis)kontinuiteti prve polovice 20. stolje\u0107a\n\t\t\t\t<\/dd><\/dl><br style=\"clear: both\" \/><dl class='gallery-item'>\n\t\t\t<dt class='gallery-icon landscape'>\n\t\t\t\t<a href='https:\/\/www.ffos.unios.hr\/wp-content\/uploads\/2022\/05\/tribina-rodni-odnosi-2022-1-1.jpg'><img decoding=\"async\" width=\"300\" height=\"225\" src=\"https:\/\/www.ffos.unios.hr\/wp-content\/uploads\/2022\/05\/tribina-rodni-odnosi-2022-1-1-300x225.jpg\" class=\"attachment-medium size-medium\" alt=\"\" aria-describedby=\"gallery-1-32835\" srcset=\"https:\/\/www.ffos.unios.hr\/wp-content\/uploads\/2022\/05\/tribina-rodni-odnosi-2022-1-1-300x225.jpg 300w, https:\/\/www.ffos.unios.hr\/wp-content\/uploads\/2022\/05\/tribina-rodni-odnosi-2022-1-1-1024x768.jpg 1024w, https:\/\/www.ffos.unios.hr\/wp-content\/uploads\/2022\/05\/tribina-rodni-odnosi-2022-1-1-768x576.jpg 768w, https:\/\/www.ffos.unios.hr\/wp-content\/uploads\/2022\/05\/tribina-rodni-odnosi-2022-1-1-1536x1152.jpg 1536w, https:\/\/www.ffos.unios.hr\/wp-content\/uploads\/2022\/05\/tribina-rodni-odnosi-2022-1-1.jpg 1600w\" sizes=\"(max-width: 300px) 100vw, 300px\" \/><\/a>\n\t\t\t<\/dt>\n\t\t\t\t<dd class='wp-caption-text gallery-caption' id='gallery-1-32835'>\n\t\t\t\tO\u010c: Rod i rodne politike u RH\n\t\t\t\t<\/dd><\/dl><dl class='gallery-item'>\n\t\t\t<dt class='gallery-icon landscape'>\n\t\t\t\t<a href='https:\/\/www.ffos.unios.hr\/wp-content\/uploads\/2022\/05\/ivana-martinovic-1.jpg'><img decoding=\"async\" width=\"300\" height=\"225\" src=\"https:\/\/www.ffos.unios.hr\/wp-content\/uploads\/2022\/05\/ivana-martinovic-1-300x225.jpg\" class=\"attachment-medium size-medium\" alt=\"\" aria-describedby=\"gallery-1-32829\" srcset=\"https:\/\/www.ffos.unios.hr\/wp-content\/uploads\/2022\/05\/ivana-martinovic-1-300x225.jpg 300w, https:\/\/www.ffos.unios.hr\/wp-content\/uploads\/2022\/05\/ivana-martinovic-1-1024x768.jpg 1024w, https:\/\/www.ffos.unios.hr\/wp-content\/uploads\/2022\/05\/ivana-martinovic-1-768x576.jpg 768w, https:\/\/www.ffos.unios.hr\/wp-content\/uploads\/2022\/05\/ivana-martinovic-1-1536x1152.jpg 1536w, https:\/\/www.ffos.unios.hr\/wp-content\/uploads\/2022\/05\/ivana-martinovic-1.jpg 1600w\" sizes=\"(max-width: 300px) 100vw, 300px\" \/><\/a>\n\t\t\t<\/dt>\n\t\t\t\t<dd class='wp-caption-text gallery-caption' id='gallery-1-32829'>\n\t\t\t\tO\u010c: \u0160to mladi \u017eele znati o zdravlju\n\t\t\t\t<\/dd><\/dl><dl class='gallery-item'>\n\t\t\t<dt class='gallery-icon portrait'>\n\t\t\t\t<a href='https:\/\/www.ffos.unios.hr\/wp-content\/uploads\/2022\/06\/dinko-zupan-ffos.jpg'><img decoding=\"async\" width=\"240\" height=\"300\" src=\"https:\/\/www.ffos.unios.hr\/wp-content\/uploads\/2022\/06\/dinko-zupan-ffos-240x300.jpg\" class=\"attachment-medium size-medium\" alt=\"\" aria-describedby=\"gallery-1-34927\" srcset=\"https:\/\/www.ffos.unios.hr\/wp-content\/uploads\/2022\/06\/dinko-zupan-ffos-240x300.jpg 240w, https:\/\/www.ffos.unios.hr\/wp-content\/uploads\/2022\/06\/dinko-zupan-ffos-819x1024.jpg 819w, https:\/\/www.ffos.unios.hr\/wp-content\/uploads\/2022\/06\/dinko-zupan-ffos-768x960.jpg 768w, https:\/\/www.ffos.unios.hr\/wp-content\/uploads\/2022\/06\/dinko-zupan-ffos-1229x1536.jpg 1229w, https:\/\/www.ffos.unios.hr\/wp-content\/uploads\/2022\/06\/dinko-zupan-ffos-1638x2048.jpg 1638w, https:\/\/www.ffos.unios.hr\/wp-content\/uploads\/2022\/06\/dinko-zupan-ffos.jpg 1816w\" sizes=\"(max-width: 240px) 100vw, 240px\" \/><\/a>\n\t\t\t<\/dt>\n\t\t\t\t<dd class='wp-caption-text gallery-caption' id='gallery-1-34927'>\n\t\t\t\tCII, scientific inter_view 1\n\t\t\t\t<\/dd><\/dl><br style=\"clear: both\" \/><dl class='gallery-item'>\n\t\t\t<dt class='gallery-icon landscape'>\n\t\t\t\t<a href='https:\/\/www.ffos.unios.hr\/wp-content\/uploads\/2022\/06\/dinko-zupan-ffos-1-scaled.jpg'><img decoding=\"async\" width=\"300\" height=\"169\" src=\"https:\/\/www.ffos.unios.hr\/wp-content\/uploads\/2022\/06\/dinko-zupan-ffos-1-300x169.jpg\" class=\"attachment-medium size-medium\" alt=\"\" aria-describedby=\"gallery-1-34933\" srcset=\"https:\/\/www.ffos.unios.hr\/wp-content\/uploads\/2022\/06\/dinko-zupan-ffos-1-300x169.jpg 300w, https:\/\/www.ffos.unios.hr\/wp-content\/uploads\/2022\/06\/dinko-zupan-ffos-1-1024x576.jpg 1024w, https:\/\/www.ffos.unios.hr\/wp-content\/uploads\/2022\/06\/dinko-zupan-ffos-1-768x432.jpg 768w, https:\/\/www.ffos.unios.hr\/wp-content\/uploads\/2022\/06\/dinko-zupan-ffos-1-1536x864.jpg 1536w, https:\/\/www.ffos.unios.hr\/wp-content\/uploads\/2022\/06\/dinko-zupan-ffos-1-2048x1152.jpg 2048w\" sizes=\"(max-width: 300px) 100vw, 300px\" \/><\/a>\n\t\t\t<\/dt>\n\t\t\t\t<dd class='wp-caption-text gallery-caption' id='gallery-1-34933'>\n\t\t\t\tCII, scientific inter_view 1\n\t\t\t\t<\/dd><\/dl><dl class='gallery-item'>\n\t\t\t<dt class='gallery-icon landscape'>\n\t\t\t\t<a href='https:\/\/www.ffos.unios.hr\/wp-content\/uploads\/2022\/05\/Heraldicka-radionica-scaled.jpg'><img decoding=\"async\" width=\"300\" height=\"225\" src=\"https:\/\/www.ffos.unios.hr\/wp-content\/uploads\/2022\/05\/Heraldicka-radionica-300x225.jpg\" class=\"attachment-medium size-medium\" alt=\"\" aria-describedby=\"gallery-1-32816\" srcset=\"https:\/\/www.ffos.unios.hr\/wp-content\/uploads\/2022\/05\/Heraldicka-radionica-300x225.jpg 300w, https:\/\/www.ffos.unios.hr\/wp-content\/uploads\/2022\/05\/Heraldicka-radionica-1024x768.jpg 1024w, https:\/\/www.ffos.unios.hr\/wp-content\/uploads\/2022\/05\/Heraldicka-radionica-768x576.jpg 768w, https:\/\/www.ffos.unios.hr\/wp-content\/uploads\/2022\/05\/Heraldicka-radionica-1536x1152.jpg 1536w, https:\/\/www.ffos.unios.hr\/wp-content\/uploads\/2022\/05\/Heraldicka-radionica-2048x1536.jpg 2048w\" sizes=\"(max-width: 300px) 100vw, 300px\" \/><\/a>\n\t\t\t<\/dt>\n\t\t\t\t<dd class='wp-caption-text gallery-caption' id='gallery-1-32816'>\n\t\t\t\tAlumni: Heraldi\u010dka radionica\n\t\t\t\t<\/dd><\/dl><dl class='gallery-item'>\n\t\t\t<dt class='gallery-icon landscape'>\n\t\t\t\t<a href='https:\/\/www.ffos.unios.hr\/wp-content\/uploads\/2022\/05\/Alumni-FFOS.jpg'><img decoding=\"async\" width=\"300\" height=\"225\" src=\"https:\/\/www.ffos.unios.hr\/wp-content\/uploads\/2022\/05\/Alumni-FFOS-300x225.jpg\" class=\"attachment-medium size-medium\" alt=\"\" aria-describedby=\"gallery-1-32798\" srcset=\"https:\/\/www.ffos.unios.hr\/wp-content\/uploads\/2022\/05\/Alumni-FFOS-300x225.jpg 300w, https:\/\/www.ffos.unios.hr\/wp-content\/uploads\/2022\/05\/Alumni-FFOS-1024x768.jpg 1024w, https:\/\/www.ffos.unios.hr\/wp-content\/uploads\/2022\/05\/Alumni-FFOS-768x576.jpg 768w, https:\/\/www.ffos.unios.hr\/wp-content\/uploads\/2022\/05\/Alumni-FFOS-1536x1152.jpg 1536w, https:\/\/www.ffos.unios.hr\/wp-content\/uploads\/2022\/05\/Alumni-FFOS.jpg 1800w\" sizes=\"(max-width: 300px) 100vw, 300px\" \/><\/a>\n\t\t\t<\/dt>\n\t\t\t\t<dd class='wp-caption-text gallery-caption' id='gallery-1-32798'>\n\t\t\t\tALUMNI FFOS MEETUP\n\t\t\t\t<\/dd><\/dl><br style=\"clear: both\" \/><dl class='gallery-item'>\n\t\t\t<dt class='gallery-icon landscape'>\n\t\t\t\t<a href='https:\/\/www.ffos.unios.hr\/wp-content\/uploads\/2022\/06\/rosko1.jpg'><img decoding=\"async\" width=\"300\" height=\"225\" src=\"https:\/\/www.ffos.unios.hr\/wp-content\/uploads\/2022\/06\/rosko1-300x225.jpg\" class=\"attachment-medium size-medium\" alt=\"\" aria-describedby=\"gallery-1-34536\" srcset=\"https:\/\/www.ffos.unios.hr\/wp-content\/uploads\/2022\/06\/rosko1-300x225.jpg 300w, https:\/\/www.ffos.unios.hr\/wp-content\/uploads\/2022\/06\/rosko1-1024x769.jpg 1024w, https:\/\/www.ffos.unios.hr\/wp-content\/uploads\/2022\/06\/rosko1-768x577.jpg 768w, https:\/\/www.ffos.unios.hr\/wp-content\/uploads\/2022\/06\/rosko1-1536x1154.jpg 1536w, https:\/\/www.ffos.unios.hr\/wp-content\/uploads\/2022\/06\/rosko1.jpg 2048w\" sizes=\"(max-width: 300px) 100vw, 300px\" \/><\/a>\n\t\t\t<\/dt>\n\t\t\t\t<dd class='wp-caption-text gallery-caption' id='gallery-1-34536'>\n\t\t\t\tEstLab: Knji\u017eevnost u tehnosferi\n\t\t\t\t<\/dd><\/dl><dl class='gallery-item'>\n\t\t\t<dt class='gallery-icon landscape'>\n\t\t\t\t<a href='https:\/\/www.ffos.unios.hr\/wp-content\/uploads\/2022\/05\/da-nam-zivi-rad-2022-1.jpg'><img decoding=\"async\" width=\"300\" height=\"225\" src=\"https:\/\/www.ffos.unios.hr\/wp-content\/uploads\/2022\/05\/da-nam-zivi-rad-2022-1-300x225.jpg\" class=\"attachment-medium size-medium\" alt=\"\" aria-describedby=\"gallery-1-32823\" srcset=\"https:\/\/www.ffos.unios.hr\/wp-content\/uploads\/2022\/05\/da-nam-zivi-rad-2022-1-300x225.jpg 300w, https:\/\/www.ffos.unios.hr\/wp-content\/uploads\/2022\/05\/da-nam-zivi-rad-2022-1-1024x768.jpg 1024w, https:\/\/www.ffos.unios.hr\/wp-content\/uploads\/2022\/05\/da-nam-zivi-rad-2022-1-768x576.jpg 768w, https:\/\/www.ffos.unios.hr\/wp-content\/uploads\/2022\/05\/da-nam-zivi-rad-2022-1-1536x1152.jpg 1536w, https:\/\/www.ffos.unios.hr\/wp-content\/uploads\/2022\/05\/da-nam-zivi-rad-2022-1.jpg 1600w\" sizes=\"(max-width: 300px) 100vw, 300px\" \/><\/a>\n\t\t\t<\/dt>\n\t\t\t\t<dd class='wp-caption-text gallery-caption' id='gallery-1-32823'>\n\t\t\t\tO\u010c: \n\t\t\t\t<\/dd><\/dl><dl class='gallery-item'>\n\t\t\t<dt class='gallery-icon portrait'>\n\t\t\t\t<a href='https:\/\/www.ffos.unios.hr\/wp-content\/uploads\/2022\/06\/cii-ffos-brezovac-1-scaled.jpg'><img decoding=\"async\" width=\"169\" height=\"300\" src=\"https:\/\/www.ffos.unios.hr\/wp-content\/uploads\/2022\/06\/cii-ffos-brezovac-1-169x300.jpg\" class=\"attachment-medium size-medium\" alt=\"\" aria-describedby=\"gallery-1-34915\" srcset=\"https:\/\/www.ffos.unios.hr\/wp-content\/uploads\/2022\/06\/cii-ffos-brezovac-1-169x300.jpg 169w, https:\/\/www.ffos.unios.hr\/wp-content\/uploads\/2022\/06\/cii-ffos-brezovac-1-576x1024.jpg 576w, https:\/\/www.ffos.unios.hr\/wp-content\/uploads\/2022\/06\/cii-ffos-brezovac-1-768x1365.jpg 768w, https:\/\/www.ffos.unios.hr\/wp-content\/uploads\/2022\/06\/cii-ffos-brezovac-1-864x1536.jpg 864w, https:\/\/www.ffos.unios.hr\/wp-content\/uploads\/2022\/06\/cii-ffos-brezovac-1-1152x2048.jpg 1152w, https:\/\/www.ffos.unios.hr\/wp-content\/uploads\/2022\/06\/cii-ffos-brezovac-1-scaled.jpg 1440w\" sizes=\"(max-width: 169px) 100vw, 169px\" \/><\/a>\n\t\t\t<\/dt>\n\t\t\t\t<dd class='wp-caption-text gallery-caption' id='gallery-1-34915'>\n\t\t\t\tCII, scientific inter_view 2\n\t\t\t\t<\/dd><\/dl><br style=\"clear: both\" \/><dl class='gallery-item'>\n\t\t\t<dt class='gallery-icon landscape'>\n\t\t\t\t<a href='https:\/\/www.ffos.unios.hr\/wp-content\/uploads\/2022\/06\/cii-ffos-brezovac-2-scaled.jpg'><img decoding=\"async\" width=\"300\" height=\"169\" src=\"https:\/\/www.ffos.unios.hr\/wp-content\/uploads\/2022\/06\/cii-ffos-brezovac-2-300x169.jpg\" class=\"attachment-medium size-medium\" alt=\"\" aria-describedby=\"gallery-1-34921\" srcset=\"https:\/\/www.ffos.unios.hr\/wp-content\/uploads\/2022\/06\/cii-ffos-brezovac-2-300x169.jpg 300w, https:\/\/www.ffos.unios.hr\/wp-content\/uploads\/2022\/06\/cii-ffos-brezovac-2-1024x576.jpg 1024w, https:\/\/www.ffos.unios.hr\/wp-content\/uploads\/2022\/06\/cii-ffos-brezovac-2-768x432.jpg 768w, https:\/\/www.ffos.unios.hr\/wp-content\/uploads\/2022\/06\/cii-ffos-brezovac-2-1536x864.jpg 1536w, https:\/\/www.ffos.unios.hr\/wp-content\/uploads\/2022\/06\/cii-ffos-brezovac-2-2048x1152.jpg 2048w\" sizes=\"(max-width: 300px) 100vw, 300px\" \/><\/a>\n\t\t\t<\/dt>\n\t\t\t\t<dd class='wp-caption-text gallery-caption' id='gallery-1-34921'>\n\t\t\t\tCII, scientific inter_view 2\n\t\t\t\t<\/dd><\/dl><dl class='gallery-item'>\n\t\t\t<dt class='gallery-icon portrait'>\n\t\t\t\t<a href='https:\/\/www.ffos.unios.hr\/wp-content\/uploads\/2022\/06\/hrvoje-petrovic-dgo-scaled.jpg'><img decoding=\"async\" width=\"169\" height=\"300\" src=\"https:\/\/www.ffos.unios.hr\/wp-content\/uploads\/2022\/06\/hrvoje-petrovic-dgo-169x300.jpg\" class=\"attachment-medium size-medium\" alt=\"\" aria-describedby=\"gallery-1-34939\" srcset=\"https:\/\/www.ffos.unios.hr\/wp-content\/uploads\/2022\/06\/hrvoje-petrovic-dgo-169x300.jpg 169w, https:\/\/www.ffos.unios.hr\/wp-content\/uploads\/2022\/06\/hrvoje-petrovic-dgo-576x1024.jpg 576w, https:\/\/www.ffos.unios.hr\/wp-content\/uploads\/2022\/06\/hrvoje-petrovic-dgo-768x1365.jpg 768w, https:\/\/www.ffos.unios.hr\/wp-content\/uploads\/2022\/06\/hrvoje-petrovic-dgo-864x1536.jpg 864w, https:\/\/www.ffos.unios.hr\/wp-content\/uploads\/2022\/06\/hrvoje-petrovic-dgo-1152x2048.jpg 1152w, https:\/\/www.ffos.unios.hr\/wp-content\/uploads\/2022\/06\/hrvoje-petrovic-dgo-scaled.jpg 1440w\" sizes=\"(max-width: 169px) 100vw, 169px\" \/><\/a>\n\t\t\t<\/dt>\n\t\t\t\t<dd class='wp-caption-text gallery-caption' id='gallery-1-34939'>\n\t\t\t\tCII: projekcija filma &#8220;DGO&#8221;\n\t\t\t\t<\/dd><\/dl><dl class='gallery-item'>\n\t\t\t<dt class='gallery-icon landscape'>\n\t\t\t\t<a href='https:\/\/www.ffos.unios.hr\/wp-content\/uploads\/2022\/06\/hrvoje-petrovic-dgo-1.jpg'><img decoding=\"async\" width=\"300\" height=\"225\" src=\"https:\/\/www.ffos.unios.hr\/wp-content\/uploads\/2022\/06\/hrvoje-petrovic-dgo-1-300x225.jpg\" class=\"attachment-medium size-medium\" alt=\"\" aria-describedby=\"gallery-1-34945\" srcset=\"https:\/\/www.ffos.unios.hr\/wp-content\/uploads\/2022\/06\/hrvoje-petrovic-dgo-1-300x225.jpg 300w, https:\/\/www.ffos.unios.hr\/wp-content\/uploads\/2022\/06\/hrvoje-petrovic-dgo-1-1024x768.jpg 1024w, https:\/\/www.ffos.unios.hr\/wp-content\/uploads\/2022\/06\/hrvoje-petrovic-dgo-1-768x576.jpg 768w, https:\/\/www.ffos.unios.hr\/wp-content\/uploads\/2022\/06\/hrvoje-petrovic-dgo-1.jpg 1080w\" sizes=\"(max-width: 300px) 100vw, 300px\" \/><\/a>\n\t\t\t<\/dt>\n\t\t\t\t<dd class='wp-caption-text gallery-caption' id='gallery-1-34945'>\n\t\t\t\tCII: projekcija filma &#8220;DGO&#8221;\n\t\t\t\t<\/dd><\/dl><br style=\"clear: both\" \/><dl class='gallery-item'>\n\t\t\t<dt class='gallery-icon landscape'>\n\t\t\t\t<a href='https:\/\/www.ffos.unios.hr\/wp-content\/uploads\/2022\/05\/Misliti-govoriti-lagati-1.jpg'><img decoding=\"async\" width=\"300\" height=\"224\" src=\"https:\/\/www.ffos.unios.hr\/wp-content\/uploads\/2022\/05\/Misliti-govoriti-lagati-1-300x224.jpg\" class=\"attachment-medium size-medium\" alt=\"\" aria-describedby=\"gallery-1-33098\" srcset=\"https:\/\/www.ffos.unios.hr\/wp-content\/uploads\/2022\/05\/Misliti-govoriti-lagati-1-300x224.jpg 300w, https:\/\/www.ffos.unios.hr\/wp-content\/uploads\/2022\/05\/Misliti-govoriti-lagati-1-1024x766.jpg 1024w, https:\/\/www.ffos.unios.hr\/wp-content\/uploads\/2022\/05\/Misliti-govoriti-lagati-1-768x575.jpg 768w, https:\/\/www.ffos.unios.hr\/wp-content\/uploads\/2022\/05\/Misliti-govoriti-lagati-1-1536x1149.jpg 1536w, https:\/\/www.ffos.unios.hr\/wp-content\/uploads\/2022\/05\/Misliti-govoriti-lagati-1.jpg 2048w\" sizes=\"(max-width: 300px) 100vw, 300px\" \/><\/a>\n\t\t\t<\/dt>\n\t\t\t\t<dd class='wp-caption-text gallery-caption' id='gallery-1-33098'>\n\t\t\t\tAlumni: Misliti, govoriti, lagati\n\t\t\t\t<\/dd><\/dl><dl class='gallery-item'>\n\t\t\t<dt class='gallery-icon landscape'>\n\t\t\t\t<a href='https:\/\/www.ffos.unios.hr\/wp-content\/uploads\/2022\/05\/intermedijalnost-scaled.jpg'><img decoding=\"async\" width=\"300\" height=\"225\" src=\"https:\/\/www.ffos.unios.hr\/wp-content\/uploads\/2022\/05\/intermedijalnost-300x225.jpg\" class=\"attachment-medium size-medium\" alt=\"\" aria-describedby=\"gallery-1-33275\" srcset=\"https:\/\/www.ffos.unios.hr\/wp-content\/uploads\/2022\/05\/intermedijalnost-300x225.jpg 300w, https:\/\/www.ffos.unios.hr\/wp-content\/uploads\/2022\/05\/intermedijalnost-1024x768.jpg 1024w, https:\/\/www.ffos.unios.hr\/wp-content\/uploads\/2022\/05\/intermedijalnost-768x576.jpg 768w, https:\/\/www.ffos.unios.hr\/wp-content\/uploads\/2022\/05\/intermedijalnost-1536x1152.jpg 1536w, https:\/\/www.ffos.unios.hr\/wp-content\/uploads\/2022\/05\/intermedijalnost-2048x1536.jpg 2048w\" sizes=\"(max-width: 300px) 100vw, 300px\" \/><\/a>\n\t\t\t<\/dt>\n\t\t\t\t<dd class='wp-caption-text gallery-caption' id='gallery-1-33275'>\n\t\t\t\tIntermedijalnost u pou\u010davanju jezika i popularizaciji knji\u017eevnosti\n\t\t\t\t<\/dd><\/dl><dl class='gallery-item'>\n\t\t\t<dt class='gallery-icon portrait'>\n\t\t\t\t<a href='https:\/\/www.ffos.unios.hr\/wp-content\/uploads\/2022\/05\/intermedijalnost-2-scaled.jpg'><img decoding=\"async\" width=\"225\" height=\"300\" src=\"https:\/\/www.ffos.unios.hr\/wp-content\/uploads\/2022\/05\/intermedijalnost-2-225x300.jpg\" class=\"attachment-medium size-medium\" alt=\"\" aria-describedby=\"gallery-1-33221\" srcset=\"https:\/\/www.ffos.unios.hr\/wp-content\/uploads\/2022\/05\/intermedijalnost-2-225x300.jpg 225w, https:\/\/www.ffos.unios.hr\/wp-content\/uploads\/2022\/05\/intermedijalnost-2-768x1024.jpg 768w, https:\/\/www.ffos.unios.hr\/wp-content\/uploads\/2022\/05\/intermedijalnost-2-1152x1536.jpg 1152w, https:\/\/www.ffos.unios.hr\/wp-content\/uploads\/2022\/05\/intermedijalnost-2-1536x2048.jpg 1536w, https:\/\/www.ffos.unios.hr\/wp-content\/uploads\/2022\/05\/intermedijalnost-2-scaled.jpg 1920w\" sizes=\"(max-width: 225px) 100vw, 225px\" \/><\/a>\n\t\t\t<\/dt>\n\t\t\t\t<dd class='wp-caption-text gallery-caption' id='gallery-1-33221'>\n\t\t\t\tIntermedijalnost u pou\u010davanju jezika i popularizaciji knji\u017eevnosti\n\t\t\t\t<\/dd><\/dl><br style=\"clear: both\" \/><dl class='gallery-item'>\n\t\t\t<dt class='gallery-icon landscape'>\n\t\t\t\t<a href='https:\/\/www.ffos.unios.hr\/wp-content\/uploads\/2022\/06\/slika_krleza_europa_danas.jpg'><img decoding=\"async\" width=\"300\" height=\"225\" src=\"https:\/\/www.ffos.unios.hr\/wp-content\/uploads\/2022\/06\/slika_krleza_europa_danas-300x225.jpg\" class=\"attachment-medium size-medium\" alt=\"\" aria-describedby=\"gallery-1-34542\" srcset=\"https:\/\/www.ffos.unios.hr\/wp-content\/uploads\/2022\/06\/slika_krleza_europa_danas-300x225.jpg 300w, https:\/\/www.ffos.unios.hr\/wp-content\/uploads\/2022\/06\/slika_krleza_europa_danas-1024x768.jpg 1024w, https:\/\/www.ffos.unios.hr\/wp-content\/uploads\/2022\/06\/slika_krleza_europa_danas-768x576.jpg 768w, https:\/\/www.ffos.unios.hr\/wp-content\/uploads\/2022\/06\/slika_krleza_europa_danas-1536x1152.jpg 1536w, https:\/\/www.ffos.unios.hr\/wp-content\/uploads\/2022\/06\/slika_krleza_europa_danas.jpg 2048w\" sizes=\"(max-width: 300px) 100vw, 300px\" \/><\/a>\n\t\t\t<\/dt>\n\t\t\t\t<dd class='wp-caption-text gallery-caption' id='gallery-1-34542'>\n\t\t\t\tEstLab: \u0160to nam govori Krle\u017eina \u00bbEVROPA DANAS\u00ab (1935\/2022)?\n\t\t\t\t<\/dd><\/dl><dl class='gallery-item'>\n\t\t\t<dt class='gallery-icon landscape'>\n\t\t\t\t<a href='https:\/\/www.ffos.unios.hr\/wp-content\/uploads\/2022\/06\/vlasta-svalina.jpg'><img decoding=\"async\" width=\"300\" height=\"225\" src=\"https:\/\/www.ffos.unios.hr\/wp-content\/uploads\/2022\/06\/vlasta-svalina-300x225.jpg\" class=\"attachment-medium size-medium\" alt=\"\" aria-describedby=\"gallery-1-34529\" srcset=\"https:\/\/www.ffos.unios.hr\/wp-content\/uploads\/2022\/06\/vlasta-svalina-300x225.jpg 300w, https:\/\/www.ffos.unios.hr\/wp-content\/uploads\/2022\/06\/vlasta-svalina-1024x768.jpg 1024w, https:\/\/www.ffos.unios.hr\/wp-content\/uploads\/2022\/06\/vlasta-svalina-768x576.jpg 768w, https:\/\/www.ffos.unios.hr\/wp-content\/uploads\/2022\/06\/vlasta-svalina-1536x1152.jpg 1536w, https:\/\/www.ffos.unios.hr\/wp-content\/uploads\/2022\/06\/vlasta-svalina.jpg 1600w\" sizes=\"(max-width: 300px) 100vw, 300px\" \/><\/a>\n\t\t\t<\/dt>\n\t\t\t\t<dd class='wp-caption-text gallery-caption' id='gallery-1-34529'>\n\t\t\t\tO\u010c: Mobilno u\u010denje u nastavi\n\t\t\t\t<\/dd><\/dl><dl class='gallery-item'>\n\t\t\t<dt class='gallery-icon landscape'>\n\t\t\t\t<a href='https:\/\/www.ffos.unios.hr\/wp-content\/uploads\/2022\/06\/aleksandar-stulhofer-ffos-1-scaled.jpg'><img decoding=\"async\" width=\"300\" height=\"169\" src=\"https:\/\/www.ffos.unios.hr\/wp-content\/uploads\/2022\/06\/aleksandar-stulhofer-ffos-1-300x169.jpg\" class=\"attachment-medium size-medium\" alt=\"\" aria-describedby=\"gallery-1-34891\" srcset=\"https:\/\/www.ffos.unios.hr\/wp-content\/uploads\/2022\/06\/aleksandar-stulhofer-ffos-1-300x169.jpg 300w, https:\/\/www.ffos.unios.hr\/wp-content\/uploads\/2022\/06\/aleksandar-stulhofer-ffos-1-1024x576.jpg 1024w, https:\/\/www.ffos.unios.hr\/wp-content\/uploads\/2022\/06\/aleksandar-stulhofer-ffos-1-768x432.jpg 768w, https:\/\/www.ffos.unios.hr\/wp-content\/uploads\/2022\/06\/aleksandar-stulhofer-ffos-1-1536x864.jpg 1536w, https:\/\/www.ffos.unios.hr\/wp-content\/uploads\/2022\/06\/aleksandar-stulhofer-ffos-1-2048x1152.jpg 2048w\" sizes=\"(max-width: 300px) 100vw, 300px\" \/><\/a>\n\t\t\t<\/dt>\n\t\t\t\t<dd class='wp-caption-text gallery-caption' id='gallery-1-34891'>\n\t\t\t\tCII, scientific inter_view 3\n\t\t\t\t<\/dd><\/dl><br style=\"clear: both\" \/><dl class='gallery-item'>\n\t\t\t<dt class='gallery-icon portrait'>\n\t\t\t\t<a href='https:\/\/www.ffos.unios.hr\/wp-content\/uploads\/2022\/06\/aleksandar-stulhofer-ffos-scaled.jpg'><img decoding=\"async\" width=\"169\" height=\"300\" src=\"https:\/\/www.ffos.unios.hr\/wp-content\/uploads\/2022\/06\/aleksandar-stulhofer-ffos-169x300.jpg\" class=\"attachment-medium size-medium\" alt=\"\" aria-describedby=\"gallery-1-34885\" srcset=\"https:\/\/www.ffos.unios.hr\/wp-content\/uploads\/2022\/06\/aleksandar-stulhofer-ffos-169x300.jpg 169w, https:\/\/www.ffos.unios.hr\/wp-content\/uploads\/2022\/06\/aleksandar-stulhofer-ffos-576x1024.jpg 576w, https:\/\/www.ffos.unios.hr\/wp-content\/uploads\/2022\/06\/aleksandar-stulhofer-ffos-768x1365.jpg 768w, https:\/\/www.ffos.unios.hr\/wp-content\/uploads\/2022\/06\/aleksandar-stulhofer-ffos-864x1536.jpg 864w, https:\/\/www.ffos.unios.hr\/wp-content\/uploads\/2022\/06\/aleksandar-stulhofer-ffos-1152x2048.jpg 1152w, https:\/\/www.ffos.unios.hr\/wp-content\/uploads\/2022\/06\/aleksandar-stulhofer-ffos-scaled.jpg 1440w\" sizes=\"(max-width: 169px) 100vw, 169px\" \/><\/a>\n\t\t\t<\/dt>\n\t\t\t\t<dd class='wp-caption-text gallery-caption' id='gallery-1-34885'>\n\t\t\t\tCII, scientific inter_view 3\n\t\t\t\t<\/dd><\/dl><dl class='gallery-item'>\n\t\t\t<dt class='gallery-icon portrait'>\n\t\t\t\t<a href='https:\/\/www.ffos.unios.hr\/wp-content\/uploads\/2022\/06\/aleksandar-stulhofer-ffos-2-scaled.jpg'><img decoding=\"async\" width=\"169\" height=\"300\" src=\"https:\/\/www.ffos.unios.hr\/wp-content\/uploads\/2022\/06\/aleksandar-stulhofer-ffos-2-169x300.jpg\" class=\"attachment-medium size-medium\" alt=\"\" aria-describedby=\"gallery-1-34897\" srcset=\"https:\/\/www.ffos.unios.hr\/wp-content\/uploads\/2022\/06\/aleksandar-stulhofer-ffos-2-169x300.jpg 169w, https:\/\/www.ffos.unios.hr\/wp-content\/uploads\/2022\/06\/aleksandar-stulhofer-ffos-2-576x1024.jpg 576w, https:\/\/www.ffos.unios.hr\/wp-content\/uploads\/2022\/06\/aleksandar-stulhofer-ffos-2-768x1365.jpg 768w, https:\/\/www.ffos.unios.hr\/wp-content\/uploads\/2022\/06\/aleksandar-stulhofer-ffos-2-864x1536.jpg 864w, https:\/\/www.ffos.unios.hr\/wp-content\/uploads\/2022\/06\/aleksandar-stulhofer-ffos-2-1152x2048.jpg 1152w, https:\/\/www.ffos.unios.hr\/wp-content\/uploads\/2022\/06\/aleksandar-stulhofer-ffos-2-scaled.jpg 1440w\" sizes=\"(max-width: 169px) 100vw, 169px\" \/><\/a>\n\t\t\t<\/dt>\n\t\t\t\t<dd class='wp-caption-text gallery-caption' id='gallery-1-34897'>\n\t\t\t\tCII, scientific inter_view 3\n\t\t\t\t<\/dd><\/dl>\n\t\t\t<br style='clear: both' \/>\n\t\t<\/div>\n\n<h1 style=\"text-align: center;\">2022\/2023<\/h1>\n\n\t\t<style>\n\t\t\t#gallery-2 {\n\t\t\t\tmargin: auto;\n\t\t\t}\n\t\t\t#gallery-2 .gallery-item {\n\t\t\t\tfloat: left;\n\t\t\t\tmargin-top: 10px;\n\t\t\t\ttext-align: center;\n\t\t\t\twidth: 33%;\n\t\t\t}\n\t\t\t#gallery-2 img {\n\t\t\t\tborder: 2px solid #cfcfcf;\n\t\t\t}\n\t\t\t#gallery-2 .gallery-caption {\n\t\t\t\tmargin-left: 0;\n\t\t\t}\n\t\t\t\/* see gallery_shortcode() in wp-includes\/media.php *\/\n\t\t<\/style>\n\t\t<div id='gallery-2' class='gallery galleryid-125554 gallery-columns-3 gallery-size-medium'><dl class='gallery-item'>\n\t\t\t<dt class='gallery-icon landscape'>\n\t\t\t\t<a href='https:\/\/www.ffos.unios.hr\/wp-content\/uploads\/2022\/10\/Nansen-akademija-fotografija2.jpg'><img decoding=\"async\" width=\"300\" height=\"169\" src=\"https:\/\/www.ffos.unios.hr\/wp-content\/uploads\/2022\/10\/Nansen-akademija-fotografija2-300x169.jpg\" class=\"attachment-medium size-medium\" alt=\"\" aria-describedby=\"gallery-2-43559\" srcset=\"https:\/\/www.ffos.unios.hr\/wp-content\/uploads\/2022\/10\/Nansen-akademija-fotografija2-300x169.jpg 300w, https:\/\/www.ffos.unios.hr\/wp-content\/uploads\/2022\/10\/Nansen-akademija-fotografija2-1024x576.jpg 1024w, https:\/\/www.ffos.unios.hr\/wp-content\/uploads\/2022\/10\/Nansen-akademija-fotografija2-768x432.jpg 768w, https:\/\/www.ffos.unios.hr\/wp-content\/uploads\/2022\/10\/Nansen-akademija-fotografija2-1536x864.jpg 1536w, https:\/\/www.ffos.unios.hr\/wp-content\/uploads\/2022\/10\/Nansen-akademija-fotografija2.jpg 1600w\" sizes=\"(max-width: 300px) 100vw, 300px\" \/><\/a>\n\t\t\t<\/dt>\n\t\t\t\t<dd class='wp-caption-text gallery-caption' id='gallery-2-43559'>\n\t\t\t\tCII, \n\t\t\t\t<\/dd><\/dl><dl class='gallery-item'>\n\t\t\t<dt class='gallery-icon landscape'>\n\t\t\t\t<a href='https:\/\/www.ffos.unios.hr\/wp-content\/uploads\/2022\/10\/Promocija-filma-DGO-II-i-razgovor-s-autorom-fotografija-1.jpg'><img decoding=\"async\" width=\"300\" height=\"225\" src=\"https:\/\/www.ffos.unios.hr\/wp-content\/uploads\/2022\/10\/Promocija-filma-DGO-II-i-razgovor-s-autorom-fotografija-1-300x225.jpg\" class=\"attachment-medium size-medium\" alt=\"\" aria-describedby=\"gallery-2-43565\" srcset=\"https:\/\/www.ffos.unios.hr\/wp-content\/uploads\/2022\/10\/Promocija-filma-DGO-II-i-razgovor-s-autorom-fotografija-1-300x225.jpg 300w, https:\/\/www.ffos.unios.hr\/wp-content\/uploads\/2022\/10\/Promocija-filma-DGO-II-i-razgovor-s-autorom-fotografija-1-1024x768.jpg 1024w, https:\/\/www.ffos.unios.hr\/wp-content\/uploads\/2022\/10\/Promocija-filma-DGO-II-i-razgovor-s-autorom-fotografija-1-768x576.jpg 768w, https:\/\/www.ffos.unios.hr\/wp-content\/uploads\/2022\/10\/Promocija-filma-DGO-II-i-razgovor-s-autorom-fotografija-1-1536x1152.jpg 1536w, https:\/\/www.ffos.unios.hr\/wp-content\/uploads\/2022\/10\/Promocija-filma-DGO-II-i-razgovor-s-autorom-fotografija-1.jpg 1600w\" sizes=\"(max-width: 300px) 100vw, 300px\" \/><\/a>\n\t\t\t<\/dt>\n\t\t\t\t<dd class='wp-caption-text gallery-caption' id='gallery-2-43565'>\n\t\t\t\tCII, projekcija filma DGO II\/III\n\t\t\t\t<\/dd><\/dl><dl class='gallery-item'>\n\t\t\t<dt class='gallery-icon landscape'>\n\t\t\t\t<a href='https:\/\/www.ffos.unios.hr\/wp-content\/uploads\/2023\/01\/alumni-outline.jpg'><img decoding=\"async\" width=\"300\" height=\"225\" src=\"https:\/\/www.ffos.unios.hr\/wp-content\/uploads\/2023\/01\/alumni-outline-300x225.jpg\" class=\"attachment-medium size-medium\" alt=\"\" aria-describedby=\"gallery-2-50708\" srcset=\"https:\/\/www.ffos.unios.hr\/wp-content\/uploads\/2023\/01\/alumni-outline-300x225.jpg 300w, https:\/\/www.ffos.unios.hr\/wp-content\/uploads\/2023\/01\/alumni-outline-1024x768.jpg 1024w, https:\/\/www.ffos.unios.hr\/wp-content\/uploads\/2023\/01\/alumni-outline-768x576.jpg 768w, https:\/\/www.ffos.unios.hr\/wp-content\/uploads\/2023\/01\/alumni-outline-1536x1152.jpg 1536w, https:\/\/www.ffos.unios.hr\/wp-content\/uploads\/2023\/01\/alumni-outline.jpg 1824w\" sizes=\"(max-width: 300px) 100vw, 300px\" \/><\/a>\n\t\t\t<\/dt>\n\t\t\t\t<dd class='wp-caption-text gallery-caption' id='gallery-2-50708'>\n\t\t\t\tAlumni: Outline\n\t\t\t\t<\/dd><\/dl><br style=\"clear: both\" \/><dl class='gallery-item'>\n\t\t\t<dt class='gallery-icon landscape'>\n\t\t\t\t<a href='https:\/\/www.ffos.unios.hr\/wp-content\/uploads\/2022\/10\/Scientific-inter_view-vol.4-1-fotografija1.jpg'><img decoding=\"async\" width=\"300\" height=\"169\" src=\"https:\/\/www.ffos.unios.hr\/wp-content\/uploads\/2022\/10\/Scientific-inter_view-vol.4-1-fotografija1-300x169.jpg\" class=\"attachment-medium size-medium\" alt=\"\" aria-describedby=\"gallery-2-43577\" srcset=\"https:\/\/www.ffos.unios.hr\/wp-content\/uploads\/2022\/10\/Scientific-inter_view-vol.4-1-fotografija1-300x169.jpg 300w, https:\/\/www.ffos.unios.hr\/wp-content\/uploads\/2022\/10\/Scientific-inter_view-vol.4-1-fotografija1-1024x576.jpg 1024w, https:\/\/www.ffos.unios.hr\/wp-content\/uploads\/2022\/10\/Scientific-inter_view-vol.4-1-fotografija1-768x432.jpg 768w, https:\/\/www.ffos.unios.hr\/wp-content\/uploads\/2022\/10\/Scientific-inter_view-vol.4-1-fotografija1-1536x864.jpg 1536w, https:\/\/www.ffos.unios.hr\/wp-content\/uploads\/2022\/10\/Scientific-inter_view-vol.4-1-fotografija1.jpg 1600w\" sizes=\"(max-width: 300px) 100vw, 300px\" \/><\/a>\n\t\t\t<\/dt>\n\t\t\t\t<dd class='wp-caption-text gallery-caption' id='gallery-2-43577'>\n\t\t\t\tScientific inter_view, vol.4 #1\n\t\t\t\t<\/dd><\/dl><dl class='gallery-item'>\n\t\t\t<dt class='gallery-icon portrait'>\n\t\t\t\t<a href='https:\/\/www.ffos.unios.hr\/wp-content\/uploads\/2022\/10\/Scientific-inter_view-vol.4-1-fotografija2.jpg'><img decoding=\"async\" width=\"222\" height=\"300\" src=\"https:\/\/www.ffos.unios.hr\/wp-content\/uploads\/2022\/10\/Scientific-inter_view-vol.4-1-fotografija2-222x300.jpg\" class=\"attachment-medium size-medium\" alt=\"\" aria-describedby=\"gallery-2-43583\" srcset=\"https:\/\/www.ffos.unios.hr\/wp-content\/uploads\/2022\/10\/Scientific-inter_view-vol.4-1-fotografija2-222x300.jpg 222w, https:\/\/www.ffos.unios.hr\/wp-content\/uploads\/2022\/10\/Scientific-inter_view-vol.4-1-fotografija2-758x1024.jpg 758w, https:\/\/www.ffos.unios.hr\/wp-content\/uploads\/2022\/10\/Scientific-inter_view-vol.4-1-fotografija2-768x1038.jpg 768w, https:\/\/www.ffos.unios.hr\/wp-content\/uploads\/2022\/10\/Scientific-inter_view-vol.4-1-fotografija2-1137x1536.jpg 1137w, https:\/\/www.ffos.unios.hr\/wp-content\/uploads\/2022\/10\/Scientific-inter_view-vol.4-1-fotografija2.jpg 1184w\" sizes=\"(max-width: 222px) 100vw, 222px\" \/><\/a>\n\t\t\t<\/dt>\n\t\t\t\t<dd class='wp-caption-text gallery-caption' id='gallery-2-43583'>\n\t\t\t\tScientific inter_view, vol.4 #1\n\t\t\t\t<\/dd><\/dl><dl class='gallery-item'>\n\t\t\t<dt class='gallery-icon landscape'>\n\t\t\t\t<a href='https:\/\/www.ffos.unios.hr\/wp-content\/uploads\/2022\/10\/bercic_krivak-1.jpg'><img decoding=\"async\" width=\"300\" height=\"225\" src=\"https:\/\/www.ffos.unios.hr\/wp-content\/uploads\/2022\/10\/bercic_krivak-1-300x225.jpg\" class=\"attachment-medium size-medium\" alt=\"\" aria-describedby=\"gallery-2-43531\" srcset=\"https:\/\/www.ffos.unios.hr\/wp-content\/uploads\/2022\/10\/bercic_krivak-1-300x225.jpg 300w, https:\/\/www.ffos.unios.hr\/wp-content\/uploads\/2022\/10\/bercic_krivak-1-1024x768.jpg 1024w, https:\/\/www.ffos.unios.hr\/wp-content\/uploads\/2022\/10\/bercic_krivak-1-768x576.jpg 768w, https:\/\/www.ffos.unios.hr\/wp-content\/uploads\/2022\/10\/bercic_krivak-1-1536x1152.jpg 1536w, https:\/\/www.ffos.unios.hr\/wp-content\/uploads\/2022\/10\/bercic_krivak-1.jpg 1672w\" sizes=\"(max-width: 300px) 100vw, 300px\" \/><\/a>\n\t\t\t<\/dt>\n\t\t\t\t<dd class='wp-caption-text gallery-caption' id='gallery-2-43531'>\n\t\t\t\tEstLab, \n\t\t\t\t<\/dd><\/dl><br style=\"clear: both\" \/><dl class='gallery-item'>\n\t\t\t<dt class='gallery-icon landscape'>\n\t\t\t\t<a href='https:\/\/www.ffos.unios.hr\/wp-content\/uploads\/2022\/10\/20221011_190240-scaled.jpg'><img decoding=\"async\" width=\"300\" height=\"225\" src=\"https:\/\/www.ffos.unios.hr\/wp-content\/uploads\/2022\/10\/20221011_190240-300x225.jpg\" class=\"attachment-medium size-medium\" alt=\"\" aria-describedby=\"gallery-2-43386\" srcset=\"https:\/\/www.ffos.unios.hr\/wp-content\/uploads\/2022\/10\/20221011_190240-300x225.jpg 300w, https:\/\/www.ffos.unios.hr\/wp-content\/uploads\/2022\/10\/20221011_190240-1024x768.jpg 1024w, https:\/\/www.ffos.unios.hr\/wp-content\/uploads\/2022\/10\/20221011_190240-768x576.jpg 768w, https:\/\/www.ffos.unios.hr\/wp-content\/uploads\/2022\/10\/20221011_190240-1536x1152.jpg 1536w, https:\/\/www.ffos.unios.hr\/wp-content\/uploads\/2022\/10\/20221011_190240-2048x1536.jpg 2048w\" sizes=\"(max-width: 300px) 100vw, 300px\" \/><\/a>\n\t\t\t<\/dt>\n\t\t\t\t<dd class='wp-caption-text gallery-caption' id='gallery-2-43386'>\n\t\t\t\tEstLab, Smisao \u017eivota Borana Ber\u010di\u0107a\n\t\t\t\t<\/dd><\/dl><dl class='gallery-item'>\n\t\t\t<dt class='gallery-icon landscape'>\n\t\t\t\t<a href='https:\/\/www.ffos.unios.hr\/wp-content\/uploads\/2022\/10\/najbolje-namjere-2.jpg'><img decoding=\"async\" width=\"300\" height=\"225\" src=\"https:\/\/www.ffos.unios.hr\/wp-content\/uploads\/2022\/10\/najbolje-namjere-2-300x225.jpg\" class=\"attachment-medium size-medium\" alt=\"\" aria-describedby=\"gallery-2-44705\" srcset=\"https:\/\/www.ffos.unios.hr\/wp-content\/uploads\/2022\/10\/najbolje-namjere-2-300x225.jpg 300w, https:\/\/www.ffos.unios.hr\/wp-content\/uploads\/2022\/10\/najbolje-namjere-2-1024x768.jpg 1024w, https:\/\/www.ffos.unios.hr\/wp-content\/uploads\/2022\/10\/najbolje-namjere-2-768x576.jpg 768w, https:\/\/www.ffos.unios.hr\/wp-content\/uploads\/2022\/10\/najbolje-namjere-2-1536x1152.jpg 1536w, https:\/\/www.ffos.unios.hr\/wp-content\/uploads\/2022\/10\/najbolje-namjere-2.jpg 1600w\" sizes=\"(max-width: 300px) 100vw, 300px\" \/><\/a>\n\t\t\t<\/dt>\n\t\t\t\t<dd class='wp-caption-text gallery-caption' id='gallery-2-44705'>\n\t\t\t\tOdsjek za povijest: razgovor o knjizi &#8220;Najbolje namjere&#8221;\n\t\t\t\t<\/dd><\/dl><dl class='gallery-item'>\n\t\t\t<dt class='gallery-icon landscape'>\n\t\t\t\t<a href='https:\/\/www.ffos.unios.hr\/wp-content\/uploads\/2022\/10\/najbolje-namjere-1.jpg'><img decoding=\"async\" width=\"300\" height=\"254\" src=\"https:\/\/www.ffos.unios.hr\/wp-content\/uploads\/2022\/10\/najbolje-namjere-1-300x254.jpg\" class=\"attachment-medium size-medium\" alt=\"\" aria-describedby=\"gallery-2-44699\" srcset=\"https:\/\/www.ffos.unios.hr\/wp-content\/uploads\/2022\/10\/najbolje-namjere-1-300x254.jpg 300w, https:\/\/www.ffos.unios.hr\/wp-content\/uploads\/2022\/10\/najbolje-namjere-1-1024x868.jpg 1024w, https:\/\/www.ffos.unios.hr\/wp-content\/uploads\/2022\/10\/najbolje-namjere-1-768x651.jpg 768w, https:\/\/www.ffos.unios.hr\/wp-content\/uploads\/2022\/10\/najbolje-namjere-1.jpg 1414w\" sizes=\"(max-width: 300px) 100vw, 300px\" \/><\/a>\n\t\t\t<\/dt>\n\t\t\t\t<dd class='wp-caption-text gallery-caption' id='gallery-2-44699'>\n\t\t\t\tOdsjek za povijest: razgovor o knjizi &#8220;Najbolje namjere&#8221;\n\t\t\t\t<\/dd><\/dl><br style=\"clear: both\" \/><dl class='gallery-item'>\n\t\t\t<dt class='gallery-icon landscape'>\n\t\t\t\t<a href='https:\/\/www.ffos.unios.hr\/wp-content\/uploads\/2022\/10\/otvoreni-cetvrtak-ffos-2022-1-scaled.jpg'><img decoding=\"async\" width=\"300\" height=\"200\" src=\"https:\/\/www.ffos.unios.hr\/wp-content\/uploads\/2022\/10\/otvoreni-cetvrtak-ffos-2022-1-300x200.jpg\" class=\"attachment-medium size-medium\" alt=\"\" aria-describedby=\"gallery-2-45330\" srcset=\"https:\/\/www.ffos.unios.hr\/wp-content\/uploads\/2022\/10\/otvoreni-cetvrtak-ffos-2022-1-300x200.jpg 300w, https:\/\/www.ffos.unios.hr\/wp-content\/uploads\/2022\/10\/otvoreni-cetvrtak-ffos-2022-1-1024x683.jpg 1024w, https:\/\/www.ffos.unios.hr\/wp-content\/uploads\/2022\/10\/otvoreni-cetvrtak-ffos-2022-1-768x512.jpg 768w, https:\/\/www.ffos.unios.hr\/wp-content\/uploads\/2022\/10\/otvoreni-cetvrtak-ffos-2022-1-1536x1024.jpg 1536w, https:\/\/www.ffos.unios.hr\/wp-content\/uploads\/2022\/10\/otvoreni-cetvrtak-ffos-2022-1-2048x1365.jpg 2048w\" sizes=\"(max-width: 300px) 100vw, 300px\" \/><\/a>\n\t\t\t<\/dt>\n\t\t\t\t<dd class='wp-caption-text gallery-caption' id='gallery-2-45330'>\n\t\t\t\tO popularizaciji znanosti. Razgovor sa Sa\u0161om Cecijem\n\t\t\t\t<\/dd><\/dl><dl class='gallery-item'>\n\t\t\t<dt class='gallery-icon landscape'>\n\t\t\t\t<a href='https:\/\/www.ffos.unios.hr\/wp-content\/uploads\/2022\/10\/otvoreni-cetvrtak-ffos-2022-2-scaled.jpg'><img decoding=\"async\" width=\"300\" height=\"200\" src=\"https:\/\/www.ffos.unios.hr\/wp-content\/uploads\/2022\/10\/otvoreni-cetvrtak-ffos-2022-2-300x200.jpg\" class=\"attachment-medium size-medium\" alt=\"\" aria-describedby=\"gallery-2-45336\" srcset=\"https:\/\/www.ffos.unios.hr\/wp-content\/uploads\/2022\/10\/otvoreni-cetvrtak-ffos-2022-2-300x200.jpg 300w, https:\/\/www.ffos.unios.hr\/wp-content\/uploads\/2022\/10\/otvoreni-cetvrtak-ffos-2022-2-1024x683.jpg 1024w, https:\/\/www.ffos.unios.hr\/wp-content\/uploads\/2022\/10\/otvoreni-cetvrtak-ffos-2022-2-768x512.jpg 768w, https:\/\/www.ffos.unios.hr\/wp-content\/uploads\/2022\/10\/otvoreni-cetvrtak-ffos-2022-2-1536x1024.jpg 1536w, https:\/\/www.ffos.unios.hr\/wp-content\/uploads\/2022\/10\/otvoreni-cetvrtak-ffos-2022-2-2048x1365.jpg 2048w\" sizes=\"(max-width: 300px) 100vw, 300px\" \/><\/a>\n\t\t\t<\/dt>\n\t\t\t\t<dd class='wp-caption-text gallery-caption' id='gallery-2-45336'>\n\t\t\t\tO popularizaciji znanosti. Razgovor sa Sa\u0161om Cecijem\n\t\t\t\t<\/dd><\/dl><dl class='gallery-item'>\n\t\t\t<dt class='gallery-icon portrait'>\n\t\t\t\t<a href='https:\/\/www.ffos.unios.hr\/wp-content\/uploads\/2022\/11\/leo-rafolt.jpg'><img decoding=\"async\" width=\"225\" height=\"300\" src=\"https:\/\/www.ffos.unios.hr\/wp-content\/uploads\/2022\/11\/leo-rafolt-225x300.jpg\" class=\"attachment-medium size-medium\" alt=\"\" aria-describedby=\"gallery-2-45767\" srcset=\"https:\/\/www.ffos.unios.hr\/wp-content\/uploads\/2022\/11\/leo-rafolt-225x300.jpg 225w, https:\/\/www.ffos.unios.hr\/wp-content\/uploads\/2022\/11\/leo-rafolt-768x1024.jpg 768w, https:\/\/www.ffos.unios.hr\/wp-content\/uploads\/2022\/11\/leo-rafolt-1152x1536.jpg 1152w, https:\/\/www.ffos.unios.hr\/wp-content\/uploads\/2022\/11\/leo-rafolt.jpg 1200w\" sizes=\"(max-width: 225px) 100vw, 225px\" \/><\/a>\n\t\t\t<\/dt>\n\t\t\t\t<dd class='wp-caption-text gallery-caption' id='gallery-2-45767'>\n\t\t\t\tCII: scientific inter_view, vol.4 #2\n\t\t\t\t<\/dd><\/dl><br style=\"clear: both\" \/><dl class='gallery-item'>\n\t\t\t<dt class='gallery-icon landscape'>\n\t\t\t\t<a href='https:\/\/www.ffos.unios.hr\/wp-content\/uploads\/2022\/11\/kaptol-1.jpg'><img decoding=\"async\" width=\"300\" height=\"225\" src=\"https:\/\/www.ffos.unios.hr\/wp-content\/uploads\/2022\/11\/kaptol-1-300x225.jpg\" class=\"attachment-medium size-medium\" alt=\"\" aria-describedby=\"gallery-2-47511\" srcset=\"https:\/\/www.ffos.unios.hr\/wp-content\/uploads\/2022\/11\/kaptol-1-300x225.jpg 300w, https:\/\/www.ffos.unios.hr\/wp-content\/uploads\/2022\/11\/kaptol-1-1024x768.jpg 1024w, https:\/\/www.ffos.unios.hr\/wp-content\/uploads\/2022\/11\/kaptol-1-768x576.jpg 768w, https:\/\/www.ffos.unios.hr\/wp-content\/uploads\/2022\/11\/kaptol-1-1536x1152.jpg 1536w, https:\/\/www.ffos.unios.hr\/wp-content\/uploads\/2022\/11\/kaptol-1.jpg 1600w\" sizes=\"(max-width: 300px) 100vw, 300px\" \/><\/a>\n\t\t\t<\/dt>\n\t\t\t\t<dd class='wp-caption-text gallery-caption' id='gallery-2-47511'>\n\t\t\t\tPredstavljanje knjige &#8220;Kaptol 1221.-2021.&#8221;\n\t\t\t\t<\/dd><\/dl><dl class='gallery-item'>\n\t\t\t<dt class='gallery-icon landscape'>\n\t\t\t\t<a href='https:\/\/www.ffos.unios.hr\/wp-content\/uploads\/2022\/11\/kaptol-2.jpg'><img decoding=\"async\" width=\"300\" height=\"225\" src=\"https:\/\/www.ffos.unios.hr\/wp-content\/uploads\/2022\/11\/kaptol-2-300x225.jpg\" class=\"attachment-medium size-medium\" alt=\"\" aria-describedby=\"gallery-2-47517\" srcset=\"https:\/\/www.ffos.unios.hr\/wp-content\/uploads\/2022\/11\/kaptol-2-300x225.jpg 300w, https:\/\/www.ffos.unios.hr\/wp-content\/uploads\/2022\/11\/kaptol-2-1024x768.jpg 1024w, https:\/\/www.ffos.unios.hr\/wp-content\/uploads\/2022\/11\/kaptol-2-768x576.jpg 768w, https:\/\/www.ffos.unios.hr\/wp-content\/uploads\/2022\/11\/kaptol-2-1536x1152.jpg 1536w, https:\/\/www.ffos.unios.hr\/wp-content\/uploads\/2022\/11\/kaptol-2.jpg 1600w\" sizes=\"(max-width: 300px) 100vw, 300px\" \/><\/a>\n\t\t\t<\/dt>\n\t\t\t\t<dd class='wp-caption-text gallery-caption' id='gallery-2-47517'>\n\t\t\t\tPredstavljanje knjige &#8220;Kaptol 1221.-2021.&#8221;\n\t\t\t\t<\/dd><\/dl><dl class='gallery-item'>\n\t\t\t<dt class='gallery-icon landscape'>\n\t\t\t\t<a href='https:\/\/www.ffos.unios.hr\/wp-content\/uploads\/2022\/11\/andelko-vlasic-2022-1.jpg'><img decoding=\"async\" width=\"300\" height=\"225\" src=\"https:\/\/www.ffos.unios.hr\/wp-content\/uploads\/2022\/11\/andelko-vlasic-2022-1-300x225.jpg\" class=\"attachment-medium size-medium\" alt=\"\" aria-describedby=\"gallery-2-47499\" srcset=\"https:\/\/www.ffos.unios.hr\/wp-content\/uploads\/2022\/11\/andelko-vlasic-2022-1-300x225.jpg 300w, https:\/\/www.ffos.unios.hr\/wp-content\/uploads\/2022\/11\/andelko-vlasic-2022-1-1024x768.jpg 1024w, https:\/\/www.ffos.unios.hr\/wp-content\/uploads\/2022\/11\/andelko-vlasic-2022-1-768x576.jpg 768w, https:\/\/www.ffos.unios.hr\/wp-content\/uploads\/2022\/11\/andelko-vlasic-2022-1-1536x1152.jpg 1536w, https:\/\/www.ffos.unios.hr\/wp-content\/uploads\/2022\/11\/andelko-vlasic-2022-1.jpg 1600w\" sizes=\"(max-width: 300px) 100vw, 300px\" \/><\/a>\n\t\t\t<\/dt>\n\t\t\t\t<dd class='wp-caption-text gallery-caption' id='gallery-2-47499'>\n\t\t\t\tO\u010c: \u017dena, majka, vje\u0161tica: \u017eenski aspekt progona vje\u0161tica u ranome novom vijeku\n\t\t\t\t<\/dd><\/dl><br style=\"clear: both\" \/><dl class='gallery-item'>\n\t\t\t<dt class='gallery-icon landscape'>\n\t\t\t\t<a href='https:\/\/www.ffos.unios.hr\/wp-content\/uploads\/2022\/11\/andelko-vlasic-2022-2.jpg'><img decoding=\"async\" width=\"300\" height=\"225\" src=\"https:\/\/www.ffos.unios.hr\/wp-content\/uploads\/2022\/11\/andelko-vlasic-2022-2-300x225.jpg\" class=\"attachment-medium size-medium\" alt=\"\" aria-describedby=\"gallery-2-47505\" srcset=\"https:\/\/www.ffos.unios.hr\/wp-content\/uploads\/2022\/11\/andelko-vlasic-2022-2-300x225.jpg 300w, https:\/\/www.ffos.unios.hr\/wp-content\/uploads\/2022\/11\/andelko-vlasic-2022-2-1024x768.jpg 1024w, https:\/\/www.ffos.unios.hr\/wp-content\/uploads\/2022\/11\/andelko-vlasic-2022-2-768x576.jpg 768w, https:\/\/www.ffos.unios.hr\/wp-content\/uploads\/2022\/11\/andelko-vlasic-2022-2-1536x1152.jpg 1536w, https:\/\/www.ffos.unios.hr\/wp-content\/uploads\/2022\/11\/andelko-vlasic-2022-2.jpg 1600w\" sizes=\"(max-width: 300px) 100vw, 300px\" \/><\/a>\n\t\t\t<\/dt>\n\t\t\t\t<dd class='wp-caption-text gallery-caption' id='gallery-2-47505'>\n\t\t\t\tO\u010c: O\u010c: \u017dena, majka, vje\u0161tica: \u017eenski aspekt progona vje\u0161tica u ranome novom vijeku\n\t\t\t\t<\/dd><\/dl><dl class='gallery-item'>\n\t\t\t<dt class='gallery-icon landscape'>\n\t\t\t\t<a href='https:\/\/www.ffos.unios.hr\/wp-content\/uploads\/2023\/01\/alumni-ples.jpg'><img decoding=\"async\" width=\"300\" height=\"225\" src=\"https:\/\/www.ffos.unios.hr\/wp-content\/uploads\/2023\/01\/alumni-ples-300x225.jpg\" class=\"attachment-medium size-medium\" alt=\"\" aria-describedby=\"gallery-2-50714\" srcset=\"https:\/\/www.ffos.unios.hr\/wp-content\/uploads\/2023\/01\/alumni-ples-300x225.jpg 300w, https:\/\/www.ffos.unios.hr\/wp-content\/uploads\/2023\/01\/alumni-ples-1024x769.jpg 1024w, https:\/\/www.ffos.unios.hr\/wp-content\/uploads\/2023\/01\/alumni-ples-768x576.jpg 768w, https:\/\/www.ffos.unios.hr\/wp-content\/uploads\/2023\/01\/alumni-ples.jpg 1275w\" sizes=\"(max-width: 300px) 100vw, 300px\" \/><\/a>\n\t\t\t<\/dt>\n\t\t\t\t<dd class='wp-caption-text gallery-caption' id='gallery-2-50714'>\n\t\t\t\tAlumni: Terapija plesom i pokretom\n\t\t\t\t<\/dd><\/dl><dl class='gallery-item'>\n\t\t\t<dt class='gallery-icon landscape'>\n\t\t\t\t<a href='https:\/\/www.ffos.unios.hr\/wp-content\/uploads\/2023\/05\/ffos-tribina.jpg'><img decoding=\"async\" width=\"300\" height=\"169\" src=\"https:\/\/www.ffos.unios.hr\/wp-content\/uploads\/2023\/05\/ffos-tribina-300x169.jpg\" class=\"attachment-medium size-medium\" alt=\"\" aria-describedby=\"gallery-2-63547\" srcset=\"https:\/\/www.ffos.unios.hr\/wp-content\/uploads\/2023\/05\/ffos-tribina-300x169.jpg 300w, https:\/\/www.ffos.unios.hr\/wp-content\/uploads\/2023\/05\/ffos-tribina-1024x576.jpg 1024w, https:\/\/www.ffos.unios.hr\/wp-content\/uploads\/2023\/05\/ffos-tribina-768x432.jpg 768w, https:\/\/www.ffos.unios.hr\/wp-content\/uploads\/2023\/05\/ffos-tribina-1536x864.jpg 1536w, https:\/\/www.ffos.unios.hr\/wp-content\/uploads\/2023\/05\/ffos-tribina.jpg 2016w\" sizes=\"(max-width: 300px) 100vw, 300px\" \/><\/a>\n\t\t\t<\/dt>\n\t\t\t\t<dd class='wp-caption-text gallery-caption' id='gallery-2-63547'>\n\t\t\t\tTribina: Termini i termini bez granica u Karpatskom bazenu ili kako i\u0107i u patikama u patiku po lijek\n\t\t\t\t<\/dd><\/dl><br style=\"clear: both\" \/><dl class='gallery-item'>\n\t\t\t<dt class='gallery-icon landscape'>\n\t\t\t\t<a href='https:\/\/www.ffos.unios.hr\/wp-content\/uploads\/2022\/12\/viktor-ivancic-ffos.jpg'><img decoding=\"async\" width=\"300\" height=\"225\" src=\"https:\/\/www.ffos.unios.hr\/wp-content\/uploads\/2022\/12\/viktor-ivancic-ffos-300x225.jpg\" class=\"attachment-medium size-medium\" alt=\"\" aria-describedby=\"gallery-2-48514\" srcset=\"https:\/\/www.ffos.unios.hr\/wp-content\/uploads\/2022\/12\/viktor-ivancic-ffos-300x225.jpg 300w, https:\/\/www.ffos.unios.hr\/wp-content\/uploads\/2022\/12\/viktor-ivancic-ffos-1024x768.jpg 1024w, https:\/\/www.ffos.unios.hr\/wp-content\/uploads\/2022\/12\/viktor-ivancic-ffos-768x576.jpg 768w, https:\/\/www.ffos.unios.hr\/wp-content\/uploads\/2022\/12\/viktor-ivancic-ffos-1536x1152.jpg 1536w, https:\/\/www.ffos.unios.hr\/wp-content\/uploads\/2022\/12\/viktor-ivancic-ffos.jpg 1600w\" sizes=\"(max-width: 300px) 100vw, 300px\" \/><\/a>\n\t\t\t<\/dt>\n\t\t\t\t<dd class='wp-caption-text gallery-caption' id='gallery-2-48514'>\n\t\t\t\tEstLab: \u201cHrvatska politi\u010dka estetika\u201d \u2013 gost Viktor Ivan\u010di\u0107\n\t\t\t\t<\/dd><\/dl><dl class='gallery-item'>\n\t\t\t<dt class='gallery-icon landscape'>\n\t\t\t\t<a href='https:\/\/www.ffos.unios.hr\/wp-content\/uploads\/2022\/12\/viktor-ivancic-ffos-1.jpg'><img decoding=\"async\" width=\"300\" height=\"225\" src=\"https:\/\/www.ffos.unios.hr\/wp-content\/uploads\/2022\/12\/viktor-ivancic-ffos-1-300x225.jpg\" class=\"attachment-medium size-medium\" alt=\"\" aria-describedby=\"gallery-2-48520\" srcset=\"https:\/\/www.ffos.unios.hr\/wp-content\/uploads\/2022\/12\/viktor-ivancic-ffos-1-300x225.jpg 300w, https:\/\/www.ffos.unios.hr\/wp-content\/uploads\/2022\/12\/viktor-ivancic-ffos-1-1024x768.jpg 1024w, https:\/\/www.ffos.unios.hr\/wp-content\/uploads\/2022\/12\/viktor-ivancic-ffos-1-768x576.jpg 768w, https:\/\/www.ffos.unios.hr\/wp-content\/uploads\/2022\/12\/viktor-ivancic-ffos-1-1536x1152.jpg 1536w, https:\/\/www.ffos.unios.hr\/wp-content\/uploads\/2022\/12\/viktor-ivancic-ffos-1.jpg 1600w\" sizes=\"(max-width: 300px) 100vw, 300px\" \/><\/a>\n\t\t\t<\/dt>\n\t\t\t\t<dd class='wp-caption-text gallery-caption' id='gallery-2-48520'>\n\t\t\t\tEstLab: \u201cHrvatska politi\u010dka estetika\u201d \u2013 gost Viktor Ivan\u010di\u0107\n\t\t\t\t<\/dd><\/dl><dl class='gallery-item'>\n\t\t\t<dt class='gallery-icon landscape'>\n\t\t\t\t<a href='https:\/\/www.ffos.unios.hr\/wp-content\/uploads\/2022\/12\/igor-miklousic.jpg'><img decoding=\"async\" width=\"300\" height=\"225\" src=\"https:\/\/www.ffos.unios.hr\/wp-content\/uploads\/2022\/12\/igor-miklousic-300x225.jpg\" class=\"attachment-medium size-medium\" alt=\"\" aria-describedby=\"gallery-2-49687\" srcset=\"https:\/\/www.ffos.unios.hr\/wp-content\/uploads\/2022\/12\/igor-miklousic-300x225.jpg 300w, https:\/\/www.ffos.unios.hr\/wp-content\/uploads\/2022\/12\/igor-miklousic-1024x768.jpg 1024w, https:\/\/www.ffos.unios.hr\/wp-content\/uploads\/2022\/12\/igor-miklousic-768x576.jpg 768w, https:\/\/www.ffos.unios.hr\/wp-content\/uploads\/2022\/12\/igor-miklousic-1536x1152.jpg 1536w, https:\/\/www.ffos.unios.hr\/wp-content\/uploads\/2022\/12\/igor-miklousic.jpg 1600w\" sizes=\"(max-width: 300px) 100vw, 300px\" \/><\/a>\n\t\t\t<\/dt>\n\t\t\t\t<dd class='wp-caption-text gallery-caption' id='gallery-2-49687'>\n\t\t\t\tO\u010c: Psihologija teorija urote\n\t\t\t\t<\/dd><\/dl><br style=\"clear: both\" \/><dl class='gallery-item'>\n\t\t\t<dt class='gallery-icon landscape'>\n\t\t\t\t<a href='https:\/\/www.ffos.unios.hr\/wp-content\/uploads\/2023\/05\/Nikica_radionica.jpg'><img decoding=\"async\" width=\"300\" height=\"300\" src=\"https:\/\/www.ffos.unios.hr\/wp-content\/uploads\/2023\/05\/Nikica_radionica-300x300.jpg\" class=\"attachment-medium size-medium\" alt=\"\" aria-describedby=\"gallery-2-63553\" srcset=\"https:\/\/www.ffos.unios.hr\/wp-content\/uploads\/2023\/05\/Nikica_radionica-300x300.jpg 300w, https:\/\/www.ffos.unios.hr\/wp-content\/uploads\/2023\/05\/Nikica_radionica-1024x1024.jpg 1024w, https:\/\/www.ffos.unios.hr\/wp-content\/uploads\/2023\/05\/Nikica_radionica-150x150.jpg 150w, https:\/\/www.ffos.unios.hr\/wp-content\/uploads\/2023\/05\/Nikica_radionica-768x768.jpg 768w, https:\/\/www.ffos.unios.hr\/wp-content\/uploads\/2023\/05\/Nikica_radionica.jpg 1440w\" sizes=\"(max-width: 300px) 100vw, 300px\" \/><\/a>\n\t\t\t<\/dt>\n\t\t\t\t<dd class='wp-caption-text gallery-caption' id='gallery-2-63553'>\n\t\t\t\tCII: Perspektive humanisti\u010dkog obrazovanja za rad u zajednici\n\t\t\t\t<\/dd><\/dl><dl class='gallery-item'>\n\t\t\t<dt class='gallery-icon landscape'>\n\t\t\t\t<a href='https:\/\/www.ffos.unios.hr\/wp-content\/uploads\/2023\/01\/ffos-tribina-scaled.jpg'><img decoding=\"async\" width=\"300\" height=\"200\" src=\"https:\/\/www.ffos.unios.hr\/wp-content\/uploads\/2023\/01\/ffos-tribina-300x200.jpg\" class=\"attachment-medium size-medium\" alt=\"\" aria-describedby=\"gallery-2-51310\" srcset=\"https:\/\/www.ffos.unios.hr\/wp-content\/uploads\/2023\/01\/ffos-tribina-300x200.jpg 300w, https:\/\/www.ffos.unios.hr\/wp-content\/uploads\/2023\/01\/ffos-tribina-1024x684.jpg 1024w, https:\/\/www.ffos.unios.hr\/wp-content\/uploads\/2023\/01\/ffos-tribina-768x513.jpg 768w, https:\/\/www.ffos.unios.hr\/wp-content\/uploads\/2023\/01\/ffos-tribina-1536x1025.jpg 1536w, https:\/\/www.ffos.unios.hr\/wp-content\/uploads\/2023\/01\/ffos-tribina-2048x1367.jpg 2048w\" sizes=\"(max-width: 300px) 100vw, 300px\" \/><\/a>\n\t\t\t<\/dt>\n\t\t\t\t<dd class='wp-caption-text gallery-caption' id='gallery-2-51310'>\n\t\t\t\tO\u010c: Kriza u sustavu visokog obrazovanja\n\t\t\t\t<\/dd><\/dl><dl class='gallery-item'>\n\t\t\t<dt class='gallery-icon landscape'>\n\t\t\t\t<a href='https:\/\/www.ffos.unios.hr\/wp-content\/uploads\/2023\/05\/igor-mikecin.jpg'><img decoding=\"async\" width=\"300\" height=\"225\" src=\"https:\/\/www.ffos.unios.hr\/wp-content\/uploads\/2023\/05\/igor-mikecin-300x225.jpg\" class=\"attachment-medium size-medium\" alt=\"\" aria-describedby=\"gallery-2-63571\" srcset=\"https:\/\/www.ffos.unios.hr\/wp-content\/uploads\/2023\/05\/igor-mikecin-300x225.jpg 300w, https:\/\/www.ffos.unios.hr\/wp-content\/uploads\/2023\/05\/igor-mikecin.jpg 768w\" sizes=\"(max-width: 300px) 100vw, 300px\" \/><\/a>\n\t\t\t<\/dt>\n\t\t\t\t<dd class='wp-caption-text gallery-caption' id='gallery-2-63571'>\n\t\t\t\tEstLab: Mi\u0161ljenje i slu\u0161anje: H\u0113rakleit \u2013 Parmenid \u2013 Plat\u014dn \u2013 Aristotel\n\t\t\t\t<\/dd><\/dl><br style=\"clear: both\" \/><dl class='gallery-item'>\n\t\t\t<dt class='gallery-icon landscape'>\n\t\t\t\t<a href='https:\/\/www.ffos.unios.hr\/wp-content\/uploads\/2023\/01\/engler-3-scaled.jpg'><img decoding=\"async\" width=\"300\" height=\"225\" src=\"https:\/\/www.ffos.unios.hr\/wp-content\/uploads\/2023\/01\/engler-3-300x225.jpg\" class=\"attachment-medium size-medium\" alt=\"\" aria-describedby=\"gallery-2-52330\" srcset=\"https:\/\/www.ffos.unios.hr\/wp-content\/uploads\/2023\/01\/engler-3-300x225.jpg 300w, https:\/\/www.ffos.unios.hr\/wp-content\/uploads\/2023\/01\/engler-3-1024x768.jpg 1024w, https:\/\/www.ffos.unios.hr\/wp-content\/uploads\/2023\/01\/engler-3-768x576.jpg 768w, https:\/\/www.ffos.unios.hr\/wp-content\/uploads\/2023\/01\/engler-3-1536x1152.jpg 1536w, https:\/\/www.ffos.unios.hr\/wp-content\/uploads\/2023\/01\/engler-3-2048x1536.jpg 2048w\" sizes=\"(max-width: 300px) 100vw, 300px\" \/><\/a>\n\t\t\t<\/dt>\n\t\t\t\t<dd class='wp-caption-text gallery-caption' id='gallery-2-52330'>\n\t\t\t\tO\u010c: Thomas Mann &#8211; \n\t\t\t\t<\/dd><\/dl><dl class='gallery-item'>\n\t\t\t<dt class='gallery-icon landscape'>\n\t\t\t\t<a href='https:\/\/www.ffos.unios.hr\/wp-content\/uploads\/2023\/05\/Mirna_radionica.jpg'><img decoding=\"async\" width=\"300\" height=\"300\" src=\"https:\/\/www.ffos.unios.hr\/wp-content\/uploads\/2023\/05\/Mirna_radionica-300x300.jpg\" class=\"attachment-medium size-medium\" alt=\"\" aria-describedby=\"gallery-2-63559\" srcset=\"https:\/\/www.ffos.unios.hr\/wp-content\/uploads\/2023\/05\/Mirna_radionica-300x300.jpg 300w, https:\/\/www.ffos.unios.hr\/wp-content\/uploads\/2023\/05\/Mirna_radionica-1024x1024.jpg 1024w, https:\/\/www.ffos.unios.hr\/wp-content\/uploads\/2023\/05\/Mirna_radionica-150x150.jpg 150w, https:\/\/www.ffos.unios.hr\/wp-content\/uploads\/2023\/05\/Mirna_radionica-768x768.jpg 768w, https:\/\/www.ffos.unios.hr\/wp-content\/uploads\/2023\/05\/Mirna_radionica.jpg 1440w\" sizes=\"(max-width: 300px) 100vw, 300px\" \/><\/a>\n\t\t\t<\/dt>\n\t\t\t\t<dd class='wp-caption-text gallery-caption' id='gallery-2-63559'>\n\t\t\t\tCII: Neformalne metode obrazovanja\n\t\t\t\t<\/dd><\/dl><dl class='gallery-item'>\n\t\t\t<dt class='gallery-icon landscape'>\n\t\t\t\t<a href='https:\/\/www.ffos.unios.hr\/wp-content\/uploads\/2023\/05\/Alumni_djeca-s-traumom-scaled.jpg'><img decoding=\"async\" width=\"300\" height=\"200\" src=\"https:\/\/www.ffos.unios.hr\/wp-content\/uploads\/2023\/05\/Alumni_djeca-s-traumom-300x200.jpg\" class=\"attachment-medium size-medium\" alt=\"\" aria-describedby=\"gallery-2-63565\" srcset=\"https:\/\/www.ffos.unios.hr\/wp-content\/uploads\/2023\/05\/Alumni_djeca-s-traumom-300x200.jpg 300w, https:\/\/www.ffos.unios.hr\/wp-content\/uploads\/2023\/05\/Alumni_djeca-s-traumom-1024x684.jpg 1024w, https:\/\/www.ffos.unios.hr\/wp-content\/uploads\/2023\/05\/Alumni_djeca-s-traumom-768x513.jpg 768w, https:\/\/www.ffos.unios.hr\/wp-content\/uploads\/2023\/05\/Alumni_djeca-s-traumom-1536x1025.jpg 1536w, https:\/\/www.ffos.unios.hr\/wp-content\/uploads\/2023\/05\/Alumni_djeca-s-traumom-scaled.jpg 2048w\" sizes=\"(max-width: 300px) 100vw, 300px\" \/><\/a>\n\t\t\t<\/dt>\n\t\t\t\t<dd class='wp-caption-text gallery-caption' id='gallery-2-63565'>\n\t\t\t\tAlumni: Podr\u0161ka djeci s iskustvom traume u \u0161kolskom okru\u017eenju\n\t\t\t\t<\/dd><\/dl><br style=\"clear: both\" \/><dl class='gallery-item'>\n\t\t\t<dt class='gallery-icon landscape'>\n\t\t\t\t<a href='https:\/\/www.ffos.unios.hr\/wp-content\/uploads\/2023\/05\/Najcer-Sabljak-2.jpg'><img decoding=\"async\" width=\"300\" height=\"225\" src=\"https:\/\/www.ffos.unios.hr\/wp-content\/uploads\/2023\/05\/Najcer-Sabljak-2-300x225.jpg\" class=\"attachment-medium size-medium\" alt=\"\" aria-describedby=\"gallery-2-61197\" srcset=\"https:\/\/www.ffos.unios.hr\/wp-content\/uploads\/2023\/05\/Najcer-Sabljak-2-300x225.jpg 300w, https:\/\/www.ffos.unios.hr\/wp-content\/uploads\/2023\/05\/Najcer-Sabljak-2-1024x768.jpg 1024w, https:\/\/www.ffos.unios.hr\/wp-content\/uploads\/2023\/05\/Najcer-Sabljak-2-768x576.jpg 768w, https:\/\/www.ffos.unios.hr\/wp-content\/uploads\/2023\/05\/Najcer-Sabljak-2-1536x1152.jpg 1536w, https:\/\/www.ffos.unios.hr\/wp-content\/uploads\/2023\/05\/Najcer-Sabljak-2.jpg 1600w\" sizes=\"(max-width: 300px) 100vw, 300px\" \/><\/a>\n\t\t\t<\/dt>\n\t\t\t\t<dd class='wp-caption-text gallery-caption' id='gallery-2-61197'>\n\t\t\t\tO\u010c: Izazovi ba\u0161tine \u2013 o retfala\u010dkoj zbirci grofovske obitelji Peja\u010devi\u0107\n\t\t\t\t<\/dd><\/dl><dl class='gallery-item'>\n\t\t\t<dt class='gallery-icon landscape'>\n\t\t\t\t<a href='https:\/\/www.ffos.unios.hr\/wp-content\/uploads\/2023\/05\/igor-berecki.jpg'><img decoding=\"async\" width=\"300\" height=\"225\" src=\"https:\/\/www.ffos.unios.hr\/wp-content\/uploads\/2023\/05\/igor-berecki-300x225.jpg\" class=\"attachment-medium size-medium\" alt=\"\" aria-describedby=\"gallery-2-63535\" srcset=\"https:\/\/www.ffos.unios.hr\/wp-content\/uploads\/2023\/05\/igor-berecki-300x225.jpg 300w, https:\/\/www.ffos.unios.hr\/wp-content\/uploads\/2023\/05\/igor-berecki-1024x768.jpg 1024w, https:\/\/www.ffos.unios.hr\/wp-content\/uploads\/2023\/05\/igor-berecki-768x576.jpg 768w, https:\/\/www.ffos.unios.hr\/wp-content\/uploads\/2023\/05\/igor-berecki-1536x1152.jpg 1536w, https:\/\/www.ffos.unios.hr\/wp-content\/uploads\/2023\/05\/igor-berecki.jpg 1824w\" sizes=\"(max-width: 300px) 100vw, 300px\" \/><\/a>\n\t\t\t<\/dt>\n\t\t\t\t<dd class='wp-caption-text gallery-caption' id='gallery-2-63535'>\n\t\t\t\tscientific inter_view, vol.5 #1:\n\t\t\t\t<\/dd><\/dl><dl class='gallery-item'>\n\t\t\t<dt class='gallery-icon landscape'>\n\t\t\t\t<a href='https:\/\/www.ffos.unios.hr\/wp-content\/uploads\/2023\/05\/bruno-koic-scaled.jpg'><img decoding=\"async\" width=\"300\" height=\"225\" src=\"https:\/\/www.ffos.unios.hr\/wp-content\/uploads\/2023\/05\/bruno-koic-300x225.jpg\" class=\"attachment-medium size-medium\" alt=\"\" aria-describedby=\"gallery-2-63541\" srcset=\"https:\/\/www.ffos.unios.hr\/wp-content\/uploads\/2023\/05\/bruno-koic-300x225.jpg 300w, https:\/\/www.ffos.unios.hr\/wp-content\/uploads\/2023\/05\/bruno-koic-1024x768.jpg 1024w, https:\/\/www.ffos.unios.hr\/wp-content\/uploads\/2023\/05\/bruno-koic-768x576.jpg 768w, https:\/\/www.ffos.unios.hr\/wp-content\/uploads\/2023\/05\/bruno-koic-1536x1152.jpg 1536w, https:\/\/www.ffos.unios.hr\/wp-content\/uploads\/2023\/05\/bruno-koic-scaled.jpg 2048w\" sizes=\"(max-width: 300px) 100vw, 300px\" \/><\/a>\n\t\t\t<\/dt>\n\t\t\t\t<dd class='wp-caption-text gallery-caption' id='gallery-2-63541'>\n\t\t\t\tCII: Artivizam: \n\t\t\t\t<\/dd><\/dl><br style=\"clear: both\" \/><dl class='gallery-item'>\n\t\t\t<dt class='gallery-icon landscape'>\n\t\t\t\t<a href='https:\/\/www.ffos.unios.hr\/wp-content\/uploads\/2023\/03\/mlakic.jpg'><img decoding=\"async\" width=\"300\" height=\"187\" src=\"https:\/\/www.ffos.unios.hr\/wp-content\/uploads\/2023\/03\/mlakic-300x187.jpg\" class=\"attachment-medium size-medium\" alt=\"\" aria-describedby=\"gallery-2-56888\" srcset=\"https:\/\/www.ffos.unios.hr\/wp-content\/uploads\/2023\/03\/mlakic-300x187.jpg 300w, https:\/\/www.ffos.unios.hr\/wp-content\/uploads\/2023\/03\/mlakic-768x479.jpg 768w, https:\/\/www.ffos.unios.hr\/wp-content\/uploads\/2023\/03\/mlakic.jpg 1000w\" sizes=\"(max-width: 300px) 100vw, 300px\" \/><\/a>\n\t\t\t<\/dt>\n\t\t\t\t<dd class='wp-caption-text gallery-caption' id='gallery-2-56888'>\n\t\t\t\tEstLab: &#8220;Bezna\u0111e i fatalizam&#8221; &#8211; gost Josip Mlaki\u0107\n\t\t\t\t<\/dd><\/dl><dl class='gallery-item'>\n\t\t\t<dt class='gallery-icon landscape'>\n\t\t\t\t<a href='https:\/\/www.ffos.unios.hr\/wp-content\/uploads\/2023\/05\/uvod-u-across-1.png'><img decoding=\"async\" width=\"300\" height=\"158\" src=\"https:\/\/www.ffos.unios.hr\/wp-content\/uploads\/2023\/05\/uvod-u-across-1-300x158.png\" class=\"attachment-medium size-medium\" alt=\"\" aria-describedby=\"gallery-2-62398\" srcset=\"https:\/\/www.ffos.unios.hr\/wp-content\/uploads\/2023\/05\/uvod-u-across-1-300x158.png 300w, https:\/\/www.ffos.unios.hr\/wp-content\/uploads\/2023\/05\/uvod-u-across-1-1024x541.png 1024w, https:\/\/www.ffos.unios.hr\/wp-content\/uploads\/2023\/05\/uvod-u-across-1-768x406.png 768w, https:\/\/www.ffos.unios.hr\/wp-content\/uploads\/2023\/05\/uvod-u-across-1.png 1280w\" sizes=\"(max-width: 300px) 100vw, 300px\" \/><\/a>\n\t\t\t<\/dt>\n\t\t\t\t<dd class='wp-caption-text gallery-caption' id='gallery-2-62398'>\n\t\t\t\tAlumni: Uvod u Across\n\t\t\t\t<\/dd><\/dl><dl class='gallery-item'>\n\t\t\t<dt class='gallery-icon landscape'>\n\t\t\t\t<a href='https:\/\/www.ffos.unios.hr\/wp-content\/uploads\/2023\/04\/mirjana-rakic-luka-pejic.jpg'><img decoding=\"async\" width=\"300\" height=\"200\" src=\"https:\/\/www.ffos.unios.hr\/wp-content\/uploads\/2023\/04\/mirjana-rakic-luka-pejic-300x200.jpg\" class=\"attachment-medium size-medium\" alt=\"\" aria-describedby=\"gallery-2-58791\" srcset=\"https:\/\/www.ffos.unios.hr\/wp-content\/uploads\/2023\/04\/mirjana-rakic-luka-pejic-300x200.jpg 300w, https:\/\/www.ffos.unios.hr\/wp-content\/uploads\/2023\/04\/mirjana-rakic-luka-pejic-1024x683.jpg 1024w, https:\/\/www.ffos.unios.hr\/wp-content\/uploads\/2023\/04\/mirjana-rakic-luka-pejic-768x513.jpg 768w, https:\/\/www.ffos.unios.hr\/wp-content\/uploads\/2023\/04\/mirjana-rakic-luka-pejic.jpg 1500w\" sizes=\"(max-width: 300px) 100vw, 300px\" \/><\/a>\n\t\t\t<\/dt>\n\t\t\t\t<dd class='wp-caption-text gallery-caption' id='gallery-2-58791'>\n\t\t\t\tO\u010c: \n\t\t\t\t<\/dd><\/dl><br style=\"clear: both\" \/><dl class='gallery-item'>\n\t\t\t<dt class='gallery-icon landscape'>\n\t\t\t\t<a href='https:\/\/www.ffos.unios.hr\/wp-content\/uploads\/2023\/05\/pedagogija-odnosa.jpg'><img decoding=\"async\" width=\"300\" height=\"200\" src=\"https:\/\/www.ffos.unios.hr\/wp-content\/uploads\/2023\/05\/pedagogija-odnosa-300x200.jpg\" class=\"attachment-medium size-medium\" alt=\"\" aria-describedby=\"gallery-2-62379\" srcset=\"https:\/\/www.ffos.unios.hr\/wp-content\/uploads\/2023\/05\/pedagogija-odnosa-300x200.jpg 300w, https:\/\/www.ffos.unios.hr\/wp-content\/uploads\/2023\/05\/pedagogija-odnosa-768x513.jpg 768w, https:\/\/www.ffos.unios.hr\/wp-content\/uploads\/2023\/05\/pedagogija-odnosa.jpg 999w\" sizes=\"(max-width: 300px) 100vw, 300px\" \/><\/a>\n\t\t\t<\/dt>\n\t\t\t\t<dd class='wp-caption-text gallery-caption' id='gallery-2-62379'>\n\t\t\t\tAlumni: \n\t\t\t\t<\/dd><\/dl><dl class='gallery-item'>\n\t\t\t<dt class='gallery-icon landscape'>\n\t\t\t\t<a href='https:\/\/www.ffos.unios.hr\/wp-content\/uploads\/2023\/05\/estlab-ffos.jpg'><img decoding=\"async\" width=\"300\" height=\"160\" src=\"https:\/\/www.ffos.unios.hr\/wp-content\/uploads\/2023\/05\/estlab-ffos-300x160.jpg\" class=\"attachment-medium size-medium\" alt=\"\" aria-describedby=\"gallery-2-62385\" srcset=\"https:\/\/www.ffos.unios.hr\/wp-content\/uploads\/2023\/05\/estlab-ffos-300x160.jpg 300w, https:\/\/www.ffos.unios.hr\/wp-content\/uploads\/2023\/05\/estlab-ffos-768x409.jpg 768w, https:\/\/www.ffos.unios.hr\/wp-content\/uploads\/2023\/05\/estlab-ffos.jpg 996w\" sizes=\"(max-width: 300px) 100vw, 300px\" \/><\/a>\n\t\t\t<\/dt>\n\t\t\t\t<dd class='wp-caption-text gallery-caption' id='gallery-2-62385'>\n\t\t\t\t\u201cTranzicija\u201d na\u0161a svagda\u0161nja \u2013 razgovor s Hajrudinom Hromad\u017ei\u0107em\n\t\t\t\t<\/dd><\/dl><dl class='gallery-item'>\n\t\t\t<dt class='gallery-icon landscape'>\n\t\t\t\t<a href='https:\/\/www.ffos.unios.hr\/wp-content\/uploads\/2023\/04\/goran-faletar-1.jpg'><img decoding=\"async\" width=\"300\" height=\"225\" src=\"https:\/\/www.ffos.unios.hr\/wp-content\/uploads\/2023\/04\/goran-faletar-1-300x225.jpg\" class=\"attachment-medium size-medium\" alt=\"\" aria-describedby=\"gallery-2-60868\" srcset=\"https:\/\/www.ffos.unios.hr\/wp-content\/uploads\/2023\/04\/goran-faletar-1-300x225.jpg 300w, https:\/\/www.ffos.unios.hr\/wp-content\/uploads\/2023\/04\/goran-faletar-1-1024x768.jpg 1024w, https:\/\/www.ffos.unios.hr\/wp-content\/uploads\/2023\/04\/goran-faletar-1-768x576.jpg 768w, https:\/\/www.ffos.unios.hr\/wp-content\/uploads\/2023\/04\/goran-faletar-1-1536x1152.jpg 1536w, https:\/\/www.ffos.unios.hr\/wp-content\/uploads\/2023\/04\/goran-faletar-1.jpg 1600w\" sizes=\"(max-width: 300px) 100vw, 300px\" \/><\/a>\n\t\t\t<\/dt>\n\t\t\t\t<dd class='wp-caption-text gallery-caption' id='gallery-2-60868'>\n\t\t\t\tO\u010c: \n\t\t\t\t<\/dd><\/dl><br style=\"clear: both\" \/><dl class='gallery-item'>\n\t\t\t<dt class='gallery-icon landscape'>\n\t\t\t\t<a href='https:\/\/www.ffos.unios.hr\/wp-content\/uploads\/2023\/05\/DSC_2343-scaled.jpg'><img decoding=\"async\" width=\"300\" height=\"200\" src=\"https:\/\/www.ffos.unios.hr\/wp-content\/uploads\/2023\/05\/DSC_2343-300x200.jpg\" class=\"attachment-medium size-medium\" alt=\"\" aria-describedby=\"gallery-2-62576\" srcset=\"https:\/\/www.ffos.unios.hr\/wp-content\/uploads\/2023\/05\/DSC_2343-300x200.jpg 300w, https:\/\/www.ffos.unios.hr\/wp-content\/uploads\/2023\/05\/DSC_2343-1024x684.jpg 1024w, https:\/\/www.ffos.unios.hr\/wp-content\/uploads\/2023\/05\/DSC_2343-768x513.jpg 768w, https:\/\/www.ffos.unios.hr\/wp-content\/uploads\/2023\/05\/DSC_2343-1536x1025.jpg 1536w, https:\/\/www.ffos.unios.hr\/wp-content\/uploads\/2023\/05\/DSC_2343-scaled.jpg 2048w\" sizes=\"(max-width: 300px) 100vw, 300px\" \/><\/a>\n\t\t\t<\/dt>\n\t\t\t\t<dd class='wp-caption-text gallery-caption' id='gallery-2-62576'>\n\t\t\t\tAlumni: Kako su ogla\u0161avali stari Osje\u010dani?\n\t\t\t\t<\/dd><\/dl><dl class='gallery-item'>\n\t\t\t<dt class='gallery-icon landscape'>\n\t\t\t\t<a href='https:\/\/www.ffos.unios.hr\/wp-content\/uploads\/2023\/05\/prevoditelji-15-5-2023-scaled.jpg'><img decoding=\"async\" width=\"300\" height=\"208\" src=\"https:\/\/www.ffos.unios.hr\/wp-content\/uploads\/2023\/05\/prevoditelji-15-5-2023-300x208.jpg\" class=\"attachment-medium size-medium\" alt=\"\" aria-describedby=\"gallery-2-62612\" srcset=\"https:\/\/www.ffos.unios.hr\/wp-content\/uploads\/2023\/05\/prevoditelji-15-5-2023-300x208.jpg 300w, https:\/\/www.ffos.unios.hr\/wp-content\/uploads\/2023\/05\/prevoditelji-15-5-2023-1024x711.jpg 1024w, https:\/\/www.ffos.unios.hr\/wp-content\/uploads\/2023\/05\/prevoditelji-15-5-2023-768x533.jpg 768w, https:\/\/www.ffos.unios.hr\/wp-content\/uploads\/2023\/05\/prevoditelji-15-5-2023-1536x1066.jpg 1536w, https:\/\/www.ffos.unios.hr\/wp-content\/uploads\/2023\/05\/prevoditelji-15-5-2023-scaled.jpg 2048w\" sizes=\"(max-width: 300px) 100vw, 300px\" \/><\/a>\n\t\t\t<\/dt>\n\t\t\t\t<dd class='wp-caption-text gallery-caption' id='gallery-2-62612'>\n\t\t\t\tAlumni: Prevoditelji na tr\u017ei\u0161tu rada\n\t\t\t\t<\/dd><\/dl><dl class='gallery-item'>\n\t\t\t<dt class='gallery-icon landscape'>\n\t\t\t\t<a href='https:\/\/www.ffos.unios.hr\/wp-content\/uploads\/2023\/05\/andelko-vlasic.jpg'><img decoding=\"async\" width=\"300\" height=\"200\" src=\"https:\/\/www.ffos.unios.hr\/wp-content\/uploads\/2023\/05\/andelko-vlasic-300x200.jpg\" class=\"attachment-medium size-medium\" alt=\"\" aria-describedby=\"gallery-2-62777\" srcset=\"https:\/\/www.ffos.unios.hr\/wp-content\/uploads\/2023\/05\/andelko-vlasic-300x200.jpg 300w, https:\/\/www.ffos.unios.hr\/wp-content\/uploads\/2023\/05\/andelko-vlasic-1024x684.jpg 1024w, https:\/\/www.ffos.unios.hr\/wp-content\/uploads\/2023\/05\/andelko-vlasic-768x513.jpg 768w, https:\/\/www.ffos.unios.hr\/wp-content\/uploads\/2023\/05\/andelko-vlasic-1536x1025.jpg 1536w, https:\/\/www.ffos.unios.hr\/wp-content\/uploads\/2023\/05\/andelko-vlasic.jpg 2048w\" sizes=\"(max-width: 300px) 100vw, 300px\" \/><\/a>\n\t\t\t<\/dt>\n\t\t\t\t<dd class='wp-caption-text gallery-caption' id='gallery-2-62777'>\n\t\t\t\tPredstavljanje knjige \u201cTragom Evlije \u010celebija kroz Hercegova\u010dki sand\u017eak\u201d\n\t\t\t\t<\/dd><\/dl><br style=\"clear: both\" \/><dl class='gallery-item'>\n\t\t\t<dt class='gallery-icon landscape'>\n\t\t\t\t<a href='https:\/\/www.ffos.unios.hr\/wp-content\/uploads\/2023\/05\/mediji-i-tehnologija.jpg'><img decoding=\"async\" width=\"300\" height=\"213\" src=\"https:\/\/www.ffos.unios.hr\/wp-content\/uploads\/2023\/05\/mediji-i-tehnologija-300x213.jpg\" class=\"attachment-medium size-medium\" alt=\"\" aria-describedby=\"gallery-2-63577\" srcset=\"https:\/\/www.ffos.unios.hr\/wp-content\/uploads\/2023\/05\/mediji-i-tehnologija-300x213.jpg 300w, https:\/\/www.ffos.unios.hr\/wp-content\/uploads\/2023\/05\/mediji-i-tehnologija.jpg 679w\" sizes=\"(max-width: 300px) 100vw, 300px\" \/><\/a>\n\t\t\t<\/dt>\n\t\t\t\t<dd class='wp-caption-text gallery-caption' id='gallery-2-63577'>\n\t\t\t\tEstLab: Mediji i tehnologija\n\t\t\t\t<\/dd><\/dl><dl class='gallery-item'>\n\t\t\t<dt class='gallery-icon portrait'>\n\t\t\t\t<a href='https:\/\/www.ffos.unios.hr\/wp-content\/uploads\/2023\/05\/petra-plantosar.jpg'><img decoding=\"async\" width=\"225\" height=\"300\" src=\"https:\/\/www.ffos.unios.hr\/wp-content\/uploads\/2023\/05\/petra-plantosar-225x300.jpg\" class=\"attachment-medium size-medium\" alt=\"\" aria-describedby=\"gallery-2-63279\" srcset=\"https:\/\/www.ffos.unios.hr\/wp-content\/uploads\/2023\/05\/petra-plantosar-225x300.jpg 225w, https:\/\/www.ffos.unios.hr\/wp-content\/uploads\/2023\/05\/petra-plantosar-768x1024.jpg 768w, https:\/\/www.ffos.unios.hr\/wp-content\/uploads\/2023\/05\/petra-plantosar-1152x1536.jpg 1152w, https:\/\/www.ffos.unios.hr\/wp-content\/uploads\/2023\/05\/petra-plantosar.jpg 1200w\" sizes=\"(max-width: 225px) 100vw, 225px\" \/><\/a>\n\t\t\t<\/dt>\n\t\t\t\t<dd class='wp-caption-text gallery-caption' id='gallery-2-63279'>\n\t\t\t\tO\u010c: \n\t\t\t\t<\/dd><\/dl><dl class='gallery-item'>\n\t\t\t<dt class='gallery-icon landscape'>\n\t\t\t\t<a href='https:\/\/www.ffos.unios.hr\/wp-content\/uploads\/2023\/06\/scientific-Jandric.jpg'><img decoding=\"async\" width=\"300\" height=\"169\" src=\"https:\/\/www.ffos.unios.hr\/wp-content\/uploads\/2023\/06\/scientific-Jandric-300x169.jpg\" class=\"attachment-medium size-medium\" alt=\"\" aria-describedby=\"gallery-2-64069\" srcset=\"https:\/\/www.ffos.unios.hr\/wp-content\/uploads\/2023\/06\/scientific-Jandric-300x169.jpg 300w, https:\/\/www.ffos.unios.hr\/wp-content\/uploads\/2023\/06\/scientific-Jandric-1024x576.jpg 1024w, https:\/\/www.ffos.unios.hr\/wp-content\/uploads\/2023\/06\/scientific-Jandric-768x432.jpg 768w, https:\/\/www.ffos.unios.hr\/wp-content\/uploads\/2023\/06\/scientific-Jandric-1536x864.jpg 1536w, https:\/\/www.ffos.unios.hr\/wp-content\/uploads\/2023\/06\/scientific-Jandric.jpg 1920w\" sizes=\"(max-width: 300px) 100vw, 300px\" \/><\/a>\n\t\t\t<\/dt>\n\t\t\t\t<dd class='wp-caption-text gallery-caption' id='gallery-2-64069'>\n\t\t\t\tscientific inter_view vol.5 #3\n\t\t\t\t<\/dd><\/dl><br style=\"clear: both\" \/><dl class='gallery-item'>\n\t\t\t<dt class='gallery-icon landscape'>\n\t\t\t\t<a href='https:\/\/www.ffos.unios.hr\/wp-content\/uploads\/2023\/06\/tribina.jpg'><img decoding=\"async\" width=\"300\" height=\"225\" src=\"https:\/\/www.ffos.unios.hr\/wp-content\/uploads\/2023\/06\/tribina-300x225.jpg\" class=\"attachment-medium size-medium\" alt=\"\" aria-describedby=\"gallery-2-65175\" srcset=\"https:\/\/www.ffos.unios.hr\/wp-content\/uploads\/2023\/06\/tribina-300x225.jpg 300w, https:\/\/www.ffos.unios.hr\/wp-content\/uploads\/2023\/06\/tribina-1024x768.jpg 1024w, https:\/\/www.ffos.unios.hr\/wp-content\/uploads\/2023\/06\/tribina-768x576.jpg 768w, https:\/\/www.ffos.unios.hr\/wp-content\/uploads\/2023\/06\/tribina-1536x1152.jpg 1536w, https:\/\/www.ffos.unios.hr\/wp-content\/uploads\/2023\/06\/tribina.jpg 2048w\" sizes=\"(max-width: 300px) 100vw, 300px\" \/><\/a>\n\t\t\t<\/dt>\n\t\t\t\t<dd class='wp-caption-text gallery-caption' id='gallery-2-65175'>\n\t\t\t\tManjinska knji\u017eevnost i ma\u0111arski autori u Hrvatskoj\n\t\t\t\t<\/dd><\/dl><dl class='gallery-item'>\n\t\t\t<dt class='gallery-icon landscape'>\n\t\t\t\t<a href='https:\/\/www.ffos.unios.hr\/wp-content\/uploads\/2023\/07\/alumni-ffos.jpg'><img decoding=\"async\" width=\"300\" height=\"200\" src=\"https:\/\/www.ffos.unios.hr\/wp-content\/uploads\/2023\/07\/alumni-ffos-300x200.jpg\" class=\"attachment-medium size-medium\" alt=\"\" aria-describedby=\"gallery-2-66385\" srcset=\"https:\/\/www.ffos.unios.hr\/wp-content\/uploads\/2023\/07\/alumni-ffos-300x200.jpg 300w, https:\/\/www.ffos.unios.hr\/wp-content\/uploads\/2023\/07\/alumni-ffos-1024x684.jpg 1024w, https:\/\/www.ffos.unios.hr\/wp-content\/uploads\/2023\/07\/alumni-ffos-768x513.jpg 768w, https:\/\/www.ffos.unios.hr\/wp-content\/uploads\/2023\/07\/alumni-ffos-1536x1025.jpg 1536w, https:\/\/www.ffos.unios.hr\/wp-content\/uploads\/2023\/07\/alumni-ffos.jpg 2048w\" sizes=\"(max-width: 300px) 100vw, 300px\" \/><\/a>\n\t\t\t<\/dt>\n\t\t\t\t<dd class='wp-caption-text gallery-caption' id='gallery-2-66385'>\n\t\t\t\tAlumni: Pedago\u0161ke kompetencije kao preduvjet koordiniranja projekta\n\t\t\t\t<\/dd><\/dl><dl class='gallery-item'>\n\t\t\t<dt class='gallery-icon portrait'>\n\t\t\t\t<a href='https:\/\/www.ffos.unios.hr\/wp-content\/uploads\/2023\/09\/scientific-inter_view-Marinic.jpg'><img decoding=\"async\" width=\"225\" height=\"300\" src=\"https:\/\/www.ffos.unios.hr\/wp-content\/uploads\/2023\/09\/scientific-inter_view-Marinic-225x300.jpg\" class=\"attachment-medium size-medium\" alt=\"\" aria-describedby=\"gallery-2-68226\" srcset=\"https:\/\/www.ffos.unios.hr\/wp-content\/uploads\/2023\/09\/scientific-inter_view-Marinic-225x300.jpg 225w, https:\/\/www.ffos.unios.hr\/wp-content\/uploads\/2023\/09\/scientific-inter_view-Marinic-768x1024.jpg 768w, https:\/\/www.ffos.unios.hr\/wp-content\/uploads\/2023\/09\/scientific-inter_view-Marinic-1152x1536.jpg 1152w, https:\/\/www.ffos.unios.hr\/wp-content\/uploads\/2023\/09\/scientific-inter_view-Marinic.jpg 1200w\" sizes=\"(max-width: 225px) 100vw, 225px\" \/><\/a>\n\t\t\t<\/dt>\n\t\t\t\t<dd class='wp-caption-text gallery-caption' id='gallery-2-68226'>\n\t\t\t\tscientific inter_view, vol.5 #5\n\t\t\t\t<\/dd><\/dl><br style=\"clear: both\" \/><dl class='gallery-item'>\n\t\t\t<dt class='gallery-icon landscape'>\n\t\t\t\t<a href='https:\/\/www.ffos.unios.hr\/wp-content\/uploads\/2023\/09\/vedran-ristic-2.jpg'><img decoding=\"async\" width=\"300\" height=\"224\" src=\"https:\/\/www.ffos.unios.hr\/wp-content\/uploads\/2023\/09\/vedran-ristic-2-300x224.jpg\" class=\"attachment-medium size-medium\" alt=\"\" aria-describedby=\"gallery-2-69160\" srcset=\"https:\/\/www.ffos.unios.hr\/wp-content\/uploads\/2023\/09\/vedran-ristic-2-300x224.jpg 300w, https:\/\/www.ffos.unios.hr\/wp-content\/uploads\/2023\/09\/vedran-ristic-2-1024x766.jpg 1024w, https:\/\/www.ffos.unios.hr\/wp-content\/uploads\/2023\/09\/vedran-ristic-2-768x575.jpg 768w, https:\/\/www.ffos.unios.hr\/wp-content\/uploads\/2023\/09\/vedran-ristic-2-1536x1149.jpg 1536w, https:\/\/www.ffos.unios.hr\/wp-content\/uploads\/2023\/09\/vedran-ristic-2.jpg 2048w\" sizes=\"(max-width: 300px) 100vw, 300px\" \/><\/a>\n\t\t\t<\/dt>\n\t\t\t\t<dd class='wp-caption-text gallery-caption' id='gallery-2-69160'>\n\t\t\t\tAlumni: \n\t\t\t\t<\/dd><\/dl>\n\t\t\t<br style='clear: both' \/>\n\t\t<\/div>\n\n<p>&nbsp;<\/p>\n<h1 style=\"text-align: center;\">2023\/2024<\/h1>\n\n\t\t<style>\n\t\t\t#gallery-3 {\n\t\t\t\tmargin: auto;\n\t\t\t}\n\t\t\t#gallery-3 .gallery-item {\n\t\t\t\tfloat: left;\n\t\t\t\tmargin-top: 10px;\n\t\t\t\ttext-align: center;\n\t\t\t\twidth: 33%;\n\t\t\t}\n\t\t\t#gallery-3 img {\n\t\t\t\tborder: 2px solid #cfcfcf;\n\t\t\t}\n\t\t\t#gallery-3 .gallery-caption {\n\t\t\t\tmargin-left: 0;\n\t\t\t}\n\t\t\t\/* see gallery_shortcode() in wp-includes\/media.php *\/\n\t\t<\/style>\n\t\t<div id='gallery-3' class='gallery galleryid-125554 gallery-columns-3 gallery-size-medium'><dl class='gallery-item'>\n\t\t\t<dt class='gallery-icon landscape'>\n\t\t\t\t<a href='https:\/\/www.ffos.unios.hr\/wp-content\/uploads\/2023\/10\/Alumni-2.jpg'><img decoding=\"async\" width=\"300\" height=\"224\" src=\"https:\/\/www.ffos.unios.hr\/wp-content\/uploads\/2023\/10\/Alumni-2-300x224.jpg\" class=\"attachment-medium size-medium\" alt=\"\" aria-describedby=\"gallery-3-72793\" srcset=\"https:\/\/www.ffos.unios.hr\/wp-content\/uploads\/2023\/10\/Alumni-2-300x224.jpg 300w, https:\/\/www.ffos.unios.hr\/wp-content\/uploads\/2023\/10\/Alumni-2-1024x766.jpg 1024w, https:\/\/www.ffos.unios.hr\/wp-content\/uploads\/2023\/10\/Alumni-2-768x575.jpg 768w, https:\/\/www.ffos.unios.hr\/wp-content\/uploads\/2023\/10\/Alumni-2-1536x1149.jpg 1536w, https:\/\/www.ffos.unios.hr\/wp-content\/uploads\/2023\/10\/Alumni-2.jpg 2048w\" sizes=\"(max-width: 300px) 100vw, 300px\" \/><\/a>\n\t\t\t<\/dt>\n\t\t\t\t<dd class='wp-caption-text gallery-caption' id='gallery-3-72793'>\n\t\t\t\tAlumni: Rije\u010d kao lijek &#8211; vo\u0111eno \u010ditanje\n\t\t\t\t<\/dd><\/dl><dl class='gallery-item'>\n\t\t\t<dt class='gallery-icon landscape'>\n\t\t\t\t<a href='https:\/\/www.ffos.unios.hr\/wp-content\/uploads\/2023\/10\/gabrijela-buljan.jpg'><img decoding=\"async\" width=\"300\" height=\"225\" src=\"https:\/\/www.ffos.unios.hr\/wp-content\/uploads\/2023\/10\/gabrijela-buljan-300x225.jpg\" class=\"attachment-medium size-medium\" alt=\"\" aria-describedby=\"gallery-3-72832\" srcset=\"https:\/\/www.ffos.unios.hr\/wp-content\/uploads\/2023\/10\/gabrijela-buljan-300x225.jpg 300w, https:\/\/www.ffos.unios.hr\/wp-content\/uploads\/2023\/10\/gabrijela-buljan-1024x768.jpg 1024w, https:\/\/www.ffos.unios.hr\/wp-content\/uploads\/2023\/10\/gabrijela-buljan-768x576.jpg 768w, https:\/\/www.ffos.unios.hr\/wp-content\/uploads\/2023\/10\/gabrijela-buljan-1536x1152.jpg 1536w, https:\/\/www.ffos.unios.hr\/wp-content\/uploads\/2023\/10\/gabrijela-buljan.jpg 1600w\" sizes=\"(max-width: 300px) 100vw, 300px\" \/><\/a>\n\t\t\t<\/dt>\n\t\t\t\t<dd class='wp-caption-text gallery-caption' id='gallery-3-72832'>\n\t\t\t\tO\u010c: Ukorak s vremenom: tvorba rije\u010di izme\u0111u svijeta i interneta\n\t\t\t\t<\/dd><\/dl><dl class='gallery-item'>\n\t\t\t<dt class='gallery-icon portrait'>\n\t\t\t\t<a href='https:\/\/www.ffos.unios.hr\/wp-content\/uploads\/2023\/11\/1.png'><img decoding=\"async\" width=\"225\" height=\"300\" src=\"https:\/\/www.ffos.unios.hr\/wp-content\/uploads\/2023\/11\/1-225x300.png\" class=\"attachment-medium size-medium\" alt=\"\" aria-describedby=\"gallery-3-73250\" srcset=\"https:\/\/www.ffos.unios.hr\/wp-content\/uploads\/2023\/11\/1-225x300.png 225w, https:\/\/www.ffos.unios.hr\/wp-content\/uploads\/2023\/11\/1-768x1024.png 768w, https:\/\/www.ffos.unios.hr\/wp-content\/uploads\/2023\/11\/1-1152x1536.png 1152w, https:\/\/www.ffos.unios.hr\/wp-content\/uploads\/2023\/11\/1.png 1200w\" sizes=\"(max-width: 225px) 100vw, 225px\" \/><\/a>\n\t\t\t<\/dt>\n\t\t\t\t<dd class='wp-caption-text gallery-caption' id='gallery-3-73250'>\n\t\t\t\tAlumni: Anticiganizam\n\t\t\t\t<\/dd><\/dl><br style=\"clear: both\" \/><dl class='gallery-item'>\n\t\t\t<dt class='gallery-icon landscape'>\n\t\t\t\t<a href='https:\/\/www.ffos.unios.hr\/wp-content\/uploads\/2023\/11\/vesic2.jpg'><img decoding=\"async\" width=\"300\" height=\"225\" src=\"https:\/\/www.ffos.unios.hr\/wp-content\/uploads\/2023\/11\/vesic2-300x225.jpg\" class=\"attachment-medium size-medium\" alt=\"\" aria-describedby=\"gallery-3-73816\" srcset=\"https:\/\/www.ffos.unios.hr\/wp-content\/uploads\/2023\/11\/vesic2-300x225.jpg 300w, https:\/\/www.ffos.unios.hr\/wp-content\/uploads\/2023\/11\/vesic2-768x576.jpg 768w, https:\/\/www.ffos.unios.hr\/wp-content\/uploads\/2023\/11\/vesic2.jpg 1000w\" sizes=\"(max-width: 300px) 100vw, 300px\" \/><\/a>\n\t\t\t<\/dt>\n\t\t\t\t<dd class='wp-caption-text gallery-caption' id='gallery-3-73816'>\n\t\t\t\tEstLab: Kao da je bilo nekad\n\t\t\t\t<\/dd><\/dl><dl class='gallery-item'>\n\t\t\t<dt class='gallery-icon landscape'>\n\t\t\t\t<a href='https:\/\/www.ffos.unios.hr\/wp-content\/uploads\/2023\/11\/parcic-4.png'><img decoding=\"async\" width=\"300\" height=\"200\" src=\"https:\/\/www.ffos.unios.hr\/wp-content\/uploads\/2023\/11\/parcic-4-300x200.png\" class=\"attachment-medium size-medium\" alt=\"\" aria-describedby=\"gallery-3-75074\" srcset=\"https:\/\/www.ffos.unios.hr\/wp-content\/uploads\/2023\/11\/parcic-4-300x200.png 300w, https:\/\/www.ffos.unios.hr\/wp-content\/uploads\/2023\/11\/parcic-4-1024x683.png 1024w, https:\/\/www.ffos.unios.hr\/wp-content\/uploads\/2023\/11\/parcic-4-768x512.png 768w, https:\/\/www.ffos.unios.hr\/wp-content\/uploads\/2023\/11\/parcic-4.png 1371w\" sizes=\"(max-width: 300px) 100vw, 300px\" \/><\/a>\n\t\t\t<\/dt>\n\t\t\t\t<dd class='wp-caption-text gallery-caption' id='gallery-3-75074'>\n\t\t\t\t130 godina Par\u010di\u0107eva misala (1893.\u20132023.)\n\t\t\t\t<\/dd><\/dl><dl class='gallery-item'>\n\t\t\t<dt class='gallery-icon landscape'>\n\t\t\t\t<a href='https:\/\/www.ffos.unios.hr\/wp-content\/uploads\/2023\/11\/alumni-ffos.jpg'><img decoding=\"async\" width=\"300\" height=\"225\" src=\"https:\/\/www.ffos.unios.hr\/wp-content\/uploads\/2023\/11\/alumni-ffos-300x225.jpg\" class=\"attachment-medium size-medium\" alt=\"\" aria-describedby=\"gallery-3-75489\" srcset=\"https:\/\/www.ffos.unios.hr\/wp-content\/uploads\/2023\/11\/alumni-ffos-300x225.jpg 300w, https:\/\/www.ffos.unios.hr\/wp-content\/uploads\/2023\/11\/alumni-ffos-1024x768.jpg 1024w, https:\/\/www.ffos.unios.hr\/wp-content\/uploads\/2023\/11\/alumni-ffos-768x576.jpg 768w, https:\/\/www.ffos.unios.hr\/wp-content\/uploads\/2023\/11\/alumni-ffos.jpg 1280w\" sizes=\"(max-width: 300px) 100vw, 300px\" \/><\/a>\n\t\t\t<\/dt>\n\t\t\t\t<dd class='wp-caption-text gallery-caption' id='gallery-3-75489'>\n\t\t\t\tAlumni: Gender Differences in Congressional Speeches\n\t\t\t\t<\/dd><\/dl><br style=\"clear: both\" \/><dl class='gallery-item'>\n\t\t\t<dt class='gallery-icon landscape'>\n\t\t\t\t<a href='https:\/\/www.ffos.unios.hr\/wp-content\/uploads\/2023\/11\/3.jpg'><img decoding=\"async\" width=\"300\" height=\"200\" src=\"https:\/\/www.ffos.unios.hr\/wp-content\/uploads\/2023\/11\/3-300x200.jpg\" class=\"attachment-medium size-medium\" alt=\"\" aria-describedby=\"gallery-3-74740\" srcset=\"https:\/\/www.ffos.unios.hr\/wp-content\/uploads\/2023\/11\/3-300x200.jpg 300w, https:\/\/www.ffos.unios.hr\/wp-content\/uploads\/2023\/11\/3-1024x683.jpg 1024w, https:\/\/www.ffos.unios.hr\/wp-content\/uploads\/2023\/11\/3-768x512.jpg 768w, https:\/\/www.ffos.unios.hr\/wp-content\/uploads\/2023\/11\/3-1536x1024.jpg 1536w, https:\/\/www.ffos.unios.hr\/wp-content\/uploads\/2023\/11\/3.jpg 1620w\" sizes=\"(max-width: 300px) 100vw, 300px\" \/><\/a>\n\t\t\t<\/dt>\n\t\t\t\t<dd class='wp-caption-text gallery-caption' id='gallery-3-74740'>\n\t\t\t\tPredstavljanje knjige &#8220;Japan za vladavine \u0161oguna&#8221;\n\t\t\t\t<\/dd><\/dl><dl class='gallery-item'>\n\t\t\t<dt class='gallery-icon landscape'>\n\t\t\t\t<a href='https:\/\/www.ffos.unios.hr\/wp-content\/uploads\/2023\/12\/ana-badurina-1.jpeg'><img decoding=\"async\" width=\"300\" height=\"200\" src=\"https:\/\/www.ffos.unios.hr\/wp-content\/uploads\/2023\/12\/ana-badurina-1-300x200.jpeg\" class=\"attachment-medium size-medium\" alt=\"\" aria-describedby=\"gallery-3-75973\" srcset=\"https:\/\/www.ffos.unios.hr\/wp-content\/uploads\/2023\/12\/ana-badurina-1-300x200.jpeg 300w, https:\/\/www.ffos.unios.hr\/wp-content\/uploads\/2023\/12\/ana-badurina-1-1024x683.jpeg 1024w, https:\/\/www.ffos.unios.hr\/wp-content\/uploads\/2023\/12\/ana-badurina-1-768x512.jpeg 768w, https:\/\/www.ffos.unios.hr\/wp-content\/uploads\/2023\/12\/ana-badurina-1-1536x1024.jpeg 1536w, https:\/\/www.ffos.unios.hr\/wp-content\/uploads\/2023\/12\/ana-badurina-1.jpeg 1620w\" sizes=\"(max-width: 300px) 100vw, 300px\" \/><\/a>\n\t\t\t<\/dt>\n\t\t\t\t<dd class='wp-caption-text gallery-caption' id='gallery-3-75973'>\n\t\t\t\tO\u010c: Elena Ferrante, genijalna spisateljica\n\t\t\t\t<\/dd><\/dl><dl class='gallery-item'>\n\t\t\t<dt class='gallery-icon landscape'>\n\t\t\t\t<a href='https:\/\/www.ffos.unios.hr\/wp-content\/uploads\/2023\/12\/miljenko-jergovic.jpg'><img decoding=\"async\" width=\"300\" height=\"225\" src=\"https:\/\/www.ffos.unios.hr\/wp-content\/uploads\/2023\/12\/miljenko-jergovic-300x225.jpg\" class=\"attachment-medium size-medium\" alt=\"\" aria-describedby=\"gallery-3-76914\" srcset=\"https:\/\/www.ffos.unios.hr\/wp-content\/uploads\/2023\/12\/miljenko-jergovic-300x225.jpg 300w, https:\/\/www.ffos.unios.hr\/wp-content\/uploads\/2023\/12\/miljenko-jergovic-1024x768.jpg 1024w, https:\/\/www.ffos.unios.hr\/wp-content\/uploads\/2023\/12\/miljenko-jergovic-768x576.jpg 768w, https:\/\/www.ffos.unios.hr\/wp-content\/uploads\/2023\/12\/miljenko-jergovic-1536x1152.jpg 1536w, https:\/\/www.ffos.unios.hr\/wp-content\/uploads\/2023\/12\/miljenko-jergovic.jpg 2000w\" sizes=\"(max-width: 300px) 100vw, 300px\" \/><\/a>\n\t\t\t<\/dt>\n\t\t\t\t<dd class='wp-caption-text gallery-caption' id='gallery-3-76914'>\n\t\t\t\tEstLab: Mudrost poraza, ludost pobjede \u2013 s Miljenkom Jergovi\u0107em o nogometu, pisanju i\u2026 filozofiji\n\t\t\t\t<\/dd><\/dl><br style=\"clear: both\" \/><dl class='gallery-item'>\n\t\t\t<dt class='gallery-icon landscape'>\n\t\t\t\t<a href='https:\/\/www.ffos.unios.hr\/wp-content\/uploads\/2023\/12\/2-1.jpg'><img decoding=\"async\" width=\"300\" height=\"224\" src=\"https:\/\/www.ffos.unios.hr\/wp-content\/uploads\/2023\/12\/2-1-300x224.jpg\" class=\"attachment-medium size-medium\" alt=\"\" aria-describedby=\"gallery-3-76567\" srcset=\"https:\/\/www.ffos.unios.hr\/wp-content\/uploads\/2023\/12\/2-1-300x224.jpg 300w, https:\/\/www.ffos.unios.hr\/wp-content\/uploads\/2023\/12\/2-1-1024x766.jpg 1024w, https:\/\/www.ffos.unios.hr\/wp-content\/uploads\/2023\/12\/2-1-768x575.jpg 768w, https:\/\/www.ffos.unios.hr\/wp-content\/uploads\/2023\/12\/2-1-1536x1149.jpg 1536w, https:\/\/www.ffos.unios.hr\/wp-content\/uploads\/2023\/12\/2-1.jpg 1600w\" sizes=\"(max-width: 300px) 100vw, 300px\" \/><\/a>\n\t\t\t<\/dt>\n\t\t\t\t<dd class='wp-caption-text gallery-caption' id='gallery-3-76567'>\n\t\t\t\tAlumni: Gdje je nestao \u010dovjek?\n\t\t\t\t<\/dd><\/dl><dl class='gallery-item'>\n\t\t\t<dt class='gallery-icon landscape'>\n\t\t\t\t<a href='https:\/\/www.ffos.unios.hr\/wp-content\/uploads\/2023\/12\/351A3665.jpeg'><img decoding=\"async\" width=\"300\" height=\"200\" src=\"https:\/\/www.ffos.unios.hr\/wp-content\/uploads\/2023\/12\/351A3665-300x200.jpeg\" class=\"attachment-medium size-medium\" alt=\"\" aria-describedby=\"gallery-3-77099\" srcset=\"https:\/\/www.ffos.unios.hr\/wp-content\/uploads\/2023\/12\/351A3665-300x200.jpeg 300w, https:\/\/www.ffos.unios.hr\/wp-content\/uploads\/2023\/12\/351A3665-1024x683.jpeg 1024w, https:\/\/www.ffos.unios.hr\/wp-content\/uploads\/2023\/12\/351A3665-768x512.jpeg 768w, https:\/\/www.ffos.unios.hr\/wp-content\/uploads\/2023\/12\/351A3665-1536x1024.jpeg 1536w, https:\/\/www.ffos.unios.hr\/wp-content\/uploads\/2023\/12\/351A3665.jpeg 1620w\" sizes=\"(max-width: 300px) 100vw, 300px\" \/><\/a>\n\t\t\t<\/dt>\n\t\t\t\t<dd class='wp-caption-text gallery-caption' id='gallery-3-77099'>\n\t\t\t\tAlumni: U\u010ditelji i u\u010denici s posebnim odgojno-obrazovnim potrebama\n\t\t\t\t<\/dd><\/dl><dl class='gallery-item'>\n\t\t\t<dt class='gallery-icon landscape'>\n\t\t\t\t<a href='https:\/\/www.ffos.unios.hr\/wp-content\/uploads\/2023\/12\/kristina-cergol-2.jpg'><img decoding=\"async\" width=\"300\" height=\"225\" src=\"https:\/\/www.ffos.unios.hr\/wp-content\/uploads\/2023\/12\/kristina-cergol-2-300x225.jpg\" class=\"attachment-medium size-medium\" alt=\"\" aria-describedby=\"gallery-3-77117\" srcset=\"https:\/\/www.ffos.unios.hr\/wp-content\/uploads\/2023\/12\/kristina-cergol-2-300x225.jpg 300w, https:\/\/www.ffos.unios.hr\/wp-content\/uploads\/2023\/12\/kristina-cergol-2-1024x768.jpg 1024w, https:\/\/www.ffos.unios.hr\/wp-content\/uploads\/2023\/12\/kristina-cergol-2-768x576.jpg 768w, https:\/\/www.ffos.unios.hr\/wp-content\/uploads\/2023\/12\/kristina-cergol-2-1536x1152.jpg 1536w, https:\/\/www.ffos.unios.hr\/wp-content\/uploads\/2023\/12\/kristina-cergol-2.jpg 1600w\" sizes=\"(max-width: 300px) 100vw, 300px\" \/><\/a>\n\t\t\t<\/dt>\n\t\t\t\t<dd class='wp-caption-text gallery-caption' id='gallery-3-77117'>\n\t\t\t\tO\u010c:\n\t\t\t\t<\/dd><\/dl><br style=\"clear: both\" \/><dl class='gallery-item'>\n\t\t\t<dt class='gallery-icon landscape'>\n\t\t\t\t<a href='https:\/\/www.ffos.unios.hr\/wp-content\/uploads\/2024\/01\/tribina-ffos-otvoreni-cetvrtak-2024.jpg'><img decoding=\"async\" width=\"300\" height=\"200\" src=\"https:\/\/www.ffos.unios.hr\/wp-content\/uploads\/2024\/01\/tribina-ffos-otvoreni-cetvrtak-2024-300x200.jpg\" class=\"attachment-medium size-medium\" alt=\"\" aria-describedby=\"gallery-3-78356\" srcset=\"https:\/\/www.ffos.unios.hr\/wp-content\/uploads\/2024\/01\/tribina-ffos-otvoreni-cetvrtak-2024-300x200.jpg 300w, https:\/\/www.ffos.unios.hr\/wp-content\/uploads\/2024\/01\/tribina-ffos-otvoreni-cetvrtak-2024-1024x682.jpg 1024w, https:\/\/www.ffos.unios.hr\/wp-content\/uploads\/2024\/01\/tribina-ffos-otvoreni-cetvrtak-2024-768x512.jpg 768w, https:\/\/www.ffos.unios.hr\/wp-content\/uploads\/2024\/01\/tribina-ffos-otvoreni-cetvrtak-2024-1536x1023.jpg 1536w, https:\/\/www.ffos.unios.hr\/wp-content\/uploads\/2024\/01\/tribina-ffos-otvoreni-cetvrtak-2024.jpg 1600w\" sizes=\"(max-width: 300px) 100vw, 300px\" \/><\/a>\n\t\t\t<\/dt>\n\t\t\t\t<dd class='wp-caption-text gallery-caption' id='gallery-3-78356'>\n\t\t\t\tO\u010c: \n\t\t\t\t<\/dd><\/dl><dl class='gallery-item'>\n\t\t\t<dt class='gallery-icon landscape'>\n\t\t\t\t<a href='https:\/\/www.ffos.unios.hr\/wp-content\/uploads\/2024\/01\/umjet_aktivizam.jpg'><img decoding=\"async\" width=\"300\" height=\"228\" src=\"https:\/\/www.ffos.unios.hr\/wp-content\/uploads\/2024\/01\/umjet_aktivizam-300x228.jpg\" class=\"attachment-medium size-medium\" alt=\"\" aria-describedby=\"gallery-3-78111\" srcset=\"https:\/\/www.ffos.unios.hr\/wp-content\/uploads\/2024\/01\/umjet_aktivizam-300x228.jpg 300w, https:\/\/www.ffos.unios.hr\/wp-content\/uploads\/2024\/01\/umjet_aktivizam-1024x777.jpg 1024w, https:\/\/www.ffos.unios.hr\/wp-content\/uploads\/2024\/01\/umjet_aktivizam-768x583.jpg 768w, https:\/\/www.ffos.unios.hr\/wp-content\/uploads\/2024\/01\/umjet_aktivizam.jpg 1476w\" sizes=\"(max-width: 300px) 100vw, 300px\" \/><\/a>\n\t\t\t<\/dt>\n\t\t\t\t<dd class='wp-caption-text gallery-caption' id='gallery-3-78111'>\n\t\t\t\tEstLab: Umjetnost i aktivizam\n\t\t\t\t<\/dd><\/dl><dl class='gallery-item'>\n\t\t\t<dt class='gallery-icon landscape'>\n\t\t\t\t<a href='https:\/\/www.ffos.unios.hr\/wp-content\/uploads\/2024\/01\/kresimir-sucevic.jpg'><img decoding=\"async\" width=\"300\" height=\"200\" src=\"https:\/\/www.ffos.unios.hr\/wp-content\/uploads\/2024\/01\/kresimir-sucevic-300x200.jpg\" class=\"attachment-medium size-medium\" alt=\"\" aria-describedby=\"gallery-3-79417\" srcset=\"https:\/\/www.ffos.unios.hr\/wp-content\/uploads\/2024\/01\/kresimir-sucevic-300x200.jpg 300w, https:\/\/www.ffos.unios.hr\/wp-content\/uploads\/2024\/01\/kresimir-sucevic-1024x683.jpg 1024w, https:\/\/www.ffos.unios.hr\/wp-content\/uploads\/2024\/01\/kresimir-sucevic-768x512.jpg 768w, https:\/\/www.ffos.unios.hr\/wp-content\/uploads\/2024\/01\/kresimir-sucevic-1536x1024.jpg 1536w, https:\/\/www.ffos.unios.hr\/wp-content\/uploads\/2024\/01\/kresimir-sucevic.jpg 1620w\" sizes=\"(max-width: 300px) 100vw, 300px\" \/><\/a>\n\t\t\t<\/dt>\n\t\t\t\t<dd class='wp-caption-text gallery-caption' id='gallery-3-79417'>\n\t\t\t\tO\u010c: Pub-kvizovi \u2013 dokona razbibriga, intelektualni sport ili pomo\u0107 u obrazovanju?\n\t\t\t\t<\/dd><\/dl><br style=\"clear: both\" \/><dl class='gallery-item'>\n\t\t\t<dt class='gallery-icon landscape'>\n\t\t\t\t<a href='https:\/\/www.ffos.unios.hr\/wp-content\/uploads\/2024\/02\/martina-ivanovic.jpeg'><img decoding=\"async\" width=\"300\" height=\"200\" src=\"https:\/\/www.ffos.unios.hr\/wp-content\/uploads\/2024\/02\/martina-ivanovic-300x200.jpeg\" class=\"attachment-medium size-medium\" alt=\"\" aria-describedby=\"gallery-3-79686\" srcset=\"https:\/\/www.ffos.unios.hr\/wp-content\/uploads\/2024\/02\/martina-ivanovic-300x200.jpeg 300w, https:\/\/www.ffos.unios.hr\/wp-content\/uploads\/2024\/02\/martina-ivanovic-1024x683.jpeg 1024w, https:\/\/www.ffos.unios.hr\/wp-content\/uploads\/2024\/02\/martina-ivanovic-768x512.jpeg 768w, https:\/\/www.ffos.unios.hr\/wp-content\/uploads\/2024\/02\/martina-ivanovic-1536x1024.jpeg 1536w, https:\/\/www.ffos.unios.hr\/wp-content\/uploads\/2024\/02\/martina-ivanovic.jpeg 1620w\" sizes=\"(max-width: 300px) 100vw, 300px\" \/><\/a>\n\t\t\t<\/dt>\n\t\t\t\t<dd class='wp-caption-text gallery-caption' id='gallery-3-79686'>\n\t\t\t\tAlumni: Iskustvom umjetnosti\n\t\t\t\t<\/dd><\/dl><dl class='gallery-item'>\n\t\t\t<dt class='gallery-icon landscape'>\n\t\t\t\t<a href='https:\/\/www.ffos.unios.hr\/wp-content\/uploads\/2024\/02\/ljiljana-pintaric.jpeg'><img decoding=\"async\" width=\"300\" height=\"200\" src=\"https:\/\/www.ffos.unios.hr\/wp-content\/uploads\/2024\/02\/ljiljana-pintaric-300x200.jpeg\" class=\"attachment-medium size-medium\" alt=\"\" aria-describedby=\"gallery-3-79915\" srcset=\"https:\/\/www.ffos.unios.hr\/wp-content\/uploads\/2024\/02\/ljiljana-pintaric-300x200.jpeg 300w, https:\/\/www.ffos.unios.hr\/wp-content\/uploads\/2024\/02\/ljiljana-pintaric-1024x683.jpeg 1024w, https:\/\/www.ffos.unios.hr\/wp-content\/uploads\/2024\/02\/ljiljana-pintaric-768x512.jpeg 768w, https:\/\/www.ffos.unios.hr\/wp-content\/uploads\/2024\/02\/ljiljana-pintaric-1536x1024.jpeg 1536w, https:\/\/www.ffos.unios.hr\/wp-content\/uploads\/2024\/02\/ljiljana-pintaric.jpeg 1620w\" sizes=\"(max-width: 300px) 100vw, 300px\" \/><\/a>\n\t\t\t<\/dt>\n\t\t\t\t<dd class='wp-caption-text gallery-caption' id='gallery-3-79915'>\n\t\t\t\tAlumni: Za\u0161to lije\u010dnici odlaze iz Hrvatske?\n\t\t\t\t<\/dd><\/dl><dl class='gallery-item'>\n\t\t\t<dt class='gallery-icon landscape'>\n\t\t\t\t<a href='https:\/\/www.ffos.unios.hr\/wp-content\/uploads\/2024\/03\/bbosancic.jpg'><img decoding=\"async\" width=\"300\" height=\"225\" src=\"https:\/\/www.ffos.unios.hr\/wp-content\/uploads\/2024\/03\/bbosancic-300x225.jpg\" class=\"attachment-medium size-medium\" alt=\"\" aria-describedby=\"gallery-3-81944\" srcset=\"https:\/\/www.ffos.unios.hr\/wp-content\/uploads\/2024\/03\/bbosancic-300x225.jpg 300w, https:\/\/www.ffos.unios.hr\/wp-content\/uploads\/2024\/03\/bbosancic-768x576.jpg 768w, https:\/\/www.ffos.unios.hr\/wp-content\/uploads\/2024\/03\/bbosancic.jpg 1024w\" sizes=\"(max-width: 300px) 100vw, 300px\" \/><\/a>\n\t\t\t<\/dt>\n\t\t\t\t<dd class='wp-caption-text gallery-caption' id='gallery-3-81944'>\n\t\t\t\tO\u010c: Vje\u010dno vra\u0107anje jednakog \u2013 Nietzscheova najznanstvenija ili najreligioznija misao?\n\t\t\t\t<\/dd><\/dl><br style=\"clear: both\" \/><dl class='gallery-item'>\n\t\t\t<dt class='gallery-icon landscape'>\n\t\t\t\t<a href='https:\/\/www.ffos.unios.hr\/wp-content\/uploads\/2024\/03\/hpetrovic.jpg'><img decoding=\"async\" width=\"300\" height=\"225\" src=\"https:\/\/www.ffos.unios.hr\/wp-content\/uploads\/2024\/03\/hpetrovic-300x225.jpg\" class=\"attachment-medium size-medium\" alt=\"\" aria-describedby=\"gallery-3-81950\" srcset=\"https:\/\/www.ffos.unios.hr\/wp-content\/uploads\/2024\/03\/hpetrovic-300x225.jpg 300w, https:\/\/www.ffos.unios.hr\/wp-content\/uploads\/2024\/03\/hpetrovic-1024x768.jpg 1024w, https:\/\/www.ffos.unios.hr\/wp-content\/uploads\/2024\/03\/hpetrovic-768x576.jpg 768w, https:\/\/www.ffos.unios.hr\/wp-content\/uploads\/2024\/03\/hpetrovic-1536x1152.jpg 1536w, https:\/\/www.ffos.unios.hr\/wp-content\/uploads\/2024\/03\/hpetrovic.jpg 1600w\" sizes=\"(max-width: 300px) 100vw, 300px\" \/><\/a>\n\t\t\t<\/dt>\n\t\t\t\t<dd class='wp-caption-text gallery-caption' id='gallery-3-81950'>\n\t\t\t\tCII: projekcija filma DGO III\/IIII\n\t\t\t\t<\/dd><\/dl><dl class='gallery-item'>\n\t\t\t<dt class='gallery-icon landscape'>\n\t\t\t\t<a href='https:\/\/www.ffos.unios.hr\/wp-content\/uploads\/2024\/03\/Novak-2.jpg'><img decoding=\"async\" width=\"300\" height=\"225\" src=\"https:\/\/www.ffos.unios.hr\/wp-content\/uploads\/2024\/03\/Novak-2-300x225.jpg\" class=\"attachment-medium size-medium\" alt=\"\" aria-describedby=\"gallery-3-83368\" srcset=\"https:\/\/www.ffos.unios.hr\/wp-content\/uploads\/2024\/03\/Novak-2-300x225.jpg 300w, https:\/\/www.ffos.unios.hr\/wp-content\/uploads\/2024\/03\/Novak-2.jpg 768w\" sizes=\"(max-width: 300px) 100vw, 300px\" \/><\/a>\n\t\t\t<\/dt>\n\t\t\t\t<dd class='wp-caption-text gallery-caption' id='gallery-3-83368'>\n\t\t\t\tEstLab-razgovor: Pisac i znanstvenik &#8211; autoetnografski pejza\u017ei Kristiana Novaka\n\t\t\t\t<\/dd><\/dl><dl class='gallery-item'>\n\t\t\t<dt class='gallery-icon landscape'>\n\t\t\t\t<a href='https:\/\/www.ffos.unios.hr\/wp-content\/uploads\/2024\/03\/zeljko-pavic.jpg'><img decoding=\"async\" width=\"300\" height=\"225\" src=\"https:\/\/www.ffos.unios.hr\/wp-content\/uploads\/2024\/03\/zeljko-pavic-300x225.jpg\" class=\"attachment-medium size-medium\" alt=\"\" aria-describedby=\"gallery-3-83374\" srcset=\"https:\/\/www.ffos.unios.hr\/wp-content\/uploads\/2024\/03\/zeljko-pavic-300x225.jpg 300w, https:\/\/www.ffos.unios.hr\/wp-content\/uploads\/2024\/03\/zeljko-pavic-1024x768.jpg 1024w, https:\/\/www.ffos.unios.hr\/wp-content\/uploads\/2024\/03\/zeljko-pavic-768x576.jpg 768w, https:\/\/www.ffos.unios.hr\/wp-content\/uploads\/2024\/03\/zeljko-pavic-1536x1152.jpg 1536w, https:\/\/www.ffos.unios.hr\/wp-content\/uploads\/2024\/03\/zeljko-pavic.jpg 1600w\" sizes=\"(max-width: 300px) 100vw, 300px\" \/><\/a>\n\t\t\t<\/dt>\n\t\t\t\t<dd class='wp-caption-text gallery-caption' id='gallery-3-83374'>\n\t\t\t\tO\u010c: Politi\u010dki izbori i strukturna polarizacija hrvatskog dru\u0161tva\n\t\t\t\t<\/dd><\/dl><br style=\"clear: both\" \/><dl class='gallery-item'>\n\t\t\t<dt class='gallery-icon landscape'>\n\t\t\t\t<a href='https:\/\/www.ffos.unios.hr\/wp-content\/uploads\/2024\/04\/351A0043.jpeg'><img decoding=\"async\" width=\"300\" height=\"200\" src=\"https:\/\/www.ffos.unios.hr\/wp-content\/uploads\/2024\/04\/351A0043-300x200.jpeg\" class=\"attachment-medium size-medium\" alt=\"\" aria-describedby=\"gallery-3-84286\" srcset=\"https:\/\/www.ffos.unios.hr\/wp-content\/uploads\/2024\/04\/351A0043-300x200.jpeg 300w, https:\/\/www.ffos.unios.hr\/wp-content\/uploads\/2024\/04\/351A0043-1024x683.jpeg 1024w, https:\/\/www.ffos.unios.hr\/wp-content\/uploads\/2024\/04\/351A0043-768x512.jpeg 768w, https:\/\/www.ffos.unios.hr\/wp-content\/uploads\/2024\/04\/351A0043-1536x1024.jpeg 1536w, https:\/\/www.ffos.unios.hr\/wp-content\/uploads\/2024\/04\/351A0043.jpeg 1620w\" sizes=\"(max-width: 300px) 100vw, 300px\" \/><\/a>\n\t\t\t<\/dt>\n\t\t\t\t<dd class='wp-caption-text gallery-caption' id='gallery-3-84286'>\n\t\t\t\tO\u010c: Ima li povijesti bez usta\u0161a i partizana? Biti povjesni\u010dar u Hrvatskoj\n\t\t\t\t<\/dd><\/dl><dl class='gallery-item'>\n\t\t\t<dt class='gallery-icon landscape'>\n\t\t\t\t<a href='https:\/\/www.ffos.unios.hr\/wp-content\/uploads\/2024\/04\/postmarksizam-2.jpg'><img decoding=\"async\" width=\"300\" height=\"225\" src=\"https:\/\/www.ffos.unios.hr\/wp-content\/uploads\/2024\/04\/postmarksizam-2-300x225.jpg\" class=\"attachment-medium size-medium\" alt=\"\" aria-describedby=\"gallery-3-84467\" srcset=\"https:\/\/www.ffos.unios.hr\/wp-content\/uploads\/2024\/04\/postmarksizam-2-300x225.jpg 300w, https:\/\/www.ffos.unios.hr\/wp-content\/uploads\/2024\/04\/postmarksizam-2-768x576.jpg 768w, https:\/\/www.ffos.unios.hr\/wp-content\/uploads\/2024\/04\/postmarksizam-2.jpg 1000w\" sizes=\"(max-width: 300px) 100vw, 300px\" \/><\/a>\n\t\t\t<\/dt>\n\t\t\t\t<dd class='wp-caption-text gallery-caption' id='gallery-3-84467'>\n\t\t\t\tEstLab-tribina: Postmarksizam\n\t\t\t\t<\/dd><\/dl><dl class='gallery-item'>\n\t\t\t<dt class='gallery-icon landscape'>\n\t\t\t\t<a href='https:\/\/www.ffos.unios.hr\/wp-content\/uploads\/2024\/05\/alumni.jpg'><img decoding=\"async\" width=\"300\" height=\"169\" src=\"https:\/\/www.ffos.unios.hr\/wp-content\/uploads\/2024\/05\/alumni-300x169.jpg\" class=\"attachment-medium size-medium\" alt=\"\" aria-describedby=\"gallery-3-86314\" srcset=\"https:\/\/www.ffos.unios.hr\/wp-content\/uploads\/2024\/05\/alumni-300x169.jpg 300w, https:\/\/www.ffos.unios.hr\/wp-content\/uploads\/2024\/05\/alumni-1024x576.jpg 1024w, https:\/\/www.ffos.unios.hr\/wp-content\/uploads\/2024\/05\/alumni-768x432.jpg 768w, https:\/\/www.ffos.unios.hr\/wp-content\/uploads\/2024\/05\/alumni-1536x864.jpg 1536w, https:\/\/www.ffos.unios.hr\/wp-content\/uploads\/2024\/05\/alumni.jpg 1800w\" sizes=\"(max-width: 300px) 100vw, 300px\" \/><\/a>\n\t\t\t<\/dt>\n\t\t\t\t<dd class='wp-caption-text gallery-caption' id='gallery-3-86314'>\n\t\t\t\tAlumni: Ki\u0161ne kapi &#8211; umjetni\u010dko pripovijedanje\n\t\t\t\t<\/dd><\/dl><br style=\"clear: both\" \/><dl class='gallery-item'>\n\t\t\t<dt class='gallery-icon landscape'>\n\t\t\t\t<a href='https:\/\/www.ffos.unios.hr\/wp-content\/uploads\/2024\/05\/alumni-2024.jpg'><img decoding=\"async\" width=\"300\" height=\"225\" src=\"https:\/\/www.ffos.unios.hr\/wp-content\/uploads\/2024\/05\/alumni-2024-300x225.jpg\" class=\"attachment-medium size-medium\" alt=\"\" aria-describedby=\"gallery-3-86434\" srcset=\"https:\/\/www.ffos.unios.hr\/wp-content\/uploads\/2024\/05\/alumni-2024-300x225.jpg 300w, https:\/\/www.ffos.unios.hr\/wp-content\/uploads\/2024\/05\/alumni-2024-1024x768.jpg 1024w, https:\/\/www.ffos.unios.hr\/wp-content\/uploads\/2024\/05\/alumni-2024-768x576.jpg 768w, https:\/\/www.ffos.unios.hr\/wp-content\/uploads\/2024\/05\/alumni-2024-1536x1152.jpg 1536w, https:\/\/www.ffos.unios.hr\/wp-content\/uploads\/2024\/05\/alumni-2024.jpg 1600w\" sizes=\"(max-width: 300px) 100vw, 300px\" \/><\/a>\n\t\t\t<\/dt>\n\t\t\t\t<dd class='wp-caption-text gallery-caption' id='gallery-3-86434'>\n\t\t\t\tAlumni: Pripovijedanje kao metoda pou\u010davanja\n\t\t\t\t<\/dd><\/dl><dl class='gallery-item'>\n\t\t\t<dt class='gallery-icon landscape'>\n\t\t\t\t<a href='https:\/\/www.ffos.unios.hr\/wp-content\/uploads\/2024\/05\/silvija-rucevic.jpg'><img decoding=\"async\" width=\"300\" height=\"225\" src=\"https:\/\/www.ffos.unios.hr\/wp-content\/uploads\/2024\/05\/silvija-rucevic-300x225.jpg\" class=\"attachment-medium size-medium\" alt=\"\" aria-describedby=\"gallery-3-86836\" srcset=\"https:\/\/www.ffos.unios.hr\/wp-content\/uploads\/2024\/05\/silvija-rucevic-300x225.jpg 300w, https:\/\/www.ffos.unios.hr\/wp-content\/uploads\/2024\/05\/silvija-rucevic-1024x768.jpg 1024w, https:\/\/www.ffos.unios.hr\/wp-content\/uploads\/2024\/05\/silvija-rucevic-768x576.jpg 768w, https:\/\/www.ffos.unios.hr\/wp-content\/uploads\/2024\/05\/silvija-rucevic-1536x1152.jpg 1536w, https:\/\/www.ffos.unios.hr\/wp-content\/uploads\/2024\/05\/silvija-rucevic.jpg 1600w\" sizes=\"(max-width: 300px) 100vw, 300px\" \/><\/a>\n\t\t\t<\/dt>\n\t\t\t\t<dd class='wp-caption-text gallery-caption' id='gallery-3-86836'>\n\t\t\t\tO\u010c: Klju\u010devi mentalnog zdravlja: izvr\u0161ne funkcije, na\u010din razmi\u0161ljanja i psiholo\u0161ka otpornost\n\t\t\t\t<\/dd><\/dl><dl class='gallery-item'>\n\t\t\t<dt class='gallery-icon landscape'>\n\t\t\t\t<a href='https:\/\/www.ffos.unios.hr\/wp-content\/uploads\/2024\/06\/schimdt_metastaze_hrvatske_zbiljnosti-2-1.jpg'><img decoding=\"async\" width=\"300\" height=\"225\" src=\"https:\/\/www.ffos.unios.hr\/wp-content\/uploads\/2024\/06\/schimdt_metastaze_hrvatske_zbiljnosti-2-1-300x225.jpg\" class=\"attachment-medium size-medium\" alt=\"\" aria-describedby=\"gallery-3-87739\" srcset=\"https:\/\/www.ffos.unios.hr\/wp-content\/uploads\/2024\/06\/schimdt_metastaze_hrvatske_zbiljnosti-2-1-300x225.jpg 300w, https:\/\/www.ffos.unios.hr\/wp-content\/uploads\/2024\/06\/schimdt_metastaze_hrvatske_zbiljnosti-2-1-768x576.jpg 768w, https:\/\/www.ffos.unios.hr\/wp-content\/uploads\/2024\/06\/schimdt_metastaze_hrvatske_zbiljnosti-2-1.jpg 1000w\" sizes=\"(max-width: 300px) 100vw, 300px\" \/><\/a>\n\t\t\t<\/dt>\n\t\t\t\t<dd class='wp-caption-text gallery-caption' id='gallery-3-87739'>\n\t\t\t\tEstLab: Metastaze (hrvatske) zbiljnosti\n\t\t\t\t<\/dd><\/dl><br style=\"clear: both\" \/><dl class='gallery-item'>\n\t\t\t<dt class='gallery-icon landscape'>\n\t\t\t\t<a href='https:\/\/www.ffos.unios.hr\/wp-content\/uploads\/2024\/06\/1-2-scaled.jpg'><img decoding=\"async\" width=\"300\" height=\"200\" src=\"https:\/\/www.ffos.unios.hr\/wp-content\/uploads\/2024\/06\/1-2-300x200.jpg\" class=\"attachment-medium size-medium\" alt=\"\" aria-describedby=\"gallery-3-88543\" srcset=\"https:\/\/www.ffos.unios.hr\/wp-content\/uploads\/2024\/06\/1-2-300x200.jpg 300w, https:\/\/www.ffos.unios.hr\/wp-content\/uploads\/2024\/06\/1-2-1024x683.jpg 1024w, https:\/\/www.ffos.unios.hr\/wp-content\/uploads\/2024\/06\/1-2-768x512.jpg 768w, https:\/\/www.ffos.unios.hr\/wp-content\/uploads\/2024\/06\/1-2-1536x1024.jpg 1536w, https:\/\/www.ffos.unios.hr\/wp-content\/uploads\/2024\/06\/1-2-scaled.jpg 2048w\" sizes=\"(max-width: 300px) 100vw, 300px\" \/><\/a>\n\t\t\t<\/dt>\n\t\t\t\t<dd class='wp-caption-text gallery-caption' id='gallery-3-88543'>\n\t\t\t\tPromocija sveu\u010dili\u0161nog ud\u017ebenika \u201ePersonality and Intelligence: The Psychology of Individual Differences\u201c\n\t\t\t\t<\/dd><\/dl>\n\t\t\t<br style='clear: both' \/>\n\t\t<\/div>\n\n<p>&nbsp;<\/p>\n<h1 style=\"text-align: center;\">2024\/2025<\/h1>\n\n\t\t<style>\n\t\t\t#gallery-4 {\n\t\t\t\tmargin: auto;\n\t\t\t}\n\t\t\t#gallery-4 .gallery-item {\n\t\t\t\tfloat: left;\n\t\t\t\tmargin-top: 10px;\n\t\t\t\ttext-align: center;\n\t\t\t\twidth: 33%;\n\t\t\t}\n\t\t\t#gallery-4 img {\n\t\t\t\tborder: 2px solid #cfcfcf;\n\t\t\t}\n\t\t\t#gallery-4 .gallery-caption {\n\t\t\t\tmargin-left: 0;\n\t\t\t}\n\t\t\t\/* see gallery_shortcode() in wp-includes\/media.php *\/\n\t\t<\/style>\n\t\t<div id='gallery-4' class='gallery galleryid-125554 gallery-columns-3 gallery-size-medium'><dl class='gallery-item'>\n\t\t\t<dt class='gallery-icon landscape'>\n\t\t\t\t<a href='https:\/\/www.ffos.unios.hr\/wp-content\/uploads\/2024\/10\/lovsin2-1.jpg'><img decoding=\"async\" width=\"300\" height=\"225\" src=\"https:\/\/www.ffos.unios.hr\/wp-content\/uploads\/2024\/10\/lovsin2-1-300x225.jpg\" class=\"attachment-medium size-medium\" alt=\"\" aria-describedby=\"gallery-4-93044\" srcset=\"https:\/\/www.ffos.unios.hr\/wp-content\/uploads\/2024\/10\/lovsin2-1-300x225.jpg 300w, https:\/\/www.ffos.unios.hr\/wp-content\/uploads\/2024\/10\/lovsin2-1-1024x768.jpg 1024w, https:\/\/www.ffos.unios.hr\/wp-content\/uploads\/2024\/10\/lovsin2-1-768x576.jpg 768w, https:\/\/www.ffos.unios.hr\/wp-content\/uploads\/2024\/10\/lovsin2-1-1536x1152.jpg 1536w, https:\/\/www.ffos.unios.hr\/wp-content\/uploads\/2024\/10\/lovsin2-1.jpg 1600w\" sizes=\"(max-width: 300px) 100vw, 300px\" \/><\/a>\n\t\t\t<\/dt>\n\t\t\t\t<dd class='wp-caption-text gallery-caption' id='gallery-4-93044'>\n\t\t\t\tEstLab: Muzika OTPORA I SLOBODE \u2013 40 let po Rde\u010dem Albumu: gost Pero Lov\u0161in\n\t\t\t\t<\/dd><\/dl><dl class='gallery-item'>\n\t\t\t<dt class='gallery-icon portrait'>\n\t\t\t\t<a href='https:\/\/www.ffos.unios.hr\/wp-content\/uploads\/2024\/10\/anton-samovojska.jpg'><img decoding=\"async\" width=\"225\" height=\"300\" src=\"https:\/\/www.ffos.unios.hr\/wp-content\/uploads\/2024\/10\/anton-samovojska-225x300.jpg\" class=\"attachment-medium size-medium\" alt=\"\" aria-describedby=\"gallery-4-93038\" srcset=\"https:\/\/www.ffos.unios.hr\/wp-content\/uploads\/2024\/10\/anton-samovojska-225x300.jpg 225w, https:\/\/www.ffos.unios.hr\/wp-content\/uploads\/2024\/10\/anton-samovojska-768x1024.jpg 768w, https:\/\/www.ffos.unios.hr\/wp-content\/uploads\/2024\/10\/anton-samovojska-1152x1536.jpg 1152w, https:\/\/www.ffos.unios.hr\/wp-content\/uploads\/2024\/10\/anton-samovojska.jpg 1200w\" sizes=\"(max-width: 225px) 100vw, 225px\" \/><\/a>\n\t\t\t<\/dt>\n\t\t\t\t<dd class='wp-caption-text gallery-caption' id='gallery-4-93038'>\n\t\t\t\tscientific inter_view: Anton Samovojska\n\t\t\t\t<\/dd><\/dl><dl class='gallery-item'>\n\t\t\t<dt class='gallery-icon portrait'>\n\t\t\t\t<a href='https:\/\/www.ffos.unios.hr\/wp-content\/uploads\/2024\/11\/FFOS-koncert-scaled.jpg'><img decoding=\"async\" width=\"225\" height=\"300\" src=\"https:\/\/www.ffos.unios.hr\/wp-content\/uploads\/2024\/11\/FFOS-koncert-225x300.jpg\" class=\"attachment-medium size-medium\" alt=\"\" aria-describedby=\"gallery-4-94069\" srcset=\"https:\/\/www.ffos.unios.hr\/wp-content\/uploads\/2024\/11\/FFOS-koncert-225x300.jpg 225w, https:\/\/www.ffos.unios.hr\/wp-content\/uploads\/2024\/11\/FFOS-koncert-768x1024.jpg 768w, https:\/\/www.ffos.unios.hr\/wp-content\/uploads\/2024\/11\/FFOS-koncert-1152x1536.jpg 1152w, https:\/\/www.ffos.unios.hr\/wp-content\/uploads\/2024\/11\/FFOS-koncert-scaled.jpg 1536w\" sizes=\"(max-width: 225px) 100vw, 225px\" \/><\/a>\n\t\t\t<\/dt>\n\t\t\t\t<dd class='wp-caption-text gallery-caption' id='gallery-4-94069'>\n\t\t\t\tMa\u0111arski klasici na kvadrat: ma\u0111arsko-hrvatska knji\u017eevna ve\u010der\n\t\t\t\t<\/dd><\/dl><br style=\"clear: both\" \/><dl class='gallery-item'>\n\t\t\t<dt class='gallery-icon portrait'>\n\t\t\t\t<a href='https:\/\/www.ffos.unios.hr\/wp-content\/uploads\/2024\/11\/matakovic-scaled.jpg'><img decoding=\"async\" width=\"226\" height=\"300\" src=\"https:\/\/www.ffos.unios.hr\/wp-content\/uploads\/2024\/11\/matakovic-226x300.jpg\" class=\"attachment-medium size-medium\" alt=\"\" aria-describedby=\"gallery-4-94076\" srcset=\"https:\/\/www.ffos.unios.hr\/wp-content\/uploads\/2024\/11\/matakovic-226x300.jpg 226w, https:\/\/www.ffos.unios.hr\/wp-content\/uploads\/2024\/11\/matakovic-771x1024.jpg 771w, https:\/\/www.ffos.unios.hr\/wp-content\/uploads\/2024\/11\/matakovic-768x1020.jpg 768w, https:\/\/www.ffos.unios.hr\/wp-content\/uploads\/2024\/11\/matakovic-1157x1536.jpg 1157w, https:\/\/www.ffos.unios.hr\/wp-content\/uploads\/2024\/11\/matakovic-scaled.jpg 1542w\" sizes=\"(max-width: 226px) 100vw, 226px\" \/><\/a>\n\t\t\t<\/dt>\n\t\t\t\t<dd class='wp-caption-text gallery-caption' id='gallery-4-94076'>\n\t\t\t\tO\u010c: PROT &#038; D\u017d, D\u017d!\n\t\t\t\t<\/dd><\/dl><dl class='gallery-item'>\n\t\t\t<dt class='gallery-icon landscape'>\n\t\t\t\t<a href='https:\/\/www.ffos.unios.hr\/wp-content\/uploads\/2024\/11\/OC-1-1-scaled.jpg'><img decoding=\"async\" width=\"300\" height=\"226\" src=\"https:\/\/www.ffos.unios.hr\/wp-content\/uploads\/2024\/11\/OC-1-1-300x226.jpg\" class=\"attachment-medium size-medium\" alt=\"\" aria-describedby=\"gallery-4-96358\" srcset=\"https:\/\/www.ffos.unios.hr\/wp-content\/uploads\/2024\/11\/OC-1-1-300x226.jpg 300w, https:\/\/www.ffos.unios.hr\/wp-content\/uploads\/2024\/11\/OC-1-1-1024x771.jpg 1024w, https:\/\/www.ffos.unios.hr\/wp-content\/uploads\/2024\/11\/OC-1-1-768x578.jpg 768w, https:\/\/www.ffos.unios.hr\/wp-content\/uploads\/2024\/11\/OC-1-1-1536x1157.jpg 1536w, https:\/\/www.ffos.unios.hr\/wp-content\/uploads\/2024\/11\/OC-1-1-scaled.jpg 2048w\" sizes=\"(max-width: 300px) 100vw, 300px\" \/><\/a>\n\t\t\t<\/dt>\n\t\t\t\t<dd class='wp-caption-text gallery-caption' id='gallery-4-96358'>\n\t\t\t\tO\u010c: Me\u0111uslavenski jezik i zajednica\n\t\t\t\t<\/dd><\/dl><dl class='gallery-item'>\n\t\t\t<dt class='gallery-icon landscape'>\n\t\t\t\t<a href='https:\/\/www.ffos.unios.hr\/wp-content\/uploads\/2024\/12\/Marina-1-scaled.jpg'><img decoding=\"async\" width=\"300\" height=\"226\" src=\"https:\/\/www.ffos.unios.hr\/wp-content\/uploads\/2024\/12\/Marina-1-300x226.jpg\" class=\"attachment-medium size-medium\" alt=\"\" aria-describedby=\"gallery-4-97264\" srcset=\"https:\/\/www.ffos.unios.hr\/wp-content\/uploads\/2024\/12\/Marina-1-300x226.jpg 300w, https:\/\/www.ffos.unios.hr\/wp-content\/uploads\/2024\/12\/Marina-1-1024x771.jpg 1024w, https:\/\/www.ffos.unios.hr\/wp-content\/uploads\/2024\/12\/Marina-1-768x578.jpg 768w, https:\/\/www.ffos.unios.hr\/wp-content\/uploads\/2024\/12\/Marina-1-1536x1157.jpg 1536w, https:\/\/www.ffos.unios.hr\/wp-content\/uploads\/2024\/12\/Marina-1-scaled.jpg 2048w\" sizes=\"(max-width: 300px) 100vw, 300px\" \/><\/a>\n\t\t\t<\/dt>\n\t\t\t\t<dd class='wp-caption-text gallery-caption' id='gallery-4-97264'>\n\t\t\t\tO\u010c: Pisanje je pola zdravlja\n\t\t\t\t<\/dd><\/dl><br style=\"clear: both\" \/><dl class='gallery-item'>\n\t\t\t<dt class='gallery-icon landscape'>\n\t\t\t\t<a href='https:\/\/www.ffos.unios.hr\/wp-content\/uploads\/2024\/12\/jelena-pataki-sumiga.jpg'><img decoding=\"async\" width=\"300\" height=\"183\" src=\"https:\/\/www.ffos.unios.hr\/wp-content\/uploads\/2024\/12\/jelena-pataki-sumiga-300x183.jpg\" class=\"attachment-medium size-medium\" alt=\"\" aria-describedby=\"gallery-4-98019\" srcset=\"https:\/\/www.ffos.unios.hr\/wp-content\/uploads\/2024\/12\/jelena-pataki-sumiga-300x183.jpg 300w, https:\/\/www.ffos.unios.hr\/wp-content\/uploads\/2024\/12\/jelena-pataki-sumiga-1024x625.jpg 1024w, https:\/\/www.ffos.unios.hr\/wp-content\/uploads\/2024\/12\/jelena-pataki-sumiga-768x468.jpg 768w, https:\/\/www.ffos.unios.hr\/wp-content\/uploads\/2024\/12\/jelena-pataki-sumiga-1536x937.jpg 1536w, https:\/\/www.ffos.unios.hr\/wp-content\/uploads\/2024\/12\/jelena-pataki-sumiga.jpg 1600w\" sizes=\"(max-width: 300px) 100vw, 300px\" \/><\/a>\n\t\t\t<\/dt>\n\t\t\t\t<dd class='wp-caption-text gallery-caption' id='gallery-4-98019'>\n\t\t\t\tO\u010c: Nesavr\u0161eno savr\u0161eni: perfekcionizam u Encantu\n\t\t\t\t<\/dd><\/dl><dl class='gallery-item'>\n\t\t\t<dt class='gallery-icon landscape'>\n\t\t\t\t<a href='https:\/\/www.ffos.unios.hr\/wp-content\/uploads\/2025\/02\/EstLab-Kapitalizam-i-smrt.jpg'><img decoding=\"async\" width=\"300\" height=\"225\" src=\"https:\/\/www.ffos.unios.hr\/wp-content\/uploads\/2025\/02\/EstLab-Kapitalizam-i-smrt-300x225.jpg\" class=\"attachment-medium size-medium\" alt=\"\" aria-describedby=\"gallery-4-100078\" srcset=\"https:\/\/www.ffos.unios.hr\/wp-content\/uploads\/2025\/02\/EstLab-Kapitalizam-i-smrt-300x225.jpg 300w, https:\/\/www.ffos.unios.hr\/wp-content\/uploads\/2025\/02\/EstLab-Kapitalizam-i-smrt-1024x769.jpg 1024w, https:\/\/www.ffos.unios.hr\/wp-content\/uploads\/2025\/02\/EstLab-Kapitalizam-i-smrt-768x576.jpg 768w, https:\/\/www.ffos.unios.hr\/wp-content\/uploads\/2025\/02\/EstLab-Kapitalizam-i-smrt-1536x1153.jpg 1536w, https:\/\/www.ffos.unios.hr\/wp-content\/uploads\/2025\/02\/EstLab-Kapitalizam-i-smrt.jpg 1600w\" sizes=\"(max-width: 300px) 100vw, 300px\" \/><\/a>\n\t\t\t<\/dt>\n\t\t\t\t<dd class='wp-caption-text gallery-caption' id='gallery-4-100078'>\n\t\t\t\tEstLab: Kapitalizam i smrt\n\t\t\t\t<\/dd><\/dl><dl class='gallery-item'>\n\t\t\t<dt class='gallery-icon landscape'>\n\t\t\t\t<a href='https:\/\/www.ffos.unios.hr\/wp-content\/uploads\/2025\/02\/Marija-Sablic-scaled.jpg'><img decoding=\"async\" width=\"300\" height=\"169\" src=\"https:\/\/www.ffos.unios.hr\/wp-content\/uploads\/2025\/02\/Marija-Sablic-300x169.jpg\" class=\"attachment-medium size-medium\" alt=\"\" aria-describedby=\"gallery-4-100072\" srcset=\"https:\/\/www.ffos.unios.hr\/wp-content\/uploads\/2025\/02\/Marija-Sablic-300x169.jpg 300w, https:\/\/www.ffos.unios.hr\/wp-content\/uploads\/2025\/02\/Marija-Sablic-1024x577.jpg 1024w, https:\/\/www.ffos.unios.hr\/wp-content\/uploads\/2025\/02\/Marija-Sablic-768x432.jpg 768w, https:\/\/www.ffos.unios.hr\/wp-content\/uploads\/2025\/02\/Marija-Sablic-1536x865.jpg 1536w, https:\/\/www.ffos.unios.hr\/wp-content\/uploads\/2025\/02\/Marija-Sablic-scaled.jpg 2048w\" sizes=\"(max-width: 300px) 100vw, 300px\" \/><\/a>\n\t\t\t<\/dt>\n\t\t\t\t<dd class='wp-caption-text gallery-caption' id='gallery-4-100072'>\n\t\t\t\tO\u010c: Uloga odgoja i obrazovanja u doba sharentinga\n\t\t\t\t<\/dd><\/dl><br style=\"clear: both\" \/><dl class='gallery-item'>\n\t\t\t<dt class='gallery-icon landscape'>\n\t\t\t\t<a href='https:\/\/www.ffos.unios.hr\/wp-content\/uploads\/2025\/02\/gloria_lujanovic_estlab.jpg'><img decoding=\"async\" width=\"300\" height=\"225\" src=\"https:\/\/www.ffos.unios.hr\/wp-content\/uploads\/2025\/02\/gloria_lujanovic_estlab-300x225.jpg\" class=\"attachment-medium size-medium\" alt=\"\" aria-describedby=\"gallery-4-101505\" srcset=\"https:\/\/www.ffos.unios.hr\/wp-content\/uploads\/2025\/02\/gloria_lujanovic_estlab-300x225.jpg 300w, https:\/\/www.ffos.unios.hr\/wp-content\/uploads\/2025\/02\/gloria_lujanovic_estlab-768x576.jpg 768w, https:\/\/www.ffos.unios.hr\/wp-content\/uploads\/2025\/02\/gloria_lujanovic_estlab.jpg 1000w\" sizes=\"(max-width: 300px) 100vw, 300px\" \/><\/a>\n\t\t\t<\/dt>\n\t\t\t\t<dd class='wp-caption-text gallery-caption' id='gallery-4-101505'>\n\t\t\t\tEstLab: Manjinska knji\u017eevnost? (gostuje Gloria Lujanovi\u0107)\n\t\t\t\t<\/dd><\/dl><dl class='gallery-item'>\n\t\t\t<dt class='gallery-icon landscape'>\n\t\t\t\t<a href='https:\/\/www.ffos.unios.hr\/wp-content\/uploads\/2025\/03\/Predavanje-Strucna-sluzba-skole-u-suradnji-s-roditeljima.jpeg'><img decoding=\"async\" width=\"300\" height=\"165\" src=\"https:\/\/www.ffos.unios.hr\/wp-content\/uploads\/2025\/03\/Predavanje-Strucna-sluzba-skole-u-suradnji-s-roditeljima-300x165.jpeg\" class=\"attachment-medium size-medium\" alt=\"\" aria-describedby=\"gallery-4-101747\" srcset=\"https:\/\/www.ffos.unios.hr\/wp-content\/uploads\/2025\/03\/Predavanje-Strucna-sluzba-skole-u-suradnji-s-roditeljima-300x165.jpeg 300w, https:\/\/www.ffos.unios.hr\/wp-content\/uploads\/2025\/03\/Predavanje-Strucna-sluzba-skole-u-suradnji-s-roditeljima-1024x563.jpeg 1024w, https:\/\/www.ffos.unios.hr\/wp-content\/uploads\/2025\/03\/Predavanje-Strucna-sluzba-skole-u-suradnji-s-roditeljima-768x422.jpeg 768w, https:\/\/www.ffos.unios.hr\/wp-content\/uploads\/2025\/03\/Predavanje-Strucna-sluzba-skole-u-suradnji-s-roditeljima.jpeg 1179w\" sizes=\"(max-width: 300px) 100vw, 300px\" \/><\/a>\n\t\t\t<\/dt>\n\t\t\t\t<dd class='wp-caption-text gallery-caption' id='gallery-4-101747'>\n\t\t\t\tAlumni: predavanje \u201cStru\u010dna slu\u017eba u \u0161koli i suradnja s roditeljima\u201d\n\t\t\t\t<\/dd><\/dl><dl class='gallery-item'>\n\t\t\t<dt class='gallery-icon landscape'>\n\t\t\t\t<a href='https:\/\/www.ffos.unios.hr\/wp-content\/uploads\/2025\/03\/promocija-knjige-Pedagogijska-aksiologija-scaled.jpg'><img decoding=\"async\" width=\"300\" height=\"200\" src=\"https:\/\/www.ffos.unios.hr\/wp-content\/uploads\/2025\/03\/promocija-knjige-Pedagogijska-aksiologija-300x200.jpg\" class=\"attachment-medium size-medium\" alt=\"\" aria-describedby=\"gallery-4-101753\" srcset=\"https:\/\/www.ffos.unios.hr\/wp-content\/uploads\/2025\/03\/promocija-knjige-Pedagogijska-aksiologija-300x200.jpg 300w, https:\/\/www.ffos.unios.hr\/wp-content\/uploads\/2025\/03\/promocija-knjige-Pedagogijska-aksiologija-1024x683.jpg 1024w, https:\/\/www.ffos.unios.hr\/wp-content\/uploads\/2025\/03\/promocija-knjige-Pedagogijska-aksiologija-768x512.jpg 768w, https:\/\/www.ffos.unios.hr\/wp-content\/uploads\/2025\/03\/promocija-knjige-Pedagogijska-aksiologija-1536x1024.jpg 1536w, https:\/\/www.ffos.unios.hr\/wp-content\/uploads\/2025\/03\/promocija-knjige-Pedagogijska-aksiologija-scaled.jpg 2048w\" sizes=\"(max-width: 300px) 100vw, 300px\" \/><\/a>\n\t\t\t<\/dt>\n\t\t\t\t<dd class='wp-caption-text gallery-caption' id='gallery-4-101753'>\n\t\t\t\tAlumni: promocija knjige &#8220;Pedagogijska aksiologija&#8221;\n\t\t\t\t<\/dd><\/dl><br style=\"clear: both\" \/><dl class='gallery-item'>\n\t\t\t<dt class='gallery-icon portrait'>\n\t\t\t\t<a href='https:\/\/www.ffos.unios.hr\/wp-content\/uploads\/2025\/03\/Radionica-Dramske-tehnike-i-metode-u-nastavi-knjizevnosti.jpg'><img decoding=\"async\" width=\"135\" height=\"300\" src=\"https:\/\/www.ffos.unios.hr\/wp-content\/uploads\/2025\/03\/Radionica-Dramske-tehnike-i-metode-u-nastavi-knjizevnosti-135x300.jpg\" class=\"attachment-medium size-medium\" alt=\"\" aria-describedby=\"gallery-4-101759\" srcset=\"https:\/\/www.ffos.unios.hr\/wp-content\/uploads\/2025\/03\/Radionica-Dramske-tehnike-i-metode-u-nastavi-knjizevnosti-135x300.jpg 135w, https:\/\/www.ffos.unios.hr\/wp-content\/uploads\/2025\/03\/Radionica-Dramske-tehnike-i-metode-u-nastavi-knjizevnosti-461x1024.jpg 461w, https:\/\/www.ffos.unios.hr\/wp-content\/uploads\/2025\/03\/Radionica-Dramske-tehnike-i-metode-u-nastavi-knjizevnosti-691x1536.jpg 691w, https:\/\/www.ffos.unios.hr\/wp-content\/uploads\/2025\/03\/Radionica-Dramske-tehnike-i-metode-u-nastavi-knjizevnosti.jpg 720w\" sizes=\"(max-width: 135px) 100vw, 135px\" \/><\/a>\n\t\t\t<\/dt>\n\t\t\t\t<dd class='wp-caption-text gallery-caption' id='gallery-4-101759'>\n\t\t\t\tAlumni: \n\t\t\t\t<\/dd><\/dl><dl class='gallery-item'>\n\t\t\t<dt class='gallery-icon landscape'>\n\t\t\t\t<a href='https:\/\/www.ffos.unios.hr\/wp-content\/uploads\/2025\/03\/tribina-caruga-7.jpg'><img decoding=\"async\" width=\"300\" height=\"225\" src=\"https:\/\/www.ffos.unios.hr\/wp-content\/uploads\/2025\/03\/tribina-caruga-7-300x225.jpg\" class=\"attachment-medium size-medium\" alt=\"\" aria-describedby=\"gallery-4-101765\" srcset=\"https:\/\/www.ffos.unios.hr\/wp-content\/uploads\/2025\/03\/tribina-caruga-7-300x225.jpg 300w, https:\/\/www.ffos.unios.hr\/wp-content\/uploads\/2025\/03\/tribina-caruga-7-1024x768.jpg 1024w, https:\/\/www.ffos.unios.hr\/wp-content\/uploads\/2025\/03\/tribina-caruga-7-768x576.jpg 768w, https:\/\/www.ffos.unios.hr\/wp-content\/uploads\/2025\/03\/tribina-caruga-7-1536x1152.jpg 1536w, https:\/\/www.ffos.unios.hr\/wp-content\/uploads\/2025\/03\/tribina-caruga-7.jpg 1600w\" sizes=\"(max-width: 300px) 100vw, 300px\" \/><\/a>\n\t\t\t<\/dt>\n\t\t\t\t<dd class='wp-caption-text gallery-caption' id='gallery-4-101765'>\n\t\t\t\tTribina &#8220;\u010caruga: izme\u0111u legende i stvarnosti&#8221;\n\t\t\t\t<\/dd><\/dl><dl class='gallery-item'>\n\t\t\t<dt class='gallery-icon landscape'>\n\t\t\t\t<a href='https:\/\/www.ffos.unios.hr\/wp-content\/uploads\/2025\/03\/ana-kurtovic-1.jpg'><img decoding=\"async\" width=\"300\" height=\"135\" src=\"https:\/\/www.ffos.unios.hr\/wp-content\/uploads\/2025\/03\/ana-kurtovic-1-300x135.jpg\" class=\"attachment-medium size-medium\" alt=\"\" aria-describedby=\"gallery-4-101992\" srcset=\"https:\/\/www.ffos.unios.hr\/wp-content\/uploads\/2025\/03\/ana-kurtovic-1-300x135.jpg 300w, https:\/\/www.ffos.unios.hr\/wp-content\/uploads\/2025\/03\/ana-kurtovic-1-1024x461.jpg 1024w, https:\/\/www.ffos.unios.hr\/wp-content\/uploads\/2025\/03\/ana-kurtovic-1-768x346.jpg 768w, https:\/\/www.ffos.unios.hr\/wp-content\/uploads\/2025\/03\/ana-kurtovic-1-1536x692.jpg 1536w, https:\/\/www.ffos.unios.hr\/wp-content\/uploads\/2025\/03\/ana-kurtovic-1.jpg 1600w\" sizes=\"(max-width: 300px) 100vw, 300px\" \/><\/a>\n\t\t\t<\/dt>\n\t\t\t\t<dd class='wp-caption-text gallery-caption' id='gallery-4-101992'>\n\t\t\t\tPredavanje Ane Kurtovi\u0107: &#8220;Uloga obrazovanja u za\u0161titi mentalnog zdravlja djece i mladih&#8221;\n\t\t\t\t<\/dd><\/dl><br style=\"clear: both\" \/><dl class='gallery-item'>\n\t\t\t<dt class='gallery-icon portrait'>\n\t\t\t\t<a href='https:\/\/www.ffos.unios.hr\/wp-content\/uploads\/2025\/03\/ivan-fremec-1-1-scaled.jpg'><img decoding=\"async\" width=\"226\" height=\"300\" src=\"https:\/\/www.ffos.unios.hr\/wp-content\/uploads\/2025\/03\/ivan-fremec-1-1-226x300.jpg\" class=\"attachment-medium size-medium\" alt=\"\" aria-describedby=\"gallery-4-102313\" srcset=\"https:\/\/www.ffos.unios.hr\/wp-content\/uploads\/2025\/03\/ivan-fremec-1-1-226x300.jpg 226w, https:\/\/www.ffos.unios.hr\/wp-content\/uploads\/2025\/03\/ivan-fremec-1-1-771x1024.jpg 771w, https:\/\/www.ffos.unios.hr\/wp-content\/uploads\/2025\/03\/ivan-fremec-1-1-768x1020.jpg 768w, https:\/\/www.ffos.unios.hr\/wp-content\/uploads\/2025\/03\/ivan-fremec-1-1-1157x1536.jpg 1157w, https:\/\/www.ffos.unios.hr\/wp-content\/uploads\/2025\/03\/ivan-fremec-1-1-scaled.jpg 1542w\" sizes=\"(max-width: 226px) 100vw, 226px\" \/><\/a>\n\t\t\t<\/dt>\n\t\t\t\t<dd class='wp-caption-text gallery-caption' id='gallery-4-102313'>\n\t\t\t\tO\u010c: Stranci u o\u010dima anti\u010dkih Grka i Rimljana\n\t\t\t\t<\/dd><\/dl><dl class='gallery-item'>\n\t\t\t<dt class='gallery-icon portrait'>\n\t\t\t\t<a href='https:\/\/www.ffos.unios.hr\/wp-content\/uploads\/2025\/03\/IMG_20250310_094843-1-scaled.jpg'><img decoding=\"async\" width=\"226\" height=\"300\" src=\"https:\/\/www.ffos.unios.hr\/wp-content\/uploads\/2025\/03\/IMG_20250310_094843-1-226x300.jpg\" class=\"attachment-medium size-medium\" alt=\"\" aria-describedby=\"gallery-4-102475\" srcset=\"https:\/\/www.ffos.unios.hr\/wp-content\/uploads\/2025\/03\/IMG_20250310_094843-1-226x300.jpg 226w, https:\/\/www.ffos.unios.hr\/wp-content\/uploads\/2025\/03\/IMG_20250310_094843-1-771x1024.jpg 771w, https:\/\/www.ffos.unios.hr\/wp-content\/uploads\/2025\/03\/IMG_20250310_094843-1-768x1020.jpg 768w, https:\/\/www.ffos.unios.hr\/wp-content\/uploads\/2025\/03\/IMG_20250310_094843-1-1157x1536.jpg 1157w, https:\/\/www.ffos.unios.hr\/wp-content\/uploads\/2025\/03\/IMG_20250310_094843-1-scaled.jpg 1542w\" sizes=\"(max-width: 226px) 100vw, 226px\" \/><\/a>\n\t\t\t<\/dt>\n\t\t\t\t<dd class='wp-caption-text gallery-caption' id='gallery-4-102475'>\n\t\t\t\tAlumni: radionica &#8220;Umije\u0107e sa\u017eimanja&#8221;\n\t\t\t\t<\/dd><\/dl><dl class='gallery-item'>\n\t\t\t<dt class='gallery-icon landscape'>\n\t\t\t\t<a href='https:\/\/www.ffos.unios.hr\/wp-content\/uploads\/2025\/03\/ffos-panel-1-1-scaled.jpg'><img decoding=\"async\" width=\"300\" height=\"225\" src=\"https:\/\/www.ffos.unios.hr\/wp-content\/uploads\/2025\/03\/ffos-panel-1-1-300x225.jpg\" class=\"attachment-medium size-medium\" alt=\"\" aria-describedby=\"gallery-4-102758\" srcset=\"https:\/\/www.ffos.unios.hr\/wp-content\/uploads\/2025\/03\/ffos-panel-1-1-300x225.jpg 300w, https:\/\/www.ffos.unios.hr\/wp-content\/uploads\/2025\/03\/ffos-panel-1-1-1024x768.jpg 1024w, https:\/\/www.ffos.unios.hr\/wp-content\/uploads\/2025\/03\/ffos-panel-1-1-768x576.jpg 768w, https:\/\/www.ffos.unios.hr\/wp-content\/uploads\/2025\/03\/ffos-panel-1-1-1536x1152.jpg 1536w, https:\/\/www.ffos.unios.hr\/wp-content\/uploads\/2025\/03\/ffos-panel-1-1-scaled.jpg 2048w\" sizes=\"(max-width: 300px) 100vw, 300px\" \/><\/a>\n\t\t\t<\/dt>\n\t\t\t\t<dd class='wp-caption-text gallery-caption' id='gallery-4-102758'>\n\t\t\t\tPanel-rasprava Odsjeka za pedagogiju povodom Dana \u017eena\n\t\t\t\t<\/dd><\/dl><br style=\"clear: both\" \/><dl class='gallery-item'>\n\t\t\t<dt class='gallery-icon landscape'>\n\t\t\t\t<a href='https:\/\/www.ffos.unios.hr\/wp-content\/uploads\/2025\/03\/odsjek-za-povijest-promocija-1-1.jpeg'><img decoding=\"async\" width=\"300\" height=\"200\" src=\"https:\/\/www.ffos.unios.hr\/wp-content\/uploads\/2025\/03\/odsjek-za-povijest-promocija-1-1-300x200.jpeg\" class=\"attachment-medium size-medium\" alt=\"\" aria-describedby=\"gallery-4-102914\" srcset=\"https:\/\/www.ffos.unios.hr\/wp-content\/uploads\/2025\/03\/odsjek-za-povijest-promocija-1-1-300x200.jpeg 300w, https:\/\/www.ffos.unios.hr\/wp-content\/uploads\/2025\/03\/odsjek-za-povijest-promocija-1-1-1024x683.jpeg 1024w, https:\/\/www.ffos.unios.hr\/wp-content\/uploads\/2025\/03\/odsjek-za-povijest-promocija-1-1-768x512.jpeg 768w, https:\/\/www.ffos.unios.hr\/wp-content\/uploads\/2025\/03\/odsjek-za-povijest-promocija-1-1-1536x1024.jpeg 1536w, https:\/\/www.ffos.unios.hr\/wp-content\/uploads\/2025\/03\/odsjek-za-povijest-promocija-1-1.jpeg 1540w\" sizes=\"(max-width: 300px) 100vw, 300px\" \/><\/a>\n\t\t\t<\/dt>\n\t\t\t\t<dd class='wp-caption-text gallery-caption' id='gallery-4-102914'>\n\t\t\t\tPredstavljanje knjige \u201cHungary as a Sport Superpower\u201d\n\t\t\t\t<\/dd><\/dl><dl class='gallery-item'>\n\t\t\t<dt class='gallery-icon landscape'>\n\t\t\t\t<a href='https:\/\/www.ffos.unios.hr\/wp-content\/uploads\/2025\/03\/20250307_233715-scaled.jpg'><img decoding=\"async\" width=\"300\" height=\"181\" src=\"https:\/\/www.ffos.unios.hr\/wp-content\/uploads\/2025\/03\/20250307_233715-300x181.jpg\" class=\"attachment-medium size-medium\" alt=\"\" aria-describedby=\"gallery-4-103031\" srcset=\"https:\/\/www.ffos.unios.hr\/wp-content\/uploads\/2025\/03\/20250307_233715-300x181.jpg 300w, https:\/\/www.ffos.unios.hr\/wp-content\/uploads\/2025\/03\/20250307_233715-1024x617.jpg 1024w, https:\/\/www.ffos.unios.hr\/wp-content\/uploads\/2025\/03\/20250307_233715-768x463.jpg 768w, https:\/\/www.ffos.unios.hr\/wp-content\/uploads\/2025\/03\/20250307_233715-1536x926.jpg 1536w, https:\/\/www.ffos.unios.hr\/wp-content\/uploads\/2025\/03\/20250307_233715-scaled.jpg 2048w\" sizes=\"(max-width: 300px) 100vw, 300px\" \/><\/a>\n\t\t\t<\/dt>\n\t\t\t\t<dd class='wp-caption-text gallery-caption' id='gallery-4-103031'>\n\t\t\t\tscientific inter_view: Leonarda Pavi\u0107\n\t\t\t\t<\/dd><\/dl><dl class='gallery-item'>\n\t\t\t<dt class='gallery-icon landscape'>\n\t\t\t\t<a href='https:\/\/www.ffos.unios.hr\/wp-content\/uploads\/2025\/04\/tribina-pataki-sumiga-1-1.jpg'><img decoding=\"async\" width=\"300\" height=\"249\" src=\"https:\/\/www.ffos.unios.hr\/wp-content\/uploads\/2025\/04\/tribina-pataki-sumiga-1-1-300x249.jpg\" class=\"attachment-medium size-medium\" alt=\"\" aria-describedby=\"gallery-4-104639\" srcset=\"https:\/\/www.ffos.unios.hr\/wp-content\/uploads\/2025\/04\/tribina-pataki-sumiga-1-1-300x249.jpg 300w, https:\/\/www.ffos.unios.hr\/wp-content\/uploads\/2025\/04\/tribina-pataki-sumiga-1-1-1024x849.jpg 1024w, https:\/\/www.ffos.unios.hr\/wp-content\/uploads\/2025\/04\/tribina-pataki-sumiga-1-1-768x636.jpg 768w, https:\/\/www.ffos.unios.hr\/wp-content\/uploads\/2025\/04\/tribina-pataki-sumiga-1-1-1536x1273.jpg 1536w, https:\/\/www.ffos.unios.hr\/wp-content\/uploads\/2025\/04\/tribina-pataki-sumiga-1-1.jpg 1600w\" sizes=\"(max-width: 300px) 100vw, 300px\" \/><\/a>\n\t\t\t<\/dt>\n\t\t\t\t<dd class='wp-caption-text gallery-caption' id='gallery-4-104639'>\n\t\t\t\tTribina &#8220;Umjetna inteligencija i prevo\u0111enje&#8221;\n\t\t\t\t<\/dd><\/dl><br style=\"clear: both\" \/><dl class='gallery-item'>\n\t\t\t<dt class='gallery-icon landscape'>\n\t\t\t\t<a href='https:\/\/www.ffos.unios.hr\/wp-content\/uploads\/2025\/04\/otvoreni-cetvrtak-1-1.jpg'><img decoding=\"async\" width=\"300\" height=\"169\" src=\"https:\/\/www.ffos.unios.hr\/wp-content\/uploads\/2025\/04\/otvoreni-cetvrtak-1-1-300x169.jpg\" class=\"attachment-medium size-medium\" alt=\"\" aria-describedby=\"gallery-4-104920\" srcset=\"https:\/\/www.ffos.unios.hr\/wp-content\/uploads\/2025\/04\/otvoreni-cetvrtak-1-1-300x169.jpg 300w, https:\/\/www.ffos.unios.hr\/wp-content\/uploads\/2025\/04\/otvoreni-cetvrtak-1-1-1024x577.jpg 1024w, https:\/\/www.ffos.unios.hr\/wp-content\/uploads\/2025\/04\/otvoreni-cetvrtak-1-1-768x432.jpg 768w, https:\/\/www.ffos.unios.hr\/wp-content\/uploads\/2025\/04\/otvoreni-cetvrtak-1-1-1536x865.jpg 1536w, https:\/\/www.ffos.unios.hr\/wp-content\/uploads\/2025\/04\/otvoreni-cetvrtak-1-1.jpg 1600w\" sizes=\"(max-width: 300px) 100vw, 300px\" \/><\/a>\n\t\t\t<\/dt>\n\t\t\t\t<dd class='wp-caption-text gallery-caption' id='gallery-4-104920'>\n\t\t\t\tO\u010c: \n\t\t\t\t<\/dd><\/dl><dl class='gallery-item'>\n\t\t\t<dt class='gallery-icon landscape'>\n\t\t\t\t<a href='https:\/\/www.ffos.unios.hr\/wp-content\/uploads\/2025\/05\/Predstavljanje_1.jpg'><img decoding=\"async\" width=\"300\" height=\"225\" src=\"https:\/\/www.ffos.unios.hr\/wp-content\/uploads\/2025\/05\/Predstavljanje_1-300x225.jpg\" class=\"attachment-medium size-medium\" alt=\"\" aria-describedby=\"gallery-4-105349\" srcset=\"https:\/\/www.ffos.unios.hr\/wp-content\/uploads\/2025\/05\/Predstavljanje_1-300x225.jpg 300w, https:\/\/www.ffos.unios.hr\/wp-content\/uploads\/2025\/05\/Predstavljanje_1-1024x768.jpg 1024w, https:\/\/www.ffos.unios.hr\/wp-content\/uploads\/2025\/05\/Predstavljanje_1-768x576.jpg 768w, https:\/\/www.ffos.unios.hr\/wp-content\/uploads\/2025\/05\/Predstavljanje_1-1536x1152.jpg 1536w, https:\/\/www.ffos.unios.hr\/wp-content\/uploads\/2025\/05\/Predstavljanje_1.jpg 1600w\" sizes=\"(max-width: 300px) 100vw, 300px\" \/><\/a>\n\t\t\t<\/dt>\n\t\t\t\t<dd class='wp-caption-text gallery-caption' id='gallery-4-105349'>\n\t\t\t\tPredstavljanje zbornika radova &#8220;Dru\u0161tvo, znanost i umjetnost u (post)digitalnom dobu&#8221;\n\t\t\t\t<\/dd><\/dl>\n\t\t\t<br style='clear: both' \/>\n\t\t<\/div>\n\n<h1 style=\"text-align: center;\">2025\/2026<\/h1>\n\n\t\t<style>\n\t\t\t#gallery-5 {\n\t\t\t\tmargin: auto;\n\t\t\t}\n\t\t\t#gallery-5 .gallery-item {\n\t\t\t\tfloat: left;\n\t\t\t\tmargin-top: 10px;\n\t\t\t\ttext-align: center;\n\t\t\t\twidth: 33%;\n\t\t\t}\n\t\t\t#gallery-5 img {\n\t\t\t\tborder: 2px solid #cfcfcf;\n\t\t\t}\n\t\t\t#gallery-5 .gallery-caption {\n\t\t\t\tmargin-left: 0;\n\t\t\t}\n\t\t\t\/* see gallery_shortcode() in wp-includes\/media.php *\/\n\t\t<\/style>\n\t\t<div id='gallery-5' class='gallery galleryid-125554 gallery-columns-3 gallery-size-medium'><dl class='gallery-item'>\n\t\t\t<dt class='gallery-icon landscape'>\n\t\t\t\t<a href='https:\/\/www.ffos.unios.hr\/wp-content\/uploads\/2025\/11\/boris-postnikov.jpg'><img decoding=\"async\" width=\"300\" height=\"208\" src=\"https:\/\/www.ffos.unios.hr\/wp-content\/uploads\/2025\/11\/boris-postnikov-300x208.jpg\" class=\"attachment-medium size-medium\" alt=\"\" aria-describedby=\"gallery-5-125538\" srcset=\"https:\/\/www.ffos.unios.hr\/wp-content\/uploads\/2025\/11\/boris-postnikov-300x208.jpg 300w, https:\/\/www.ffos.unios.hr\/wp-content\/uploads\/2025\/11\/boris-postnikov-1024x708.jpg 1024w, https:\/\/www.ffos.unios.hr\/wp-content\/uploads\/2025\/11\/boris-postnikov-768x531.jpg 768w, https:\/\/www.ffos.unios.hr\/wp-content\/uploads\/2025\/11\/boris-postnikov-1536x1063.jpg 1536w, https:\/\/www.ffos.unios.hr\/wp-content\/uploads\/2025\/11\/boris-postnikov.jpg 1600w\" sizes=\"(max-width: 300px) 100vw, 300px\" \/><\/a>\n\t\t\t<\/dt>\n\t\t\t\t<dd class='wp-caption-text gallery-caption' id='gallery-5-125538'>\n\t\t\t\tEstLab: Postoji li (jo\u0161) &#8220;postjugoslavenska knji\u017eevnost&#8221;?\n\t\t\t\t<\/dd><\/dl><dl class='gallery-item'>\n\t\t\t<dt class='gallery-icon landscape'>\n\t\t\t\t<a href='https:\/\/www.ffos.unios.hr\/wp-content\/uploads\/2025\/11\/otvoreni-2025-1-1.jpg'><img decoding=\"async\" width=\"300\" height=\"169\" src=\"https:\/\/www.ffos.unios.hr\/wp-content\/uploads\/2025\/11\/otvoreni-2025-1-1-300x169.jpg\" class=\"attachment-medium size-medium\" alt=\"\" aria-describedby=\"gallery-5-125539\" srcset=\"https:\/\/www.ffos.unios.hr\/wp-content\/uploads\/2025\/11\/otvoreni-2025-1-1-300x169.jpg 300w, https:\/\/www.ffos.unios.hr\/wp-content\/uploads\/2025\/11\/otvoreni-2025-1-1-1024x576.jpg 1024w, https:\/\/www.ffos.unios.hr\/wp-content\/uploads\/2025\/11\/otvoreni-2025-1-1-768x432.jpg 768w, https:\/\/www.ffos.unios.hr\/wp-content\/uploads\/2025\/11\/otvoreni-2025-1-1-1536x865.jpg 1536w, https:\/\/www.ffos.unios.hr\/wp-content\/uploads\/2025\/11\/otvoreni-2025-1-1.jpg 1540w\" sizes=\"(max-width: 300px) 100vw, 300px\" \/><\/a>\n\t\t\t<\/dt>\n\t\t\t\t<dd class='wp-caption-text gallery-caption' id='gallery-5-125539'>\n\t\t\t\tO\u010c: Neuroznanost iza svakodnevice\n\t\t\t\t<\/dd><\/dl><dl class='gallery-item'>\n\t\t\t<dt class='gallery-icon landscape'>\n\t\t\t\t<a href='https:\/\/www.ffos.unios.hr\/wp-content\/uploads\/2025\/11\/valter_kocijancic-1.jpg'><img decoding=\"async\" width=\"300\" height=\"290\" src=\"https:\/\/www.ffos.unios.hr\/wp-content\/uploads\/2025\/11\/valter_kocijancic-1-300x290.jpg\" class=\"attachment-medium size-medium\" alt=\"\" aria-describedby=\"gallery-5-125540\" srcset=\"https:\/\/www.ffos.unios.hr\/wp-content\/uploads\/2025\/11\/valter_kocijancic-1-300x290.jpg 300w, https:\/\/www.ffos.unios.hr\/wp-content\/uploads\/2025\/11\/valter_kocijancic-1.jpg 767w\" sizes=\"(max-width: 300px) 100vw, 300px\" \/><\/a>\n\t\t\t<\/dt>\n\t\t\t\t<dd class='wp-caption-text gallery-caption' id='gallery-5-125540'>\n\t\t\t\tEstLab: Razgovor s frontmenom Parafa, Valterom Kocijan\u010di\u0107em\n\t\t\t\t<\/dd><\/dl><br style=\"clear: both\" \/><dl class='gallery-item'>\n\t\t\t<dt class='gallery-icon landscape'>\n\t\t\t\t<a href='https:\/\/www.ffos.unios.hr\/wp-content\/uploads\/2025\/11\/mate-kapovic-ffos-2025.jpg'><img decoding=\"async\" width=\"300\" height=\"284\" src=\"https:\/\/www.ffos.unios.hr\/wp-content\/uploads\/2025\/11\/mate-kapovic-ffos-2025-300x284.jpg\" class=\"attachment-medium size-medium\" alt=\"\" aria-describedby=\"gallery-5-125541\" srcset=\"https:\/\/www.ffos.unios.hr\/wp-content\/uploads\/2025\/11\/mate-kapovic-ffos-2025-300x284.jpg 300w, https:\/\/www.ffos.unios.hr\/wp-content\/uploads\/2025\/11\/mate-kapovic-ffos-2025-768x726.jpg 768w, https:\/\/www.ffos.unios.hr\/wp-content\/uploads\/2025\/11\/mate-kapovic-ffos-2025.jpg 1024w\" sizes=\"(max-width: 300px) 100vw, 300px\" \/><\/a>\n\t\t\t<\/dt>\n\t\t\t\t<dd class='wp-caption-text gallery-caption' id='gallery-5-125541'>\n\t\t\t\tPredavanje i predstavljanje nove knjige Mate Kapovi\u0107a\n\t\t\t\t<\/dd><\/dl><dl class='gallery-item'>\n\t\t\t<dt class='gallery-icon portrait'>\n\t\t\t\t<a href='https:\/\/www.ffos.unios.hr\/wp-content\/uploads\/2025\/12\/k-novak-ffos-1-scaled.jpg'><img decoding=\"async\" width=\"225\" height=\"300\" src=\"https:\/\/www.ffos.unios.hr\/wp-content\/uploads\/2025\/12\/k-novak-ffos-1-225x300.jpg\" class=\"attachment-medium size-medium\" alt=\"\" aria-describedby=\"gallery-5-125542\" srcset=\"https:\/\/www.ffos.unios.hr\/wp-content\/uploads\/2025\/12\/k-novak-ffos-1-225x300.jpg 225w, https:\/\/www.ffos.unios.hr\/wp-content\/uploads\/2025\/12\/k-novak-ffos-1-768x1024.jpg 768w, https:\/\/www.ffos.unios.hr\/wp-content\/uploads\/2025\/12\/k-novak-ffos-1-1152x1536.jpg 1152w, https:\/\/www.ffos.unios.hr\/wp-content\/uploads\/2025\/12\/k-novak-ffos-1-scaled.jpg 1536w\" sizes=\"(max-width: 225px) 100vw, 225px\" \/><\/a>\n\t\t\t<\/dt>\n\t\t\t\t<dd class='wp-caption-text gallery-caption' id='gallery-5-125542'>\n\t\t\t\tKristian Novak: Rotwelsch \u2012 tajni jezik srednjovjekovnih lupe\u017ea i prosjaka\n\t\t\t\t<\/dd><\/dl><dl class='gallery-item'>\n\t\t\t<dt class='gallery-icon landscape'>\n\t\t\t\t<a href='https:\/\/www.ffos.unios.hr\/wp-content\/uploads\/2025\/12\/ana-stanic-scaled.jpg'><img decoding=\"async\" width=\"300\" height=\"226\" src=\"https:\/\/www.ffos.unios.hr\/wp-content\/uploads\/2025\/12\/ana-stanic-300x226.jpg\" class=\"attachment-medium size-medium\" alt=\"\" aria-describedby=\"gallery-5-125543\" srcset=\"https:\/\/www.ffos.unios.hr\/wp-content\/uploads\/2025\/12\/ana-stanic-300x226.jpg 300w, https:\/\/www.ffos.unios.hr\/wp-content\/uploads\/2025\/12\/ana-stanic-1024x771.jpg 1024w, https:\/\/www.ffos.unios.hr\/wp-content\/uploads\/2025\/12\/ana-stanic-768x578.jpg 768w, https:\/\/www.ffos.unios.hr\/wp-content\/uploads\/2025\/12\/ana-stanic-1536x1157.jpg 1536w, https:\/\/www.ffos.unios.hr\/wp-content\/uploads\/2025\/12\/ana-stanic-scaled.jpg 2048w\" sizes=\"(max-width: 300px) 100vw, 300px\" \/><\/a>\n\t\t\t<\/dt>\n\t\t\t\t<dd class='wp-caption-text gallery-caption' id='gallery-5-125543'>\n\t\t\t\tAna Stani\u0107: Mo\u017ee li umjetna inteligencija prevoditi knji\u017eevnost (i za\u0161to ne)?\n\t\t\t\t<\/dd><\/dl><br style=\"clear: both\" \/><dl class='gallery-item'>\n\t\t\t<dt class='gallery-icon landscape'>\n\t\t\t\t<a href='https:\/\/www.ffos.unios.hr\/wp-content\/uploads\/2025\/12\/nina-gotal-skacan-scaled.jpg'><img decoding=\"async\" width=\"300\" height=\"282\" src=\"https:\/\/www.ffos.unios.hr\/wp-content\/uploads\/2025\/12\/nina-gotal-skacan-300x282.jpg\" class=\"attachment-medium size-medium\" alt=\"\" aria-describedby=\"gallery-5-125544\" srcset=\"https:\/\/www.ffos.unios.hr\/wp-content\/uploads\/2025\/12\/nina-gotal-skacan-300x282.jpg 300w, https:\/\/www.ffos.unios.hr\/wp-content\/uploads\/2025\/12\/nina-gotal-skacan-1024x962.jpg 1024w, https:\/\/www.ffos.unios.hr\/wp-content\/uploads\/2025\/12\/nina-gotal-skacan-768x721.jpg 768w, https:\/\/www.ffos.unios.hr\/wp-content\/uploads\/2025\/12\/nina-gotal-skacan-1536x1443.jpg 1536w, https:\/\/www.ffos.unios.hr\/wp-content\/uploads\/2025\/12\/nina-gotal-skacan-scaled.jpg 2048w\" sizes=\"(max-width: 300px) 100vw, 300px\" \/><\/a>\n\t\t\t<\/dt>\n\t\t\t\t<dd class='wp-caption-text gallery-caption' id='gallery-5-125544'>\n\t\t\t\tNina Gotal \u0160kacan: Prava ljubav (ne) boli: romantizacija nasilja u fikciji\n\t\t\t\t<\/dd><\/dl><dl class='gallery-item'>\n\t\t\t<dt class='gallery-icon landscape'>\n\t\t\t\t<a href='https:\/\/www.ffos.unios.hr\/wp-content\/uploads\/2025\/12\/20251211_180535-scaled-1.jpg'><img decoding=\"async\" width=\"300\" height=\"169\" src=\"https:\/\/www.ffos.unios.hr\/wp-content\/uploads\/2025\/12\/20251211_180535-scaled-1-300x169.jpg\" class=\"attachment-medium size-medium\" alt=\"\" aria-describedby=\"gallery-5-125545\" srcset=\"https:\/\/www.ffos.unios.hr\/wp-content\/uploads\/2025\/12\/20251211_180535-scaled-1-300x169.jpg 300w, https:\/\/www.ffos.unios.hr\/wp-content\/uploads\/2025\/12\/20251211_180535-scaled-1-1024x577.jpg 1024w, https:\/\/www.ffos.unios.hr\/wp-content\/uploads\/2025\/12\/20251211_180535-scaled-1-768x432.jpg 768w, https:\/\/www.ffos.unios.hr\/wp-content\/uploads\/2025\/12\/20251211_180535-scaled-1-1536x865.jpg 1536w, https:\/\/www.ffos.unios.hr\/wp-content\/uploads\/2025\/12\/20251211_180535-scaled-1.jpg 2048w\" sizes=\"(max-width: 300px) 100vw, 300px\" \/><\/a>\n\t\t\t<\/dt>\n\t\t\t\t<dd class='wp-caption-text gallery-caption' id='gallery-5-125545'>\n\t\t\t\tO\u010c: Jedno zdravlje\n\t\t\t\t<\/dd><\/dl><dl class='gallery-item'>\n\t\t\t<dt class='gallery-icon landscape'>\n\t\t\t\t<a href='https:\/\/www.ffos.unios.hr\/wp-content\/uploads\/2025\/12\/sejo_sexon_2-1.jpg'><img decoding=\"async\" width=\"300\" height=\"225\" src=\"https:\/\/www.ffos.unios.hr\/wp-content\/uploads\/2025\/12\/sejo_sexon_2-1-300x225.jpg\" class=\"attachment-medium size-medium\" alt=\"\" aria-describedby=\"gallery-5-125546\" srcset=\"https:\/\/www.ffos.unios.hr\/wp-content\/uploads\/2025\/12\/sejo_sexon_2-1-300x225.jpg 300w, https:\/\/www.ffos.unios.hr\/wp-content\/uploads\/2025\/12\/sejo_sexon_2-1-768x576.jpg 768w, https:\/\/www.ffos.unios.hr\/wp-content\/uploads\/2025\/12\/sejo_sexon_2-1.jpg 1000w\" sizes=\"(max-width: 300px) 100vw, 300px\" \/><\/a>\n\t\t\t<\/dt>\n\t\t\t\t<dd class='wp-caption-text gallery-caption' id='gallery-5-125546'>\n\t\t\t\tEstLab: Neu\u0161tekani razgovor \u2013 Davor Su\u010di\u0107 \/ Sejo Sexon\n\t\t\t\t<\/dd><\/dl><br style=\"clear: both\" \/><dl class='gallery-item'>\n\t\t\t<dt class='gallery-icon landscape'>\n\t\t\t\t<a href='https:\/\/www.ffos.unios.hr\/wp-content\/uploads\/2025\/12\/midzo-1.jpg'><img decoding=\"async\" width=\"300\" height=\"225\" src=\"https:\/\/www.ffos.unios.hr\/wp-content\/uploads\/2025\/12\/midzo-1-300x225.jpg\" class=\"attachment-medium size-medium\" alt=\"\" aria-describedby=\"gallery-5-125547\" srcset=\"https:\/\/www.ffos.unios.hr\/wp-content\/uploads\/2025\/12\/midzo-1-300x225.jpg 300w, https:\/\/www.ffos.unios.hr\/wp-content\/uploads\/2025\/12\/midzo-1-1024x768.jpg 1024w, https:\/\/www.ffos.unios.hr\/wp-content\/uploads\/2025\/12\/midzo-1-768x576.jpg 768w, https:\/\/www.ffos.unios.hr\/wp-content\/uploads\/2025\/12\/midzo-1-1536x1152.jpg 1536w, https:\/\/www.ffos.unios.hr\/wp-content\/uploads\/2025\/12\/midzo-1.jpg 1600w\" sizes=\"(max-width: 300px) 100vw, 300px\" \/><\/a>\n\t\t\t<\/dt>\n\t\t\t\t<dd class='wp-caption-text gallery-caption' id='gallery-5-125547'>\n\t\t\t\tEstLab: Mo\u017ee li se \u017eivjeti od umjetnosti?\n\t\t\t\t<\/dd><\/dl><dl class='gallery-item'>\n\t\t\t<dt class='gallery-icon landscape'>\n\t\t\t\t<a href='https:\/\/www.ffos.unios.hr\/wp-content\/uploads\/2026\/03\/otvoreni-cetvrtak-2026-2-1024x577-1.jpg'><img decoding=\"async\" width=\"300\" height=\"169\" src=\"https:\/\/www.ffos.unios.hr\/wp-content\/uploads\/2026\/03\/otvoreni-cetvrtak-2026-2-1024x577-1-300x169.jpg\" class=\"attachment-medium size-medium\" alt=\"\" aria-describedby=\"gallery-5-125548\" srcset=\"https:\/\/www.ffos.unios.hr\/wp-content\/uploads\/2026\/03\/otvoreni-cetvrtak-2026-2-1024x577-1-300x169.jpg 300w, https:\/\/www.ffos.unios.hr\/wp-content\/uploads\/2026\/03\/otvoreni-cetvrtak-2026-2-1024x577-1-768x433.jpg 768w, https:\/\/www.ffos.unios.hr\/wp-content\/uploads\/2026\/03\/otvoreni-cetvrtak-2026-2-1024x577-1.jpg 1024w\" sizes=\"(max-width: 300px) 100vw, 300px\" \/><\/a>\n\t\t\t<\/dt>\n\t\t\t\t<dd class='wp-caption-text gallery-caption' id='gallery-5-125548'>\n\t\t\t\tO\u010c: Pri\u010da o dvije noge \u2013 razvoj dvono\u017enog kretanja\n\t\t\t\t<\/dd><\/dl><dl class='gallery-item'>\n\t\t\t<dt class='gallery-icon landscape'>\n\t\t\t\t<a href='https:\/\/www.ffos.unios.hr\/wp-content\/uploads\/2026\/03\/ffos-2026-3-1024x577-1.jpg'><img decoding=\"async\" width=\"300\" height=\"169\" src=\"https:\/\/www.ffos.unios.hr\/wp-content\/uploads\/2026\/03\/ffos-2026-3-1024x577-1-300x169.jpg\" class=\"attachment-medium size-medium\" alt=\"\" aria-describedby=\"gallery-5-125549\" srcset=\"https:\/\/www.ffos.unios.hr\/wp-content\/uploads\/2026\/03\/ffos-2026-3-1024x577-1-300x169.jpg 300w, https:\/\/www.ffos.unios.hr\/wp-content\/uploads\/2026\/03\/ffos-2026-3-1024x577-1-768x433.jpg 768w, https:\/\/www.ffos.unios.hr\/wp-content\/uploads\/2026\/03\/ffos-2026-3-1024x577-1.jpg 1024w\" sizes=\"(max-width: 300px) 100vw, 300px\" \/><\/a>\n\t\t\t<\/dt>\n\t\t\t\t<dd class='wp-caption-text gallery-caption' id='gallery-5-125549'>\n\t\t\t\tO\u010c: Kamo u starosti? \u2013 aktualnosti u razvoju skrbi za starije osobe\n\t\t\t\t<\/dd><\/dl><br style=\"clear: both\" \/><dl class='gallery-item'>\n\t\t\t<dt class='gallery-icon landscape'>\n\t\t\t\t<a href='https:\/\/www.ffos.unios.hr\/wp-content\/uploads\/2026\/03\/fuzija.jpg'><img decoding=\"async\" width=\"300\" height=\"225\" src=\"https:\/\/www.ffos.unios.hr\/wp-content\/uploads\/2026\/03\/fuzija-300x225.jpg\" class=\"attachment-medium size-medium\" alt=\"\" aria-describedby=\"gallery-5-125533\" srcset=\"https:\/\/www.ffos.unios.hr\/wp-content\/uploads\/2026\/03\/fuzija-300x225.jpg 300w, https:\/\/www.ffos.unios.hr\/wp-content\/uploads\/2026\/03\/fuzija-1024x768.jpg 1024w, https:\/\/www.ffos.unios.hr\/wp-content\/uploads\/2026\/03\/fuzija-768x576.jpg 768w, https:\/\/www.ffos.unios.hr\/wp-content\/uploads\/2026\/03\/fuzija-1536x1152.jpg 1536w, https:\/\/www.ffos.unios.hr\/wp-content\/uploads\/2026\/03\/fuzija.jpg 1600w\" sizes=\"(max-width: 300px) 100vw, 300px\" \/><\/a>\n\t\t\t<\/dt>\n\t\t\t\t<dd class='wp-caption-text gallery-caption' id='gallery-5-125533'>\n\t\t\t\tscientific inter_view: Sa\u0161a Cvetojevi\u0107\n\t\t\t\t<\/dd><\/dl><dl class='gallery-item'>\n\t\t\t<dt class='gallery-icon landscape'>\n\t\t\t\t<a href='https:\/\/www.ffos.unios.hr\/wp-content\/uploads\/2026\/03\/sandra-naletilic-ffos-1-1-scaled.jpeg'><img decoding=\"async\" width=\"300\" height=\"225\" src=\"https:\/\/www.ffos.unios.hr\/wp-content\/uploads\/2026\/03\/sandra-naletilic-ffos-1-1-300x225.jpeg\" class=\"attachment-medium size-medium\" alt=\"\" aria-describedby=\"gallery-5-125550\" srcset=\"https:\/\/www.ffos.unios.hr\/wp-content\/uploads\/2026\/03\/sandra-naletilic-ffos-1-1-300x225.jpeg 300w, https:\/\/www.ffos.unios.hr\/wp-content\/uploads\/2026\/03\/sandra-naletilic-ffos-1-1-1024x768.jpeg 1024w, https:\/\/www.ffos.unios.hr\/wp-content\/uploads\/2026\/03\/sandra-naletilic-ffos-1-1-768x576.jpeg 768w, https:\/\/www.ffos.unios.hr\/wp-content\/uploads\/2026\/03\/sandra-naletilic-ffos-1-1-1536x1152.jpeg 1536w, https:\/\/www.ffos.unios.hr\/wp-content\/uploads\/2026\/03\/sandra-naletilic-ffos-1-1-scaled.jpeg 2048w\" sizes=\"(max-width: 300px) 100vw, 300px\" \/><\/a>\n\t\t\t<\/dt>\n\t\t\t\t<dd class='wp-caption-text gallery-caption' id='gallery-5-125550'>\n\t\t\t\tSandra Naletili\u0107: Obrt SPIKAM kao oblik samozapo\u0161ljavanja\n\t\t\t\t<\/dd><\/dl><dl class='gallery-item'>\n\t\t\t<dt class='gallery-icon landscape'>\n\t\t\t\t<a href='https:\/\/www.ffos.unios.hr\/wp-content\/uploads\/2026\/04\/grundler-katana-ffos.jpg'><img decoding=\"async\" width=\"300\" height=\"225\" src=\"https:\/\/www.ffos.unios.hr\/wp-content\/uploads\/2026\/04\/grundler-katana-ffos-300x225.jpg\" class=\"attachment-medium size-medium\" alt=\"\" aria-describedby=\"gallery-5-125551\" srcset=\"https:\/\/www.ffos.unios.hr\/wp-content\/uploads\/2026\/04\/grundler-katana-ffos-300x225.jpg 300w, https:\/\/www.ffos.unios.hr\/wp-content\/uploads\/2026\/04\/grundler-katana-ffos-1024x768.jpg 1024w, https:\/\/www.ffos.unios.hr\/wp-content\/uploads\/2026\/04\/grundler-katana-ffos-768x576.jpg 768w, https:\/\/www.ffos.unios.hr\/wp-content\/uploads\/2026\/04\/grundler-katana-ffos-1536x1152.jpg 1536w, https:\/\/www.ffos.unios.hr\/wp-content\/uploads\/2026\/04\/grundler-katana-ffos.jpg 1800w\" sizes=\"(max-width: 300px) 100vw, 300px\" \/><\/a>\n\t\t\t<\/dt>\n\t\t\t\t<dd class='wp-caption-text gallery-caption' id='gallery-5-125551'>\n\t\t\t\tPrevo\u0111enje i lektorsko prigovaranje: Petra Gveri\u0107 Katana i Mi\u0161o Grundler\n\t\t\t\t<\/dd><\/dl><br style=\"clear: both\" \/><dl class='gallery-item'>\n\t\t\t<dt class='gallery-icon landscape'>\n\t\t\t\t<a href='https:\/\/www.ffos.unios.hr\/wp-content\/uploads\/2026\/04\/momir-futo-ffos-1-1-scaled.jpg'><img decoding=\"async\" width=\"300\" height=\"200\" src=\"https:\/\/www.ffos.unios.hr\/wp-content\/uploads\/2026\/04\/momir-futo-ffos-1-1-300x200.jpg\" class=\"attachment-medium size-medium\" alt=\"\" aria-describedby=\"gallery-5-125552\" srcset=\"https:\/\/www.ffos.unios.hr\/wp-content\/uploads\/2026\/04\/momir-futo-ffos-1-1-300x200.jpg 300w, https:\/\/www.ffos.unios.hr\/wp-content\/uploads\/2026\/04\/momir-futo-ffos-1-1-1024x683.jpg 1024w, https:\/\/www.ffos.unios.hr\/wp-content\/uploads\/2026\/04\/momir-futo-ffos-1-1-768x512.jpg 768w, https:\/\/www.ffos.unios.hr\/wp-content\/uploads\/2026\/04\/momir-futo-ffos-1-1-1536x1024.jpg 1536w, https:\/\/www.ffos.unios.hr\/wp-content\/uploads\/2026\/04\/momir-futo-ffos-1-1-scaled.jpg 2048w\" sizes=\"(max-width: 300px) 100vw, 300px\" \/><\/a>\n\t\t\t<\/dt>\n\t\t\t\t<dd class='wp-caption-text gallery-caption' id='gallery-5-125552'>\n\t\t\t\tO\u010c: Evolucijska medicina: 3,5 milijardi godina u slu\u017ebi zdravlja (i bolesti)\n\t\t\t\t<\/dd><\/dl><dl class='gallery-item'>\n\t\t\t<dt class='gallery-icon landscape'>\n\t\t\t\t<a href='https:\/\/www.ffos.unios.hr\/wp-content\/uploads\/2026\/04\/RR_03915-Copy-1.jpg'><img decoding=\"async\" width=\"300\" height=\"200\" src=\"https:\/\/www.ffos.unios.hr\/wp-content\/uploads\/2026\/04\/RR_03915-Copy-1-300x200.jpg\" class=\"attachment-medium size-medium\" alt=\"\" aria-describedby=\"gallery-5-125553\" srcset=\"https:\/\/www.ffos.unios.hr\/wp-content\/uploads\/2026\/04\/RR_03915-Copy-1-300x200.jpg 300w, https:\/\/www.ffos.unios.hr\/wp-content\/uploads\/2026\/04\/RR_03915-Copy-1-1024x683.jpg 1024w, https:\/\/www.ffos.unios.hr\/wp-content\/uploads\/2026\/04\/RR_03915-Copy-1-768x512.jpg 768w, https:\/\/www.ffos.unios.hr\/wp-content\/uploads\/2026\/04\/RR_03915-Copy-1.jpg 1349w\" sizes=\"(max-width: 300px) 100vw, 300px\" \/><\/a>\n\t\t\t<\/dt>\n\t\t\t\t<dd class='wp-caption-text gallery-caption' id='gallery-5-125553'>\n\t\t\t\tPredavanje Morane Zibar: Kviza\u0161ki mindset i kako ga ste\u0107i\n\t\t\t\t<\/dd><\/dl>\n\t\t\t<br style='clear: both' \/>\n\t\t<\/div>\n\n","protected":false},"excerpt":{"rendered":"<p>2021\/2022 2022\/2023 &nbsp; 2023\/2024 &nbsp; 2024\/2025 2025\/2026<\/p>\n","protected":false},"author":41,"featured_media":63602,"parent":125470,"menu_order":0,"comment_status":"closed","ping_status":"closed","template":"","meta":{"_acf_changed":false,"footnotes":""},"class_list":["post-125554","page","type-page","status-publish","has-post-thumbnail","hentry"],"acf":[],"_links":{"self":[{"href":"https:\/\/www.ffos.unios.hr\/en\/wp-json\/wp\/v2\/pages\/125554","targetHints":{"allow":["GET"]}}],"collection":[{"href":"https:\/\/www.ffos.unios.hr\/en\/wp-json\/wp\/v2\/pages"}],"about":[{"href":"https:\/\/www.ffos.unios.hr\/en\/wp-json\/wp\/v2\/types\/page"}],"author":[{"embeddable":true,"href":"https:\/\/www.ffos.unios.hr\/en\/wp-json\/wp\/v2\/users\/41"}],"replies":[{"embeddable":true,"href":"https:\/\/www.ffos.unios.hr\/en\/wp-json\/wp\/v2\/comments?post=125554"}],"version-history":[{"count":2,"href":"https:\/\/www.ffos.unios.hr\/en\/wp-json\/wp\/v2\/pages\/125554\/revisions"}],"predecessor-version":[{"id":125556,"href":"https:\/\/www.ffos.unios.hr\/en\/wp-json\/wp\/v2\/pages\/125554\/revisions\/125556"}],"up":[{"embeddable":true,"href":"https:\/\/www.ffos.unios.hr\/en\/wp-json\/wp\/v2\/pages\/125470"}],"wp:featuredmedia":[{"embeddable":true,"href":"https:\/\/www.ffos.unios.hr\/en\/wp-json\/wp\/v2\/media\/63602"}],"wp:attachment":[{"href":"https:\/\/www.ffos.unios.hr\/en\/wp-json\/wp\/v2\/media?parent=125554"}],"curies":[{"name":"wp","href":"https:\/\/api.w.org\/{rel}","templated":true}]}}