{"id":126866,"date":"2021-03-13T14:07:36","date_gmt":"2021-03-13T13:07:36","guid":{"rendered":"https:\/\/www.ffos.unios.hr\/sub-department-of-hungarian-language-and-literature\/mentorstvo\/"},"modified":"2026-09-02T09:34:39","modified_gmt":"2026-09-02T07:34:39","slug":"mentorstvo","status":"publish","type":"page","link":"https:\/\/www.ffos.unios.hr\/en\/sub-department-of-hungarian-language-and-literature\/mentorstvo\/","title":{"rendered":"Mentorship"},"content":{"rendered":"<h3><span style=\"color: #b72026;\"><strong>Mentorship at the Chair of Hungarian Language and Literature in the 2025<\/strong><\/span><span style=\"color: #b72026;\"><strong>\/2026 Academic Year<\/strong><\/span><\/h3>\n<h3><strong style=\"color: #b72026; font-size: 16px;\">1st year: Associate Professor Zsombor Labadi<\/strong><\/h3>\n<p style=\"text-align: center;\">       Domazet, Ema<\/p>\n<p style=\"text-align: center;\">       Jeleni\u0107, Katja<\/p>\n<p style=\"text-align: center;\">       Kov\u00e1cs, Tibor<\/p>\n<p style=\"text-align: center;\">       Toprek, Dajana<\/p>\n<p style=\"text-align: center;\"><em>      total number of students: 4<\/em><\/p>\n<p style=\"text-align: left;\"><span style=\"color: #b72026;\"><strong>2nd year of undergraduate study: \u00c1d\u00e1m Walk\u00f3, PhD, foreign-language lecturer<\/strong><\/span><\/p>\n<p style=\"font-weight: 400; text-align: center;\">         Dev\u010di\u0107, Iva<\/p>\n<p style=\"font-weight: 400; text-align: center;\">         Kelly, Ciar\u00e1n<\/p>\n<p style=\"font-weight: 400; text-align: center;\">         Koljanin, Ana-Marija<\/p>\n<p style=\"font-weight: 400; text-align: center;\">         Sudari\u0107, Josipa<\/p>\n<p style=\"font-weight: 400; text-align: center;\"><em>         total number of students: 4<\/em><\/p>\n<p style=\"text-align: left;\"><strong><span style=\"color: #b72026;\">3rd year of undergraduate <span style=\"color: #b72026;\">study:<\/span> Hajnalka Kispeter, native-language lecturer<\/span><\/strong><\/p>\n<p style=\"text-align: center;\">        Erde\u0161i, Karlo<\/p>\n<p style=\"text-align: center;\">        Farka\u0161, Korina<\/p>\n<p style=\"text-align: center;\">        Ili\u0107, David<\/p>\n<p style=\"text-align: center;\">        Kakuk, Ana<\/p>\n<p style=\"text-align: center;\">        Kop\u00e1csi Kett\u0151s, Tibor<\/p>\n<p style=\"text-align: center;\">       Kubala, Sandra<\/p>\n<p style=\"text-align: center;\">      Kuli\u0107, David<\/p>\n<p style=\"text-align: center;\">     Opan\u010dar, Lora<\/p>\n<p style=\"text-align: center;\">     Petrovi\u0107, Klara<\/p>\n<p style=\"text-align: center;\">      Tordi, Rea<\/p>\n<p style=\"padding-left: 40px; text-align: center;\"><em>total number of students: 10<\/em><\/p>\n<p style=\"text-align: left;\"><span style=\"color: #b72026;\"><strong>1st year of undergraduate study: Assistant Professor Timea Bockovac<\/strong><\/span><\/p>\n<p style=\"padding-left: 40px; text-align: center;\">Bistrica, Viktoria<\/p>\n<p style=\"text-align: center;\">          Grubi\u0161i\u0107, Lucija<\/p>\n<p style=\"text-align: center;\">Kova\u010d, Kitti<\/p>\n<p style=\"padding-left: 40px; text-align: center;\">Stanu\u0161i\u0107, Marta<\/p>\n<p style=\"padding-left: 40px; text-align: center;\">Zelenika, Leonarda<\/p>\n<p style=\"padding-left: 40px; text-align: center;\"><em>total number of students: 5<\/em><\/p>\n<p style=\"text-align: left;\"><span style=\"color: #b72026;\"><strong>2nd year of graduate study: Full Professor Zoltan Medve <\/strong><\/span><\/p>\n<p style=\"padding-left: 40px; text-align: center;\">\u010cizmadija, Ivona<\/p>\n<p style=\"padding-left: 40px; text-align: center;\">Prigl, Ina<\/p>\n<p style=\"padding-left: 40px; text-align: center;\">Puhalo, Rebeka<\/p>\n<p style=\"padding-left: 40px; text-align: center;\">\u0160kali\u0107, Ante<\/p>\n<p style=\"padding-left: 40px; text-align: center;\"><em>total number of students: <\/em><em>4<\/em><\/p>\n<p style=\"padding-left: 40px;\">\n","protected":false},"excerpt":{"rendered":"<p>Mentorship at the Chair of Hungarian Language and Literature in the 2025\/2026 Academic Year 1st year: Associate Professor Zsombor Labadi Domazet, Ema Jeleni\u0107, Katja Kov\u00e1cs, Tibor Toprek, Dajana total number of students: 4 2nd year of undergraduate study: \u00c1d\u00e1m Walk\u00f3, PhD, foreign-language lecturer Dev\u010di\u0107, Iva Kelly, Ciar\u00e1n Koljanin, Ana-Marija Sudari\u0107, Josipa total number of students: [&hellip;]<\/p>\n","protected":false},"author":14,"featured_media":0,"parent":122997,"menu_order":0,"comment_status":"closed","ping_status":"closed","template":"","meta":{"_acf_changed":false,"footnotes":""},"class_list":["post-126866","page","type-page","status-publish","hentry"],"acf":[],"_links":{"self":[{"href":"https:\/\/www.ffos.unios.hr\/en\/wp-json\/wp\/v2\/pages\/126866","targetHints":{"allow":["GET"]}}],"collection":[{"href":"https:\/\/www.ffos.unios.hr\/en\/wp-json\/wp\/v2\/pages"}],"about":[{"href":"https:\/\/www.ffos.unios.hr\/en\/wp-json\/wp\/v2\/types\/page"}],"author":[{"embeddable":true,"href":"https:\/\/www.ffos.unios.hr\/en\/wp-json\/wp\/v2\/users\/14"}],"replies":[{"embeddable":true,"href":"https:\/\/www.ffos.unios.hr\/en\/wp-json\/wp\/v2\/comments?post=126866"}],"version-history":[{"count":1,"href":"https:\/\/www.ffos.unios.hr\/en\/wp-json\/wp\/v2\/pages\/126866\/revisions"}],"predecessor-version":[{"id":126867,"href":"https:\/\/www.ffos.unios.hr\/en\/wp-json\/wp\/v2\/pages\/126866\/revisions\/126867"}],"up":[{"embeddable":true,"href":"https:\/\/www.ffos.unios.hr\/en\/wp-json\/wp\/v2\/pages\/122997"}],"wp:attachment":[{"href":"https:\/\/www.ffos.unios.hr\/en\/wp-json\/wp\/v2\/media?parent=126866"}],"curies":[{"name":"wp","href":"https:\/\/api.w.org\/{rel}","templated":true}]}}