{"id":126886,"date":"2026-09-02T09:44:58","date_gmt":"2026-09-02T07:44:58","guid":{"rendered":"https:\/\/www.ffos.unios.hr\/?page_id=126886"},"modified":"2026-09-02T09:44:58","modified_gmt":"2026-09-02T07:44:58","slug":"events","status":"publish","type":"page","link":"https:\/\/www.ffos.unios.hr\/en\/events\/","title":{"rendered":"Events"},"content":{"rendered":"<header class=\"entry-header\">\n<h2 style=\"text-align: center;\" data-wahfont=\"23\" data-wahpro-titles-style=\"font-size: 23px;\">INSTITUTIONAL VISIT<\/h2>\n<\/header>\n<p>&nbsp;<\/p>\n<header class=\"entry-header\">\n<h4 style=\"text-align: justify;\" data-wahfont=\"23\" data-wahpro-titles-style=\"font-size: 23px;\">On 7 May 2026, first-year MA students attended an off-site class at the media centre in Bilje as part of the course &#8220;Introduction to Multimedia&#8221;.<\/p>\n<p><strong>During the visit, they toured the institution and gained insight into the functioning of Hungarian-language media in Croatia, learned about the challenges of editorial and journalistic work, and became familiar with the process of producing studio recordings. During the interactive session, they had the opportunity to practise interview situations, ask questions and prepare introductions, which also helped them prepare for their professional practice scheduled for the following academic year.<\/strong><\/p>\n<p><strong>We would also like to thank the editorial staff and M\u00f3nika Moln\u00e1r for their support and contribution to the successful implementation of the programme.<\/strong><\/h4>\n<\/header>\n<h2 style=\"text-align: center;\" data-wahfont=\"23\" data-wahpro-titles-style=\"font-size: 23px;\"><\/h2>\n<h4 style=\"text-align: justify;\" data-wahfont=\"23\" data-wahpro-titles-style=\"font-size: 23px;\"><strong><img decoding=\"async\" class=\"alignnone size-medium wp-image-119236\" src=\"https:\/\/www.ffos.unios.hr\/wp-content\/uploads\/2026\/05\/bae70b71-612e-4a85-9a53-deac99aa2646-300x225.jpg\" alt=\"\" width=\"300\" height=\"225\" srcset=\"https:\/\/www.ffos.unios.hr\/wp-content\/uploads\/2026\/05\/bae70b71-612e-4a85-9a53-deac99aa2646-300x225.jpg 300w, https:\/\/www.ffos.unios.hr\/wp-content\/uploads\/2026\/05\/bae70b71-612e-4a85-9a53-deac99aa2646-1024x768.jpg 1024w, https:\/\/www.ffos.unios.hr\/wp-content\/uploads\/2026\/05\/bae70b71-612e-4a85-9a53-deac99aa2646-768x576.jpg 768w, https:\/\/www.ffos.unios.hr\/wp-content\/uploads\/2026\/05\/bae70b71-612e-4a85-9a53-deac99aa2646-1536x1152.jpg 1536w, https:\/\/www.ffos.unios.hr\/wp-content\/uploads\/2026\/05\/bae70b71-612e-4a85-9a53-deac99aa2646.jpg 2048w\" sizes=\"(max-width: 300px) 100vw, 300px\" \/>                                                     <img decoding=\"async\" class=\"alignnone size-medium wp-image-119238\" src=\"https:\/\/www.ffos.unios.hr\/wp-content\/uploads\/2026\/05\/41ef881a-1bc3-4ecc-860f-7ca70f6921f5-300x225.jpg\" alt=\"\" width=\"300\" height=\"225\" srcset=\"https:\/\/www.ffos.unios.hr\/wp-content\/uploads\/2026\/05\/41ef881a-1bc3-4ecc-860f-7ca70f6921f5-300x225.jpg 300w, https:\/\/www.ffos.unios.hr\/wp-content\/uploads\/2026\/05\/41ef881a-1bc3-4ecc-860f-7ca70f6921f5-1024x768.jpg 1024w, https:\/\/www.ffos.unios.hr\/wp-content\/uploads\/2026\/05\/41ef881a-1bc3-4ecc-860f-7ca70f6921f5-768x576.jpg 768w, https:\/\/www.ffos.unios.hr\/wp-content\/uploads\/2026\/05\/41ef881a-1bc3-4ecc-860f-7ca70f6921f5-1536x1152.jpg 1536w, https:\/\/www.ffos.unios.hr\/wp-content\/uploads\/2026\/05\/41ef881a-1bc3-4ecc-860f-7ca70f6921f5.jpg 2048w\" sizes=\"(max-width: 300px) 100vw, 300px\" \/> <\/strong><img decoding=\"async\" class=\"alignnone  wp-image-119237\" src=\"https:\/\/www.ffos.unios.hr\/wp-content\/uploads\/2026\/05\/977ddc43-2d32-4d28-a0cd-2eb7d0a757cd-300x225.jpg\" alt=\"\" width=\"5\" height=\"4\" srcset=\"https:\/\/www.ffos.unios.hr\/wp-content\/uploads\/2026\/05\/977ddc43-2d32-4d28-a0cd-2eb7d0a757cd-300x225.jpg 300w, https:\/\/www.ffos.unios.hr\/wp-content\/uploads\/2026\/05\/977ddc43-2d32-4d28-a0cd-2eb7d0a757cd-1024x768.jpg 1024w, https:\/\/www.ffos.unios.hr\/wp-content\/uploads\/2026\/05\/977ddc43-2d32-4d28-a0cd-2eb7d0a757cd-150x150.jpg 150w, https:\/\/www.ffos.unios.hr\/wp-content\/uploads\/2026\/05\/977ddc43-2d32-4d28-a0cd-2eb7d0a757cd-768x576.jpg 768w, https:\/\/www.ffos.unios.hr\/wp-content\/uploads\/2026\/05\/977ddc43-2d32-4d28-a0cd-2eb7d0a757cd-1536x1152.jpg 1536w, https:\/\/www.ffos.unios.hr\/wp-content\/uploads\/2026\/05\/977ddc43-2d32-4d28-a0cd-2eb7d0a757cd.jpg 2048w\" sizes=\"(max-width: 5px) 100vw, 5px\" \/><\/h4>\n<h4 style=\"text-align: justify;\" data-wahfont=\"23\" data-wahpro-titles-style=\"font-size: 23px;\"><\/h4>\n<header class=\"entry-header\">\n<h2 style=\"text-align: center;\" data-wahfont=\"23\" data-wahpro-titles-style=\"font-size: 23px;\"><img decoding=\"async\" class=\"alignnone size-medium wp-image-119239\" src=\"https:\/\/www.ffos.unios.hr\/wp-content\/uploads\/2026\/05\/977ddc43-2d32-4d28-a0cd-2eb7d0a757cd-1-300x225.jpg\" alt=\"\" width=\"300\" height=\"225\" srcset=\"https:\/\/www.ffos.unios.hr\/wp-content\/uploads\/2026\/05\/977ddc43-2d32-4d28-a0cd-2eb7d0a757cd-1-300x225.jpg 300w, https:\/\/www.ffos.unios.hr\/wp-content\/uploads\/2026\/05\/977ddc43-2d32-4d28-a0cd-2eb7d0a757cd-1-1024x768.jpg 1024w, https:\/\/www.ffos.unios.hr\/wp-content\/uploads\/2026\/05\/977ddc43-2d32-4d28-a0cd-2eb7d0a757cd-1-768x576.jpg 768w, https:\/\/www.ffos.unios.hr\/wp-content\/uploads\/2026\/05\/977ddc43-2d32-4d28-a0cd-2eb7d0a757cd-1-1536x1152.jpg 1536w, https:\/\/www.ffos.unios.hr\/wp-content\/uploads\/2026\/05\/977ddc43-2d32-4d28-a0cd-2eb7d0a757cd-1.jpg 2048w\" sizes=\"(max-width: 300px) 100vw, 300px\" \/><\/h2>\n<h2 style=\"text-align: center;\" data-wahfont=\"23\" data-wahpro-titles-style=\"font-size: 23px;\"><\/h2>\n<h2 style=\"text-align: center;\" data-wahfont=\"23\" data-wahpro-titles-style=\"font-size: 23px;\"><\/h2>\n<h2 style=\"text-align: center;\" data-wahfont=\"23\" data-wahpro-titles-style=\"font-size: 23px;\"><strong><span style=\"color: #ff0000;\"><img decoding=\"async\" class=\"alignnone wp-image-118012\" src=\"https:\/\/www.ffos.unios.hr\/wp-content\/uploads\/2026\/04\/IMG_1723-300x225.jpeg\" alt=\"\" width=\"316\" height=\"237\" srcset=\"https:\/\/www.ffos.unios.hr\/wp-content\/uploads\/2026\/04\/IMG_1723-300x225.jpeg 300w, https:\/\/www.ffos.unios.hr\/wp-content\/uploads\/2026\/04\/IMG_1723-rotated.jpeg 640w\" sizes=\"(max-width: 316px) 100vw, 316px\" \/><\/span><\/strong><\/h2>\n<h2 style=\"text-align: center;\" data-wahfont=\"23\" data-wahpro-titles-style=\"font-size: 23px;\"><strong><span style=\"color: #ff0000;\">GUEST LECTURERS<\/span><\/strong><\/h2>\n<p style=\"text-align: justify;\">In April 2026, lecturers from the University of P\u00e9cs visited our Chair and worked with graduate students.<\/p>\n<p style=\"text-align: justify;\">\u00c9va Kata Szederk\u00e9nyi involved the students in a workshop on developing skills for entering the labour market and methods of self-communication. Through individual and pair work, the students practised assertive communication techniques, building a positive personal brand and focusing on their strengths. Szederk\u00e9nyi would also like to thank the students for their openness and cooperation and hopes that, after completing their graduate studies, they will find excellent teaching positions and supportive professional communities.<\/p>\n<p style=\"text-align: justify;\">Bene Adri\u00e1n, Associate Professor at the University of P\u00e9cs, provided students with an insight into contemporary Hungarian literary periodical culture through an interactive workshop, analysing the characteristics of print and digital literary journals. Based on student activities, the structural and media-related characteristics of individual journals and online portals were compared. In his lecture on pedagogy, he presented the potential of popular culture for developing skills through the example of alternative-history comics, which can be used to strengthen students&#8217; critical thinking, media literacy and responsible citizenship competencies in an engaging way.<\/p>\n<p style=\"text-align: justify;\">Thank you for the cooperation!<\/p>\n<h2 data-wahfont=\"23\" data-wahpro-titles-style=\"font-size: 23px;\"><\/h2>\n<h2 data-wahfont=\"23\" data-wahpro-titles-style=\"font-size: 23px;\"><\/h2>\n<h2 class=\"entry-title\" style=\"text-align: center;\" data-wahfont=\"23\" data-wahpro-titles-style=\"font-size: 23px;\">Guest Lecture &#8220;Multilingualism in the European Union \u2013 Translators&#8217; Experiences&#8221; Held<\/h2>\n<\/header>\n<div class=\"entry-content\">\n<p style=\"text-align: justify;\" data-wahfont=\"16\" data-wahpro-txt-style=\"text-align: justify; font-size: 16px;\">On 26 January 2024, from 9:45 to 11:15, Professor and translator Claudia \u00d6lbei gave a guest lecture as part of the elective course <em>Consecutive Interpreting<\/em>, taught in the second year of the Graduate Study Programme in Hungarian Language and Literature. She worked as a translator at the European Parliament for ten years and has been working at the European Court in Strasbourg since 2014. In her interactive lecture entitled <strong><em>Multilingualism in the European Union \u2013 Translators&#8217; Experiences<\/em><\/strong>, she provided a concise overview of the history of the multilingual European Union, with particular emphasis on the work of the European Court, highlighting the complex process of language mediation among the 24 official languages. The second part of the session consisted of a workshop with active student participation. In addition to learning about various theoretical models of the interpreting process, students had the opportunity to apply appropriate interpreting strategies and procedures between Hungarian and Croatian in accordance with the intended learning outcomes of the course.<\/p>\n<p style=\"text-align: right;\" data-wahfont=\"16\" data-wahpro-txt-style=\"text-align: right; font-size: 16px;\">Assistant Professor Timea Bockovac<\/p>\n<p data-wahfont=\"16\" data-wahpro-txt-style=\"text-align: right; font-size: 16px;\"><img decoding=\"async\" class=\"alignnone wp-image-79402\" src=\"https:\/\/www.ffos.unios.hr\/wp-content\/uploads\/2024\/01\/416002920_1106328960544398_4517856410863702485_n.jpg\" alt=\"\" width=\"492\" height=\"369\" srcset=\"https:\/\/www.ffos.unios.hr\/wp-content\/uploads\/2024\/01\/416002920_1106328960544398_4517856410863702485_n.jpg 828w, https:\/\/www.ffos.unios.hr\/wp-content\/uploads\/2024\/01\/416002920_1106328960544398_4517856410863702485_n-300x225.jpg 300w, https:\/\/www.ffos.unios.hr\/wp-content\/uploads\/2024\/01\/416002920_1106328960544398_4517856410863702485_n-768x576.jpg 768w\" sizes=\"(max-width: 492px) 100vw, 492px\" \/>        <img decoding=\"async\" class=\"alignnone wp-image-79405\" src=\"https:\/\/www.ffos.unios.hr\/wp-content\/uploads\/2024\/01\/415755020_934389227969238_7375209532354882716_n.jpg\" alt=\"\" width=\"492\" height=\"369\" srcset=\"https:\/\/www.ffos.unios.hr\/wp-content\/uploads\/2024\/01\/415755020_934389227969238_7375209532354882716_n.jpg 828w, https:\/\/www.ffos.unios.hr\/wp-content\/uploads\/2024\/01\/415755020_934389227969238_7375209532354882716_n-300x225.jpg 300w, https:\/\/www.ffos.unios.hr\/wp-content\/uploads\/2024\/01\/415755020_934389227969238_7375209532354882716_n-768x576.jpg 768w\" sizes=\"(max-width: 492px) 100vw, 492px\" \/><\/p>\n<p data-wahfont=\"16\" data-wahpro-txt-style=\"text-align: right; font-size: 16px;\"><img decoding=\"async\" class=\"wp-image-79407 aligncenter\" src=\"https:\/\/www.ffos.unios.hr\/wp-content\/uploads\/2024\/01\/415773175_903548858068555_1977449097829224696_n-768x1024.jpg\" alt=\"\" width=\"434\" height=\"579\" srcset=\"https:\/\/www.ffos.unios.hr\/wp-content\/uploads\/2024\/01\/415773175_903548858068555_1977449097829224696_n-768x1024.jpg 768w, https:\/\/www.ffos.unios.hr\/wp-content\/uploads\/2024\/01\/415773175_903548858068555_1977449097829224696_n-225x300.jpg 225w, https:\/\/www.ffos.unios.hr\/wp-content\/uploads\/2024\/01\/415773175_903548858068555_1977449097829224696_n.jpg 828w\" sizes=\"(max-width: 434px) 100vw, 434px\" \/><\/p>\n<\/div>\n<h3 style=\"text-align: center;\"><strong>Balkan Garden in Balok\u00e1ny<\/strong><\/h3>\n<p>Yesterday, 29 September, the event entitled &#8220;Balk\u00e1nkert a Balok\u00e1nyban\/Balkan Garden in Balok\u00e1ny&#8221; opened with the aim of introducing interested visitors to the mentality, art, culture, music and sports of the Balkan peoples, as well as presenting the position of Hungarians and other nationalities from the region.<\/p>\n<p>The first event featured an exhibition by the Baranya County Archives of the Hungarian National Archives entitled &#8220;P\u00e9cs\u2013Osijek: 50 Years of Twin Cities \u2013 Images and Stories from the Past of Two Twin Cities&#8221;, opened by Dr Zolt\u00e1n G\u0151zsy, Director of the Archives and Professor at the Institute of History of the Faculty of Humanities and Social Sciences, University of P\u00e9cs. This was followed by a presentation by historian Dr Szabolcs Varga entitled &#8220;Dependent on One Another: Osijek and P\u00e9cs\/Esz\u00e9k \u00e9s P\u00e9cs&#8221;. Dr Ana Lehocki-Samard\u017ei\u0107, Head of our Chair and the Glotta Institute for Language, also attended the event and shared her experiences regarding the position of the Hungarian minority in Croatia.<\/p>\n<p><img decoding=\"async\" class=\"size-large wp-image-69466 aligncenter\" src=\"https:\/\/www.ffos.unios.hr\/wp-content\/uploads\/2023\/10\/382440135_252453017284180_2915981611601378122_n-1024x768.jpg\" alt=\"\" width=\"1024\" height=\"768\" srcset=\"https:\/\/www.ffos.unios.hr\/wp-content\/uploads\/2023\/10\/382440135_252453017284180_2915981611601378122_n-1024x768.jpg 1024w, https:\/\/www.ffos.unios.hr\/wp-content\/uploads\/2023\/10\/382440135_252453017284180_2915981611601378122_n-300x225.jpg 300w, https:\/\/www.ffos.unios.hr\/wp-content\/uploads\/2023\/10\/382440135_252453017284180_2915981611601378122_n-768x576.jpg 768w, https:\/\/www.ffos.unios.hr\/wp-content\/uploads\/2023\/10\/382440135_252453017284180_2915981611601378122_n-1536x1152.jpg 1536w, https:\/\/www.ffos.unios.hr\/wp-content\/uploads\/2023\/10\/382440135_252453017284180_2915981611601378122_n.jpg 1600w\" sizes=\"(max-width: 1024px) 100vw, 1024px\" \/><\/p>\n<p>\u00a0<\/p>\n<p><img decoding=\"async\" class=\"size-large wp-image-69468 aligncenter\" src=\"https:\/\/www.ffos.unios.hr\/wp-content\/uploads\/2023\/10\/383493872_344729844687741_6569383720940347682_n-768x1024.jpg\" alt=\"\" width=\"768\" height=\"1024\" srcset=\"https:\/\/www.ffos.unios.hr\/wp-content\/uploads\/2023\/10\/383493872_344729844687741_6569383720940347682_n-768x1024.jpg 768w, https:\/\/www.ffos.unios.hr\/wp-content\/uploads\/2023\/10\/383493872_344729844687741_6569383720940347682_n-225x300.jpg 225w, https:\/\/www.ffos.unios.hr\/wp-content\/uploads\/2023\/10\/383493872_344729844687741_6569383720940347682_n-1152x1536.jpg 1152w, https:\/\/www.ffos.unios.hr\/wp-content\/uploads\/2023\/10\/383493872_344729844687741_6569383720940347682_n.jpg 1200w\" sizes=\"(max-width: 768px) 100vw, 768px\" \/><\/p>\n<p>\u00a0<\/p>\n<p><img decoding=\"async\" class=\"size-large wp-image-69470 aligncenter\" src=\"https:\/\/www.ffos.unios.hr\/wp-content\/uploads\/2023\/10\/385427570_727005135886746_3401586350204520694_n-768x1024.jpg\" alt=\"\" width=\"768\" height=\"1024\" srcset=\"https:\/\/www.ffos.unios.hr\/wp-content\/uploads\/2023\/10\/385427570_727005135886746_3401586350204520694_n-768x1024.jpg 768w, https:\/\/www.ffos.unios.hr\/wp-content\/uploads\/2023\/10\/385427570_727005135886746_3401586350204520694_n-225x300.jpg 225w, https:\/\/www.ffos.unios.hr\/wp-content\/uploads\/2023\/10\/385427570_727005135886746_3401586350204520694_n-1152x1536.jpg 1152w, https:\/\/www.ffos.unios.hr\/wp-content\/uploads\/2023\/10\/385427570_727005135886746_3401586350204520694_n.jpg 1200w\" sizes=\"(max-width: 768px) 100vw, 768px\" \/><\/p>\n<p style=\"text-align: center;\">Photos: Josip Samard\u017ei\u0107<\/p>\n<p>&nbsp;<\/p>\n<hr \/>\n<p>\u00a0<\/p>\n<p style=\"text-align: center;\"><strong>FIELD CLASSES FOR STUDENTS OF HUNGARIAN LANGUAGE AND LITERATURE<\/strong><\/p>\n<p style=\"text-align: center;\"><strong>&#8220;LANGUAGE MEDIATION AND COMMUNICATION IN SITU&#8221;<\/strong><\/p>\n<p style=\"text-align: justify;\" data-wahfont=\"16\" data-wahpro-txt-style=\"text-align: justify; font-size: 16px;\">On 8 and 9 June 2023, first-year students of the Graduate Study Programme in Hungarian Language participated in field classes related to the course Specialised Translation, taught by Associate Professor Ana Lehocki-Samard\u017ei\u0107. The trip to Budapest was designed as an extension of classroom activities in order to give students an insight into what they can expect from the translation profession, what the work of a translator looks like in real-life circumstances, and how it relates to the tasks performed by communication specialists and language mediators in general. Since the learning outcomes of the Graduate Study Programme in Hungarian Language can be divided into two thematic groups (translation and communication), the activities were selected so that each would address a translation competence while also relating to one of the learning outcomes of the study programme, thereby maximising the effectiveness of the field trip.<\/p>\n<p style=\"text-align: justify;\" data-wahfont=\"16\" data-wahpro-txt-style=\"text-align: justify; font-size: 16px;\">The first day of the field classes, the so-called <em>communication day<\/em>, focused on educating students in the field of communication studies. Renata Forjan, an alumna of our Faculty who runs her own translation business as well as a services and tourism business, joined the activities and held a workshop introducing students to Budapest. Based on assigned tasks, the students independently discovered interesting facts and sights in Budapest. Forjan also incorporated translation tasks into all activities. Although the weather was not favourable, we had the opportunity to visit most of the planned sights.<\/p>\n<p data-wahfont=\"16\" data-wahpro-txt-style=\"text-align: justify; font-size: 16px;\"><img decoding=\"async\" class=\"size-large wp-image-65264 aligncenter\" src=\"https:\/\/www.ffos.unios.hr\/wp-content\/uploads\/2023\/06\/20230608_105146-3-1024x768.jpg\" alt=\"\" width=\"1024\" height=\"768\" srcset=\"https:\/\/www.ffos.unios.hr\/wp-content\/uploads\/2023\/06\/20230608_105146-3-1024x768.jpg 1024w, https:\/\/www.ffos.unios.hr\/wp-content\/uploads\/2023\/06\/20230608_105146-3-300x225.jpg 300w, https:\/\/www.ffos.unios.hr\/wp-content\/uploads\/2023\/06\/20230608_105146-3-768x576.jpg 768w, https:\/\/www.ffos.unios.hr\/wp-content\/uploads\/2023\/06\/20230608_105146-3-1536x1152.jpg 1536w, https:\/\/www.ffos.unios.hr\/wp-content\/uploads\/2023\/06\/20230608_105146-3-scaled.jpg 2048w\" sizes=\"(max-width: 1024px) 100vw, 1024px\" \/><\/p>\n<p style=\"text-align: justify;\" data-wahfont=\"16\" data-wahpro-txt-style=\"text-align: justify; font-size: 16px;\">The programme on the first day also included a visit to the Museum of Ethnography, which was likewise connected with communication and translation topics and offered students multiple benefits. Cultural competence is one of the competencies required of translators, and students learn not only the Hungarian language but also traditional and modern Hungarian culture. This was why this particular museum was selected. There, we visited the exhibition entitled ZOOM, whose central idea is the changing perspective in the work of ethnographic museums and museums in general. During the visit, students completed tasks assigned by the curator, learning how to use objects that were once part of everyday life and gaining a tangible insight into life in the past. We concluded the day by exploring the city&#8217;s Art Nouveau district and attending a workshop on the operation of translation companies and businesses in Croatia, led by Renata Forjan and Ana Lehocki-Samard\u017ei\u0107.<\/p>\n<p data-wahfont=\"16\" data-wahpro-txt-style=\"text-align: justify; font-size: 16px;\"><img decoding=\"async\" class=\"size-large wp-image-65266 aligncenter\" src=\"https:\/\/www.ffos.unios.hr\/wp-content\/uploads\/2023\/06\/received_204919275352142-2-768x1024.jpeg\" alt=\"\" width=\"768\" height=\"1024\" srcset=\"https:\/\/www.ffos.unios.hr\/wp-content\/uploads\/2023\/06\/received_204919275352142-2-768x1024.jpeg 768w, https:\/\/www.ffos.unios.hr\/wp-content\/uploads\/2023\/06\/received_204919275352142-2-225x300.jpeg 225w, https:\/\/www.ffos.unios.hr\/wp-content\/uploads\/2023\/06\/received_204919275352142-2-1152x1536.jpeg 1152w, https:\/\/www.ffos.unios.hr\/wp-content\/uploads\/2023\/06\/received_204919275352142-2.jpeg 1536w\" sizes=\"(max-width: 768px) 100vw, 768px\" \/><\/p>\n<p data-wahfont=\"16\" data-wahpro-txt-style=\"text-align: justify; font-size: 16px;\"><img decoding=\"async\" class=\"size-large wp-image-65268 aligncenter\" src=\"https:\/\/www.ffos.unios.hr\/wp-content\/uploads\/2023\/06\/20230608_120808-2-768x1024.jpg\" alt=\"\" width=\"768\" height=\"1024\" srcset=\"https:\/\/www.ffos.unios.hr\/wp-content\/uploads\/2023\/06\/20230608_120808-2-768x1024.jpg 768w, https:\/\/www.ffos.unios.hr\/wp-content\/uploads\/2023\/06\/20230608_120808-2-225x300.jpg 225w, https:\/\/www.ffos.unios.hr\/wp-content\/uploads\/2023\/06\/20230608_120808-2-1152x1536.jpg 1152w, https:\/\/www.ffos.unios.hr\/wp-content\/uploads\/2023\/06\/20230608_120808-2-scaled.jpg 1536w\" sizes=\"(max-width: 768px) 100vw, 768px\" \/><\/p>\n<p style=\"text-align: justify;\" data-wahfont=\"16\" data-wahpro-txt-style=\"text-align: justify; font-size: 16px;\">The second day, the so-called <em>translation day<\/em>, included a visit to the Hungarian Office for Translation and Attestation Ltd. (OFFI) in Budapest. The heads of the company&#8217;s main departments welcomed us with an extensive programme. Our Faculty has signed a Cooperation Agreement with the company and has two internship placements there each year. Szilvia Szot\u00e1k, Head of the Language Editing Department, spoke about the beginnings of the Office, which has operated continuously for 154 years, its mentoring and internship programmes, and the results of its work to date. This was followed by lectures by Annam\u00e1ria Novakov (Head of the Quality Assurance Office) on the organisation and operation of the company and by D\u00f3ra M\u00e1ria Tam\u00e1s (Head of the Terminology Office) on the company&#8217;s terminology work and the development of terminology databases that support translators both in traditional translation work and when using CAT tools. After a short quiz on what they had learned, in which students won valuable prizes, Edina Pol\u00e1cska (Head of the CAT Tools Office) gave a lecture and workshop on the use of CAT tools. This particularly impressed the students, as very little time remains during regular classes for translation using CAT tools.<\/p>\n<p data-wahfont=\"16\" data-wahpro-txt-style=\"text-align: justify; font-size: 16px;\"><img decoding=\"async\" class=\"size-large wp-image-65270 aligncenter\" src=\"https:\/\/www.ffos.unios.hr\/wp-content\/uploads\/2023\/06\/IMG-e7ffbb8e9a8603e342385774b0938cce-V-2-461x1024.jpg\" alt=\"\" width=\"461\" height=\"1024\" srcset=\"https:\/\/www.ffos.unios.hr\/wp-content\/uploads\/2023\/06\/IMG-e7ffbb8e9a8603e342385774b0938cce-V-2-461x1024.jpg 461w, https:\/\/www.ffos.unios.hr\/wp-content\/uploads\/2023\/06\/IMG-e7ffbb8e9a8603e342385774b0938cce-V-2-135x300.jpg 135w, https:\/\/www.ffos.unios.hr\/wp-content\/uploads\/2023\/06\/IMG-e7ffbb8e9a8603e342385774b0938cce-V-2-691x1536.jpg 691w, https:\/\/www.ffos.unios.hr\/wp-content\/uploads\/2023\/06\/IMG-e7ffbb8e9a8603e342385774b0938cce-V-2.jpg 720w\" sizes=\"(max-width: 461px) 100vw, 461px\" \/><\/p>\n<p style=\"text-align: justify;\" data-wahfont=\"16\" data-wahpro-txt-style=\"text-align: justify; font-size: 16px;\">Young translators and students at the beginning of their studies first learn to work using traditional methods in order to understand why certain issues in the translation process require particular attention. Therefore, 15 weeks of Specialised Translation classes are far from sufficient to also become thoroughly familiar with CAT tools. Following the CAT tools session, students participated in a WORDCAFFE activity, where they received guidelines on <em>what makes a good translator, what makes a good interpreter<\/em> and <em>what makes a good translation<\/em>. The workshop part of the visit concluded with a Croatian translation exercise involving a <em>Certificate of No Criminal Record<\/em>, as an example of a fixed-format document that had not been translated during classes. At the end of the day, we visited the Customer Service Office of the Hungarian Office for Translation and Attestation Ltd. (OFFI), where students saw <em>in situ<\/em> how a document is submitted for translation and processed before being sent to a translator. They also received basic information from practising translators about working at OFFI, which is organised as a joint-stock company and therefore operates with a profit-oriented business model while simultaneously complying with the rules governing state-owned companies, an exceptionally demanding task.<\/p>\n<p data-wahfont=\"16\" data-wahpro-txt-style=\"text-align: right; font-size: 16px;\">Text: Associate Professor Ana Lehocki-Samard\u017ei\u0107<\/p>\n<p data-wahfont=\"16\" data-wahpro-txt-style=\"text-align: right; font-size: 16px;\">Photos: Szilvia Szot\u00e1k, Ana Lehocki-Samard\u017ei\u0107, Renata Forjan and Magdalena Bili\u0107<\/p>\n<hr \/>\n<p>\u00a0<\/p>\n<p style=\"text-align: center;\"><strong>Panel Discussion <\/strong><strong><em>Minority Literature and Hungarian Authors in Croatia<\/em><\/strong><\/p>\n<p><em> <\/em><\/p>\n<p style=\"text-align: justify;\">On 31 May at 6 p.m., the Faculty of Humanities and Social Sciences in Osijek hosted the panel discussion <em>Minority Literature and Hungarian Authors in Croatia<\/em> as part of the FUZ&amp;JA (Faculty of Humanities and Social Sciences in the Community \u2013 Me Too) project, a science popularisation project of the Faculty of Humanities and Social Sciences in Osijek. The guests were Ferenc Kontra, an award-winning writer and recipient of numerous awards (Magyarorsz\u00e1g bab\u00e9rkoszor\u00faja, J\u00f3zsef Attila d\u00edj, M\u00e1rai S\u00e1ndor d\u00edj, etc.); Full Professor \u00c9va Toldi, literary historian, critic and Head of the Department of Hungarian Studies in Novi Sad; and Associate Professor Ana Lehocki-Samard\u017ei\u0107, Head of the Chair of Hungarian Language and Literature at the Faculty of Humanities and Social Sciences in Osijek, who participated in the panel in her capacity as a writer and poet. The discussion was moderated by Gabriela Dobsai, PhD, and \u00c1d\u00e1m Walk\u00f3, PhD, lecturers at the Chair of Hungarian Language and Literature at the Faculty of Humanities and Social Sciences in Osijek.<\/p>\n<p style=\"text-align: justify;\">The main topics of the panel were minority literature, Hungarian literature and Hungarian authors in Croatia, bilingualism in literature and culture, as well as transculturalism, its possibilities, influence and presence in literature.<\/p>\n<p style=\"text-align: justify;\">The panel discussion <em>Minority Literature and Hungarian Authors in Croatia<\/em>, organised as part of the FUZ&amp;JA project, provided insight into the development, challenges, advantages and future of minority literature in general and in our region, while also opening opportunities for cooperation between literary historians and writers.<\/p>\n<p><img decoding=\"async\" class=\"size-large wp-image-65352 aligncenter\" src=\"https:\/\/www.ffos.unios.hr\/wp-content\/uploads\/2023\/06\/tribina3-1024x768.jpg\" alt=\"\" width=\"1024\" height=\"768\" srcset=\"https:\/\/www.ffos.unios.hr\/wp-content\/uploads\/2023\/06\/tribina3-1024x768.jpg 1024w, https:\/\/www.ffos.unios.hr\/wp-content\/uploads\/2023\/06\/tribina3-300x225.jpg 300w, https:\/\/www.ffos.unios.hr\/wp-content\/uploads\/2023\/06\/tribina3-768x576.jpg 768w, https:\/\/www.ffos.unios.hr\/wp-content\/uploads\/2023\/06\/tribina3-1536x1152.jpg 1536w, https:\/\/www.ffos.unios.hr\/wp-content\/uploads\/2023\/06\/tribina3.jpg 2048w\" sizes=\"(max-width: 1024px) 100vw, 1024px\" \/><\/p>\n<p>\u00a0<\/p>\n<hr \/>\n<p>\u00a0<\/p>\n<p style=\"text-align: center;\"><strong>Students of the Chair of Hungarian Language and Literature Actively Participated in Jewish Culture Month Programmes<\/strong><\/p>\n<p style=\"text-align: justify;\">This year, students of the Chair of Hungarian Language and Literature once again actively participated in programmes held on 17 and 18 September 2022 as part of Jewish Culture Month. A workshop was held at the Stara Pekara venue in Osijek&#8217;s Tvr\u0111a district, where Ante Kati\u0107 and Tea Pu\u0161elji\u0107 performed Szekler dances. Participants had an opportunity to learn dances of all national minorities living and active in the City of Osijek, including Hebrew, German, Macedonian, Serbian, Ruthenian and other dances. The primary aim of the workshop was to bring together members of different minorities and, through traditional and popular dances, contribute to intercultural dialogue among them.<\/p>\n<p><img decoding=\"async\" class=\"alignnone size-medium wp-image-40482\" src=\"https:\/\/www.ffos.unios.hr\/wp-content\/uploads\/2022\/09\/307189994_626074852432323_5762170440197090276_n-225x300.jpg\" alt=\"\" width=\"225\" height=\"300\" srcset=\"https:\/\/www.ffos.unios.hr\/wp-content\/uploads\/2022\/09\/307189994_626074852432323_5762170440197090276_n-225x300.jpg 225w, https:\/\/www.ffos.unios.hr\/wp-content\/uploads\/2022\/09\/307189994_626074852432323_5762170440197090276_n-768x1024.jpg 768w, https:\/\/www.ffos.unios.hr\/wp-content\/uploads\/2022\/09\/307189994_626074852432323_5762170440197090276_n-1152x1536.jpg 1152w, https:\/\/www.ffos.unios.hr\/wp-content\/uploads\/2022\/09\/307189994_626074852432323_5762170440197090276_n.jpg 1200w\" sizes=\"(max-width: 225px) 100vw, 225px\" \/> <img decoding=\"async\" class=\"alignnone size-medium wp-image-40488\" src=\"https:\/\/www.ffos.unios.hr\/wp-content\/uploads\/2022\/09\/307283202_1114674919486188_5658801622686096723_n-225x300.jpg\" alt=\"\" width=\"225\" height=\"300\" srcset=\"https:\/\/www.ffos.unios.hr\/wp-content\/uploads\/2022\/09\/307283202_1114674919486188_5658801622686096723_n-225x300.jpg 225w, https:\/\/www.ffos.unios.hr\/wp-content\/uploads\/2022\/09\/307283202_1114674919486188_5658801622686096723_n-768x1024.jpg 768w, https:\/\/www.ffos.unios.hr\/wp-content\/uploads\/2022\/09\/307283202_1114674919486188_5658801622686096723_n-1152x1536.jpg 1152w, https:\/\/www.ffos.unios.hr\/wp-content\/uploads\/2022\/09\/307283202_1114674919486188_5658801622686096723_n.jpg 1200w\" sizes=\"(max-width: 225px) 100vw, 225px\" \/> <img decoding=\"async\" class=\"alignnone size-medium wp-image-40494\" src=\"https:\/\/www.ffos.unios.hr\/wp-content\/uploads\/2022\/09\/307386714_393096329659780_8891070601849790632_n-225x300.jpg\" alt=\"\" width=\"225\" height=\"300\" srcset=\"https:\/\/www.ffos.unios.hr\/wp-content\/uploads\/2022\/09\/307386714_393096329659780_8891070601849790632_n-225x300.jpg 225w, https:\/\/www.ffos.unios.hr\/wp-content\/uploads\/2022\/09\/307386714_393096329659780_8891070601849790632_n-768x1024.jpg 768w, https:\/\/www.ffos.unios.hr\/wp-content\/uploads\/2022\/09\/307386714_393096329659780_8891070601849790632_n-1152x1536.jpg 1152w, https:\/\/www.ffos.unios.hr\/wp-content\/uploads\/2022\/09\/307386714_393096329659780_8891070601849790632_n.jpg 1200w\" sizes=\"(max-width: 225px) 100vw, 225px\" \/><\/p>\n<p style=\"text-align: justify;\">At the table tennis tournament for members of national minorities, our Chair was represented by Leon Mari\u0107, who achieved an excellent fourth place. We congratulate him on his achievement!<\/p>\n<p><img decoding=\"async\" class=\"alignnone size-medium wp-image-40500\" src=\"https:\/\/www.ffos.unios.hr\/wp-content\/uploads\/2022\/09\/IMG_20220918_103840-225x300.jpg\" alt=\"\" width=\"225\" height=\"300\" srcset=\"https:\/\/www.ffos.unios.hr\/wp-content\/uploads\/2022\/09\/IMG_20220918_103840-225x300.jpg 225w, https:\/\/www.ffos.unios.hr\/wp-content\/uploads\/2022\/09\/IMG_20220918_103840-768x1024.jpg 768w, https:\/\/www.ffos.unios.hr\/wp-content\/uploads\/2022\/09\/IMG_20220918_103840-1152x1536.jpg 1152w, https:\/\/www.ffos.unios.hr\/wp-content\/uploads\/2022\/09\/IMG_20220918_103840-1536x2048.jpg 1536w, https:\/\/www.ffos.unios.hr\/wp-content\/uploads\/2022\/09\/IMG_20220918_103840-scaled.jpg 1920w\" sizes=\"(max-width: 225px) 100vw, 225px\" \/>   <img decoding=\"async\" class=\"alignnone wp-image-40506\" src=\"https:\/\/www.ffos.unios.hr\/wp-content\/uploads\/2022\/09\/IMG_20220918_103850-300x225.jpg\" alt=\"\" width=\"279\" height=\"209\" srcset=\"https:\/\/www.ffos.unios.hr\/wp-content\/uploads\/2022\/09\/IMG_20220918_103850-300x225.jpg 300w, https:\/\/www.ffos.unios.hr\/wp-content\/uploads\/2022\/09\/IMG_20220918_103850-1024x768.jpg 1024w, https:\/\/www.ffos.unios.hr\/wp-content\/uploads\/2022\/09\/IMG_20220918_103850-768x576.jpg 768w, https:\/\/www.ffos.unios.hr\/wp-content\/uploads\/2022\/09\/IMG_20220918_103850-1536x1152.jpg 1536w, https:\/\/www.ffos.unios.hr\/wp-content\/uploads\/2022\/09\/IMG_20220918_103850-2048x1536.jpg 2048w\" sizes=\"(max-width: 279px) 100vw, 279px\" \/>   <img decoding=\"async\" class=\"alignnone wp-image-40512\" src=\"https:\/\/www.ffos.unios.hr\/wp-content\/uploads\/2022\/09\/IMG_20220918_115411-300x225.jpg\" alt=\"\" width=\"276\" height=\"207\" srcset=\"https:\/\/www.ffos.unios.hr\/wp-content\/uploads\/2022\/09\/IMG_20220918_115411-300x225.jpg 300w, https:\/\/www.ffos.unios.hr\/wp-content\/uploads\/2022\/09\/IMG_20220918_115411-1024x768.jpg 1024w, https:\/\/www.ffos.unios.hr\/wp-content\/uploads\/2022\/09\/IMG_20220918_115411-768x576.jpg 768w, https:\/\/www.ffos.unios.hr\/wp-content\/uploads\/2022\/09\/IMG_20220918_115411-1536x1152.jpg 1536w, https:\/\/www.ffos.unios.hr\/wp-content\/uploads\/2022\/09\/IMG_20220918_115411-2048x1536.jpg 2048w\" sizes=\"(max-width: 276px) 100vw, 276px\" \/><\/p>\n<p style=\"text-align: justify;\">On Saturday, a chess tournament for national minorities was held, in which Nera Kova\u010d, a first-year graduate student at the Chair of Hungarian Language and Literature, participated.<\/p>\n<p><img decoding=\"async\" class=\"alignnone wp-image-40518\" src=\"https:\/\/www.ffos.unios.hr\/wp-content\/uploads\/2022\/09\/306907279_501770048430124_3625513055191801529_n-300x225.jpg\" alt=\"\" width=\"274\" height=\"205\" srcset=\"https:\/\/www.ffos.unios.hr\/wp-content\/uploads\/2022\/09\/306907279_501770048430124_3625513055191801529_n-300x225.jpg 300w, https:\/\/www.ffos.unios.hr\/wp-content\/uploads\/2022\/09\/306907279_501770048430124_3625513055191801529_n-1024x768.jpg 1024w, https:\/\/www.ffos.unios.hr\/wp-content\/uploads\/2022\/09\/306907279_501770048430124_3625513055191801529_n-768x576.jpg 768w, https:\/\/www.ffos.unios.hr\/wp-content\/uploads\/2022\/09\/306907279_501770048430124_3625513055191801529_n-1536x1152.jpg 1536w, https:\/\/www.ffos.unios.hr\/wp-content\/uploads\/2022\/09\/306907279_501770048430124_3625513055191801529_n.jpg 2000w\" sizes=\"(max-width: 274px) 100vw, 274px\" \/>   <img decoding=\"async\" class=\"alignnone wp-image-40524\" src=\"https:\/\/www.ffos.unios.hr\/wp-content\/uploads\/2022\/09\/306928627_368675248682900_4571786950460796622_n-300x225.jpg\" alt=\"\" width=\"275\" height=\"206\" srcset=\"https:\/\/www.ffos.unios.hr\/wp-content\/uploads\/2022\/09\/306928627_368675248682900_4571786950460796622_n-300x225.jpg 300w, https:\/\/www.ffos.unios.hr\/wp-content\/uploads\/2022\/09\/306928627_368675248682900_4571786950460796622_n-1024x768.jpg 1024w, https:\/\/www.ffos.unios.hr\/wp-content\/uploads\/2022\/09\/306928627_368675248682900_4571786950460796622_n-768x576.jpg 768w, https:\/\/www.ffos.unios.hr\/wp-content\/uploads\/2022\/09\/306928627_368675248682900_4571786950460796622_n-1536x1152.jpg 1536w, https:\/\/www.ffos.unios.hr\/wp-content\/uploads\/2022\/09\/306928627_368675248682900_4571786950460796622_n.jpg 2000w\" sizes=\"(max-width: 275px) 100vw, 275px\" \/>   <img decoding=\"async\" class=\"alignnone wp-image-40530\" src=\"https:\/\/www.ffos.unios.hr\/wp-content\/uploads\/2022\/09\/307002232_500981981376979_2890696373301452436_n-300x225.jpg\" alt=\"\" width=\"276\" height=\"207\" srcset=\"https:\/\/www.ffos.unios.hr\/wp-content\/uploads\/2022\/09\/307002232_500981981376979_2890696373301452436_n-300x225.jpg 300w, https:\/\/www.ffos.unios.hr\/wp-content\/uploads\/2022\/09\/307002232_500981981376979_2890696373301452436_n-1024x768.jpg 1024w, https:\/\/www.ffos.unios.hr\/wp-content\/uploads\/2022\/09\/307002232_500981981376979_2890696373301452436_n-768x576.jpg 768w, https:\/\/www.ffos.unios.hr\/wp-content\/uploads\/2022\/09\/307002232_500981981376979_2890696373301452436_n-1536x1152.jpg 1536w, https:\/\/www.ffos.unios.hr\/wp-content\/uploads\/2022\/09\/307002232_500981981376979_2890696373301452436_n.jpg 2000w\" sizes=\"(max-width: 276px) 100vw, 276px\" \/><\/p>\n<hr \/>\n<p>\u00a0<\/p>\n<p style=\"text-align: center;\"><strong>28th International Conference <em>Multimedia in Education<\/em><\/strong><\/p>\n<p style=\"text-align: justify;\">On 6 and 7 July, the 28th International Conference <em>Multimedia in Education<\/em> was held, organised by the Chair of Hungarian Language and Literature of the Faculty of Humanities and Social Sciences, Josip Juraj Strossmayer University of Osijek, and the Multimedia in Education Section of the J\u00e1nos Neumann Informatics Society from Hungary. This year&#8217;s host was the Faculty of Humanities and Social Sciences in Osijek. To date, almost 1,500 presentations involving around 1,800 authors have been delivered at the annual <em>Multimedia in Education<\/em> conferences, which have attracted more than 3,000 participants. The aim of the professional conference is to encourage communication between Hungarian and international experts working in the fields of education, educational research and development. Plenary lectures were delivered by Nandor \u010capo, Director of the Directorate for National Minorities, and Associate Professor Ana Lehocki-Samard\u017ei\u0107. These were followed by presentations in Hungarian and English covering, among other topics, corporate education and competency development, virtual reality (VR) and augmented reality (AR) in education, teaching drone technology, learning experiences in the 21st century, multimedia in music education, space exploration and space activities in contemporary education, and technological changes in learning environments. The Awards Committee of the Multimedia in Education Section of the J\u00e1nos Neumann Informatics Society presented Ana Lehocki-Samard\u017ei\u0107, Head of the Chair of Hungarian Language and Literature in Osijek, with the Ring for Multimedia in Education Award. We congratulate her on this achievement! As part of the conference, the volume <em>A horv\u00e1torsz\u00e1gi magyars\u00e1g a 21. sz\u00e1zadban (The Hungarian Community in Croatia in the 21st Century)<\/em> was presented, accompanied by a cultural programme featuring music, dance and a dramatic performance. The volume was presented by J\u00e1nos Pusztay, editor of the <em>Magyar Szemhat\u00e1r<\/em> series (<em>Hungarian Horizons<\/em>), and Ana Lehocki-Samard\u017ei\u0107, editor of the volume on the Hungarian community in Croatia.<\/p>\n<p style=\"text-align: justify;\">During the second day, participants had the opportunity to expand their knowledge of successful communication in the virtual world by taking part in Monika Molnar&#8217;s workshop entitled <em>Interactivity in Online Teaching \u2013 Tools, Programmes, Possibilities<\/em>, and they also had an opportunity to try operating drones. The conference concluded with a visit to the Hungarian community in Vukovar. The organisers once again thank Rozalija Jakumetovi\u0107, President of the Association of Hungarians of the City of Vukovar, and Vinka Margita Kova\u010d, Vice-President of the Association of Hungarians of the City of Vukovar, for their warm welcome!<\/p>\n<p><img decoding=\"async\" class=\"alignnone wp-image-37094\" src=\"https:\/\/www.ffos.unios.hr\/wp-content\/uploads\/2022\/07\/konfi2-300x200.jpg\" alt=\"\" width=\"275\" height=\"183\" srcset=\"https:\/\/www.ffos.unios.hr\/wp-content\/uploads\/2022\/07\/konfi2-300x200.jpg 300w, https:\/\/www.ffos.unios.hr\/wp-content\/uploads\/2022\/07\/konfi2-1024x683.jpg 1024w, https:\/\/www.ffos.unios.hr\/wp-content\/uploads\/2022\/07\/konfi2-768x512.jpg 768w, https:\/\/www.ffos.unios.hr\/wp-content\/uploads\/2022\/07\/konfi2-1536x1024.jpg 1536w, https:\/\/www.ffos.unios.hr\/wp-content\/uploads\/2022\/07\/konfi2.jpg 2048w\" sizes=\"(max-width: 275px) 100vw, 275px\" \/>  <img decoding=\"async\" class=\"alignnone wp-image-37100\" src=\"https:\/\/www.ffos.unios.hr\/wp-content\/uploads\/2022\/07\/konfi3-300x200.jpg\" alt=\"\" width=\"275\" height=\"183\" srcset=\"https:\/\/www.ffos.unios.hr\/wp-content\/uploads\/2022\/07\/konfi3-300x200.jpg 300w, https:\/\/www.ffos.unios.hr\/wp-content\/uploads\/2022\/07\/konfi3-1024x683.jpg 1024w, https:\/\/www.ffos.unios.hr\/wp-content\/uploads\/2022\/07\/konfi3-768x512.jpg 768w, https:\/\/www.ffos.unios.hr\/wp-content\/uploads\/2022\/07\/konfi3-1536x1024.jpg 1536w, https:\/\/www.ffos.unios.hr\/wp-content\/uploads\/2022\/07\/konfi3.jpg 2048w\" sizes=\"(max-width: 275px) 100vw, 275px\" \/>  <img decoding=\"async\" class=\"alignnone wp-image-37106\" src=\"https:\/\/www.ffos.unios.hr\/wp-content\/uploads\/2022\/07\/konfi4-300x200.jpg\" alt=\"\" width=\"276\" height=\"184\" srcset=\"https:\/\/www.ffos.unios.hr\/wp-content\/uploads\/2022\/07\/konfi4-300x200.jpg 300w, https:\/\/www.ffos.unios.hr\/wp-content\/uploads\/2022\/07\/konfi4-1024x683.jpg 1024w, https:\/\/www.ffos.unios.hr\/wp-content\/uploads\/2022\/07\/konfi4-768x512.jpg 768w, https:\/\/www.ffos.unios.hr\/wp-content\/uploads\/2022\/07\/konfi4-1536x1024.jpg 1536w, https:\/\/www.ffos.unios.hr\/wp-content\/uploads\/2022\/07\/konfi4.jpg 2048w\" sizes=\"(max-width: 276px) 100vw, 276px\" \/>  <img decoding=\"async\" class=\"alignnone wp-image-37112\" src=\"https:\/\/www.ffos.unios.hr\/wp-content\/uploads\/2022\/07\/konfi6-300x200.jpg\" alt=\"\" width=\"275\" height=\"183\" srcset=\"https:\/\/www.ffos.unios.hr\/wp-content\/uploads\/2022\/07\/konfi6-300x200.jpg 300w, https:\/\/www.ffos.unios.hr\/wp-content\/uploads\/2022\/07\/konfi6-1024x683.jpg 1024w, https:\/\/www.ffos.unios.hr\/wp-content\/uploads\/2022\/07\/konfi6-768x512.jpg 768w, https:\/\/www.ffos.unios.hr\/wp-content\/uploads\/2022\/07\/konfi6-1536x1024.jpg 1536w, https:\/\/www.ffos.unios.hr\/wp-content\/uploads\/2022\/07\/konfi6.jpg 2048w\" sizes=\"(max-width: 275px) 100vw, 275px\" \/>   <img decoding=\"async\" class=\"alignnone wp-image-37118\" src=\"https:\/\/www.ffos.unios.hr\/wp-content\/uploads\/2022\/07\/konfi7-300x200.jpg\" alt=\"\" width=\"275\" height=\"183\" srcset=\"https:\/\/www.ffos.unios.hr\/wp-content\/uploads\/2022\/07\/konfi7-300x200.jpg 300w, https:\/\/www.ffos.unios.hr\/wp-content\/uploads\/2022\/07\/konfi7-1024x683.jpg 1024w, https:\/\/www.ffos.unios.hr\/wp-content\/uploads\/2022\/07\/konfi7-768x512.jpg 768w, https:\/\/www.ffos.unios.hr\/wp-content\/uploads\/2022\/07\/konfi7-1536x1024.jpg 1536w, https:\/\/www.ffos.unios.hr\/wp-content\/uploads\/2022\/07\/konfi7.jpg 2048w\" sizes=\"(max-width: 275px) 100vw, 275px\" \/>   <img decoding=\"async\" class=\"alignnone wp-image-37124\" src=\"https:\/\/www.ffos.unios.hr\/wp-content\/uploads\/2022\/07\/konfi8-300x200.jpg\" alt=\"\" width=\"273\" height=\"182\" srcset=\"https:\/\/www.ffos.unios.hr\/wp-content\/uploads\/2022\/07\/konfi8-300x200.jpg 300w, https:\/\/www.ffos.unios.hr\/wp-content\/uploads\/2022\/07\/konfi8-1024x683.jpg 1024w, https:\/\/www.ffos.unios.hr\/wp-content\/uploads\/2022\/07\/konfi8-768x512.jpg 768w, https:\/\/www.ffos.unios.hr\/wp-content\/uploads\/2022\/07\/konfi8-1536x1024.jpg 1536w, https:\/\/www.ffos.unios.hr\/wp-content\/uploads\/2022\/07\/konfi8.jpg 2048w\" sizes=\"(max-width: 273px) 100vw, 273px\" \/>   <img decoding=\"async\" class=\"alignnone wp-image-37130\" src=\"https:\/\/www.ffos.unios.hr\/wp-content\/uploads\/2022\/07\/konfi10-300x200.jpg\" alt=\"\" width=\"275\" height=\"183\" srcset=\"https:\/\/www.ffos.unios.hr\/wp-content\/uploads\/2022\/07\/konfi10-300x200.jpg 300w, https:\/\/www.ffos.unios.hr\/wp-content\/uploads\/2022\/07\/konfi10-1024x683.jpg 1024w, https:\/\/www.ffos.unios.hr\/wp-content\/uploads\/2022\/07\/konfi10-768x512.jpg 768w, https:\/\/www.ffos.unios.hr\/wp-content\/uploads\/2022\/07\/konfi10-1536x1024.jpg 1536w, https:\/\/www.ffos.unios.hr\/wp-content\/uploads\/2022\/07\/konfi10.jpg 2048w\" sizes=\"(max-width: 275px) 100vw, 275px\" \/>   <img decoding=\"async\" class=\"alignnone wp-image-37136\" src=\"https:\/\/www.ffos.unios.hr\/wp-content\/uploads\/2022\/07\/konfi5-300x200.jpg\" alt=\"\" width=\"275\" height=\"183\" srcset=\"https:\/\/www.ffos.unios.hr\/wp-content\/uploads\/2022\/07\/konfi5-300x200.jpg 300w, https:\/\/www.ffos.unios.hr\/wp-content\/uploads\/2022\/07\/konfi5-1024x683.jpg 1024w, https:\/\/www.ffos.unios.hr\/wp-content\/uploads\/2022\/07\/konfi5-768x512.jpg 768w, https:\/\/www.ffos.unios.hr\/wp-content\/uploads\/2022\/07\/konfi5-1536x1024.jpg 1536w, https:\/\/www.ffos.unios.hr\/wp-content\/uploads\/2022\/07\/konfi5.jpg 2048w\" sizes=\"(max-width: 275px) 100vw, 275px\" \/>      <img decoding=\"async\" class=\"alignnone wp-image-37142\" src=\"https:\/\/www.ffos.unios.hr\/wp-content\/uploads\/2022\/07\/konfi11-300x200.jpg\" alt=\"\" width=\"275\" height=\"183\" srcset=\"https:\/\/www.ffos.unios.hr\/wp-content\/uploads\/2022\/07\/konfi11-300x200.jpg 300w, https:\/\/www.ffos.unios.hr\/wp-content\/uploads\/2022\/07\/konfi11-1024x683.jpg 1024w, https:\/\/www.ffos.unios.hr\/wp-content\/uploads\/2022\/07\/konfi11-768x512.jpg 768w, https:\/\/www.ffos.unios.hr\/wp-content\/uploads\/2022\/07\/konfi11-1536x1024.jpg 1536w, https:\/\/www.ffos.unios.hr\/wp-content\/uploads\/2022\/07\/konfi11.jpg 2048w\" sizes=\"(max-width: 275px) 100vw, 275px\" \/>    <img decoding=\"async\" class=\"alignnone wp-image-37148\" src=\"https:\/\/www.ffos.unios.hr\/wp-content\/uploads\/2022\/07\/konfi12-300x200.jpg\" alt=\"\" width=\"273\" height=\"182\" srcset=\"https:\/\/www.ffos.unios.hr\/wp-content\/uploads\/2022\/07\/konfi12-300x200.jpg 300w, https:\/\/www.ffos.unios.hr\/wp-content\/uploads\/2022\/07\/konfi12-1024x683.jpg 1024w, https:\/\/www.ffos.unios.hr\/wp-content\/uploads\/2022\/07\/konfi12-768x512.jpg 768w, https:\/\/www.ffos.unios.hr\/wp-content\/uploads\/2022\/07\/konfi12-1536x1024.jpg 1536w, https:\/\/www.ffos.unios.hr\/wp-content\/uploads\/2022\/07\/konfi12.jpg 2048w\" sizes=\"(max-width: 273px) 100vw, 273px\" \/> <img decoding=\"async\" class=\"alignnone wp-image-37154\" src=\"https:\/\/www.ffos.unios.hr\/wp-content\/uploads\/2022\/07\/konfi13-300x200.jpg\" alt=\"\" width=\"278\" height=\"185\" srcset=\"https:\/\/www.ffos.unios.hr\/wp-content\/uploads\/2022\/07\/konfi13-300x200.jpg 300w, https:\/\/www.ffos.unios.hr\/wp-content\/uploads\/2022\/07\/konfi13-1024x683.jpg 1024w, https:\/\/www.ffos.unios.hr\/wp-content\/uploads\/2022\/07\/konfi13-768x512.jpg 768w, https:\/\/www.ffos.unios.hr\/wp-content\/uploads\/2022\/07\/konfi13-1536x1024.jpg 1536w, https:\/\/www.ffos.unios.hr\/wp-content\/uploads\/2022\/07\/konfi13.jpg 2048w\" sizes=\"(max-width: 278px) 100vw, 278px\" \/>  <img decoding=\"async\" class=\"alignnone wp-image-37160\" src=\"https:\/\/www.ffos.unios.hr\/wp-content\/uploads\/2022\/07\/konfi1-167x300.jpg\" alt=\"\" width=\"153\" height=\"275\" srcset=\"https:\/\/www.ffos.unios.hr\/wp-content\/uploads\/2022\/07\/konfi1-167x300.jpg 167w, https:\/\/www.ffos.unios.hr\/wp-content\/uploads\/2022\/07\/konfi1-569x1024.jpg 569w, https:\/\/www.ffos.unios.hr\/wp-content\/uploads\/2022\/07\/konfi1-768x1382.jpg 768w, https:\/\/www.ffos.unios.hr\/wp-content\/uploads\/2022\/07\/konfi1-853x1536.jpg 853w, https:\/\/www.ffos.unios.hr\/wp-content\/uploads\/2022\/07\/konfi1.jpg 1120w\" sizes=\"(max-width: 153px) 100vw, 153px\" \/>  <img decoding=\"async\" class=\"alignnone wp-image-37166\" src=\"https:\/\/www.ffos.unios.hr\/wp-content\/uploads\/2022\/07\/konfi14-300x200.jpg\" alt=\"\" width=\"278\" height=\"185\" srcset=\"https:\/\/www.ffos.unios.hr\/wp-content\/uploads\/2022\/07\/konfi14-300x200.jpg 300w, https:\/\/www.ffos.unios.hr\/wp-content\/uploads\/2022\/07\/konfi14-1024x683.jpg 1024w, https:\/\/www.ffos.unios.hr\/wp-content\/uploads\/2022\/07\/konfi14-768x512.jpg 768w, https:\/\/www.ffos.unios.hr\/wp-content\/uploads\/2022\/07\/konfi14-1536x1024.jpg 1536w, https:\/\/www.ffos.unios.hr\/wp-content\/uploads\/2022\/07\/konfi14.jpg 2048w\" sizes=\"(max-width: 278px) 100vw, 278px\" \/>  <img decoding=\"async\" class=\"alignnone wp-image-37172\" src=\"https:\/\/www.ffos.unios.hr\/wp-content\/uploads\/2022\/07\/konfi15-300x200.jpg\" alt=\"\" width=\"278\" height=\"185\" srcset=\"https:\/\/www.ffos.unios.hr\/wp-content\/uploads\/2022\/07\/konfi15-300x200.jpg 300w, https:\/\/www.ffos.unios.hr\/wp-content\/uploads\/2022\/07\/konfi15-1024x683.jpg 1024w, https:\/\/www.ffos.unios.hr\/wp-content\/uploads\/2022\/07\/konfi15-768x512.jpg 768w, https:\/\/www.ffos.unios.hr\/wp-content\/uploads\/2022\/07\/konfi15-1536x1024.jpg 1536w, https:\/\/www.ffos.unios.hr\/wp-content\/uploads\/2022\/07\/konfi15.jpg 2048w\" sizes=\"(max-width: 278px) 100vw, 278px\" \/>    <img decoding=\"async\" class=\"alignnone wp-image-37178\" src=\"https:\/\/www.ffos.unios.hr\/wp-content\/uploads\/2022\/07\/konfi16-300x200.jpg\" alt=\"\" width=\"278\" height=\"185\" srcset=\"https:\/\/www.ffos.unios.hr\/wp-content\/uploads\/2022\/07\/konfi16-300x200.jpg 300w, https:\/\/www.ffos.unios.hr\/wp-content\/uploads\/2022\/07\/konfi16-1024x683.jpg 1024w, https:\/\/www.ffos.unios.hr\/wp-content\/uploads\/2022\/07\/konfi16-768x512.jpg 768w, https:\/\/www.ffos.unios.hr\/wp-content\/uploads\/2022\/07\/konfi16-1536x1024.jpg 1536w, https:\/\/www.ffos.unios.hr\/wp-content\/uploads\/2022\/07\/konfi16.jpg 2048w\" sizes=\"(max-width: 278px) 100vw, 278px\" \/>   <img decoding=\"async\" class=\"alignnone wp-image-37184\" src=\"https:\/\/www.ffos.unios.hr\/wp-content\/uploads\/2022\/07\/konfi17-300x200.jpg\" alt=\"\" width=\"278\" height=\"185\" srcset=\"https:\/\/www.ffos.unios.hr\/wp-content\/uploads\/2022\/07\/konfi17-300x200.jpg 300w, https:\/\/www.ffos.unios.hr\/wp-content\/uploads\/2022\/07\/konfi17-1024x683.jpg 1024w, https:\/\/www.ffos.unios.hr\/wp-content\/uploads\/2022\/07\/konfi17-768x512.jpg 768w, https:\/\/www.ffos.unios.hr\/wp-content\/uploads\/2022\/07\/konfi17-1536x1024.jpg 1536w, https:\/\/www.ffos.unios.hr\/wp-content\/uploads\/2022\/07\/konfi17.jpg 2048w\" sizes=\"(max-width: 278px) 100vw, 278px\" \/>   <img decoding=\"async\" class=\"alignnone wp-image-37190\" src=\"https:\/\/www.ffos.unios.hr\/wp-content\/uploads\/2022\/07\/konfi11-1-300x200.jpg\" alt=\"\" width=\"278\" height=\"185\" srcset=\"https:\/\/www.ffos.unios.hr\/wp-content\/uploads\/2022\/07\/konfi11-1-300x200.jpg 300w, https:\/\/www.ffos.unios.hr\/wp-content\/uploads\/2022\/07\/konfi11-1-1024x683.jpg 1024w, https:\/\/www.ffos.unios.hr\/wp-content\/uploads\/2022\/07\/konfi11-1-768x512.jpg 768w, https:\/\/www.ffos.unios.hr\/wp-content\/uploads\/2022\/07\/konfi11-1-1536x1024.jpg 1536w, https:\/\/www.ffos.unios.hr\/wp-content\/uploads\/2022\/07\/konfi11-1.jpg 2048w\" sizes=\"(max-width: 278px) 100vw, 278px\" \/> <img decoding=\"async\" class=\"alignnone wp-image-37196\" src=\"https:\/\/www.ffos.unios.hr\/wp-content\/uploads\/2022\/07\/konfi18-300x200.jpg\" alt=\"\" width=\"278\" height=\"185\" srcset=\"https:\/\/www.ffos.unios.hr\/wp-content\/uploads\/2022\/07\/konfi18-300x200.jpg 300w, https:\/\/www.ffos.unios.hr\/wp-content\/uploads\/2022\/07\/konfi18-1024x683.jpg 1024w, https:\/\/www.ffos.unios.hr\/wp-content\/uploads\/2022\/07\/konfi18-768x512.jpg 768w, https:\/\/www.ffos.unios.hr\/wp-content\/uploads\/2022\/07\/konfi18-1536x1024.jpg 1536w, https:\/\/www.ffos.unios.hr\/wp-content\/uploads\/2022\/07\/konfi18.jpg 2048w\" sizes=\"(max-width: 278px) 100vw, 278px\" \/>    <img decoding=\"async\" class=\"alignnone wp-image-37202\" src=\"https:\/\/www.ffos.unios.hr\/wp-content\/uploads\/2022\/07\/konfi19-300x200.jpg\" alt=\"\" width=\"276\" height=\"184\" srcset=\"https:\/\/www.ffos.unios.hr\/wp-content\/uploads\/2022\/07\/konfi19-300x200.jpg 300w, https:\/\/www.ffos.unios.hr\/wp-content\/uploads\/2022\/07\/konfi19-1024x683.jpg 1024w, https:\/\/www.ffos.unios.hr\/wp-content\/uploads\/2022\/07\/konfi19-768x512.jpg 768w, https:\/\/www.ffos.unios.hr\/wp-content\/uploads\/2022\/07\/konfi19-1536x1024.jpg 1536w, https:\/\/www.ffos.unios.hr\/wp-content\/uploads\/2022\/07\/konfi19.jpg 2048w\" sizes=\"(max-width: 276px) 100vw, 276px\" \/> <img decoding=\"async\" class=\"wp-image-37208 alignnone\" src=\"https:\/\/www.ffos.unios.hr\/wp-content\/uploads\/2022\/07\/konfi-300x200.jpg\" alt=\"\" width=\"278\" height=\"185\" srcset=\"https:\/\/www.ffos.unios.hr\/wp-content\/uploads\/2022\/07\/konfi-300x200.jpg 300w, https:\/\/www.ffos.unios.hr\/wp-content\/uploads\/2022\/07\/konfi-1024x683.jpg 1024w, https:\/\/www.ffos.unios.hr\/wp-content\/uploads\/2022\/07\/konfi-768x512.jpg 768w, https:\/\/www.ffos.unios.hr\/wp-content\/uploads\/2022\/07\/konfi-1536x1024.jpg 1536w, https:\/\/www.ffos.unios.hr\/wp-content\/uploads\/2022\/07\/konfi.jpg 2048w\" sizes=\"(max-width: 278px) 100vw, 278px\" \/><\/p>\n<hr \/>\n<p>\u00a0<\/p>\n<p style=\"text-align: center;\"><strong>Presentation of the Publication <em>The Hungarian Minority in Croatia in the 21st Century<\/em><\/strong><\/p>\n<p style=\"text-align: justify;\">On 5 April in Budapest, the publication entitled <em>The Hungarian Minority in Croatia in the 21st Century<\/em> was presented as part of the <em>Magyar Szemhat\u00e1r\/Hungarian Horizons<\/em> series. The book was presented by Full Professor J\u00e1nos Pusztay, editor of the series, and Full Professor Dinko \u0160ok\u010devi\u0107, one of the reviewers. Assistant Professor Ana Lehocki-Samard\u017ei\u0107, editor of the publication, spoke about how the work came into being, its content and authors, as well as the significance of the publication for the Hungarian minority. The Ambassador of the Republic of Croatia to Hungary, Mladen Andrli\u0107, PhD, also attended the presentation. The aim of the publication is to present the exceptionally rich linguistic, cultural and historical heritage of the Hungarian community in Croatia.<\/p>\n<p style=\"text-align: justify;\"><img decoding=\"async\" class=\"aligncenter wp-image-28413 size-medium\" src=\"https:\/\/www.ffos.unios.hr\/wp-content\/uploads\/2022\/04\/277832746_514697276811009_3849932974709998139_n-300x225.jpg\" alt=\"\" width=\"300\" height=\"225\" srcset=\"https:\/\/www.ffos.unios.hr\/wp-content\/uploads\/2022\/04\/277832746_514697276811009_3849932974709998139_n-300x225.jpg 300w, https:\/\/www.ffos.unios.hr\/wp-content\/uploads\/2022\/04\/277832746_514697276811009_3849932974709998139_n-768x576.jpg 768w, https:\/\/www.ffos.unios.hr\/wp-content\/uploads\/2022\/04\/277832746_514697276811009_3849932974709998139_n.jpg 800w\" sizes=\"(max-width: 300px) 100vw, 300px\" \/><\/p>\n<p style=\"text-align: justify;\"><img decoding=\"async\" class=\"size-medium wp-image-28419 aligncenter\" src=\"https:\/\/www.ffos.unios.hr\/wp-content\/uploads\/2022\/04\/277834161_392850742844336_2203686686402799382_n-225x300.jpg\" alt=\"\" width=\"225\" height=\"300\" srcset=\"https:\/\/www.ffos.unios.hr\/wp-content\/uploads\/2022\/04\/277834161_392850742844336_2203686686402799382_n-225x300.jpg 225w, https:\/\/www.ffos.unios.hr\/wp-content\/uploads\/2022\/04\/277834161_392850742844336_2203686686402799382_n.jpg 600w\" sizes=\"(max-width: 225px) 100vw, 225px\" \/><\/p>\n<p style=\"text-align: justify;\"><img decoding=\"async\" class=\"size-medium wp-image-28425 aligncenter\" src=\"https:\/\/www.ffos.unios.hr\/wp-content\/uploads\/2022\/04\/277834519_371231624728775_4352037053783138834_n-300x300.jpg\" alt=\"\" width=\"300\" height=\"300\" srcset=\"https:\/\/www.ffos.unios.hr\/wp-content\/uploads\/2022\/04\/277834519_371231624728775_4352037053783138834_n-300x300.jpg 300w, https:\/\/www.ffos.unios.hr\/wp-content\/uploads\/2022\/04\/277834519_371231624728775_4352037053783138834_n-150x150.jpg 150w, https:\/\/www.ffos.unios.hr\/wp-content\/uploads\/2022\/04\/277834519_371231624728775_4352037053783138834_n-768x768.jpg 768w, https:\/\/www.ffos.unios.hr\/wp-content\/uploads\/2022\/04\/277834519_371231624728775_4352037053783138834_n.jpg 800w\" sizes=\"(max-width: 300px) 100vw, 300px\" \/><\/p>\n<p style=\"text-align: justify;\"><img decoding=\"async\" class=\"size-medium wp-image-28431 aligncenter\" src=\"https:\/\/www.ffos.unios.hr\/wp-content\/uploads\/2022\/04\/277843185_690679412174025_9140821358200754861_n-300x225.jpg\" alt=\"\" width=\"300\" height=\"225\" srcset=\"https:\/\/www.ffos.unios.hr\/wp-content\/uploads\/2022\/04\/277843185_690679412174025_9140821358200754861_n-300x225.jpg 300w, https:\/\/www.ffos.unios.hr\/wp-content\/uploads\/2022\/04\/277843185_690679412174025_9140821358200754861_n-768x576.jpg 768w, https:\/\/www.ffos.unios.hr\/wp-content\/uploads\/2022\/04\/277843185_690679412174025_9140821358200754861_n.jpg 800w\" sizes=\"(max-width: 300px) 100vw, 300px\" \/><\/p>\n<p style=\"text-align: justify;\"><img decoding=\"async\" class=\"size-medium wp-image-28437 aligncenter\" src=\"https:\/\/www.ffos.unios.hr\/wp-content\/uploads\/2022\/04\/277851876_974548370117352_5807984337783595343_n-225x300.jpg\" alt=\"\" width=\"225\" height=\"300\" srcset=\"https:\/\/www.ffos.unios.hr\/wp-content\/uploads\/2022\/04\/277851876_974548370117352_5807984337783595343_n-225x300.jpg 225w, https:\/\/www.ffos.unios.hr\/wp-content\/uploads\/2022\/04\/277851876_974548370117352_5807984337783595343_n.jpg 600w\" sizes=\"(max-width: 225px) 100vw, 225px\" \/><\/p>\n<p style=\"text-align: justify;\"><img decoding=\"async\" class=\"size-medium wp-image-28443 aligncenter\" src=\"https:\/\/www.ffos.unios.hr\/wp-content\/uploads\/2022\/04\/277856217_508887837504908_2505135200445492354_n-225x300.jpg\" alt=\"\" width=\"225\" height=\"300\" srcset=\"https:\/\/www.ffos.unios.hr\/wp-content\/uploads\/2022\/04\/277856217_508887837504908_2505135200445492354_n-225x300.jpg 225w, https:\/\/www.ffos.unios.hr\/wp-content\/uploads\/2022\/04\/277856217_508887837504908_2505135200445492354_n.jpg 600w\" sizes=\"(max-width: 225px) 100vw, 225px\" \/><\/p>\n","protected":false},"excerpt":{"rendered":"<p>INSTITUTIONAL VISIT &nbsp; On 7 May 2026, first-year MA students attended an off-site class at the media centre in Bilje as part of the course &#8220;Introduction to Multimedia&#8221;. During the visit, they toured the institution and gained insight into the functioning of Hungarian-language media in Croatia, learned about the challenges of editorial and journalistic work, [&hellip;]<\/p>\n","protected":false},"author":14,"featured_media":0,"parent":0,"menu_order":0,"comment_status":"closed","ping_status":"closed","template":"","meta":{"_acf_changed":false,"footnotes":""},"class_list":["post-126886","page","type-page","status-publish","hentry"],"acf":[],"_links":{"self":[{"href":"https:\/\/www.ffos.unios.hr\/en\/wp-json\/wp\/v2\/pages\/126886","targetHints":{"allow":["GET"]}}],"collection":[{"href":"https:\/\/www.ffos.unios.hr\/en\/wp-json\/wp\/v2\/pages"}],"about":[{"href":"https:\/\/www.ffos.unios.hr\/en\/wp-json\/wp\/v2\/types\/page"}],"author":[{"embeddable":true,"href":"https:\/\/www.ffos.unios.hr\/en\/wp-json\/wp\/v2\/users\/14"}],"replies":[{"embeddable":true,"href":"https:\/\/www.ffos.unios.hr\/en\/wp-json\/wp\/v2\/comments?post=126886"}],"version-history":[{"count":2,"href":"https:\/\/www.ffos.unios.hr\/en\/wp-json\/wp\/v2\/pages\/126886\/revisions"}],"predecessor-version":[{"id":126890,"href":"https:\/\/www.ffos.unios.hr\/en\/wp-json\/wp\/v2\/pages\/126886\/revisions\/126890"}],"wp:attachment":[{"href":"https:\/\/www.ffos.unios.hr\/en\/wp-json\/wp\/v2\/media?parent=126886"}],"curies":[{"name":"wp","href":"https:\/\/api.w.org\/{rel}","templated":true}]}}